{"id":4613,"date":"2018-03-25T21:32:38","date_gmt":"2018-03-25T19:32:38","guid":{"rendered":"http:\/\/aerodrome-paray.fr\/blog\/?page_id=4613"},"modified":"2024-06-22T16:12:20","modified_gmt":"2024-06-22T14:12:20","slug":"vols-decouverte","status":"publish","type":"page","link":"https:\/\/www.aerodrome-paray.fr\/blog\/vols-decouverte\/","title":{"rendered":"Vols d\u00e9couverte (\u00ab\u00a0Bapt\u00eames de l&rsquo;Air\u00a0\u00bb \/ Initiation au Pilotage)"},"content":{"rendered":"\t\t<div data-elementor-type=\"wp-page\" data-elementor-id=\"4613\" class=\"elementor elementor-4613\" data-elementor-post-type=\"page\">\n\t\t\t\t\t\t<section class=\"elementor-section elementor-top-section elementor-element elementor-element-292e306 elementor-section-boxed elementor-section-height-default elementor-section-height-default\" data-id=\"292e306\" data-element_type=\"section\" data-e-type=\"section\">\n\t\t\t\t\t\t<div class=\"elementor-container elementor-column-gap-default\">\n\t\t\t\t\t<div class=\"elementor-column elementor-col-100 elementor-top-column elementor-element elementor-element-5be48ce\" data-id=\"5be48ce\" data-element_type=\"column\" data-e-type=\"column\">\n\t\t\t<div class=\"elementor-widget-wrap elementor-element-populated\">\n\t\t\t\t\t\t<div class=\"elementor-element elementor-element-6842984 elementor-widget elementor-widget-text-editor\" data-id=\"6842984\" data-element_type=\"widget\" data-e-type=\"widget\" data-widget_type=\"text-editor.default\">\n\t\t\t\t<div class=\"elementor-widget-container\">\n\t\t\t\t\t\t\t\t\t<p><span style=\"color: #000000;\">L&rsquo;A\u00e9ro-Club Charolais est une association ouverte, inscrite \u00e0 l&rsquo;Office Municipal des Sports, qui s&rsquo;implique volontiers dans l&rsquo;animation de la ville de Paray-Le-Monial et organise de gros \u00e9v\u00e9nements sur l&rsquo;a\u00e9rodrome.<\/span><br><span style=\"color: #000000;\">Tous les membres ont \u00e0 c\u0153ur de faire d\u00e9couvrir leur passion au plus grand nombre.<\/span><br><span style=\"color: #ff6600;\">N&rsquo;h\u00e9sitez pas \u00e0 nous rendre visite, particuli\u00e8rement le week-end quand les conditions m\u00e9t\u00e9o sont favorables.<\/span><\/p>\t\t\t\t\t\t\t\t<\/div>\n\t\t\t\t<\/div>\n\t\t\t\t\t<\/div>\n\t\t<\/div>\n\t\t\t\t\t<\/div>\n\t\t<\/section>\n\t\t\t\t<section class=\"elementor-section elementor-top-section elementor-element elementor-element-2d9fbc5 elementor-section-boxed elementor-section-height-default elementor-section-height-default\" data-id=\"2d9fbc5\" data-element_type=\"section\" data-e-type=\"section\">\n\t\t\t\t\t\t<div class=\"elementor-container elementor-column-gap-default\">\n\t\t\t\t\t<div class=\"elementor-column elementor-col-100 elementor-top-column elementor-element elementor-element-47e39f5\" data-id=\"47e39f5\" data-element_type=\"column\" data-e-type=\"column\">\n\t\t\t<div class=\"elementor-widget-wrap elementor-element-populated\">\n\t\t\t\t\t\t<div class=\"elementor-element elementor-element-90c9f88 elementor-widget elementor-widget-heading\" data-id=\"90c9f88\" data-element_type=\"widget\" data-e-type=\"widget\" data-widget_type=\"heading.default\">\n\t\t\t\t<div class=\"elementor-widget-container\">\n\t\t\t\t\t<h2 class=\"elementor-heading-title elementor-size-default\">Les vols d\u00e9couverte = \"bapt\u00eames de l'air\"<\/h2>\t\t\t\t<\/div>\n\t\t\t\t<\/div>\n\t\t\t\t\t<\/div>\n\t\t<\/div>\n\t\t\t\t\t<\/div>\n\t\t<\/section>\n\t\t\t\t<section class=\"elementor-section elementor-top-section elementor-element elementor-element-a19d477 elementor-section-boxed elementor-section-height-default elementor-section-height-default\" data-id=\"a19d477\" data-element_type=\"section\" data-e-type=\"section\">\n\t\t\t\t\t\t<div class=\"elementor-container elementor-column-gap-default\">\n\t\t\t\t\t<div class=\"elementor-column elementor-col-100 elementor-top-column elementor-element elementor-element-197e406\" data-id=\"197e406\" data-element_type=\"column\" data-e-type=\"column\">\n\t\t\t<div class=\"elementor-widget-wrap elementor-element-populated\">\n\t\t\t\t\t\t<div class=\"elementor-element elementor-element-3ba271a elementor-widget elementor-widget-text-editor\" data-id=\"3ba271a\" data-element_type=\"widget\" data-e-type=\"widget\" data-widget_type=\"text-editor.default\">\n\t\t\t\t<div class=\"elementor-widget-container\">\n\t\t\t\t\t\t\t\t\t<p><span style=\"color: #000000;\">M\u00eame si vous avez l&rsquo;habitude de voler \u00e0 bord d&rsquo;un avion de ligne, un vol \u00e0 bord d&rsquo;un petit avion de tourisme restera pour vous une exp\u00e9rience inoubliable&#8230; Nous volons beaucoup plus bas, la vue au sol est bien plus large et, surtout, on voit le paysage devant soi&#8230;La d\u00e9couverte du tableau de bord et des instruments est aussi tr\u00e8s int\u00e9ressante&#8230;<\/span><br \/><span style=\"color: #000000;\">Autre avantage unique : on a le pilote pour soi tout seul et il peut r\u00e9pondre \u00e0 toutes les questions.<\/span><\/p>\t\t\t\t\t\t\t\t<\/div>\n\t\t\t\t<\/div>\n\t\t\t\t\t<\/div>\n\t\t<\/div>\n\t\t\t\t\t<\/div>\n\t\t<\/section>\n\t\t\t\t<section class=\"elementor-section elementor-top-section elementor-element elementor-element-670f03f elementor-section-boxed elementor-section-height-default elementor-section-height-default\" data-id=\"670f03f\" data-element_type=\"section\" data-e-type=\"section\" data-settings=\"{&quot;background_background&quot;:&quot;classic&quot;}\">\n\t\t\t\t\t\t<div class=\"elementor-container elementor-column-gap-default\">\n\t\t\t\t\t<div class=\"elementor-column elementor-col-33 elementor-top-column elementor-element elementor-element-cad61a4\" data-id=\"cad61a4\" data-element_type=\"column\" data-e-type=\"column\">\n\t\t\t<div class=\"elementor-widget-wrap elementor-element-populated\">\n\t\t\t\t\t\t<div class=\"elementor-element elementor-element-1297e6a elementor-widget elementor-widget-text-editor\" data-id=\"1297e6a\" data-element_type=\"widget\" data-e-type=\"widget\" data-widget_type=\"text-editor.default\">\n\t\t\t\t<div class=\"elementor-widget-container\">\n\t\t\t\t\t\t\t\t\t<p><span style=\"font-size: 10pt; color: #000080;\">Embarquez \u00e0 bord de l&rsquo;avion DR-220 ou de l&rsquo;ULM Tecnam pour d\u00e9couvrir notre r\u00e9gion vue du ciel&#8230;<br \/>Dur\u00e9e du vol : 15 ou 30 mn<\/span><\/p>\t\t\t\t\t\t\t\t<\/div>\n\t\t\t\t<\/div>\n\t\t\t\t\t<\/div>\n\t\t<\/div>\n\t\t\t\t<div class=\"elementor-column elementor-col-33 elementor-top-column elementor-element elementor-element-4f4e38f\" data-id=\"4f4e38f\" data-element_type=\"column\" data-e-type=\"column\">\n\t\t\t<div class=\"elementor-widget-wrap elementor-element-populated\">\n\t\t\t\t\t\t<div class=\"elementor-element elementor-element-5dd6786 elementor-widget elementor-widget-image\" data-id=\"5dd6786\" data-element_type=\"widget\" data-e-type=\"widget\" data-widget_type=\"image.default\">\n\t\t\t\t<div class=\"elementor-widget-container\">\n\t\t\t\t\t\t\t\t\t\t\t\t<figure class=\"wp-caption\">\n\t\t\t\t\t\t\t\t\t\t<img fetchpriority=\"high\" decoding=\"async\" width=\"836\" height=\"558\" src=\"https:\/\/www.aerodrome-paray.fr\/blog\/wp-content\/uploads\/W-JPO-2023-17-1024x683.jpeg\" class=\"attachment-large size-large wp-image-6542\" alt=\"\" srcset=\"https:\/\/www.aerodrome-paray.fr\/blog\/wp-content\/uploads\/W-JPO-2023-17-1024x683.jpeg 1024w, https:\/\/www.aerodrome-paray.fr\/blog\/wp-content\/uploads\/W-JPO-2023-17-300x200.jpeg 300w, https:\/\/www.aerodrome-paray.fr\/blog\/wp-content\/uploads\/W-JPO-2023-17-768x512.jpeg 768w, https:\/\/www.aerodrome-paray.fr\/blog\/wp-content\/uploads\/W-JPO-2023-17-836x558.jpeg 836w, https:\/\/www.aerodrome-paray.fr\/blog\/wp-content\/uploads\/W-JPO-2023-17.jpeg 1280w\" sizes=\"(max-width: 836px) 100vw, 836px\" \/>\t\t\t\t\t\t\t\t\t\t\t<figcaption class=\"widget-image-caption wp-caption-text\">Avion DR-220 <\/figcaption>\n\t\t\t\t\t\t\t\t\t\t<\/figure>\n\t\t\t\t\t\t\t\t\t<\/div>\n\t\t\t\t<\/div>\n\t\t\t\t\t<\/div>\n\t\t<\/div>\n\t\t\t\t<div class=\"elementor-column elementor-col-33 elementor-top-column elementor-element elementor-element-4b4002c\" data-id=\"4b4002c\" data-element_type=\"column\" data-e-type=\"column\">\n\t\t\t<div class=\"elementor-widget-wrap elementor-element-populated\">\n\t\t\t\t\t\t<div class=\"elementor-element elementor-element-102c698 elementor-widget elementor-widget-image\" data-id=\"102c698\" data-element_type=\"widget\" data-e-type=\"widget\" data-widget_type=\"image.default\">\n\t\t\t\t<div class=\"elementor-widget-container\">\n\t\t\t\t\t\t\t\t\t\t\t\t<figure class=\"wp-caption\">\n\t\t\t\t\t\t\t\t\t\t<img decoding=\"async\" width=\"836\" height=\"558\" src=\"https:\/\/www.aerodrome-paray.fr\/blog\/wp-content\/uploads\/W-JPO-2023-7-1024x683.jpeg\" class=\"attachment-large size-large wp-image-6552\" alt=\"\" srcset=\"https:\/\/www.aerodrome-paray.fr\/blog\/wp-content\/uploads\/W-JPO-2023-7-1024x683.jpeg 1024w, https:\/\/www.aerodrome-paray.fr\/blog\/wp-content\/uploads\/W-JPO-2023-7-300x200.jpeg 300w, https:\/\/www.aerodrome-paray.fr\/blog\/wp-content\/uploads\/W-JPO-2023-7-768x512.jpeg 768w, https:\/\/www.aerodrome-paray.fr\/blog\/wp-content\/uploads\/W-JPO-2023-7-836x558.jpeg 836w, https:\/\/www.aerodrome-paray.fr\/blog\/wp-content\/uploads\/W-JPO-2023-7.jpeg 1280w\" sizes=\"(max-width: 836px) 100vw, 836px\" \/>\t\t\t\t\t\t\t\t\t\t\t<figcaption class=\"widget-image-caption wp-caption-text\">ULM Tecnam P-92E<\/figcaption>\n\t\t\t\t\t\t\t\t\t\t<\/figure>\n\t\t\t\t\t\t\t\t\t<\/div>\n\t\t\t\t<\/div>\n\t\t\t\t\t<\/div>\n\t\t<\/div>\n\t\t\t\t\t<\/div>\n\t\t<\/section>\n\t\t\t\t<section class=\"elementor-section elementor-top-section elementor-element elementor-element-232f22f elementor-section-boxed elementor-section-height-default elementor-section-height-default\" data-id=\"232f22f\" data-element_type=\"section\" data-e-type=\"section\">\n\t\t\t\t\t\t<div class=\"elementor-container elementor-column-gap-default\">\n\t\t\t\t\t<div class=\"elementor-column elementor-col-100 elementor-top-column elementor-element elementor-element-29dd47d\" data-id=\"29dd47d\" data-element_type=\"column\" data-e-type=\"column\">\n\t\t\t<div class=\"elementor-widget-wrap elementor-element-populated\">\n\t\t\t\t\t\t<div class=\"elementor-element elementor-element-09a6fb2 elementor-widget elementor-widget-text-editor\" data-id=\"09a6fb2\" data-element_type=\"widget\" data-e-type=\"widget\" data-widget_type=\"text-editor.default\">\n\t\t\t\t<div class=\"elementor-widget-container\">\n\t\t\t\t\t\t\t\t\t<p><span style=\"color: #000000;\"><span style=\"caret-color: #000000;\">Notre r\u00e9gion renferme des sites qui m\u00e9ritent d&rsquo;\u00eatre d\u00e9couverts vus d&rsquo;avion et la campagne regorge de belles propri\u00e9t\u00e9s que l&rsquo;on ne voit pas lorsqu&rsquo;on est sur terre. Sur demande, vous pouvez orienter votre vol sur des sites que vous\u00a0aurez choisis.<\/span><\/span><\/p>\t\t\t\t\t\t\t\t<\/div>\n\t\t\t\t<\/div>\n\t\t\t\t\t<\/div>\n\t\t<\/div>\n\t\t\t\t\t<\/div>\n\t\t<\/section>\n\t\t\t\t<section class=\"elementor-section elementor-top-section elementor-element elementor-element-d236221 elementor-section-boxed elementor-section-height-default elementor-section-height-default\" data-id=\"d236221\" data-element_type=\"section\" data-e-type=\"section\" data-settings=\"{&quot;background_background&quot;:&quot;classic&quot;}\">\n\t\t\t\t\t\t<div class=\"elementor-container elementor-column-gap-default\">\n\t\t\t\t\t<div class=\"elementor-column elementor-col-33 elementor-top-column elementor-element elementor-element-3df1353\" data-id=\"3df1353\" data-element_type=\"column\" data-e-type=\"column\">\n\t\t\t<div class=\"elementor-widget-wrap elementor-element-populated\">\n\t\t\t\t\t\t<div class=\"elementor-element elementor-element-cc6548e elementor-widget elementor-widget-image\" data-id=\"cc6548e\" data-element_type=\"widget\" data-e-type=\"widget\" data-widget_type=\"image.default\">\n\t\t\t\t<div class=\"elementor-widget-container\">\n\t\t\t\t\t\t\t\t\t\t\t\t<figure class=\"wp-caption\">\n\t\t\t\t\t\t\t\t\t\t<img decoding=\"async\" width=\"836\" height=\"558\" src=\"https:\/\/www.aerodrome-paray.fr\/blog\/wp-content\/uploads\/150599AC-064-1024x683.jpg\" class=\"attachment-large size-large wp-image-7016\" alt=\"\" srcset=\"https:\/\/www.aerodrome-paray.fr\/blog\/wp-content\/uploads\/150599AC-064-1024x683.jpg 1024w, https:\/\/www.aerodrome-paray.fr\/blog\/wp-content\/uploads\/150599AC-064-300x200.jpg 300w, https:\/\/www.aerodrome-paray.fr\/blog\/wp-content\/uploads\/150599AC-064-768x512.jpg 768w, https:\/\/www.aerodrome-paray.fr\/blog\/wp-content\/uploads\/150599AC-064-1536x1024.jpg 1536w, https:\/\/www.aerodrome-paray.fr\/blog\/wp-content\/uploads\/150599AC-064-2048x1365.jpg 2048w, https:\/\/www.aerodrome-paray.fr\/blog\/wp-content\/uploads\/150599AC-064-836x557.jpg 836w\" sizes=\"(max-width: 836px) 100vw, 836px\" \/>\t\t\t\t\t\t\t\t\t\t\t<figcaption class=\"widget-image-caption wp-caption-text\">Paray-le-Monial: la basilique<\/figcaption>\n\t\t\t\t\t\t\t\t\t\t<\/figure>\n\t\t\t\t\t\t\t\t\t<\/div>\n\t\t\t\t<\/div>\n\t\t\t\t<div class=\"elementor-element elementor-element-dc03e98 elementor-widget elementor-widget-image\" data-id=\"dc03e98\" data-element_type=\"widget\" data-e-type=\"widget\" data-widget_type=\"image.default\">\n\t\t\t\t<div class=\"elementor-widget-container\">\n\t\t\t\t\t\t\t\t\t\t\t\t<figure class=\"wp-caption\">\n\t\t\t\t\t\t\t\t\t\t<img loading=\"lazy\" decoding=\"async\" width=\"836\" height=\"558\" src=\"https:\/\/www.aerodrome-paray.fr\/blog\/wp-content\/uploads\/20309229-1024x683.jpeg\" class=\"attachment-large size-large wp-image-7010\" alt=\"\" srcset=\"https:\/\/www.aerodrome-paray.fr\/blog\/wp-content\/uploads\/20309229-1024x683.jpeg 1024w, https:\/\/www.aerodrome-paray.fr\/blog\/wp-content\/uploads\/20309229-300x200.jpeg 300w, https:\/\/www.aerodrome-paray.fr\/blog\/wp-content\/uploads\/20309229-768x512.jpeg 768w, https:\/\/www.aerodrome-paray.fr\/blog\/wp-content\/uploads\/20309229-1536x1024.jpeg 1536w, https:\/\/www.aerodrome-paray.fr\/blog\/wp-content\/uploads\/20309229-2048x1365.jpeg 2048w, https:\/\/www.aerodrome-paray.fr\/blog\/wp-content\/uploads\/20309229-836x557.jpeg 836w\" sizes=\"(max-width: 836px) 100vw, 836px\" \/>\t\t\t\t\t\t\t\t\t\t\t<figcaption class=\"widget-image-caption wp-caption-text\">La ville de Charolles<\/figcaption>\n\t\t\t\t\t\t\t\t\t\t<\/figure>\n\t\t\t\t\t\t\t\t\t<\/div>\n\t\t\t\t<\/div>\n\t\t\t\t\t<\/div>\n\t\t<\/div>\n\t\t\t\t<div class=\"elementor-column elementor-col-33 elementor-top-column elementor-element elementor-element-b79beda\" data-id=\"b79beda\" data-element_type=\"column\" data-e-type=\"column\">\n\t\t\t<div class=\"elementor-widget-wrap elementor-element-populated\">\n\t\t\t\t\t\t<div class=\"elementor-element elementor-element-3b9a779 elementor-widget elementor-widget-image\" data-id=\"3b9a779\" data-element_type=\"widget\" data-e-type=\"widget\" data-widget_type=\"image.default\">\n\t\t\t\t<div class=\"elementor-widget-container\">\n\t\t\t\t\t\t\t\t\t\t\t\t<figure class=\"wp-caption\">\n\t\t\t\t\t\t\t\t\t\t<img loading=\"lazy\" decoding=\"async\" width=\"836\" height=\"558\" src=\"https:\/\/www.aerodrome-paray.fr\/blog\/wp-content\/uploads\/150599AC-080-1024x683.jpg\" class=\"attachment-large size-large wp-image-7015\" alt=\"\" srcset=\"https:\/\/www.aerodrome-paray.fr\/blog\/wp-content\/uploads\/150599AC-080-1024x683.jpg 1024w, https:\/\/www.aerodrome-paray.fr\/blog\/wp-content\/uploads\/150599AC-080-300x200.jpg 300w, https:\/\/www.aerodrome-paray.fr\/blog\/wp-content\/uploads\/150599AC-080-768x512.jpg 768w, https:\/\/www.aerodrome-paray.fr\/blog\/wp-content\/uploads\/150599AC-080-1536x1024.jpg 1536w, https:\/\/www.aerodrome-paray.fr\/blog\/wp-content\/uploads\/150599AC-080-2048x1365.jpg 2048w, https:\/\/www.aerodrome-paray.fr\/blog\/wp-content\/uploads\/150599AC-080-836x557.jpg 836w\" sizes=\"(max-width: 836px) 100vw, 836px\" \/>\t\t\t\t\t\t\t\t\t\t\t<figcaption class=\"widget-image-caption wp-caption-text\">La Loire pr\u00e8s de Bonnand<\/figcaption>\n\t\t\t\t\t\t\t\t\t\t<\/figure>\n\t\t\t\t\t\t\t\t\t<\/div>\n\t\t\t\t<\/div>\n\t\t\t\t<div class=\"elementor-element elementor-element-af27b59 elementor-widget elementor-widget-image\" data-id=\"af27b59\" data-element_type=\"widget\" data-e-type=\"widget\" data-widget_type=\"image.default\">\n\t\t\t\t<div class=\"elementor-widget-container\">\n\t\t\t\t\t\t\t\t\t\t\t\t<figure class=\"wp-caption\">\n\t\t\t\t\t\t\t\t\t\t<img loading=\"lazy\" decoding=\"async\" width=\"836\" height=\"558\" src=\"https:\/\/www.aerodrome-paray.fr\/blog\/wp-content\/uploads\/IMG_6823-1024x683.jpg\" class=\"attachment-large size-large wp-image-7017\" alt=\"\" srcset=\"https:\/\/www.aerodrome-paray.fr\/blog\/wp-content\/uploads\/IMG_6823-1024x683.jpg 1024w, https:\/\/www.aerodrome-paray.fr\/blog\/wp-content\/uploads\/IMG_6823-300x200.jpg 300w, https:\/\/www.aerodrome-paray.fr\/blog\/wp-content\/uploads\/IMG_6823-768x512.jpg 768w, https:\/\/www.aerodrome-paray.fr\/blog\/wp-content\/uploads\/IMG_6823-1536x1024.jpg 1536w, https:\/\/www.aerodrome-paray.fr\/blog\/wp-content\/uploads\/IMG_6823-2048x1365.jpg 2048w, https:\/\/www.aerodrome-paray.fr\/blog\/wp-content\/uploads\/IMG_6823-836x557.jpg 836w\" sizes=\"(max-width: 836px) 100vw, 836px\" \/>\t\t\t\t\t\t\t\t\t\t\t<figcaption class=\"widget-image-caption wp-caption-text\">Ch\u00e2teau de Digoine<\/figcaption>\n\t\t\t\t\t\t\t\t\t\t<\/figure>\n\t\t\t\t\t\t\t\t\t<\/div>\n\t\t\t\t<\/div>\n\t\t\t\t\t<\/div>\n\t\t<\/div>\n\t\t\t\t<div class=\"elementor-column elementor-col-33 elementor-top-column elementor-element elementor-element-bb7e39b\" data-id=\"bb7e39b\" data-element_type=\"column\" data-e-type=\"column\">\n\t\t\t<div class=\"elementor-widget-wrap elementor-element-populated\">\n\t\t\t\t\t\t<div class=\"elementor-element elementor-element-b8e7812 elementor-widget elementor-widget-image\" data-id=\"b8e7812\" data-element_type=\"widget\" data-e-type=\"widget\" data-widget_type=\"image.default\">\n\t\t\t\t<div class=\"elementor-widget-container\">\n\t\t\t\t\t\t\t\t\t\t\t\t<figure class=\"wp-caption\">\n\t\t\t\t\t\t\t\t\t\t<img loading=\"lazy\" decoding=\"async\" width=\"836\" height=\"558\" src=\"https:\/\/www.aerodrome-paray.fr\/blog\/wp-content\/uploads\/20309180-1024x683.jpeg\" class=\"attachment-large size-large wp-image-7012\" alt=\"\" srcset=\"https:\/\/www.aerodrome-paray.fr\/blog\/wp-content\/uploads\/20309180-1024x683.jpeg 1024w, https:\/\/www.aerodrome-paray.fr\/blog\/wp-content\/uploads\/20309180-300x200.jpeg 300w, https:\/\/www.aerodrome-paray.fr\/blog\/wp-content\/uploads\/20309180-768x512.jpeg 768w, https:\/\/www.aerodrome-paray.fr\/blog\/wp-content\/uploads\/20309180-1536x1024.jpeg 1536w, https:\/\/www.aerodrome-paray.fr\/blog\/wp-content\/uploads\/20309180-2048x1365.jpeg 2048w, https:\/\/www.aerodrome-paray.fr\/blog\/wp-content\/uploads\/20309180-836x557.jpeg 836w\" sizes=\"(max-width: 836px) 100vw, 836px\" \/>\t\t\t\t\t\t\t\t\t\t\t<figcaption class=\"widget-image-caption wp-caption-text\">M\u00e9andres de l'Arconce<\/figcaption>\n\t\t\t\t\t\t\t\t\t\t<\/figure>\n\t\t\t\t\t\t\t\t\t<\/div>\n\t\t\t\t<\/div>\n\t\t\t\t<div class=\"elementor-element elementor-element-a782ebd elementor-widget elementor-widget-image\" data-id=\"a782ebd\" data-element_type=\"widget\" data-e-type=\"widget\" data-widget_type=\"image.default\">\n\t\t\t\t<div class=\"elementor-widget-container\">\n\t\t\t\t\t\t\t\t\t\t\t\t<figure class=\"wp-caption\">\n\t\t\t\t\t\t\t\t\t\t<img loading=\"lazy\" decoding=\"async\" width=\"836\" height=\"558\" src=\"https:\/\/www.aerodrome-paray.fr\/blog\/wp-content\/uploads\/20309087-1024x683.jpeg\" class=\"attachment-large size-large wp-image-7013\" alt=\"\" srcset=\"https:\/\/www.aerodrome-paray.fr\/blog\/wp-content\/uploads\/20309087-1024x683.jpeg 1024w, https:\/\/www.aerodrome-paray.fr\/blog\/wp-content\/uploads\/20309087-300x200.jpeg 300w, https:\/\/www.aerodrome-paray.fr\/blog\/wp-content\/uploads\/20309087-768x512.jpeg 768w, https:\/\/www.aerodrome-paray.fr\/blog\/wp-content\/uploads\/20309087-1536x1024.jpeg 1536w, https:\/\/www.aerodrome-paray.fr\/blog\/wp-content\/uploads\/20309087-2048x1366.jpeg 2048w, https:\/\/www.aerodrome-paray.fr\/blog\/wp-content\/uploads\/20309087-836x557.jpeg 836w\" sizes=\"(max-width: 836px) 100vw, 836px\" \/>\t\t\t\t\t\t\t\t\t\t\t<figcaption class=\"widget-image-caption wp-caption-text\">Village d'Ans-le-Duc<\/figcaption>\n\t\t\t\t\t\t\t\t\t\t<\/figure>\n\t\t\t\t\t\t\t\t\t<\/div>\n\t\t\t\t<\/div>\n\t\t\t\t\t<\/div>\n\t\t<\/div>\n\t\t\t\t\t<\/div>\n\t\t<\/section>\n\t\t\t\t<section class=\"elementor-section elementor-top-section elementor-element elementor-element-dfa8002 elementor-section-boxed elementor-section-height-default elementor-section-height-default\" data-id=\"dfa8002\" data-element_type=\"section\" data-e-type=\"section\">\n\t\t\t\t\t\t<div class=\"elementor-container elementor-column-gap-default\">\n\t\t\t\t\t<div class=\"elementor-column elementor-col-100 elementor-top-column elementor-element elementor-element-f6b647d\" data-id=\"f6b647d\" data-element_type=\"column\" data-e-type=\"column\">\n\t\t\t<div class=\"elementor-widget-wrap elementor-element-populated\">\n\t\t\t\t\t\t<div class=\"elementor-element elementor-element-6d599a5 elementor-widget elementor-widget-heading\" data-id=\"6d599a5\" data-element_type=\"widget\" data-e-type=\"widget\" data-widget_type=\"heading.default\">\n\t\t\t\t<div class=\"elementor-widget-container\">\n\t\t\t\t\t<h2 class=\"elementor-heading-title elementor-size-default\">Les vols d\u00e9couverte du pilotage avec instructeur<\/h2>\t\t\t\t<\/div>\n\t\t\t\t<\/div>\n\t\t\t\t\t<\/div>\n\t\t<\/div>\n\t\t\t\t\t<\/div>\n\t\t<\/section>\n\t\t\t\t<section class=\"elementor-section elementor-top-section elementor-element elementor-element-e378688 elementor-section-boxed elementor-section-height-default elementor-section-height-default\" data-id=\"e378688\" data-element_type=\"section\" data-e-type=\"section\">\n\t\t\t\t\t\t<div class=\"elementor-container elementor-column-gap-default\">\n\t\t\t\t\t<div class=\"elementor-column elementor-col-100 elementor-top-column elementor-element elementor-element-826536a\" data-id=\"826536a\" data-element_type=\"column\" data-e-type=\"column\">\n\t\t\t<div class=\"elementor-widget-wrap elementor-element-populated\">\n\t\t\t\t\t\t<div class=\"elementor-element elementor-element-dd13fd2 elementor-widget elementor-widget-text-editor\" data-id=\"dd13fd2\" data-element_type=\"widget\" data-e-type=\"widget\" data-widget_type=\"text-editor.default\">\n\t\t\t\t<div class=\"elementor-widget-container\">\n\t\t\t\t\t\t\t\t\t<p><span style=\"color: #000000;\"><span style=\"caret-color: #000000;\">Ces vols d\u00e9couverte du pilotage s&rsquo;adressent \u00e0 des personnes qui souhaitent approcher davantage le pilotage en vue, peut-\u00eatre, d&rsquo;apprendre par la suite \u00e0 piloter.<br \/>Le vol d\u00e9couverte du pilotage est un vol avec instructeur qui dure 30 minutes. Vous \u00eates en place gauche (commandant de bord). L&rsquo;instructeur vous fait d\u00e9couvrir toutes les phases d&rsquo;un vol de loisir (avitaillement, visite pr\u00e9-vol, prise des commandes,\u00a0<\/span><\/span><span style=\"color: #000000;\"><span style=\"caret-color: #000000;\">d\u00e9briefing en insistant sur la s\u00e9curit\u00e9 des vols.<br \/><strong><span style=\"color: #ff6600;\">C&rsquo;est une excellente approche et un tremplin pour aller plus loin.<br \/><\/span><\/strong><em><span style=\"color: #ff6600;\"><span style=\"color: #000000;\">Voir l&rsquo;onglet \u00ab\u00a0\u00c9cole de Pilotage\u00a0\u00bb<\/span><\/span><\/em><\/span><\/span><\/p><p>\u00a0<\/p>\t\t\t\t\t\t\t\t<\/div>\n\t\t\t\t<\/div>\n\t\t\t\t\t<\/div>\n\t\t<\/div>\n\t\t\t\t\t<\/div>\n\t\t<\/section>\n\t\t\t\t<\/div>\n\t\t","protected":false},"excerpt":{"rendered":"<p>L&rsquo;A\u00e9ro-Club Charolais est une association ouverte, inscrite \u00e0 l&rsquo;Office Municipal des Sports, qui s&rsquo;implique volontiers dans l&rsquo;animation de la ville de Paray-Le-Monial et organise de gros \u00e9v\u00e9nements sur l&rsquo;a\u00e9rodrome.Tous les membres ont \u00e0 c\u0153ur de faire d\u00e9couvrir leur passion au plus grand nombre.N&rsquo;h\u00e9sitez pas \u00e0 nous rendre visite, particuli\u00e8rement le week-end quand les conditions m\u00e9t\u00e9o &hellip; <\/p>\n<p><a class=\"more-link btn\" href=\"https:\/\/www.aerodrome-paray.fr\/blog\/vols-decouverte\/\">Lire la suite<\/a><\/p>\n","protected":false},"author":2,"featured_media":0,"parent":0,"menu_order":0,"comment_status":"closed","ping_status":"closed","template":"","meta":{"_monsterinsights_skip_tracking":false,"_monsterinsights_sitenote_active":false,"_monsterinsights_sitenote_note":"","_monsterinsights_sitenote_category":0,"footnotes":""},"class_list":["post-4613","page","type-page","status-publish","hentry","nodate","item-wrap"],"yoast_head":"<!-- This site is optimized with the Yoast SEO plugin v27.5 - https:\/\/yoast.com\/product\/yoast-seo-wordpress\/ -->\n<title>Vols d\u00e9couverte (&quot;Bapt\u00eames de l&#039;Air&quot; \/ Initiation au Pilotage) - Aeroclub Charolais<\/title>\n<meta name=\"robots\" content=\"index, follow, max-snippet:-1, max-image-preview:large, max-video-preview:-1\" \/>\n<link rel=\"canonical\" href=\"https:\/\/www.aerodrome-paray.fr\/blog\/vols-decouverte\/\" \/>\n<meta property=\"og:locale\" content=\"fr_FR\" \/>\n<meta property=\"og:type\" content=\"article\" \/>\n<meta property=\"og:title\" content=\"Vols d\u00e9couverte (&quot;Bapt\u00eames de l&#039;Air&quot; \/ Initiation au Pilotage) - Aeroclub Charolais\" \/>\n<meta property=\"og:description\" content=\"L&rsquo;A\u00e9ro-Club Charolais est une association ouverte, inscrite \u00e0 l&rsquo;Office Municipal des Sports, qui s&rsquo;implique volontiers dans l&rsquo;animation de la ville de Paray-Le-Monial et organise de gros \u00e9v\u00e9nements sur l&rsquo;a\u00e9rodrome.Tous les membres ont \u00e0 c\u0153ur de faire d\u00e9couvrir leur passion au plus grand nombre.N&rsquo;h\u00e9sitez pas \u00e0 nous rendre visite, particuli\u00e8rement le week-end quand les conditions m\u00e9t\u00e9o &hellip; Lire la suite\" \/>\n<meta property=\"og:url\" content=\"https:\/\/www.aerodrome-paray.fr\/blog\/vols-decouverte\/\" \/>\n<meta property=\"og:site_name\" content=\"Aeroclub Charolais\" \/>\n<meta property=\"article:modified_time\" content=\"2024-06-22T14:12:20+00:00\" \/>\n<meta property=\"og:image\" content=\"https:\/\/www.aerodrome-paray.fr\/blog\/wp-content\/uploads\/W-JPO-2023-17-1024x683.jpeg\" \/>\n<meta name=\"twitter:card\" content=\"summary_large_image\" \/>\n<meta name=\"twitter:label1\" content=\"Dur\u00e9e de lecture estim\u00e9e\" \/>\n\t<meta name=\"twitter:data1\" content=\"4 minutes\" \/>\n<script type=\"application\/ld+json\" class=\"yoast-schema-graph\">{\"@context\":\"https:\\\/\\\/schema.org\",\"@graph\":[{\"@type\":\"WebPage\",\"@id\":\"https:\\\/\\\/www.aerodrome-paray.fr\\\/blog\\\/vols-decouverte\\\/\",\"url\":\"https:\\\/\\\/www.aerodrome-paray.fr\\\/blog\\\/vols-decouverte\\\/\",\"name\":\"Vols d\u00e9couverte (\\\"Bapt\u00eames de l'Air\\\" \\\/ Initiation au Pilotage) - Aeroclub Charolais\",\"isPartOf\":{\"@id\":\"https:\\\/\\\/www.aerodrome-paray.fr\\\/blog\\\/#website\"},\"primaryImageOfPage\":{\"@id\":\"https:\\\/\\\/www.aerodrome-paray.fr\\\/blog\\\/vols-decouverte\\\/#primaryimage\"},\"image\":{\"@id\":\"https:\\\/\\\/www.aerodrome-paray.fr\\\/blog\\\/vols-decouverte\\\/#primaryimage\"},\"thumbnailUrl\":\"https:\\\/\\\/www.aerodrome-paray.fr\\\/blog\\\/wp-content\\\/uploads\\\/W-JPO-2023-17-1024x683.jpeg\",\"datePublished\":\"2018-03-25T19:32:38+00:00\",\"dateModified\":\"2024-06-22T14:12:20+00:00\",\"breadcrumb\":{\"@id\":\"https:\\\/\\\/www.aerodrome-paray.fr\\\/blog\\\/vols-decouverte\\\/#breadcrumb\"},\"inLanguage\":\"fr-FR\",\"potentialAction\":[{\"@type\":\"ReadAction\",\"target\":[\"https:\\\/\\\/www.aerodrome-paray.fr\\\/blog\\\/vols-decouverte\\\/\"]}]},{\"@type\":\"ImageObject\",\"inLanguage\":\"fr-FR\",\"@id\":\"https:\\\/\\\/www.aerodrome-paray.fr\\\/blog\\\/vols-decouverte\\\/#primaryimage\",\"url\":\"https:\\\/\\\/www.aerodrome-paray.fr\\\/blog\\\/wp-content\\\/uploads\\\/W-JPO-2023-17.jpeg\",\"contentUrl\":\"https:\\\/\\\/www.aerodrome-paray.fr\\\/blog\\\/wp-content\\\/uploads\\\/W-JPO-2023-17.jpeg\",\"width\":1280,\"height\":854,\"caption\":\"Pr\u00eat pour les bapt\u00eames : Notre Robin DR-220\"},{\"@type\":\"BreadcrumbList\",\"@id\":\"https:\\\/\\\/www.aerodrome-paray.fr\\\/blog\\\/vols-decouverte\\\/#breadcrumb\",\"itemListElement\":[{\"@type\":\"ListItem\",\"position\":1,\"name\":\"Accueil\",\"item\":\"https:\\\/\\\/www.aerodrome-paray.fr\\\/blog\\\/\"},{\"@type\":\"ListItem\",\"position\":2,\"name\":\"Vols d\u00e9couverte (\u00ab\u00a0Bapt\u00eames de l&rsquo;Air\u00a0\u00bb \\\/ Initiation au Pilotage)\"}]},{\"@type\":\"WebSite\",\"@id\":\"https:\\\/\\\/www.aerodrome-paray.fr\\\/blog\\\/#website\",\"url\":\"https:\\\/\\\/www.aerodrome-paray.fr\\\/blog\\\/\",\"name\":\"Aeroclub Charolais\",\"description\":\"\",\"potentialAction\":[{\"@type\":\"SearchAction\",\"target\":{\"@type\":\"EntryPoint\",\"urlTemplate\":\"https:\\\/\\\/www.aerodrome-paray.fr\\\/blog\\\/?s={search_term_string}\"},\"query-input\":{\"@type\":\"PropertyValueSpecification\",\"valueRequired\":true,\"valueName\":\"search_term_string\"}}],\"inLanguage\":\"fr-FR\"}]}<\/script>\n<!-- \/ Yoast SEO plugin. -->","yoast_head_json":{"title":"Vols d\u00e9couverte (\"Bapt\u00eames de l'Air\" \/ Initiation au Pilotage) - Aeroclub Charolais","robots":{"index":"index","follow":"follow","max-snippet":"max-snippet:-1","max-image-preview":"max-image-preview:large","max-video-preview":"max-video-preview:-1"},"canonical":"https:\/\/www.aerodrome-paray.fr\/blog\/vols-decouverte\/","og_locale":"fr_FR","og_type":"article","og_title":"Vols d\u00e9couverte (\"Bapt\u00eames de l'Air\" \/ Initiation au Pilotage) - Aeroclub Charolais","og_description":"L&rsquo;A\u00e9ro-Club Charolais est une association ouverte, inscrite \u00e0 l&rsquo;Office Municipal des Sports, qui s&rsquo;implique volontiers dans l&rsquo;animation de la ville de Paray-Le-Monial et organise de gros \u00e9v\u00e9nements sur l&rsquo;a\u00e9rodrome.Tous les membres ont \u00e0 c\u0153ur de faire d\u00e9couvrir leur passion au plus grand nombre.N&rsquo;h\u00e9sitez pas \u00e0 nous rendre visite, particuli\u00e8rement le week-end quand les conditions m\u00e9t\u00e9o &hellip; Lire la suite","og_url":"https:\/\/www.aerodrome-paray.fr\/blog\/vols-decouverte\/","og_site_name":"Aeroclub Charolais","article_modified_time":"2024-06-22T14:12:20+00:00","og_image":[{"url":"https:\/\/www.aerodrome-paray.fr\/blog\/wp-content\/uploads\/W-JPO-2023-17-1024x683.jpeg","type":"","width":"","height":""}],"twitter_card":"summary_large_image","twitter_misc":{"Dur\u00e9e de lecture estim\u00e9e":"4 minutes"},"schema":{"@context":"https:\/\/schema.org","@graph":[{"@type":"WebPage","@id":"https:\/\/www.aerodrome-paray.fr\/blog\/vols-decouverte\/","url":"https:\/\/www.aerodrome-paray.fr\/blog\/vols-decouverte\/","name":"Vols d\u00e9couverte (\"Bapt\u00eames de l'Air\" \/ Initiation au Pilotage) - Aeroclub Charolais","isPartOf":{"@id":"https:\/\/www.aerodrome-paray.fr\/blog\/#website"},"primaryImageOfPage":{"@id":"https:\/\/www.aerodrome-paray.fr\/blog\/vols-decouverte\/#primaryimage"},"image":{"@id":"https:\/\/www.aerodrome-paray.fr\/blog\/vols-decouverte\/#primaryimage"},"thumbnailUrl":"https:\/\/www.aerodrome-paray.fr\/blog\/wp-content\/uploads\/W-JPO-2023-17-1024x683.jpeg","datePublished":"2018-03-25T19:32:38+00:00","dateModified":"2024-06-22T14:12:20+00:00","breadcrumb":{"@id":"https:\/\/www.aerodrome-paray.fr\/blog\/vols-decouverte\/#breadcrumb"},"inLanguage":"fr-FR","potentialAction":[{"@type":"ReadAction","target":["https:\/\/www.aerodrome-paray.fr\/blog\/vols-decouverte\/"]}]},{"@type":"ImageObject","inLanguage":"fr-FR","@id":"https:\/\/www.aerodrome-paray.fr\/blog\/vols-decouverte\/#primaryimage","url":"https:\/\/www.aerodrome-paray.fr\/blog\/wp-content\/uploads\/W-JPO-2023-17.jpeg","contentUrl":"https:\/\/www.aerodrome-paray.fr\/blog\/wp-content\/uploads\/W-JPO-2023-17.jpeg","width":1280,"height":854,"caption":"Pr\u00eat pour les bapt\u00eames : Notre Robin DR-220"},{"@type":"BreadcrumbList","@id":"https:\/\/www.aerodrome-paray.fr\/blog\/vols-decouverte\/#breadcrumb","itemListElement":[{"@type":"ListItem","position":1,"name":"Accueil","item":"https:\/\/www.aerodrome-paray.fr\/blog\/"},{"@type":"ListItem","position":2,"name":"Vols d\u00e9couverte (\u00ab\u00a0Bapt\u00eames de l&rsquo;Air\u00a0\u00bb \/ Initiation au Pilotage)"}]},{"@type":"WebSite","@id":"https:\/\/www.aerodrome-paray.fr\/blog\/#website","url":"https:\/\/www.aerodrome-paray.fr\/blog\/","name":"Aeroclub Charolais","description":"","potentialAction":[{"@type":"SearchAction","target":{"@type":"EntryPoint","urlTemplate":"https:\/\/www.aerodrome-paray.fr\/blog\/?s={search_term_string}"},"query-input":{"@type":"PropertyValueSpecification","valueRequired":true,"valueName":"search_term_string"}}],"inLanguage":"fr-FR"}]}},"_links":{"self":[{"href":"https:\/\/www.aerodrome-paray.fr\/blog\/wp-json\/wp\/v2\/pages\/4613","targetHints":{"allow":["GET"]}}],"collection":[{"href":"https:\/\/www.aerodrome-paray.fr\/blog\/wp-json\/wp\/v2\/pages"}],"about":[{"href":"https:\/\/www.aerodrome-paray.fr\/blog\/wp-json\/wp\/v2\/types\/page"}],"author":[{"embeddable":true,"href":"https:\/\/www.aerodrome-paray.fr\/blog\/wp-json\/wp\/v2\/users\/2"}],"replies":[{"embeddable":true,"href":"https:\/\/www.aerodrome-paray.fr\/blog\/wp-json\/wp\/v2\/comments?post=4613"}],"version-history":[{"count":4,"href":"https:\/\/www.aerodrome-paray.fr\/blog\/wp-json\/wp\/v2\/pages\/4613\/revisions"}],"predecessor-version":[{"id":7020,"href":"https:\/\/www.aerodrome-paray.fr\/blog\/wp-json\/wp\/v2\/pages\/4613\/revisions\/7020"}],"wp:attachment":[{"href":"https:\/\/www.aerodrome-paray.fr\/blog\/wp-json\/wp\/v2\/media?parent=4613"}],"curies":[{"name":"wp","href":"https:\/\/api.w.org\/{rel}","templated":true}]}}