{"id":6665,"date":"2024-02-05T14:08:47","date_gmt":"2024-02-05T13:08:47","guid":{"rendered":"https:\/\/www.aerodrome-paray.fr\/blog\/?page_id=6665"},"modified":"2025-01-17T12:15:50","modified_gmt":"2025-01-17T11:15:50","slug":"elementor-6663","status":"publish","type":"page","link":"https:\/\/www.aerodrome-paray.fr\/blog\/elementor-6663\/","title":{"rendered":"Les manifestations"},"content":{"rendered":"\t\t<div data-elementor-type=\"wp-page\" data-elementor-id=\"6665\" class=\"elementor elementor-6665\" data-elementor-post-type=\"page\">\n\t\t\t\t\t\t<section class=\"elementor-section elementor-top-section elementor-element elementor-element-1210f8f elementor-section-boxed elementor-section-height-default elementor-section-height-default\" data-id=\"1210f8f\" data-element_type=\"section\" data-e-type=\"section\">\n\t\t\t\t\t\t<div class=\"elementor-container elementor-column-gap-default\">\n\t\t\t\t\t<div class=\"elementor-column elementor-col-100 elementor-top-column elementor-element elementor-element-e65dbc0\" data-id=\"e65dbc0\" data-element_type=\"column\" data-e-type=\"column\">\n\t\t\t<div class=\"elementor-widget-wrap elementor-element-populated\">\n\t\t\t\t\t\t<div class=\"elementor-element elementor-element-a0cd879 elementor-widget elementor-widget-heading\" data-id=\"a0cd879\" data-element_type=\"widget\" data-e-type=\"widget\" data-widget_type=\"heading.default\">\n\t\t\t\t<div class=\"elementor-widget-container\">\n\t\t\t\t\t<h2 class=\"elementor-heading-title elementor-size-default\">Les manifestations principales de l'a\u00e9ro-club<\/h2>\t\t\t\t<\/div>\n\t\t\t\t<\/div>\n\t\t\t\t\t<\/div>\n\t\t<\/div>\n\t\t\t\t\t<\/div>\n\t\t<\/section>\n\t\t\t\t<section class=\"elementor-section elementor-top-section elementor-element elementor-element-dcd4553 elementor-section-boxed elementor-section-height-default elementor-section-height-default\" data-id=\"dcd4553\" data-element_type=\"section\" data-e-type=\"section\">\n\t\t\t\t\t\t<div class=\"elementor-container elementor-column-gap-default\">\n\t\t\t\t\t<div class=\"elementor-column elementor-col-100 elementor-top-column elementor-element elementor-element-a9e4290\" data-id=\"a9e4290\" data-element_type=\"column\" data-e-type=\"column\">\n\t\t\t<div class=\"elementor-widget-wrap elementor-element-populated\">\n\t\t\t\t\t\t<div class=\"elementor-element elementor-element-298f77c elementor-widget elementor-widget-text-editor\" data-id=\"298f77c\" data-element_type=\"widget\" data-e-type=\"widget\" data-widget_type=\"text-editor.default\">\n\t\t\t\t<div class=\"elementor-widget-container\">\n\t\t\t\t\t\t\t\t\t<p>Depuis plusieurs ann\u00e9es, de gros efforts ont \u00e9t\u00e9 faits pour d\u00e9velopper les deux \u00e9v\u00e9nements principaux organis\u00e9s par l&rsquo;a\u00e9ro-club : le rassemblement annuel des \u00ab\u00a0Tra\u00eene-Queue\u00a0\u00bb et les Portes Ouvertes.<\/p>\t\t\t\t\t\t\t\t<\/div>\n\t\t\t\t<\/div>\n\t\t\t\t\t<\/div>\n\t\t<\/div>\n\t\t\t\t\t<\/div>\n\t\t<\/section>\n\t\t\t\t<section class=\"elementor-section elementor-top-section elementor-element elementor-element-0555208 elementor-section-boxed elementor-section-height-default elementor-section-height-default\" data-id=\"0555208\" data-element_type=\"section\" data-e-type=\"section\">\n\t\t\t\t\t\t<div class=\"elementor-container elementor-column-gap-default\">\n\t\t\t\t\t<div class=\"elementor-column elementor-col-100 elementor-top-column elementor-element elementor-element-2e16cc7\" data-id=\"2e16cc7\" data-element_type=\"column\" data-e-type=\"column\">\n\t\t\t<div class=\"elementor-widget-wrap elementor-element-populated\">\n\t\t\t\t\t\t<div class=\"elementor-element elementor-element-fac9eaa elementor-widget elementor-widget-text-editor\" data-id=\"fac9eaa\" data-element_type=\"widget\" data-e-type=\"widget\" data-widget_type=\"text-editor.default\">\n\t\t\t\t<div class=\"elementor-widget-container\">\n\t\t\t\t\t\t\t\t\t<p>Le rassemblement annuel des \u00ab\u00a0Tra\u00eene-Queue\u00a0\u00bb<\/p>\t\t\t\t\t\t\t\t<\/div>\n\t\t\t\t<\/div>\n\t\t\t\t\t<\/div>\n\t\t<\/div>\n\t\t\t\t\t<\/div>\n\t\t<\/section>\n\t\t\t\t<section class=\"elementor-section elementor-top-section elementor-element elementor-element-461beff elementor-section-content-middle elementor-section-boxed elementor-section-height-default elementor-section-height-default\" data-id=\"461beff\" data-element_type=\"section\" data-e-type=\"section\" data-settings=\"{&quot;background_background&quot;:&quot;classic&quot;}\">\n\t\t\t\t\t\t<div class=\"elementor-container elementor-column-gap-default\">\n\t\t\t\t\t<div class=\"elementor-column elementor-col-33 elementor-top-column elementor-element elementor-element-9cffed7\" data-id=\"9cffed7\" data-element_type=\"column\" data-e-type=\"column\">\n\t\t\t<div class=\"elementor-widget-wrap elementor-element-populated\">\n\t\t\t\t\t\t<div class=\"elementor-element elementor-element-90a702c elementor-widget__width-initial elementor-widget elementor-widget-image\" data-id=\"90a702c\" data-element_type=\"widget\" data-e-type=\"widget\" data-widget_type=\"image.default\">\n\t\t\t\t<div class=\"elementor-widget-container\">\n\t\t\t\t\t\t\t\t\t\t\t\t\t\t\t<img fetchpriority=\"high\" decoding=\"async\" width=\"836\" height=\"836\" src=\"https:\/\/www.aerodrome-paray.fr\/blog\/wp-content\/uploads\/Patch-TQ-2022-1024x1024.jpg\" class=\"attachment-large size-large wp-image-6027\" alt=\"\" srcset=\"https:\/\/www.aerodrome-paray.fr\/blog\/wp-content\/uploads\/Patch-TQ-2022-1024x1024.jpg 1024w, https:\/\/www.aerodrome-paray.fr\/blog\/wp-content\/uploads\/Patch-TQ-2022-300x300.jpg 300w, https:\/\/www.aerodrome-paray.fr\/blog\/wp-content\/uploads\/Patch-TQ-2022-150x150.jpg 150w, https:\/\/www.aerodrome-paray.fr\/blog\/wp-content\/uploads\/Patch-TQ-2022-768x768.jpg 768w, https:\/\/www.aerodrome-paray.fr\/blog\/wp-content\/uploads\/Patch-TQ-2022-836x836.jpg 836w, https:\/\/www.aerodrome-paray.fr\/blog\/wp-content\/uploads\/Patch-TQ-2022.jpg 1368w\" sizes=\"(max-width: 836px) 100vw, 836px\" \/>\t\t\t\t\t\t\t\t\t\t\t\t\t\t\t<\/div>\n\t\t\t\t<\/div>\n\t\t\t\t\t<\/div>\n\t\t<\/div>\n\t\t\t\t<div class=\"elementor-column elementor-col-66 elementor-top-column elementor-element elementor-element-fc0aeaa\" data-id=\"fc0aeaa\" data-element_type=\"column\" data-e-type=\"column\">\n\t\t\t<div class=\"elementor-widget-wrap elementor-element-populated\">\n\t\t\t\t\t\t<div class=\"elementor-element elementor-element-5dffdec elementor-widget elementor-widget-text-editor\" data-id=\"5dffdec\" data-element_type=\"widget\" data-e-type=\"widget\" data-widget_type=\"text-editor.default\">\n\t\t\t\t<div class=\"elementor-widget-container\">\n\t\t\t\t\t\t\t\t\t<p>Les \u00ab\u00a0Tra\u00eene-Queue\u00a0\u00bb d\u00e9signent les avions \u00e0 train classique : dot\u00e9s d&rsquo;une roulette de queue\u00a0\u00bb, ce sont g\u00e9n\u00e9ralement des appareils de conception plus ancienne, alors que les avions actuels, pour la plupart \u00e0 train tricycle, ont une roulette de nez et reposent, par cons\u00e9quent, \u00e0 l&rsquo;horizontale quand ils sont au sol.<\/p><p>Les avions \u00e0 train classique sont tr\u00e8s appr\u00e9ci\u00e9s \u00e0 Paray-le-Monial.<\/p>\t\t\t\t\t\t\t\t<\/div>\n\t\t\t\t<\/div>\n\t\t\t\t\t<\/div>\n\t\t<\/div>\n\t\t\t\t\t<\/div>\n\t\t<\/section>\n\t\t\t\t<section class=\"elementor-section elementor-top-section elementor-element elementor-element-48d8a94 elementor-section-content-middle elementor-section-boxed elementor-section-height-default elementor-section-height-default\" data-id=\"48d8a94\" data-element_type=\"section\" data-e-type=\"section\">\n\t\t\t\t\t\t<div class=\"elementor-container elementor-column-gap-default\">\n\t\t\t\t\t<div class=\"elementor-column elementor-col-25 elementor-top-column elementor-element elementor-element-99fe4bb\" data-id=\"99fe4bb\" data-element_type=\"column\" data-e-type=\"column\">\n\t\t\t<div class=\"elementor-widget-wrap elementor-element-populated\">\n\t\t\t\t\t\t<div class=\"elementor-element elementor-element-5ed9adf elementor-widget elementor-widget-image\" data-id=\"5ed9adf\" data-element_type=\"widget\" data-e-type=\"widget\" data-widget_type=\"image.default\">\n\t\t\t\t<div class=\"elementor-widget-container\">\n\t\t\t\t\t\t\t\t\t\t\t\t\t\t\t<img decoding=\"async\" width=\"836\" height=\"558\" src=\"https:\/\/www.aerodrome-paray.fr\/blog\/wp-content\/uploads\/2021-06-C-108-1024x683.jpeg\" class=\"attachment-large size-large wp-image-5880\" alt=\"\" srcset=\"https:\/\/www.aerodrome-paray.fr\/blog\/wp-content\/uploads\/2021-06-C-108-1024x683.jpeg 1024w, https:\/\/www.aerodrome-paray.fr\/blog\/wp-content\/uploads\/2021-06-C-108-300x200.jpeg 300w, https:\/\/www.aerodrome-paray.fr\/blog\/wp-content\/uploads\/2021-06-C-108-768x512.jpeg 768w, https:\/\/www.aerodrome-paray.fr\/blog\/wp-content\/uploads\/2021-06-C-108-836x558.jpeg 836w, https:\/\/www.aerodrome-paray.fr\/blog\/wp-content\/uploads\/2021-06-C-108.jpeg 1280w\" sizes=\"(max-width: 836px) 100vw, 836px\" \/>\t\t\t\t\t\t\t\t\t\t\t\t\t\t\t<\/div>\n\t\t\t\t<\/div>\n\t\t\t\t<div class=\"elementor-element elementor-element-b2d6a60 elementor-widget elementor-widget-image\" data-id=\"b2d6a60\" data-element_type=\"widget\" data-e-type=\"widget\" data-widget_type=\"image.default\">\n\t\t\t\t<div class=\"elementor-widget-container\">\n\t\t\t\t\t\t\t\t\t\t\t\t\t\t\t<img decoding=\"async\" width=\"836\" height=\"558\" src=\"https:\/\/www.aerodrome-paray.fr\/blog\/wp-content\/uploads\/CN5A5954-1024x683.jpeg\" class=\"attachment-large size-large wp-image-6441\" alt=\"\" srcset=\"https:\/\/www.aerodrome-paray.fr\/blog\/wp-content\/uploads\/CN5A5954-1024x683.jpeg 1024w, https:\/\/www.aerodrome-paray.fr\/blog\/wp-content\/uploads\/CN5A5954-300x200.jpeg 300w, https:\/\/www.aerodrome-paray.fr\/blog\/wp-content\/uploads\/CN5A5954-768x512.jpeg 768w, https:\/\/www.aerodrome-paray.fr\/blog\/wp-content\/uploads\/CN5A5954-836x558.jpeg 836w, https:\/\/www.aerodrome-paray.fr\/blog\/wp-content\/uploads\/CN5A5954.jpeg 1280w\" sizes=\"(max-width: 836px) 100vw, 836px\" \/>\t\t\t\t\t\t\t\t\t\t\t\t\t\t\t<\/div>\n\t\t\t\t<\/div>\n\t\t\t\t\t<\/div>\n\t\t<\/div>\n\t\t\t\t<div class=\"elementor-column elementor-col-25 elementor-top-column elementor-element elementor-element-35f2800\" data-id=\"35f2800\" data-element_type=\"column\" data-e-type=\"column\">\n\t\t\t<div class=\"elementor-widget-wrap elementor-element-populated\">\n\t\t\t\t\t\t<div class=\"elementor-element elementor-element-929ff19 elementor-widget elementor-widget-image\" data-id=\"929ff19\" data-element_type=\"widget\" data-e-type=\"widget\" data-widget_type=\"image.default\">\n\t\t\t\t<div class=\"elementor-widget-container\">\n\t\t\t\t\t\t\t\t\t\t\t\t\t\t\t<img loading=\"lazy\" decoding=\"async\" width=\"836\" height=\"558\" src=\"https:\/\/www.aerodrome-paray.fr\/blog\/wp-content\/uploads\/CN5A6399-1024x683.jpeg\" class=\"attachment-large size-large wp-image-6410\" alt=\"\" srcset=\"https:\/\/www.aerodrome-paray.fr\/blog\/wp-content\/uploads\/CN5A6399-1024x683.jpeg 1024w, https:\/\/www.aerodrome-paray.fr\/blog\/wp-content\/uploads\/CN5A6399-300x200.jpeg 300w, https:\/\/www.aerodrome-paray.fr\/blog\/wp-content\/uploads\/CN5A6399-768x512.jpeg 768w, https:\/\/www.aerodrome-paray.fr\/blog\/wp-content\/uploads\/CN5A6399-836x558.jpeg 836w, https:\/\/www.aerodrome-paray.fr\/blog\/wp-content\/uploads\/CN5A6399.jpeg 1280w\" sizes=\"(max-width: 836px) 100vw, 836px\" \/>\t\t\t\t\t\t\t\t\t\t\t\t\t\t\t<\/div>\n\t\t\t\t<\/div>\n\t\t\t\t<div class=\"elementor-element elementor-element-78f08fe elementor-widget elementor-widget-image\" data-id=\"78f08fe\" data-element_type=\"widget\" data-e-type=\"widget\" data-widget_type=\"image.default\">\n\t\t\t\t<div class=\"elementor-widget-container\">\n\t\t\t\t\t\t\t\t\t\t\t\t\t\t\t<img loading=\"lazy\" decoding=\"async\" width=\"836\" height=\"558\" src=\"https:\/\/www.aerodrome-paray.fr\/blog\/wp-content\/uploads\/2207-A-JPO-2-1024x683.jpeg\" class=\"attachment-large size-large wp-image-6346\" alt=\"\" srcset=\"https:\/\/www.aerodrome-paray.fr\/blog\/wp-content\/uploads\/2207-A-JPO-2-1024x683.jpeg 1024w, https:\/\/www.aerodrome-paray.fr\/blog\/wp-content\/uploads\/2207-A-JPO-2-300x200.jpeg 300w, https:\/\/www.aerodrome-paray.fr\/blog\/wp-content\/uploads\/2207-A-JPO-2-768x512.jpeg 768w, https:\/\/www.aerodrome-paray.fr\/blog\/wp-content\/uploads\/2207-A-JPO-2-836x558.jpeg 836w, https:\/\/www.aerodrome-paray.fr\/blog\/wp-content\/uploads\/2207-A-JPO-2.jpeg 1280w\" sizes=\"(max-width: 836px) 100vw, 836px\" \/>\t\t\t\t\t\t\t\t\t\t\t\t\t\t\t<\/div>\n\t\t\t\t<\/div>\n\t\t\t\t\t<\/div>\n\t\t<\/div>\n\t\t\t\t<div class=\"elementor-column elementor-col-50 elementor-top-column elementor-element elementor-element-fcc6488\" data-id=\"fcc6488\" data-element_type=\"column\" data-e-type=\"column\">\n\t\t\t<div class=\"elementor-widget-wrap elementor-element-populated\">\n\t\t\t\t\t\t<div class=\"elementor-element elementor-element-5c5db21 elementor-widget elementor-widget-text-editor\" data-id=\"5c5db21\" data-element_type=\"widget\" data-e-type=\"widget\" data-widget_type=\"text-editor.default\">\n\t\t\t\t<div class=\"elementor-widget-container\">\n\t\t\t\t\t\t\t\t\t<p>C&rsquo;est maintenant une tradition : depuis 2001, l&rsquo;a\u00e9ro-club organise, le 3\u00b0 week-end de juin, un rassemblement d&rsquo;appareils de ce type (avions et ULM) : c&rsquo;est l&rsquo;occasion d&rsquo;admirer de beaux avions, pour certains des appareils historiques, entretenus avec amour par leurs propri\u00e9taires, venus de divers horizons. Depuis quelques ann\u00e9es, le rassemblement a pris un caract\u00e8re international : nombreux avions venus de Suisse, mais aussi de Belgique, Allemagne, Espagne, Grande- Bretagne&#8230;,&nbsp;<\/p>\n<p><span style=\"color: var( --e-global-color-text ); font-family: var( --e-global-typography-text-font-family ), Sans-serif;\"><br><\/span><\/p>\t\t\t\t\t\t\t\t<\/div>\n\t\t\t\t<\/div>\n\t\t\t\t\t<\/div>\n\t\t<\/div>\n\t\t\t\t\t<\/div>\n\t\t<\/section>\n\t\t\t\t<section class=\"elementor-section elementor-top-section elementor-element elementor-element-9c315fd elementor-section-boxed elementor-section-height-default elementor-section-height-default\" data-id=\"9c315fd\" data-element_type=\"section\" data-e-type=\"section\">\n\t\t\t\t\t\t<div class=\"elementor-container elementor-column-gap-default\">\n\t\t\t\t\t<div class=\"elementor-column elementor-col-25 elementor-top-column elementor-element elementor-element-7c2a1df\" data-id=\"7c2a1df\" data-element_type=\"column\" data-e-type=\"column\">\n\t\t\t<div class=\"elementor-widget-wrap elementor-element-populated\">\n\t\t\t\t\t\t<div class=\"elementor-element elementor-element-b2eb483 elementor-widget elementor-widget-image\" data-id=\"b2eb483\" data-element_type=\"widget\" data-e-type=\"widget\" data-widget_type=\"image.default\">\n\t\t\t\t<div class=\"elementor-widget-container\">\n\t\t\t\t\t\t\t\t\t\t\t\t\t\t\t<img loading=\"lazy\" decoding=\"async\" width=\"836\" height=\"558\" src=\"https:\/\/www.aerodrome-paray.fr\/blog\/wp-content\/uploads\/2207-A-JPO-68-1024x683.jpeg\" class=\"attachment-large size-large wp-image-6280\" alt=\"\" srcset=\"https:\/\/www.aerodrome-paray.fr\/blog\/wp-content\/uploads\/2207-A-JPO-68-1024x683.jpeg 1024w, https:\/\/www.aerodrome-paray.fr\/blog\/wp-content\/uploads\/2207-A-JPO-68-300x200.jpeg 300w, https:\/\/www.aerodrome-paray.fr\/blog\/wp-content\/uploads\/2207-A-JPO-68-768x512.jpeg 768w, https:\/\/www.aerodrome-paray.fr\/blog\/wp-content\/uploads\/2207-A-JPO-68-836x558.jpeg 836w, https:\/\/www.aerodrome-paray.fr\/blog\/wp-content\/uploads\/2207-A-JPO-68.jpeg 1280w\" sizes=\"(max-width: 836px) 100vw, 836px\" \/>\t\t\t\t\t\t\t\t\t\t\t\t\t\t\t<\/div>\n\t\t\t\t<\/div>\n\t\t\t\t\t<\/div>\n\t\t<\/div>\n\t\t\t\t<div class=\"elementor-column elementor-col-25 elementor-top-column elementor-element elementor-element-b6d426c\" data-id=\"b6d426c\" data-element_type=\"column\" data-e-type=\"column\">\n\t\t\t<div class=\"elementor-widget-wrap elementor-element-populated\">\n\t\t\t\t\t\t<div class=\"elementor-element elementor-element-b50cbbe elementor-widget elementor-widget-image\" data-id=\"b50cbbe\" data-element_type=\"widget\" data-e-type=\"widget\" data-widget_type=\"image.default\">\n\t\t\t\t<div class=\"elementor-widget-container\">\n\t\t\t\t\t\t\t\t\t\t\t\t\t\t\t<img loading=\"lazy\" decoding=\"async\" width=\"836\" height=\"558\" src=\"https:\/\/www.aerodrome-paray.fr\/blog\/wp-content\/uploads\/CN5A6094-1024x683.jpeg\" class=\"attachment-large size-large wp-image-6430\" alt=\"\" srcset=\"https:\/\/www.aerodrome-paray.fr\/blog\/wp-content\/uploads\/CN5A6094-1024x683.jpeg 1024w, https:\/\/www.aerodrome-paray.fr\/blog\/wp-content\/uploads\/CN5A6094-300x200.jpeg 300w, https:\/\/www.aerodrome-paray.fr\/blog\/wp-content\/uploads\/CN5A6094-768x512.jpeg 768w, https:\/\/www.aerodrome-paray.fr\/blog\/wp-content\/uploads\/CN5A6094-836x558.jpeg 836w, https:\/\/www.aerodrome-paray.fr\/blog\/wp-content\/uploads\/CN5A6094.jpeg 1280w\" sizes=\"(max-width: 836px) 100vw, 836px\" \/>\t\t\t\t\t\t\t\t\t\t\t\t\t\t\t<\/div>\n\t\t\t\t<\/div>\n\t\t\t\t\t<\/div>\n\t\t<\/div>\n\t\t\t\t<div class=\"elementor-column elementor-col-25 elementor-top-column elementor-element elementor-element-7e144a0\" data-id=\"7e144a0\" data-element_type=\"column\" data-e-type=\"column\">\n\t\t\t<div class=\"elementor-widget-wrap elementor-element-populated\">\n\t\t\t\t\t\t<div class=\"elementor-element elementor-element-7cc8155 elementor-widget elementor-widget-image\" data-id=\"7cc8155\" data-element_type=\"widget\" data-e-type=\"widget\" data-widget_type=\"image.default\">\n\t\t\t\t<div class=\"elementor-widget-container\">\n\t\t\t\t\t\t\t\t\t\t\t\t\t\t\t<img loading=\"lazy\" decoding=\"async\" width=\"836\" height=\"558\" src=\"https:\/\/www.aerodrome-paray.fr\/blog\/wp-content\/uploads\/CN5A6122-1024x683.jpeg\" class=\"attachment-large size-large wp-image-6428\" alt=\"\" srcset=\"https:\/\/www.aerodrome-paray.fr\/blog\/wp-content\/uploads\/CN5A6122-1024x683.jpeg 1024w, https:\/\/www.aerodrome-paray.fr\/blog\/wp-content\/uploads\/CN5A6122-300x200.jpeg 300w, https:\/\/www.aerodrome-paray.fr\/blog\/wp-content\/uploads\/CN5A6122-768x512.jpeg 768w, https:\/\/www.aerodrome-paray.fr\/blog\/wp-content\/uploads\/CN5A6122-836x558.jpeg 836w, https:\/\/www.aerodrome-paray.fr\/blog\/wp-content\/uploads\/CN5A6122.jpeg 1280w\" sizes=\"(max-width: 836px) 100vw, 836px\" \/>\t\t\t\t\t\t\t\t\t\t\t\t\t\t\t<\/div>\n\t\t\t\t<\/div>\n\t\t\t\t\t<\/div>\n\t\t<\/div>\n\t\t\t\t<div class=\"elementor-column elementor-col-25 elementor-top-column elementor-element elementor-element-b7b73d6\" data-id=\"b7b73d6\" data-element_type=\"column\" data-e-type=\"column\">\n\t\t\t<div class=\"elementor-widget-wrap elementor-element-populated\">\n\t\t\t\t\t\t<div class=\"elementor-element elementor-element-d2e0a95 elementor-widget elementor-widget-image\" data-id=\"d2e0a95\" data-element_type=\"widget\" data-e-type=\"widget\" data-widget_type=\"image.default\">\n\t\t\t\t<div class=\"elementor-widget-container\">\n\t\t\t\t\t\t\t\t\t\t\t\t\t\t\t<img loading=\"lazy\" decoding=\"async\" width=\"836\" height=\"558\" src=\"https:\/\/www.aerodrome-paray.fr\/blog\/wp-content\/uploads\/2206-B-JTQ-E-39-1024x683.jpeg\" class=\"attachment-large size-large wp-image-6210\" alt=\"\" srcset=\"https:\/\/www.aerodrome-paray.fr\/blog\/wp-content\/uploads\/2206-B-JTQ-E-39-1024x683.jpeg 1024w, https:\/\/www.aerodrome-paray.fr\/blog\/wp-content\/uploads\/2206-B-JTQ-E-39-300x200.jpeg 300w, https:\/\/www.aerodrome-paray.fr\/blog\/wp-content\/uploads\/2206-B-JTQ-E-39-768x512.jpeg 768w, https:\/\/www.aerodrome-paray.fr\/blog\/wp-content\/uploads\/2206-B-JTQ-E-39-1536x1024.jpeg 1536w, https:\/\/www.aerodrome-paray.fr\/blog\/wp-content\/uploads\/2206-B-JTQ-E-39-2048x1366.jpeg 2048w, https:\/\/www.aerodrome-paray.fr\/blog\/wp-content\/uploads\/2206-B-JTQ-E-39-836x558.jpeg 836w\" sizes=\"(max-width: 836px) 100vw, 836px\" \/>\t\t\t\t\t\t\t\t\t\t\t\t\t\t\t<\/div>\n\t\t\t\t<\/div>\n\t\t\t\t\t<\/div>\n\t\t<\/div>\n\t\t\t\t\t<\/div>\n\t\t<\/section>\n\t\t\t\t<section class=\"elementor-section elementor-top-section elementor-element elementor-element-1e44eac elementor-section-boxed elementor-section-height-default elementor-section-height-default\" data-id=\"1e44eac\" data-element_type=\"section\" data-e-type=\"section\">\n\t\t\t\t\t\t<div class=\"elementor-container elementor-column-gap-default\">\n\t\t\t\t\t<div class=\"elementor-column elementor-col-100 elementor-top-column elementor-element elementor-element-32cee64\" data-id=\"32cee64\" data-element_type=\"column\" data-e-type=\"column\">\n\t\t\t<div class=\"elementor-widget-wrap elementor-element-populated\">\n\t\t\t\t\t\t<div class=\"elementor-element elementor-element-4985bd1 elementor-widget elementor-widget-text-editor\" data-id=\"4985bd1\" data-element_type=\"widget\" data-e-type=\"widget\" data-widget_type=\"text-editor.default\">\n\t\t\t\t<div class=\"elementor-widget-container\">\n\t\t\t\t\t\t\t\t\t<p>Convivialit\u00e9, avant tout : la \u00ab\u00a0confr\u00e9rie des Tra\u00eene-Queue\u00a0\u00bb remet de petites r\u00e9compenses aux \u00e9quipages les plus remarquables, quelques discours puis place au repas champ\u00eatre dans la bonne humeur avant de quitter le terrain avec de beaux souvenirs.<\/p>\t\t\t\t\t\t\t\t<\/div>\n\t\t\t\t<\/div>\n\t\t\t\t\t<\/div>\n\t\t<\/div>\n\t\t\t\t\t<\/div>\n\t\t<\/section>\n\t\t\t\t<section class=\"elementor-section elementor-top-section elementor-element elementor-element-6148c9d elementor-section-boxed elementor-section-height-default elementor-section-height-default\" data-id=\"6148c9d\" data-element_type=\"section\" data-e-type=\"section\">\n\t\t\t\t\t\t<div class=\"elementor-container elementor-column-gap-default\">\n\t\t\t\t\t<div class=\"elementor-column elementor-col-100 elementor-top-column elementor-element elementor-element-9fe98aa\" data-id=\"9fe98aa\" data-element_type=\"column\" data-e-type=\"column\">\n\t\t\t<div class=\"elementor-widget-wrap elementor-element-populated\">\n\t\t\t\t\t\t<div class=\"elementor-element elementor-element-be34e24 elementor-widget elementor-widget-spacer\" data-id=\"be34e24\" data-element_type=\"widget\" data-e-type=\"widget\" data-widget_type=\"spacer.default\">\n\t\t\t\t<div class=\"elementor-widget-container\">\n\t\t\t\t\t\t\t<div class=\"elementor-spacer\">\n\t\t\t<div class=\"elementor-spacer-inner\"><\/div>\n\t\t<\/div>\n\t\t\t\t\t\t<\/div>\n\t\t\t\t<\/div>\n\t\t\t\t\t<\/div>\n\t\t<\/div>\n\t\t\t\t\t<\/div>\n\t\t<\/section>\n\t\t\t\t<section class=\"elementor-section elementor-top-section elementor-element elementor-element-e372356 elementor-section-boxed elementor-section-height-default elementor-section-height-default\" data-id=\"e372356\" data-element_type=\"section\" data-e-type=\"section\">\n\t\t\t\t\t\t<div class=\"elementor-container elementor-column-gap-default\">\n\t\t\t\t\t<div class=\"elementor-column elementor-col-100 elementor-top-column elementor-element elementor-element-c874570\" data-id=\"c874570\" data-element_type=\"column\" data-e-type=\"column\">\n\t\t\t<div class=\"elementor-widget-wrap elementor-element-populated\">\n\t\t\t\t\t\t<div class=\"elementor-element elementor-element-ad7f9da elementor-widget elementor-widget-text-editor\" data-id=\"ad7f9da\" data-element_type=\"widget\" data-e-type=\"widget\" data-widget_type=\"text-editor.default\">\n\t\t\t\t<div class=\"elementor-widget-container\">\n\t\t\t\t\t\t\t\t\t<p>Les Portes Ouvertes annuelles<\/p>\t\t\t\t\t\t\t\t<\/div>\n\t\t\t\t<\/div>\n\t\t\t\t\t<\/div>\n\t\t<\/div>\n\t\t\t\t\t<\/div>\n\t\t<\/section>\n\t\t\t\t<section class=\"elementor-section elementor-top-section elementor-element elementor-element-7cd2b8f elementor-section-boxed elementor-section-height-default elementor-section-height-default\" data-id=\"7cd2b8f\" data-element_type=\"section\" data-e-type=\"section\">\n\t\t\t\t\t\t<div class=\"elementor-container elementor-column-gap-default\">\n\t\t\t\t\t<div class=\"elementor-column elementor-col-25 elementor-top-column elementor-element elementor-element-c1d5496\" data-id=\"c1d5496\" data-element_type=\"column\" data-e-type=\"column\">\n\t\t\t<div class=\"elementor-widget-wrap elementor-element-populated\">\n\t\t\t\t\t\t<div class=\"elementor-element elementor-element-518c028 elementor-widget elementor-widget-image\" data-id=\"518c028\" data-element_type=\"widget\" data-e-type=\"widget\" data-widget_type=\"image.default\">\n\t\t\t\t<div class=\"elementor-widget-container\">\n\t\t\t\t\t\t\t\t\t\t\t\t\t\t\t<img loading=\"lazy\" decoding=\"async\" width=\"836\" height=\"558\" src=\"https:\/\/www.aerodrome-paray.fr\/blog\/wp-content\/uploads\/W-JPO-2023-1-1-1024x683.jpeg\" class=\"attachment-large size-large wp-image-6510\" alt=\"\" srcset=\"https:\/\/www.aerodrome-paray.fr\/blog\/wp-content\/uploads\/W-JPO-2023-1-1-1024x683.jpeg 1024w, https:\/\/www.aerodrome-paray.fr\/blog\/wp-content\/uploads\/W-JPO-2023-1-1-300x200.jpeg 300w, https:\/\/www.aerodrome-paray.fr\/blog\/wp-content\/uploads\/W-JPO-2023-1-1-768x512.jpeg 768w, https:\/\/www.aerodrome-paray.fr\/blog\/wp-content\/uploads\/W-JPO-2023-1-1-836x558.jpeg 836w, https:\/\/www.aerodrome-paray.fr\/blog\/wp-content\/uploads\/W-JPO-2023-1-1.jpeg 1280w\" sizes=\"(max-width: 836px) 100vw, 836px\" \/>\t\t\t\t\t\t\t\t\t\t\t\t\t\t\t<\/div>\n\t\t\t\t<\/div>\n\t\t\t\t\t<\/div>\n\t\t<\/div>\n\t\t\t\t<div class=\"elementor-column elementor-col-25 elementor-top-column elementor-element elementor-element-8b95a6b\" data-id=\"8b95a6b\" data-element_type=\"column\" data-e-type=\"column\">\n\t\t\t<div class=\"elementor-widget-wrap elementor-element-populated\">\n\t\t\t\t\t\t<div class=\"elementor-element elementor-element-df1f418 elementor-widget elementor-widget-image\" data-id=\"df1f418\" data-element_type=\"widget\" data-e-type=\"widget\" data-widget_type=\"image.default\">\n\t\t\t\t<div class=\"elementor-widget-container\">\n\t\t\t\t\t\t\t\t\t\t\t\t\t\t\t<img loading=\"lazy\" decoding=\"async\" width=\"836\" height=\"558\" src=\"https:\/\/www.aerodrome-paray.fr\/blog\/wp-content\/uploads\/W-JPO-2023-20-1024x683.jpeg\" class=\"attachment-large size-large wp-image-6539\" alt=\"\" srcset=\"https:\/\/www.aerodrome-paray.fr\/blog\/wp-content\/uploads\/W-JPO-2023-20-1024x683.jpeg 1024w, https:\/\/www.aerodrome-paray.fr\/blog\/wp-content\/uploads\/W-JPO-2023-20-300x200.jpeg 300w, https:\/\/www.aerodrome-paray.fr\/blog\/wp-content\/uploads\/W-JPO-2023-20-768x512.jpeg 768w, https:\/\/www.aerodrome-paray.fr\/blog\/wp-content\/uploads\/W-JPO-2023-20-836x558.jpeg 836w, https:\/\/www.aerodrome-paray.fr\/blog\/wp-content\/uploads\/W-JPO-2023-20.jpeg 1280w\" sizes=\"(max-width: 836px) 100vw, 836px\" \/>\t\t\t\t\t\t\t\t\t\t\t\t\t\t\t<\/div>\n\t\t\t\t<\/div>\n\t\t\t\t\t<\/div>\n\t\t<\/div>\n\t\t\t\t<div class=\"elementor-column elementor-col-25 elementor-top-column elementor-element elementor-element-d893e62\" data-id=\"d893e62\" data-element_type=\"column\" data-e-type=\"column\">\n\t\t\t<div class=\"elementor-widget-wrap elementor-element-populated\">\n\t\t\t\t\t\t<div class=\"elementor-element elementor-element-460d5ef elementor-widget elementor-widget-image\" data-id=\"460d5ef\" data-element_type=\"widget\" data-e-type=\"widget\" data-widget_type=\"image.default\">\n\t\t\t\t<div class=\"elementor-widget-container\">\n\t\t\t\t\t\t\t\t\t\t\t\t\t\t\t<img loading=\"lazy\" decoding=\"async\" width=\"836\" height=\"558\" src=\"https:\/\/www.aerodrome-paray.fr\/blog\/wp-content\/uploads\/W-JPO-2023-17-1024x683.jpeg\" class=\"attachment-large size-large wp-image-6542\" alt=\"\" srcset=\"https:\/\/www.aerodrome-paray.fr\/blog\/wp-content\/uploads\/W-JPO-2023-17-1024x683.jpeg 1024w, https:\/\/www.aerodrome-paray.fr\/blog\/wp-content\/uploads\/W-JPO-2023-17-300x200.jpeg 300w, https:\/\/www.aerodrome-paray.fr\/blog\/wp-content\/uploads\/W-JPO-2023-17-768x512.jpeg 768w, https:\/\/www.aerodrome-paray.fr\/blog\/wp-content\/uploads\/W-JPO-2023-17-836x558.jpeg 836w, https:\/\/www.aerodrome-paray.fr\/blog\/wp-content\/uploads\/W-JPO-2023-17.jpeg 1280w\" sizes=\"(max-width: 836px) 100vw, 836px\" \/>\t\t\t\t\t\t\t\t\t\t\t\t\t\t\t<\/div>\n\t\t\t\t<\/div>\n\t\t\t\t\t<\/div>\n\t\t<\/div>\n\t\t\t\t<div class=\"elementor-column elementor-col-25 elementor-top-column elementor-element elementor-element-52ff5f7\" data-id=\"52ff5f7\" data-element_type=\"column\" data-e-type=\"column\">\n\t\t\t<div class=\"elementor-widget-wrap elementor-element-populated\">\n\t\t\t\t\t\t<div class=\"elementor-element elementor-element-7e09816 elementor-widget elementor-widget-image\" data-id=\"7e09816\" data-element_type=\"widget\" data-e-type=\"widget\" data-widget_type=\"image.default\">\n\t\t\t\t<div class=\"elementor-widget-container\">\n\t\t\t\t\t\t\t\t\t\t\t\t\t\t\t<img loading=\"lazy\" decoding=\"async\" width=\"836\" height=\"558\" src=\"https:\/\/www.aerodrome-paray.fr\/blog\/wp-content\/uploads\/CN5A5744-1024x683.jpeg\" class=\"attachment-large size-large wp-image-6477\" alt=\"\" srcset=\"https:\/\/www.aerodrome-paray.fr\/blog\/wp-content\/uploads\/CN5A5744-1024x683.jpeg 1024w, https:\/\/www.aerodrome-paray.fr\/blog\/wp-content\/uploads\/CN5A5744-300x200.jpeg 300w, https:\/\/www.aerodrome-paray.fr\/blog\/wp-content\/uploads\/CN5A5744-768x512.jpeg 768w, https:\/\/www.aerodrome-paray.fr\/blog\/wp-content\/uploads\/CN5A5744-836x558.jpeg 836w, https:\/\/www.aerodrome-paray.fr\/blog\/wp-content\/uploads\/CN5A5744.jpeg 1280w\" sizes=\"(max-width: 836px) 100vw, 836px\" \/>\t\t\t\t\t\t\t\t\t\t\t\t\t\t\t<\/div>\n\t\t\t\t<\/div>\n\t\t\t\t\t<\/div>\n\t\t<\/div>\n\t\t\t\t\t<\/div>\n\t\t<\/section>\n\t\t\t\t<section class=\"elementor-section elementor-top-section elementor-element elementor-element-0d026a8 elementor-section-content-middle elementor-section-boxed elementor-section-height-default elementor-section-height-default\" data-id=\"0d026a8\" data-element_type=\"section\" data-e-type=\"section\">\n\t\t\t\t\t\t<div class=\"elementor-container elementor-column-gap-default\">\n\t\t\t\t\t<div class=\"elementor-column elementor-col-25 elementor-top-column elementor-element elementor-element-c5a133d\" data-id=\"c5a133d\" data-element_type=\"column\" data-e-type=\"column\">\n\t\t\t<div class=\"elementor-widget-wrap elementor-element-populated\">\n\t\t\t\t\t\t<div class=\"elementor-element elementor-element-b3b1bf3 elementor-widget elementor-widget-image\" data-id=\"b3b1bf3\" data-element_type=\"widget\" data-e-type=\"widget\" data-widget_type=\"image.default\">\n\t\t\t\t<div class=\"elementor-widget-container\">\n\t\t\t\t\t\t\t\t\t\t\t\t\t\t\t<img loading=\"lazy\" decoding=\"async\" width=\"836\" height=\"558\" src=\"https:\/\/www.aerodrome-paray.fr\/blog\/wp-content\/uploads\/W-JPO-2023-32-1024x683.jpeg\" class=\"attachment-large size-large wp-image-6527\" alt=\"\" srcset=\"https:\/\/www.aerodrome-paray.fr\/blog\/wp-content\/uploads\/W-JPO-2023-32-1024x683.jpeg 1024w, https:\/\/www.aerodrome-paray.fr\/blog\/wp-content\/uploads\/W-JPO-2023-32-300x200.jpeg 300w, https:\/\/www.aerodrome-paray.fr\/blog\/wp-content\/uploads\/W-JPO-2023-32-768x512.jpeg 768w, https:\/\/www.aerodrome-paray.fr\/blog\/wp-content\/uploads\/W-JPO-2023-32-836x558.jpeg 836w, https:\/\/www.aerodrome-paray.fr\/blog\/wp-content\/uploads\/W-JPO-2023-32.jpeg 1280w\" sizes=\"(max-width: 836px) 100vw, 836px\" \/>\t\t\t\t\t\t\t\t\t\t\t\t\t\t\t<\/div>\n\t\t\t\t<\/div>\n\t\t\t\t<div class=\"elementor-element elementor-element-a136efd elementor-widget elementor-widget-image\" data-id=\"a136efd\" data-element_type=\"widget\" data-e-type=\"widget\" data-widget_type=\"image.default\">\n\t\t\t\t<div class=\"elementor-widget-container\">\n\t\t\t\t\t\t\t\t\t\t\t\t\t\t\t<img loading=\"lazy\" decoding=\"async\" width=\"836\" height=\"558\" src=\"https:\/\/www.aerodrome-paray.fr\/blog\/wp-content\/uploads\/W-JPO-2023-5-1024x683.jpeg\" class=\"attachment-large size-large wp-image-6554\" alt=\"\" srcset=\"https:\/\/www.aerodrome-paray.fr\/blog\/wp-content\/uploads\/W-JPO-2023-5-1024x683.jpeg 1024w, https:\/\/www.aerodrome-paray.fr\/blog\/wp-content\/uploads\/W-JPO-2023-5-300x200.jpeg 300w, https:\/\/www.aerodrome-paray.fr\/blog\/wp-content\/uploads\/W-JPO-2023-5-768x512.jpeg 768w, https:\/\/www.aerodrome-paray.fr\/blog\/wp-content\/uploads\/W-JPO-2023-5-836x558.jpeg 836w, https:\/\/www.aerodrome-paray.fr\/blog\/wp-content\/uploads\/W-JPO-2023-5.jpeg 1280w\" sizes=\"(max-width: 836px) 100vw, 836px\" \/>\t\t\t\t\t\t\t\t\t\t\t\t\t\t\t<\/div>\n\t\t\t\t<\/div>\n\t\t\t\t\t<\/div>\n\t\t<\/div>\n\t\t\t\t<div class=\"elementor-column elementor-col-25 elementor-top-column elementor-element elementor-element-cab4a85\" data-id=\"cab4a85\" data-element_type=\"column\" data-e-type=\"column\">\n\t\t\t<div class=\"elementor-widget-wrap elementor-element-populated\">\n\t\t\t\t\t\t<div class=\"elementor-element elementor-element-fb31132 elementor-widget elementor-widget-image\" data-id=\"fb31132\" data-element_type=\"widget\" data-e-type=\"widget\" data-widget_type=\"image.default\">\n\t\t\t\t<div class=\"elementor-widget-container\">\n\t\t\t\t\t\t\t\t\t\t\t\t\t\t\t<img loading=\"lazy\" decoding=\"async\" width=\"836\" height=\"558\" src=\"https:\/\/www.aerodrome-paray.fr\/blog\/wp-content\/uploads\/W-JPO-2023-35-1024x683.jpeg\" class=\"attachment-large size-large wp-image-6524\" alt=\"\" srcset=\"https:\/\/www.aerodrome-paray.fr\/blog\/wp-content\/uploads\/W-JPO-2023-35-1024x683.jpeg 1024w, https:\/\/www.aerodrome-paray.fr\/blog\/wp-content\/uploads\/W-JPO-2023-35-300x200.jpeg 300w, https:\/\/www.aerodrome-paray.fr\/blog\/wp-content\/uploads\/W-JPO-2023-35-768x512.jpeg 768w, https:\/\/www.aerodrome-paray.fr\/blog\/wp-content\/uploads\/W-JPO-2023-35-836x558.jpeg 836w, https:\/\/www.aerodrome-paray.fr\/blog\/wp-content\/uploads\/W-JPO-2023-35.jpeg 1280w\" sizes=\"(max-width: 836px) 100vw, 836px\" \/>\t\t\t\t\t\t\t\t\t\t\t\t\t\t\t<\/div>\n\t\t\t\t<\/div>\n\t\t\t\t<div class=\"elementor-element elementor-element-60a4798 elementor-widget elementor-widget-image\" data-id=\"60a4798\" data-element_type=\"widget\" data-e-type=\"widget\" data-widget_type=\"image.default\">\n\t\t\t\t<div class=\"elementor-widget-container\">\n\t\t\t\t\t\t\t\t\t\t\t\t\t\t\t<img loading=\"lazy\" decoding=\"async\" width=\"836\" height=\"558\" src=\"https:\/\/www.aerodrome-paray.fr\/blog\/wp-content\/uploads\/2207-A-JPO-21-1024x683.jpeg\" class=\"attachment-large size-large wp-image-6327\" alt=\"\" srcset=\"https:\/\/www.aerodrome-paray.fr\/blog\/wp-content\/uploads\/2207-A-JPO-21-1024x683.jpeg 1024w, https:\/\/www.aerodrome-paray.fr\/blog\/wp-content\/uploads\/2207-A-JPO-21-300x200.jpeg 300w, https:\/\/www.aerodrome-paray.fr\/blog\/wp-content\/uploads\/2207-A-JPO-21-768x512.jpeg 768w, https:\/\/www.aerodrome-paray.fr\/blog\/wp-content\/uploads\/2207-A-JPO-21-836x558.jpeg 836w, https:\/\/www.aerodrome-paray.fr\/blog\/wp-content\/uploads\/2207-A-JPO-21.jpeg 1280w\" sizes=\"(max-width: 836px) 100vw, 836px\" \/>\t\t\t\t\t\t\t\t\t\t\t\t\t\t\t<\/div>\n\t\t\t\t<\/div>\n\t\t\t\t\t<\/div>\n\t\t<\/div>\n\t\t\t\t<div class=\"elementor-column elementor-col-50 elementor-top-column elementor-element elementor-element-dfe4352\" data-id=\"dfe4352\" data-element_type=\"column\" data-e-type=\"column\">\n\t\t\t<div class=\"elementor-widget-wrap elementor-element-populated\">\n\t\t\t\t\t\t<div class=\"elementor-element elementor-element-f6421e1 elementor-widget elementor-widget-text-editor\" data-id=\"f6421e1\" data-element_type=\"widget\" data-e-type=\"widget\" data-widget_type=\"text-editor.default\">\n\t\t\t\t<div class=\"elementor-widget-container\">\n\t\t\t\t\t\t\t\t\t<p>C&rsquo;est la plus grosse manifestation de l&rsquo;ann\u00e9e. Ant\u00e9rieurement fix\u00e9e d\u00e9but juillet, elle se d\u00e9roule depuis 2024 le dernier weekend d&rsquo;ao\u00fbt et concerne toutes les associations pr\u00e9sentes sur la plateforme : planeurs, a\u00e9romod\u00e9lisme et, bien s\u00fbr, l&rsquo;a\u00e9ro-club.<\/p><p>Manifestation a\u00e9ronautique avec pr\u00e9sentation de mat\u00e9riel, vols d\u00e9couverte pour petits et grands, mais aussi de nombreux stands et animations : Arm\u00e9e de l&rsquo;Air, expositions, voitures de collection, camp militaire, buvette, bref, de quoi satisfaire tous les go\u00fbts et passer de bons moments dans une ambiance champ\u00eatre et familiale.<\/p>\t\t\t\t\t\t\t\t<\/div>\n\t\t\t\t<\/div>\n\t\t\t\t\t<\/div>\n\t\t<\/div>\n\t\t\t\t\t<\/div>\n\t\t<\/section>\n\t\t\t\t<\/div>\n\t\t","protected":false},"excerpt":{"rendered":"<p>Les manifestations principales de l&rsquo;a\u00e9ro-club Depuis plusieurs ann\u00e9es, de gros efforts ont \u00e9t\u00e9 faits pour d\u00e9velopper les deux \u00e9v\u00e9nements principaux organis\u00e9s par l&rsquo;a\u00e9ro-club : le rassemblement annuel des \u00ab\u00a0Tra\u00eene-Queue\u00a0\u00bb et les Portes Ouvertes. Le rassemblement annuel des \u00ab\u00a0Tra\u00eene-Queue\u00a0\u00bb Les \u00ab\u00a0Tra\u00eene-Queue\u00a0\u00bb d\u00e9signent les avions \u00e0 train classique : dot\u00e9s d&rsquo;une roulette de queue\u00a0\u00bb, ce sont g\u00e9n\u00e9ralement &hellip; <\/p>\n<p><a class=\"more-link btn\" href=\"https:\/\/www.aerodrome-paray.fr\/blog\/elementor-6663\/\">Lire la suite<\/a><\/p>\n","protected":false},"author":2,"featured_media":0,"parent":0,"menu_order":0,"comment_status":"closed","ping_status":"closed","template":"","meta":{"_monsterinsights_skip_tracking":false,"_monsterinsights_sitenote_active":false,"_monsterinsights_sitenote_note":"","_monsterinsights_sitenote_category":0,"footnotes":""},"class_list":["post-6665","page","type-page","status-publish","hentry","nodate","item-wrap"],"yoast_head":"<!-- This site is optimized with the Yoast SEO plugin v27.5 - https:\/\/yoast.com\/product\/yoast-seo-wordpress\/ -->\n<title>Les manifestations - Aeroclub Charolais<\/title>\n<meta name=\"robots\" content=\"index, follow, max-snippet:-1, max-image-preview:large, max-video-preview:-1\" \/>\n<link rel=\"canonical\" href=\"https:\/\/www.aerodrome-paray.fr\/blog\/elementor-6663\/\" \/>\n<meta property=\"og:locale\" content=\"fr_FR\" \/>\n<meta property=\"og:type\" content=\"article\" \/>\n<meta property=\"og:title\" content=\"Les manifestations - Aeroclub Charolais\" \/>\n<meta property=\"og:description\" content=\"Les manifestations principales de l&rsquo;a\u00e9ro-club Depuis plusieurs ann\u00e9es, de gros efforts ont \u00e9t\u00e9 faits pour d\u00e9velopper les deux \u00e9v\u00e9nements principaux organis\u00e9s par l&rsquo;a\u00e9ro-club : le rassemblement annuel des \u00ab\u00a0Tra\u00eene-Queue\u00a0\u00bb et les Portes Ouvertes. Le rassemblement annuel des \u00ab\u00a0Tra\u00eene-Queue\u00a0\u00bb Les \u00ab\u00a0Tra\u00eene-Queue\u00a0\u00bb d\u00e9signent les avions \u00e0 train classique : dot\u00e9s d&rsquo;une roulette de queue\u00a0\u00bb, ce sont g\u00e9n\u00e9ralement &hellip; Lire la suite\" \/>\n<meta property=\"og:url\" content=\"https:\/\/www.aerodrome-paray.fr\/blog\/elementor-6663\/\" \/>\n<meta property=\"og:site_name\" content=\"Aeroclub Charolais\" \/>\n<meta property=\"article:modified_time\" content=\"2025-01-17T11:15:50+00:00\" \/>\n<meta property=\"og:image\" content=\"https:\/\/www.aerodrome-paray.fr\/blog\/wp-content\/uploads\/Patch-TQ-2022.jpg\" \/>\n\t<meta property=\"og:image:width\" content=\"1368\" \/>\n\t<meta property=\"og:image:height\" content=\"1368\" \/>\n\t<meta property=\"og:image:type\" content=\"image\/jpeg\" \/>\n<meta name=\"twitter:card\" content=\"summary_large_image\" \/>\n<meta name=\"twitter:label1\" content=\"Dur\u00e9e de lecture estim\u00e9e\" \/>\n\t<meta name=\"twitter:data1\" content=\"5 minutes\" \/>\n<script type=\"application\/ld+json\" class=\"yoast-schema-graph\">{\"@context\":\"https:\\\/\\\/schema.org\",\"@graph\":[{\"@type\":\"WebPage\",\"@id\":\"https:\\\/\\\/www.aerodrome-paray.fr\\\/blog\\\/elementor-6663\\\/\",\"url\":\"https:\\\/\\\/www.aerodrome-paray.fr\\\/blog\\\/elementor-6663\\\/\",\"name\":\"Les manifestations - Aeroclub Charolais\",\"isPartOf\":{\"@id\":\"https:\\\/\\\/www.aerodrome-paray.fr\\\/blog\\\/#website\"},\"primaryImageOfPage\":{\"@id\":\"https:\\\/\\\/www.aerodrome-paray.fr\\\/blog\\\/elementor-6663\\\/#primaryimage\"},\"image\":{\"@id\":\"https:\\\/\\\/www.aerodrome-paray.fr\\\/blog\\\/elementor-6663\\\/#primaryimage\"},\"thumbnailUrl\":\"https:\\\/\\\/www.aerodrome-paray.fr\\\/blog\\\/wp-content\\\/uploads\\\/Patch-TQ-2022-1024x1024.jpg\",\"datePublished\":\"2024-02-05T13:08:47+00:00\",\"dateModified\":\"2025-01-17T11:15:50+00:00\",\"breadcrumb\":{\"@id\":\"https:\\\/\\\/www.aerodrome-paray.fr\\\/blog\\\/elementor-6663\\\/#breadcrumb\"},\"inLanguage\":\"fr-FR\",\"potentialAction\":[{\"@type\":\"ReadAction\",\"target\":[\"https:\\\/\\\/www.aerodrome-paray.fr\\\/blog\\\/elementor-6663\\\/\"]}]},{\"@type\":\"ImageObject\",\"inLanguage\":\"fr-FR\",\"@id\":\"https:\\\/\\\/www.aerodrome-paray.fr\\\/blog\\\/elementor-6663\\\/#primaryimage\",\"url\":\"https:\\\/\\\/www.aerodrome-paray.fr\\\/blog\\\/wp-content\\\/uploads\\\/Patch-TQ-2022.jpg\",\"contentUrl\":\"https:\\\/\\\/www.aerodrome-paray.fr\\\/blog\\\/wp-content\\\/uploads\\\/Patch-TQ-2022.jpg\",\"width\":1368,\"height\":1368},{\"@type\":\"BreadcrumbList\",\"@id\":\"https:\\\/\\\/www.aerodrome-paray.fr\\\/blog\\\/elementor-6663\\\/#breadcrumb\",\"itemListElement\":[{\"@type\":\"ListItem\",\"position\":1,\"name\":\"Accueil\",\"item\":\"https:\\\/\\\/www.aerodrome-paray.fr\\\/blog\\\/\"},{\"@type\":\"ListItem\",\"position\":2,\"name\":\"Les manifestations\"}]},{\"@type\":\"WebSite\",\"@id\":\"https:\\\/\\\/www.aerodrome-paray.fr\\\/blog\\\/#website\",\"url\":\"https:\\\/\\\/www.aerodrome-paray.fr\\\/blog\\\/\",\"name\":\"Aeroclub Charolais\",\"description\":\"\",\"potentialAction\":[{\"@type\":\"SearchAction\",\"target\":{\"@type\":\"EntryPoint\",\"urlTemplate\":\"https:\\\/\\\/www.aerodrome-paray.fr\\\/blog\\\/?s={search_term_string}\"},\"query-input\":{\"@type\":\"PropertyValueSpecification\",\"valueRequired\":true,\"valueName\":\"search_term_string\"}}],\"inLanguage\":\"fr-FR\"}]}<\/script>\n<!-- \/ Yoast SEO plugin. -->","yoast_head_json":{"title":"Les manifestations - Aeroclub Charolais","robots":{"index":"index","follow":"follow","max-snippet":"max-snippet:-1","max-image-preview":"max-image-preview:large","max-video-preview":"max-video-preview:-1"},"canonical":"https:\/\/www.aerodrome-paray.fr\/blog\/elementor-6663\/","og_locale":"fr_FR","og_type":"article","og_title":"Les manifestations - Aeroclub Charolais","og_description":"Les manifestations principales de l&rsquo;a\u00e9ro-club Depuis plusieurs ann\u00e9es, de gros efforts ont \u00e9t\u00e9 faits pour d\u00e9velopper les deux \u00e9v\u00e9nements principaux organis\u00e9s par l&rsquo;a\u00e9ro-club : le rassemblement annuel des \u00ab\u00a0Tra\u00eene-Queue\u00a0\u00bb et les Portes Ouvertes. Le rassemblement annuel des \u00ab\u00a0Tra\u00eene-Queue\u00a0\u00bb Les \u00ab\u00a0Tra\u00eene-Queue\u00a0\u00bb d\u00e9signent les avions \u00e0 train classique : dot\u00e9s d&rsquo;une roulette de queue\u00a0\u00bb, ce sont g\u00e9n\u00e9ralement &hellip; Lire la suite","og_url":"https:\/\/www.aerodrome-paray.fr\/blog\/elementor-6663\/","og_site_name":"Aeroclub Charolais","article_modified_time":"2025-01-17T11:15:50+00:00","og_image":[{"width":1368,"height":1368,"url":"https:\/\/www.aerodrome-paray.fr\/blog\/wp-content\/uploads\/Patch-TQ-2022.jpg","type":"image\/jpeg"}],"twitter_card":"summary_large_image","twitter_misc":{"Dur\u00e9e de lecture estim\u00e9e":"5 minutes"},"schema":{"@context":"https:\/\/schema.org","@graph":[{"@type":"WebPage","@id":"https:\/\/www.aerodrome-paray.fr\/blog\/elementor-6663\/","url":"https:\/\/www.aerodrome-paray.fr\/blog\/elementor-6663\/","name":"Les manifestations - Aeroclub Charolais","isPartOf":{"@id":"https:\/\/www.aerodrome-paray.fr\/blog\/#website"},"primaryImageOfPage":{"@id":"https:\/\/www.aerodrome-paray.fr\/blog\/elementor-6663\/#primaryimage"},"image":{"@id":"https:\/\/www.aerodrome-paray.fr\/blog\/elementor-6663\/#primaryimage"},"thumbnailUrl":"https:\/\/www.aerodrome-paray.fr\/blog\/wp-content\/uploads\/Patch-TQ-2022-1024x1024.jpg","datePublished":"2024-02-05T13:08:47+00:00","dateModified":"2025-01-17T11:15:50+00:00","breadcrumb":{"@id":"https:\/\/www.aerodrome-paray.fr\/blog\/elementor-6663\/#breadcrumb"},"inLanguage":"fr-FR","potentialAction":[{"@type":"ReadAction","target":["https:\/\/www.aerodrome-paray.fr\/blog\/elementor-6663\/"]}]},{"@type":"ImageObject","inLanguage":"fr-FR","@id":"https:\/\/www.aerodrome-paray.fr\/blog\/elementor-6663\/#primaryimage","url":"https:\/\/www.aerodrome-paray.fr\/blog\/wp-content\/uploads\/Patch-TQ-2022.jpg","contentUrl":"https:\/\/www.aerodrome-paray.fr\/blog\/wp-content\/uploads\/Patch-TQ-2022.jpg","width":1368,"height":1368},{"@type":"BreadcrumbList","@id":"https:\/\/www.aerodrome-paray.fr\/blog\/elementor-6663\/#breadcrumb","itemListElement":[{"@type":"ListItem","position":1,"name":"Accueil","item":"https:\/\/www.aerodrome-paray.fr\/blog\/"},{"@type":"ListItem","position":2,"name":"Les manifestations"}]},{"@type":"WebSite","@id":"https:\/\/www.aerodrome-paray.fr\/blog\/#website","url":"https:\/\/www.aerodrome-paray.fr\/blog\/","name":"Aeroclub Charolais","description":"","potentialAction":[{"@type":"SearchAction","target":{"@type":"EntryPoint","urlTemplate":"https:\/\/www.aerodrome-paray.fr\/blog\/?s={search_term_string}"},"query-input":{"@type":"PropertyValueSpecification","valueRequired":true,"valueName":"search_term_string"}}],"inLanguage":"fr-FR"}]}},"_links":{"self":[{"href":"https:\/\/www.aerodrome-paray.fr\/blog\/wp-json\/wp\/v2\/pages\/6665","targetHints":{"allow":["GET"]}}],"collection":[{"href":"https:\/\/www.aerodrome-paray.fr\/blog\/wp-json\/wp\/v2\/pages"}],"about":[{"href":"https:\/\/www.aerodrome-paray.fr\/blog\/wp-json\/wp\/v2\/types\/page"}],"author":[{"embeddable":true,"href":"https:\/\/www.aerodrome-paray.fr\/blog\/wp-json\/wp\/v2\/users\/2"}],"replies":[{"embeddable":true,"href":"https:\/\/www.aerodrome-paray.fr\/blog\/wp-json\/wp\/v2\/comments?post=6665"}],"version-history":[{"count":5,"href":"https:\/\/www.aerodrome-paray.fr\/blog\/wp-json\/wp\/v2\/pages\/6665\/revisions"}],"predecessor-version":[{"id":7098,"href":"https:\/\/www.aerodrome-paray.fr\/blog\/wp-json\/wp\/v2\/pages\/6665\/revisions\/7098"}],"wp:attachment":[{"href":"https:\/\/www.aerodrome-paray.fr\/blog\/wp-json\/wp\/v2\/media?parent=6665"}],"curies":[{"name":"wp","href":"https:\/\/api.w.org\/{rel}","templated":true}]}}