{"id":7542,"date":"2025-06-30T14:38:08","date_gmt":"2025-06-30T12:38:08","guid":{"rendered":"https:\/\/www.aerodrome-paray.fr\/blog\/?page_id=7542"},"modified":"2025-06-30T14:38:08","modified_gmt":"2025-06-30T12:38:08","slug":"rassemblement-traine-queue-2025","status":"publish","type":"page","link":"https:\/\/www.aerodrome-paray.fr\/blog\/rassemblement-traine-queue-2025\/","title":{"rendered":"Rassemblement \u00ab\u00a0Tra\u00eene-Queue\u00a0\u00bb 2025"},"content":{"rendered":"<style type=\"text\/css\">\n#foogallery-gallery-7540 .fg-image { width: 150px; }\n#foogallery-gallery-7540 { --fg-gutter: 10px; }<\/style>\n\t\t\t<div class=\"foogallery foogallery-container foogallery-default foogallery-lightbox-foobox fg-center fg-default fg-ready fg-light fg-border-thin fg-shadow-outline fg-loading-default fg-loaded-fade-in fg-caption-hover fg-hover-fade fg-hover-zoom fg-c-c\" id=\"foogallery-gallery-7540\" data-foogallery=\"{&quot;item&quot;:{&quot;showCaptionTitle&quot;:true,&quot;showCaptionDescription&quot;:true},&quot;lazy&quot;:true}\" style=\"--fg-title-line-clamp: 0; --fg-description-line-clamp: 0;\" >\n\t<div class=\"fg-item fg-type-image fg-idle\"><figure class=\"fg-item-inner\"><a href=\"https:\/\/www.aerodrome-paray.fr\/blog\/wp-content\/uploads\/JTQ-25-1-1.jpeg\" data-caption-title=\"Pr\u00e8s de 160 avions et ULM sur notre terrain. Merci \u00e0 Alexandre pour la photo prise depuis un drone\" data-caption-desc=\"Pr\u00e8s de 160 avions et ULM sur notre terrain. Merci \u00e0 Alexandre pour la photo prise depuis un drone\" data-attachment-id=\"7524\" data-type=\"image\" class=\"fg-thumb\"><span class=\"fg-image-wrap\"><img decoding=\"async\" title=\"Pr\u00e8s de 160 avions et ULM sur notre terrain. Merci \u00e0 Alexandre pour la photo prise depuis un drone\" width=\"150\" height=\"150\" class=\"skip-lazy fg-image\" data-no-lazy=\"1\" data-src-fg=\"https:\/\/www.aerodrome-paray.fr\/blog\/wp-content\/uploads\/cache\/JTQ-25-1-1\/1602570705.jpeg\" src=\"data:image\/svg+xml,%3Csvg%20xmlns%3D%22http%3A%2F%2Fwww.w3.org%2F2000%2Fsvg%22%20width%3D%22150%22%20height%3D%22150%22%20viewBox%3D%220%200%20150%20150%22%3E%3C%2Fsvg%3E\" loading=\"eager\"><\/span><span class=\"fg-image-overlay\"><\/span><\/a><figcaption class=\"fg-caption\"><div class=\"fg-caption-inner\"><div class=\"fg-caption-title\">Pr\u00e8s de 160 avions et ULM sur notre terrain. Merci \u00e0 Alexandre pour la photo prise depuis un drone<\/div><div class=\"fg-caption-desc\">Pr\u00e8s de 160 avions et ULM sur notre terrain. Merci \u00e0 Alexandre pour la photo prise depuis un drone<\/div><\/div><\/figcaption><\/figure><div class=\"fg-loader\"><\/div><\/div><div class=\"fg-item fg-type-image fg-idle\"><figure class=\"fg-item-inner\"><a href=\"https:\/\/www.aerodrome-paray.fr\/blog\/wp-content\/uploads\/DIAPO-TQ-2025-JPEG-scaled.jpeg\" data-attachment-id=\"7566\" data-type=\"image\" class=\"fg-thumb\"><span class=\"fg-image-wrap\"><img decoding=\"async\" width=\"150\" height=\"150\" class=\"skip-lazy fg-image\" data-no-lazy=\"1\" data-src-fg=\"https:\/\/www.aerodrome-paray.fr\/blog\/wp-content\/uploads\/cache\/DIAPO-TQ-2025-JPEG-scaled\/181980106.jpeg\" src=\"data:image\/svg+xml,%3Csvg%20xmlns%3D%22http%3A%2F%2Fwww.w3.org%2F2000%2Fsvg%22%20width%3D%22150%22%20height%3D%22150%22%20viewBox%3D%220%200%20150%20150%22%3E%3C%2Fsvg%3E\" loading=\"eager\"><\/span><span class=\"fg-image-overlay\"><\/span><\/a><\/figure><div class=\"fg-loader\"><\/div><\/div><div class=\"fg-item fg-type-image fg-idle\"><figure class=\"fg-item-inner\"><a href=\"https:\/\/www.aerodrome-paray.fr\/blog\/wp-content\/uploads\/JTQ-25-93.jpeg\" data-caption-desc=\"Parmi les premiers arriv\u00e9s : MS 893 Rallye\" data-attachment-id=\"7423\" data-type=\"image\" class=\"fg-thumb\"><span class=\"fg-image-wrap\"><img decoding=\"async\" width=\"150\" height=\"150\" class=\"skip-lazy fg-image\" data-no-lazy=\"1\" data-src-fg=\"https:\/\/www.aerodrome-paray.fr\/blog\/wp-content\/uploads\/cache\/JTQ-25-93\/2584859655.jpeg\" src=\"data:image\/svg+xml,%3Csvg%20xmlns%3D%22http%3A%2F%2Fwww.w3.org%2F2000%2Fsvg%22%20width%3D%22150%22%20height%3D%22150%22%20viewBox%3D%220%200%20150%20150%22%3E%3C%2Fsvg%3E\" loading=\"eager\"><\/span><span class=\"fg-image-overlay\"><\/span><\/a><\/figure><div class=\"fg-loader\"><\/div><\/div><div class=\"fg-item fg-type-image fg-idle\"><figure class=\"fg-item-inner\"><a href=\"https:\/\/www.aerodrome-paray.fr\/blog\/wp-content\/uploads\/JTQ-25-4.jpeg\" data-caption-title=\"D\u00e8s le vendredi apr\u00e8s-midi : les avions des a\u00e9rodromes les plus \u00e9loign\u00e9s arrivent : Piper J3 venu de Suisse\" data-caption-desc=\"D\u00e8s le vendredi apr\u00e8s-midi : les avions des a\u00e9rodromes les plus \u00e9loign\u00e9s arrivent : Piper J3 venu de Suisse\" data-attachment-id=\"7512\" data-type=\"image\" class=\"fg-thumb\"><span class=\"fg-image-wrap\"><img decoding=\"async\" title=\"D\u00e8s le vendredi apr\u00e8s-midi : les avions des a\u00e9rodromes les plus \u00e9loign\u00e9s arrivent : Piper J3 venu de Suisse\" width=\"150\" height=\"150\" class=\"skip-lazy fg-image\" data-no-lazy=\"1\" data-src-fg=\"https:\/\/www.aerodrome-paray.fr\/blog\/wp-content\/uploads\/cache\/JTQ-25-4\/834999532.jpeg\" src=\"data:image\/svg+xml,%3Csvg%20xmlns%3D%22http%3A%2F%2Fwww.w3.org%2F2000%2Fsvg%22%20width%3D%22150%22%20height%3D%22150%22%20viewBox%3D%220%200%20150%20150%22%3E%3C%2Fsvg%3E\" loading=\"eager\"><\/span><span class=\"fg-image-overlay\"><\/span><\/a><figcaption class=\"fg-caption\"><div class=\"fg-caption-inner\"><div class=\"fg-caption-title\">D\u00e8s le vendredi apr\u00e8s-midi : les avions des a\u00e9rodromes les plus \u00e9loign\u00e9s arrivent : Piper J3 venu de Suisse<\/div><div class=\"fg-caption-desc\">D\u00e8s le vendredi apr\u00e8s-midi : les avions des a\u00e9rodromes les plus \u00e9loign\u00e9s arrivent : Piper J3 venu de Suisse<\/div><\/div><\/figcaption><\/figure><div class=\"fg-loader\"><\/div><\/div><div class=\"fg-item fg-type-image fg-idle\"><figure class=\"fg-item-inner\"><a href=\"https:\/\/www.aerodrome-paray.fr\/blog\/wp-content\/uploads\/JTQ-25-19.jpeg\" data-caption-title=\"De la diversit\u00e9 et de la couleur : les photographes se font plaisir...\" data-caption-desc=\"De la diversit\u00e9 et de la couleur : les photographes se font plaisir...\" data-attachment-id=\"7497\" data-type=\"image\" class=\"fg-thumb\"><span class=\"fg-image-wrap\"><img decoding=\"async\" title=\"De la diversit\u00e9 et de la couleur : les photographes se font plaisir...\" width=\"150\" height=\"150\" class=\"skip-lazy fg-image\" data-no-lazy=\"1\" data-src-fg=\"https:\/\/www.aerodrome-paray.fr\/blog\/wp-content\/uploads\/cache\/JTQ-25-19\/1237538856.jpeg\" src=\"data:image\/svg+xml,%3Csvg%20xmlns%3D%22http%3A%2F%2Fwww.w3.org%2F2000%2Fsvg%22%20width%3D%22150%22%20height%3D%22150%22%20viewBox%3D%220%200%20150%20150%22%3E%3C%2Fsvg%3E\" loading=\"eager\"><\/span><span class=\"fg-image-overlay\"><\/span><\/a><figcaption class=\"fg-caption\"><div class=\"fg-caption-inner\"><div class=\"fg-caption-title\">De la diversit\u00e9 et de la couleur : les photographes se font plaisir...<\/div><div class=\"fg-caption-desc\">De la diversit\u00e9 et de la couleur : les photographes se font plaisir...<\/div><\/div><\/figcaption><\/figure><div class=\"fg-loader\"><\/div><\/div><div class=\"fg-item fg-type-image fg-idle\"><figure class=\"fg-item-inner\"><a href=\"https:\/\/www.aerodrome-paray.fr\/blog\/wp-content\/uploads\/JTQ-25-18.jpeg\" data-caption-title=\"Nettement majoritaires : les avions Jodel - DR...\" data-caption-desc=\"Nettement majoritaires : les avions Jodel - DR...\" data-attachment-id=\"7498\" data-type=\"image\" class=\"fg-thumb\"><span class=\"fg-image-wrap\"><img decoding=\"async\" title=\"Nettement majoritaires : les avions Jodel - DR...\" width=\"150\" height=\"150\" class=\"skip-lazy fg-image\" data-no-lazy=\"1\" data-src-fg=\"https:\/\/www.aerodrome-paray.fr\/blog\/wp-content\/uploads\/cache\/JTQ-25-18\/3118203858.jpeg\" src=\"data:image\/svg+xml,%3Csvg%20xmlns%3D%22http%3A%2F%2Fwww.w3.org%2F2000%2Fsvg%22%20width%3D%22150%22%20height%3D%22150%22%20viewBox%3D%220%200%20150%20150%22%3E%3C%2Fsvg%3E\" loading=\"eager\"><\/span><span class=\"fg-image-overlay\"><\/span><\/a><figcaption class=\"fg-caption\"><div class=\"fg-caption-inner\"><div class=\"fg-caption-title\">Nettement majoritaires : les avions Jodel - DR...<\/div><div class=\"fg-caption-desc\">Nettement majoritaires : les avions Jodel - DR...<\/div><\/div><\/figcaption><\/figure><div class=\"fg-loader\"><\/div><\/div><div class=\"fg-item fg-type-image fg-idle\"><figure class=\"fg-item-inner\"><a href=\"https:\/\/www.aerodrome-paray.fr\/blog\/wp-content\/uploads\/JTQ-25-1.jpeg\" data-caption-title=\"De la diversit\u00e9 dans les types d&#039;avions\" data-caption-desc=\"De la diversit\u00e9 dans les types d&#039;avions\" data-attachment-id=\"7515\" data-type=\"image\" class=\"fg-thumb\"><span class=\"fg-image-wrap\"><img decoding=\"async\" title=\"De la diversit\u00e9 dans les types d&#039;avions\" width=\"150\" height=\"150\" class=\"skip-lazy fg-image\" data-no-lazy=\"1\" data-src-fg=\"https:\/\/www.aerodrome-paray.fr\/blog\/wp-content\/uploads\/cache\/JTQ-25-1\/2361340401.jpeg\" src=\"data:image\/svg+xml,%3Csvg%20xmlns%3D%22http%3A%2F%2Fwww.w3.org%2F2000%2Fsvg%22%20width%3D%22150%22%20height%3D%22150%22%20viewBox%3D%220%200%20150%20150%22%3E%3C%2Fsvg%3E\" loading=\"eager\"><\/span><span class=\"fg-image-overlay\"><\/span><\/a><figcaption class=\"fg-caption\"><div class=\"fg-caption-inner\"><div class=\"fg-caption-title\">De la diversit\u00e9 dans les types d'avions<\/div><div class=\"fg-caption-desc\">De la diversit\u00e9 dans les types d'avions<\/div><\/div><\/figcaption><\/figure><div class=\"fg-loader\"><\/div><\/div><div class=\"fg-item fg-type-image fg-idle\"><figure class=\"fg-item-inner\"><a href=\"https:\/\/www.aerodrome-paray.fr\/blog\/wp-content\/uploads\/JTQ-25-2.jpeg\" data-caption-title=\"Cohabitation avion et ULM\" data-caption-desc=\"Cohabitation avion et ULM\" data-attachment-id=\"7514\" data-type=\"image\" class=\"fg-thumb\"><span class=\"fg-image-wrap\"><img decoding=\"async\" title=\"Cohabitation avion et ULM\" width=\"150\" height=\"150\" class=\"skip-lazy fg-image\" data-no-lazy=\"1\" data-src-fg=\"https:\/\/www.aerodrome-paray.fr\/blog\/wp-content\/uploads\/cache\/JTQ-25-2\/1576760799.jpeg\" src=\"data:image\/svg+xml,%3Csvg%20xmlns%3D%22http%3A%2F%2Fwww.w3.org%2F2000%2Fsvg%22%20width%3D%22150%22%20height%3D%22150%22%20viewBox%3D%220%200%20150%20150%22%3E%3C%2Fsvg%3E\" loading=\"eager\"><\/span><span class=\"fg-image-overlay\"><\/span><\/a><figcaption class=\"fg-caption\"><div class=\"fg-caption-inner\"><div class=\"fg-caption-title\">Cohabitation avion et ULM<\/div><div class=\"fg-caption-desc\">Cohabitation avion et ULM<\/div><\/div><\/figcaption><\/figure><div class=\"fg-loader\"><\/div><\/div><div class=\"fg-item fg-type-image fg-idle\"><figure class=\"fg-item-inner\"><a href=\"https:\/\/www.aerodrome-paray.fr\/blog\/wp-content\/uploads\/JTQ-25-6.jpeg\" data-caption-title=\"Les mod\u00e8les Stampe bien repr\u00e9sent\u00e9s, aussi bien version avion que version ULM\" data-caption-desc=\"Les mod\u00e8les Stampe bien repr\u00e9sent\u00e9s, aussi bien version avion que version ULM\" data-attachment-id=\"7510\" data-type=\"image\" class=\"fg-thumb\"><span class=\"fg-image-wrap\"><img decoding=\"async\" title=\"Les mod\u00e8les Stampe bien repr\u00e9sent\u00e9s, aussi bien version avion que version ULM\" width=\"150\" height=\"150\" class=\"skip-lazy fg-image\" data-no-lazy=\"1\" data-src-fg=\"https:\/\/www.aerodrome-paray.fr\/blog\/wp-content\/uploads\/cache\/JTQ-25-6\/366005245.jpeg\" src=\"data:image\/svg+xml,%3Csvg%20xmlns%3D%22http%3A%2F%2Fwww.w3.org%2F2000%2Fsvg%22%20width%3D%22150%22%20height%3D%22150%22%20viewBox%3D%220%200%20150%20150%22%3E%3C%2Fsvg%3E\" loading=\"eager\"><\/span><span class=\"fg-image-overlay\"><\/span><\/a><figcaption class=\"fg-caption\"><div class=\"fg-caption-inner\"><div class=\"fg-caption-title\">Les mod\u00e8les Stampe bien repr\u00e9sent\u00e9s, aussi bien version avion que version ULM<\/div><div class=\"fg-caption-desc\">Les mod\u00e8les Stampe bien repr\u00e9sent\u00e9s, aussi bien version avion que version ULM<\/div><\/div><\/figcaption><\/figure><div class=\"fg-loader\"><\/div><\/div><div class=\"fg-item fg-type-image fg-idle\"><figure class=\"fg-item-inner\"><a href=\"https:\/\/www.aerodrome-paray.fr\/blog\/wp-content\/uploads\/JTQ-25-16.jpeg\" data-caption-title=\"Bel alignement pour ces magnifiques Stearman\" data-caption-desc=\"Bel alignement pour ces magnifiques Stearman\" data-attachment-id=\"7500\" data-type=\"image\" class=\"fg-thumb\"><span class=\"fg-image-wrap\"><img decoding=\"async\" title=\"Bel alignement pour ces magnifiques Stearman\" width=\"150\" height=\"150\" class=\"skip-lazy fg-image\" data-no-lazy=\"1\" data-src-fg=\"https:\/\/www.aerodrome-paray.fr\/blog\/wp-content\/uploads\/cache\/JTQ-25-16\/657457638.jpeg\" src=\"data:image\/svg+xml,%3Csvg%20xmlns%3D%22http%3A%2F%2Fwww.w3.org%2F2000%2Fsvg%22%20width%3D%22150%22%20height%3D%22150%22%20viewBox%3D%220%200%20150%20150%22%3E%3C%2Fsvg%3E\" loading=\"eager\"><\/span><span class=\"fg-image-overlay\"><\/span><\/a><figcaption class=\"fg-caption\"><div class=\"fg-caption-inner\"><div class=\"fg-caption-title\">Bel alignement pour ces magnifiques Stearman<\/div><div class=\"fg-caption-desc\">Bel alignement pour ces magnifiques Stearman<\/div><\/div><\/figcaption><\/figure><div class=\"fg-loader\"><\/div><\/div><div class=\"fg-item fg-type-image fg-idle\"><figure class=\"fg-item-inner\"><a href=\"https:\/\/www.aerodrome-paray.fr\/blog\/wp-content\/uploads\/JTQ-25-10.jpeg\" data-caption-title=\"Tr\u00e8s nombreux les avions \u00e0 ailes hautes : Cessna, Piper, Husky...\" data-caption-desc=\"Tr\u00e8s nombreux les avions \u00e0 ailes hautes : Cessna, Piper, Husky...\" data-attachment-id=\"7506\" data-type=\"image\" class=\"fg-thumb\"><span class=\"fg-image-wrap\"><img decoding=\"async\" title=\"Tr\u00e8s nombreux les avions \u00e0 ailes hautes : Cessna, Piper, Husky...\" width=\"150\" height=\"150\" class=\"skip-lazy fg-image\" data-no-lazy=\"1\" data-src-fg=\"https:\/\/www.aerodrome-paray.fr\/blog\/wp-content\/uploads\/cache\/JTQ-25-10\/3867694940.jpeg\" src=\"data:image\/svg+xml,%3Csvg%20xmlns%3D%22http%3A%2F%2Fwww.w3.org%2F2000%2Fsvg%22%20width%3D%22150%22%20height%3D%22150%22%20viewBox%3D%220%200%20150%20150%22%3E%3C%2Fsvg%3E\" loading=\"eager\"><\/span><span class=\"fg-image-overlay\"><\/span><\/a><figcaption class=\"fg-caption\"><div class=\"fg-caption-inner\"><div class=\"fg-caption-title\">Tr\u00e8s nombreux les avions \u00e0 ailes hautes : Cessna, Piper, Husky...<\/div><div class=\"fg-caption-desc\">Tr\u00e8s nombreux les avions \u00e0 ailes hautes : Cessna, Piper, Husky...<\/div><\/div><\/figcaption><\/figure><div class=\"fg-loader\"><\/div><\/div><div class=\"fg-item fg-type-image fg-idle\"><figure class=\"fg-item-inner\"><a href=\"https:\/\/www.aerodrome-paray.fr\/blog\/wp-content\/uploads\/JTQ-25-11.jpeg\" data-caption-title=\"Affluence au point d&#039;arr\u00eat en vue du d\u00e9collage en piste 13\" data-caption-desc=\"Affluence au point d&#039;arr\u00eat en vue du d\u00e9collage en piste 13\" data-attachment-id=\"7505\" data-type=\"image\" class=\"fg-thumb\"><span class=\"fg-image-wrap\"><img decoding=\"async\" title=\"Affluence au point d&#039;arr\u00eat en vue du d\u00e9collage en piste 13\" width=\"150\" height=\"150\" class=\"skip-lazy fg-image\" data-no-lazy=\"1\" data-src-fg=\"https:\/\/www.aerodrome-paray.fr\/blog\/wp-content\/uploads\/cache\/JTQ-25-11\/2829210759.jpeg\" src=\"data:image\/svg+xml,%3Csvg%20xmlns%3D%22http%3A%2F%2Fwww.w3.org%2F2000%2Fsvg%22%20width%3D%22150%22%20height%3D%22150%22%20viewBox%3D%220%200%20150%20150%22%3E%3C%2Fsvg%3E\" loading=\"eager\"><\/span><span class=\"fg-image-overlay\"><\/span><\/a><figcaption class=\"fg-caption\"><div class=\"fg-caption-inner\"><div class=\"fg-caption-title\">Affluence au point d'arr\u00eat en vue du d\u00e9collage en piste 13<\/div><div class=\"fg-caption-desc\">Affluence au point d'arr\u00eat en vue du d\u00e9collage en piste 13<\/div><\/div><\/figcaption><\/figure><div class=\"fg-loader\"><\/div><\/div><div class=\"fg-item fg-type-image fg-idle\"><figure class=\"fg-item-inner\"><a href=\"https:\/\/www.aerodrome-paray.fr\/blog\/wp-content\/uploads\/JTQ-25-32.jpeg\" data-caption-title=\"De la fantaisie dans les livr\u00e9es...\" data-caption-desc=\"De la fantaisie dans les livr\u00e9es...\" data-attachment-id=\"7484\" data-type=\"image\" class=\"fg-thumb\"><span class=\"fg-image-wrap\"><img decoding=\"async\" title=\"De la fantaisie dans les livr\u00e9es...\" width=\"150\" height=\"150\" class=\"skip-lazy fg-image\" data-no-lazy=\"1\" data-src-fg=\"https:\/\/www.aerodrome-paray.fr\/blog\/wp-content\/uploads\/cache\/JTQ-25-32\/1969633968.jpeg\" src=\"data:image\/svg+xml,%3Csvg%20xmlns%3D%22http%3A%2F%2Fwww.w3.org%2F2000%2Fsvg%22%20width%3D%22150%22%20height%3D%22150%22%20viewBox%3D%220%200%20150%20150%22%3E%3C%2Fsvg%3E\" loading=\"eager\"><\/span><span class=\"fg-image-overlay\"><\/span><\/a><figcaption class=\"fg-caption\"><div class=\"fg-caption-inner\"><div class=\"fg-caption-title\">De la fantaisie dans les livr\u00e9es...<\/div><div class=\"fg-caption-desc\">De la fantaisie dans les livr\u00e9es...<\/div><\/div><\/figcaption><\/figure><div class=\"fg-loader\"><\/div><\/div><div class=\"fg-item fg-type-image fg-idle\"><figure class=\"fg-item-inner\"><a href=\"https:\/\/www.aerodrome-paray.fr\/blog\/wp-content\/uploads\/JTQ-25-28.jpeg\" data-caption-title=\"On se prom\u00e8ne dans les all\u00e9es, on se rencontre et on \u00e9change...\" data-caption-desc=\"On se prom\u00e8ne dans les all\u00e9es, on se rencontre et on \u00e9change...\" data-attachment-id=\"7488\" data-type=\"image\" class=\"fg-thumb\"><span class=\"fg-image-wrap\"><img decoding=\"async\" title=\"On se prom\u00e8ne dans les all\u00e9es, on se rencontre et on \u00e9change...\" width=\"150\" height=\"150\" class=\"skip-lazy fg-image\" data-no-lazy=\"1\" data-src-fg=\"https:\/\/www.aerodrome-paray.fr\/blog\/wp-content\/uploads\/cache\/JTQ-25-28\/2982118193.jpeg\" src=\"data:image\/svg+xml,%3Csvg%20xmlns%3D%22http%3A%2F%2Fwww.w3.org%2F2000%2Fsvg%22%20width%3D%22150%22%20height%3D%22150%22%20viewBox%3D%220%200%20150%20150%22%3E%3C%2Fsvg%3E\" loading=\"eager\"><\/span><span class=\"fg-image-overlay\"><\/span><\/a><figcaption class=\"fg-caption\"><div class=\"fg-caption-inner\"><div class=\"fg-caption-title\">On se prom\u00e8ne dans les all\u00e9es, on se rencontre et on \u00e9change...<\/div><div class=\"fg-caption-desc\">On se prom\u00e8ne dans les all\u00e9es, on se rencontre et on \u00e9change...<\/div><\/div><\/figcaption><\/figure><div class=\"fg-loader\"><\/div><\/div><div class=\"fg-item fg-type-image fg-idle\"><figure class=\"fg-item-inner\"><a href=\"https:\/\/www.aerodrome-paray.fr\/blog\/wp-content\/uploads\/JTQ-25-31.jpeg\" data-caption-title=\"Pr\u00e9sence d&#039;une bonne vingtaine de spotters (gilets orange)\" data-caption-desc=\"Pr\u00e9sence d&#039;une bonne vingtaine de spotters (gilets orange)\" data-attachment-id=\"7485\" data-type=\"image\" class=\"fg-thumb\"><span class=\"fg-image-wrap\"><img decoding=\"async\" title=\"Pr\u00e9sence d&#039;une bonne vingtaine de spotters (gilets orange)\" width=\"150\" height=\"150\" class=\"skip-lazy fg-image\" data-no-lazy=\"1\" data-src-fg=\"https:\/\/www.aerodrome-paray.fr\/blog\/wp-content\/uploads\/cache\/JTQ-25-31\/2078012669.jpeg\" src=\"data:image\/svg+xml,%3Csvg%20xmlns%3D%22http%3A%2F%2Fwww.w3.org%2F2000%2Fsvg%22%20width%3D%22150%22%20height%3D%22150%22%20viewBox%3D%220%200%20150%20150%22%3E%3C%2Fsvg%3E\" loading=\"eager\"><\/span><span class=\"fg-image-overlay\"><\/span><\/a><figcaption class=\"fg-caption\"><div class=\"fg-caption-inner\"><div class=\"fg-caption-title\">Pr\u00e9sence d'une bonne vingtaine de spotters (gilets orange)<\/div><div class=\"fg-caption-desc\">Pr\u00e9sence d'une bonne vingtaine de spotters (gilets orange)<\/div><\/div><\/figcaption><\/figure><div class=\"fg-loader\"><\/div><\/div><div class=\"fg-item fg-type-image fg-idle\"><figure class=\"fg-item-inner\"><a href=\"https:\/\/www.aerodrome-paray.fr\/blog\/wp-content\/uploads\/JTQ-25-30.jpeg\" data-caption-title=\"On cherche l&#039;ombre sous l&#039;aile des avions \u00e0 ailes hautes...\" data-caption-desc=\"On cherche l&#039;ombre sous l&#039;aile des avions \u00e0 ailes hautes...\" data-attachment-id=\"7486\" data-type=\"image\" class=\"fg-thumb\"><span class=\"fg-image-wrap\"><img decoding=\"async\" title=\"On cherche l&#039;ombre sous l&#039;aile des avions \u00e0 ailes hautes...\" width=\"150\" height=\"150\" class=\"skip-lazy fg-image\" data-no-lazy=\"1\" data-src-fg=\"https:\/\/www.aerodrome-paray.fr\/blog\/wp-content\/uploads\/cache\/JTQ-25-30\/905049894.jpeg\" src=\"data:image\/svg+xml,%3Csvg%20xmlns%3D%22http%3A%2F%2Fwww.w3.org%2F2000%2Fsvg%22%20width%3D%22150%22%20height%3D%22150%22%20viewBox%3D%220%200%20150%20150%22%3E%3C%2Fsvg%3E\" loading=\"eager\"><\/span><span class=\"fg-image-overlay\"><\/span><\/a><figcaption class=\"fg-caption\"><div class=\"fg-caption-inner\"><div class=\"fg-caption-title\">On cherche l'ombre sous l'aile des avions \u00e0 ailes hautes...<\/div><div class=\"fg-caption-desc\">On cherche l'ombre sous l'aile des avions \u00e0 ailes hautes...<\/div><\/div><\/figcaption><\/figure><div class=\"fg-loader\"><\/div><\/div><div class=\"fg-item fg-type-image fg-idle\"><figure class=\"fg-item-inner\"><a href=\"https:\/\/www.aerodrome-paray.fr\/blog\/wp-content\/uploads\/JTQ-25-29.jpeg\" data-caption-title=\"Beaucoup d&#039;int\u00e9r\u00eat pour les impressionnants moteurs en \u00e9toile des Stearman\" data-caption-desc=\"Beaucoup d&#039;int\u00e9r\u00eat pour les impressionnants moteurs en \u00e9toile des Stearman\" data-attachment-id=\"7487\" data-type=\"image\" class=\"fg-thumb\"><span class=\"fg-image-wrap\"><img decoding=\"async\" title=\"Beaucoup d&#039;int\u00e9r\u00eat pour les impressionnants moteurs en \u00e9toile des Stearman\" width=\"150\" height=\"150\" class=\"skip-lazy fg-image\" data-no-lazy=\"1\" data-src-fg=\"https:\/\/www.aerodrome-paray.fr\/blog\/wp-content\/uploads\/cache\/JTQ-25-29\/1101060299.jpeg\" src=\"data:image\/svg+xml,%3Csvg%20xmlns%3D%22http%3A%2F%2Fwww.w3.org%2F2000%2Fsvg%22%20width%3D%22150%22%20height%3D%22150%22%20viewBox%3D%220%200%20150%20150%22%3E%3C%2Fsvg%3E\" loading=\"eager\"><\/span><span class=\"fg-image-overlay\"><\/span><\/a><figcaption class=\"fg-caption\"><div class=\"fg-caption-inner\"><div class=\"fg-caption-title\">Beaucoup d'int\u00e9r\u00eat pour les impressionnants moteurs en \u00e9toile des Stearman<\/div><div class=\"fg-caption-desc\">Beaucoup d'int\u00e9r\u00eat pour les impressionnants moteurs en \u00e9toile des Stearman<\/div><\/div><\/figcaption><\/figure><div class=\"fg-loader\"><\/div><\/div><div class=\"fg-item fg-type-image fg-idle\"><figure class=\"fg-item-inner\"><a href=\"https:\/\/www.aerodrome-paray.fr\/blog\/wp-content\/uploads\/JTQ-25-42.jpeg\" data-caption-title=\"Une quinzaine de parqueurs (gilets jaunes) pour diriger les avions au sol et aider les pilotes \u00e0 les aligner\" data-caption-desc=\"Une quinzaine de parqueurs (gilets jaunes) pour diriger les avions au sol et aider les pilotes \u00e0 les aligner\" data-attachment-id=\"7474\" data-type=\"image\" class=\"fg-thumb\"><span class=\"fg-image-wrap\"><img decoding=\"async\" title=\"Une quinzaine de parqueurs (gilets jaunes) pour diriger les avions au sol et aider les pilotes \u00e0 les aligner\" width=\"150\" height=\"150\" class=\"skip-lazy fg-image\" data-no-lazy=\"1\" data-src-fg=\"https:\/\/www.aerodrome-paray.fr\/blog\/wp-content\/uploads\/cache\/JTQ-25-42\/635457198.jpeg\" src=\"data:image\/svg+xml,%3Csvg%20xmlns%3D%22http%3A%2F%2Fwww.w3.org%2F2000%2Fsvg%22%20width%3D%22150%22%20height%3D%22150%22%20viewBox%3D%220%200%20150%20150%22%3E%3C%2Fsvg%3E\" loading=\"eager\"><\/span><span class=\"fg-image-overlay\"><\/span><\/a><figcaption class=\"fg-caption\"><div class=\"fg-caption-inner\"><div class=\"fg-caption-title\">Une quinzaine de parqueurs (gilets jaunes) pour diriger les avions au sol et aider les pilotes \u00e0 les aligner<\/div><div class=\"fg-caption-desc\">Une quinzaine de parqueurs (gilets jaunes) pour diriger les avions au sol et aider les pilotes \u00e0 les aligner<\/div><\/div><\/figcaption><\/figure><div class=\"fg-loader\"><\/div><\/div><div class=\"fg-item fg-type-image fg-idle\"><figure class=\"fg-item-inner\"><a href=\"https:\/\/www.aerodrome-paray.fr\/blog\/wp-content\/uploads\/JTQ-25-99.jpeg\" data-attachment-id=\"7417\" data-type=\"image\" class=\"fg-thumb\"><span class=\"fg-image-wrap\"><img decoding=\"async\" width=\"150\" height=\"150\" class=\"skip-lazy fg-image\" data-no-lazy=\"1\" data-src-fg=\"https:\/\/www.aerodrome-paray.fr\/blog\/wp-content\/uploads\/cache\/JTQ-25-99\/762437336.jpeg\" src=\"data:image\/svg+xml,%3Csvg%20xmlns%3D%22http%3A%2F%2Fwww.w3.org%2F2000%2Fsvg%22%20width%3D%22150%22%20height%3D%22150%22%20viewBox%3D%220%200%20150%20150%22%3E%3C%2Fsvg%3E\" loading=\"eager\"><\/span><span class=\"fg-image-overlay\"><\/span><\/a><\/figure><div class=\"fg-loader\"><\/div><\/div><div class=\"fg-item fg-type-image fg-idle\"><figure class=\"fg-item-inner\"><a href=\"https:\/\/www.aerodrome-paray.fr\/blog\/wp-content\/uploads\/JTQ-25-3.jpeg\" data-attachment-id=\"7513\" data-type=\"image\" class=\"fg-thumb\"><span class=\"fg-image-wrap\"><img decoding=\"async\" width=\"150\" height=\"150\" class=\"skip-lazy fg-image\" data-no-lazy=\"1\" data-src-fg=\"https:\/\/www.aerodrome-paray.fr\/blog\/wp-content\/uploads\/cache\/JTQ-25-3\/3178037710.jpeg\" src=\"data:image\/svg+xml,%3Csvg%20xmlns%3D%22http%3A%2F%2Fwww.w3.org%2F2000%2Fsvg%22%20width%3D%22150%22%20height%3D%22150%22%20viewBox%3D%220%200%20150%20150%22%3E%3C%2Fsvg%3E\" loading=\"eager\"><\/span><span class=\"fg-image-overlay\"><\/span><\/a><\/figure><div class=\"fg-loader\"><\/div><\/div><div class=\"fg-item fg-type-image fg-idle\"><figure class=\"fg-item-inner\"><a href=\"https:\/\/www.aerodrome-paray.fr\/blog\/wp-content\/uploads\/JTQ-25-41.jpeg\" data-caption-title=\"Avions bien align\u00e9s, circulation dans les all\u00e9es r\u00e9gl\u00e9e par les parqueurs\" data-caption-desc=\"Avions bien align\u00e9s, circulation dans les all\u00e9es r\u00e9gl\u00e9e par les parqueurs\" data-attachment-id=\"7475\" data-type=\"image\" class=\"fg-thumb\"><span class=\"fg-image-wrap\"><img decoding=\"async\" title=\"Avions bien align\u00e9s, circulation dans les all\u00e9es r\u00e9gl\u00e9e par les parqueurs\" width=\"150\" height=\"150\" class=\"skip-lazy fg-image\" data-no-lazy=\"1\" data-src-fg=\"https:\/\/www.aerodrome-paray.fr\/blog\/wp-content\/uploads\/cache\/JTQ-25-41\/727548131.jpeg\" src=\"data:image\/svg+xml,%3Csvg%20xmlns%3D%22http%3A%2F%2Fwww.w3.org%2F2000%2Fsvg%22%20width%3D%22150%22%20height%3D%22150%22%20viewBox%3D%220%200%20150%20150%22%3E%3C%2Fsvg%3E\" loading=\"eager\"><\/span><span class=\"fg-image-overlay\"><\/span><\/a><figcaption class=\"fg-caption\"><div class=\"fg-caption-inner\"><div class=\"fg-caption-title\">Avions bien align\u00e9s, circulation dans les all\u00e9es r\u00e9gl\u00e9e par les parqueurs<\/div><div class=\"fg-caption-desc\">Avions bien align\u00e9s, circulation dans les all\u00e9es r\u00e9gl\u00e9e par les parqueurs<\/div><\/div><\/figcaption><\/figure><div class=\"fg-loader\"><\/div><\/div><div class=\"fg-item fg-type-image fg-idle\"><figure class=\"fg-item-inner\"><a href=\"https:\/\/www.aerodrome-paray.fr\/blog\/wp-content\/uploads\/JTQ-25-7.jpeg\" data-caption-title=\"F-BNJE : DR-250\" data-caption-desc=\"F-BNJE : DR-250\" data-attachment-id=\"7509\" data-type=\"image\" class=\"fg-thumb\"><span class=\"fg-image-wrap\"><img decoding=\"async\" title=\"F-BNJE : DR-250\" width=\"150\" height=\"150\" class=\"skip-lazy fg-image\" data-no-lazy=\"1\" data-src-fg=\"https:\/\/www.aerodrome-paray.fr\/blog\/wp-content\/uploads\/cache\/JTQ-25-7\/4141714305.jpeg\" src=\"data:image\/svg+xml,%3Csvg%20xmlns%3D%22http%3A%2F%2Fwww.w3.org%2F2000%2Fsvg%22%20width%3D%22150%22%20height%3D%22150%22%20viewBox%3D%220%200%20150%20150%22%3E%3C%2Fsvg%3E\" loading=\"eager\"><\/span><span class=\"fg-image-overlay\"><\/span><\/a><figcaption class=\"fg-caption\"><div class=\"fg-caption-inner\"><div class=\"fg-caption-title\">F-BNJE : DR-250<\/div><div class=\"fg-caption-desc\">F-BNJE : DR-250<\/div><\/div><\/figcaption><\/figure><div class=\"fg-loader\"><\/div><\/div><div class=\"fg-item fg-type-image fg-idle\"><figure class=\"fg-item-inner\"><a href=\"https:\/\/www.aerodrome-paray.fr\/blog\/wp-content\/uploads\/JTQ-25-8.jpeg\" data-caption-title=\"Atterrissages et d\u00e9collages se succ\u00e8dent pendant deux jours\" data-caption-desc=\"Atterrissages et d\u00e9collages se succ\u00e8dent pendant deux jours\" data-attachment-id=\"7508\" data-type=\"image\" class=\"fg-thumb\"><span class=\"fg-image-wrap\"><img decoding=\"async\" title=\"Atterrissages et d\u00e9collages se succ\u00e8dent pendant deux jours\" width=\"150\" height=\"150\" class=\"skip-lazy fg-image\" data-no-lazy=\"1\" data-src-fg=\"https:\/\/www.aerodrome-paray.fr\/blog\/wp-content\/uploads\/cache\/JTQ-25-8\/3249355963.jpeg\" src=\"data:image\/svg+xml,%3Csvg%20xmlns%3D%22http%3A%2F%2Fwww.w3.org%2F2000%2Fsvg%22%20width%3D%22150%22%20height%3D%22150%22%20viewBox%3D%220%200%20150%20150%22%3E%3C%2Fsvg%3E\" loading=\"eager\"><\/span><span class=\"fg-image-overlay\"><\/span><\/a><figcaption class=\"fg-caption\"><div class=\"fg-caption-inner\"><div class=\"fg-caption-title\">Atterrissages et d\u00e9collages se succ\u00e8dent pendant deux jours<\/div><div class=\"fg-caption-desc\">Atterrissages et d\u00e9collages se succ\u00e8dent pendant deux jours<\/div><\/div><\/figcaption><\/figure><div class=\"fg-loader\"><\/div><\/div><div class=\"fg-item fg-type-image fg-idle\"><figure class=\"fg-item-inner\"><a href=\"https:\/\/www.aerodrome-paray.fr\/blog\/wp-content\/uploads\/JTQ-25-9.jpeg\" data-caption-title=\"ULM Avid Flyer au d\u00e9collage\" data-caption-desc=\"ULM Avid Flyer au d\u00e9collage\" data-attachment-id=\"7507\" data-type=\"image\" class=\"fg-thumb\"><span class=\"fg-image-wrap\"><img decoding=\"async\" title=\"ULM Avid Flyer au d\u00e9collage\" width=\"150\" height=\"150\" class=\"skip-lazy fg-image\" data-no-lazy=\"1\" data-src-fg=\"https:\/\/www.aerodrome-paray.fr\/blog\/wp-content\/uploads\/cache\/JTQ-25-9\/179607286.jpeg\" src=\"data:image\/svg+xml,%3Csvg%20xmlns%3D%22http%3A%2F%2Fwww.w3.org%2F2000%2Fsvg%22%20width%3D%22150%22%20height%3D%22150%22%20viewBox%3D%220%200%20150%20150%22%3E%3C%2Fsvg%3E\" loading=\"eager\"><\/span><span class=\"fg-image-overlay\"><\/span><\/a><figcaption class=\"fg-caption\"><div class=\"fg-caption-inner\"><div class=\"fg-caption-title\">ULM Avid Flyer au d\u00e9collage<\/div><div class=\"fg-caption-desc\">ULM Avid Flyer au d\u00e9collage<\/div><\/div><\/figcaption><\/figure><div class=\"fg-loader\"><\/div><\/div><div class=\"fg-item fg-type-image fg-idle\"><figure class=\"fg-item-inner\"><a href=\"https:\/\/www.aerodrome-paray.fr\/blog\/wp-content\/uploads\/JTQ-25-12.jpeg\" data-caption-title=\"Stampe S.V.4 rs\" data-caption-desc=\"Stampe S.V.4 rs\" data-attachment-id=\"7504\" data-type=\"image\" class=\"fg-thumb\"><span class=\"fg-image-wrap\"><img decoding=\"async\" title=\"Stampe S.V.4 rs\" width=\"150\" height=\"150\" class=\"skip-lazy fg-image\" data-no-lazy=\"1\" data-src-fg=\"https:\/\/www.aerodrome-paray.fr\/blog\/wp-content\/uploads\/cache\/JTQ-25-12\/2787089098.jpeg\" src=\"data:image\/svg+xml,%3Csvg%20xmlns%3D%22http%3A%2F%2Fwww.w3.org%2F2000%2Fsvg%22%20width%3D%22150%22%20height%3D%22150%22%20viewBox%3D%220%200%20150%20150%22%3E%3C%2Fsvg%3E\" loading=\"eager\"><\/span><span class=\"fg-image-overlay\"><\/span><\/a><figcaption class=\"fg-caption\"><div class=\"fg-caption-inner\"><div class=\"fg-caption-title\">Stampe S.V.4 rs<\/div><div class=\"fg-caption-desc\">Stampe S.V.4 rs<\/div><\/div><\/figcaption><\/figure><div class=\"fg-loader\"><\/div><\/div><div class=\"fg-item fg-type-image fg-idle\"><figure class=\"fg-item-inner\"><a href=\"https:\/\/www.aerodrome-paray.fr\/blog\/wp-content\/uploads\/JTQ-25-13.jpeg\" data-caption-title=\"Magnifique livr\u00e9e pour ce Pitts Bull (F-PLRL)\" data-caption-desc=\"Magnifique livr\u00e9e pour ce Pitts Bull (F-PLRL)\" data-attachment-id=\"7503\" data-type=\"image\" class=\"fg-thumb\"><span class=\"fg-image-wrap\"><img decoding=\"async\" title=\"Magnifique livr\u00e9e pour ce Pitts Bull (F-PLRL)\" width=\"150\" height=\"150\" class=\"skip-lazy fg-image\" data-no-lazy=\"1\" data-src-fg=\"https:\/\/www.aerodrome-paray.fr\/blog\/wp-content\/uploads\/cache\/JTQ-25-13\/888558385.jpeg\" src=\"data:image\/svg+xml,%3Csvg%20xmlns%3D%22http%3A%2F%2Fwww.w3.org%2F2000%2Fsvg%22%20width%3D%22150%22%20height%3D%22150%22%20viewBox%3D%220%200%20150%20150%22%3E%3C%2Fsvg%3E\" loading=\"eager\"><\/span><span class=\"fg-image-overlay\"><\/span><\/a><figcaption class=\"fg-caption\"><div class=\"fg-caption-inner\"><div class=\"fg-caption-title\">Magnifique livr\u00e9e pour ce Pitts Bull (F-PLRL)<\/div><div class=\"fg-caption-desc\">Magnifique livr\u00e9e pour ce Pitts Bull (F-PLRL)<\/div><\/div><\/figcaption><\/figure><div class=\"fg-loader\"><\/div><\/div><div class=\"fg-item fg-type-image fg-idle\"><figure class=\"fg-item-inner\"><a href=\"https:\/\/www.aerodrome-paray.fr\/blog\/wp-content\/uploads\/JTQ-25-14.jpeg\" data-caption-title=\"Par cette chaleur : un peu d&#039;ombre pour une sieste sous l&#039;aile des Stearman\" data-caption-desc=\"Par cette chaleur : un peu d&#039;ombre pour une sieste sous l&#039;aile des Stearman\" data-attachment-id=\"7502\" data-type=\"image\" class=\"fg-thumb\"><span class=\"fg-image-wrap\"><img decoding=\"async\" title=\"Par cette chaleur : un peu d&#039;ombre pour une sieste sous l&#039;aile des Stearman\" width=\"150\" height=\"150\" class=\"skip-lazy fg-image\" data-no-lazy=\"1\" data-src-fg=\"https:\/\/www.aerodrome-paray.fr\/blog\/wp-content\/uploads\/cache\/JTQ-25-14\/1739050096.jpeg\" src=\"data:image\/svg+xml,%3Csvg%20xmlns%3D%22http%3A%2F%2Fwww.w3.org%2F2000%2Fsvg%22%20width%3D%22150%22%20height%3D%22150%22%20viewBox%3D%220%200%20150%20150%22%3E%3C%2Fsvg%3E\" loading=\"eager\"><\/span><span class=\"fg-image-overlay\"><\/span><\/a><figcaption class=\"fg-caption\"><div class=\"fg-caption-inner\"><div class=\"fg-caption-title\">Par cette chaleur : un peu d'ombre pour une sieste sous l'aile des Stearman<\/div><div class=\"fg-caption-desc\">Par cette chaleur : un peu d'ombre pour une sieste sous l'aile des Stearman<\/div><\/div><\/figcaption><\/figure><div class=\"fg-loader\"><\/div><\/div><div class=\"fg-item fg-type-image fg-idle\"><figure class=\"fg-item-inner\"><a href=\"https:\/\/www.aerodrome-paray.fr\/blog\/wp-content\/uploads\/JTQ-25-15.jpeg\" data-caption-title=\"Des avions de collection dans un \u00e9tat impeccable : Boeing Stearman\" data-caption-desc=\"Des avions de collection dans un \u00e9tat impeccable : Boeing Stearman\" data-attachment-id=\"7501\" data-type=\"image\" class=\"fg-thumb\"><span class=\"fg-image-wrap\"><img decoding=\"async\" title=\"Des avions de collection dans un \u00e9tat impeccable : Boeing Stearman\" width=\"150\" height=\"150\" class=\"skip-lazy fg-image\" data-no-lazy=\"1\" data-src-fg=\"https:\/\/www.aerodrome-paray.fr\/blog\/wp-content\/uploads\/cache\/JTQ-25-15\/697159595.jpeg\" src=\"data:image\/svg+xml,%3Csvg%20xmlns%3D%22http%3A%2F%2Fwww.w3.org%2F2000%2Fsvg%22%20width%3D%22150%22%20height%3D%22150%22%20viewBox%3D%220%200%20150%20150%22%3E%3C%2Fsvg%3E\" loading=\"eager\"><\/span><span class=\"fg-image-overlay\"><\/span><\/a><figcaption class=\"fg-caption\"><div class=\"fg-caption-inner\"><div class=\"fg-caption-title\">Des avions de collection dans un \u00e9tat impeccable : Boeing Stearman<\/div><div class=\"fg-caption-desc\">Des avions de collection dans un \u00e9tat impeccable : Boeing Stearman<\/div><\/div><\/figcaption><\/figure><div class=\"fg-loader\"><\/div><\/div><div class=\"fg-item fg-type-image fg-idle\"><figure class=\"fg-item-inner\"><a href=\"https:\/\/www.aerodrome-paray.fr\/blog\/wp-content\/uploads\/JTQ-25-20.jpeg\" data-caption-title=\"\u00c0 l&#039;atterrissage un ULM biplan bas\u00e9 \u00e0 Paray\" data-caption-desc=\"\u00c0 l&#039;atterrissage un ULM biplan bas\u00e9 \u00e0 Paray\" data-attachment-id=\"7496\" data-type=\"image\" class=\"fg-thumb\"><span class=\"fg-image-wrap\"><img decoding=\"async\" title=\"\u00c0 l&#039;atterrissage un ULM biplan bas\u00e9 \u00e0 Paray\" width=\"150\" height=\"150\" class=\"skip-lazy fg-image\" data-no-lazy=\"1\" data-src-fg=\"https:\/\/www.aerodrome-paray.fr\/blog\/wp-content\/uploads\/cache\/JTQ-25-20\/963094520.jpeg\" src=\"data:image\/svg+xml,%3Csvg%20xmlns%3D%22http%3A%2F%2Fwww.w3.org%2F2000%2Fsvg%22%20width%3D%22150%22%20height%3D%22150%22%20viewBox%3D%220%200%20150%20150%22%3E%3C%2Fsvg%3E\" loading=\"eager\"><\/span><span class=\"fg-image-overlay\"><\/span><\/a><figcaption class=\"fg-caption\"><div class=\"fg-caption-inner\"><div class=\"fg-caption-title\">\u00c0 l'atterrissage un ULM biplan bas\u00e9 \u00e0 Paray<\/div><div class=\"fg-caption-desc\">\u00c0 l'atterrissage un ULM biplan bas\u00e9 \u00e0 Paray<\/div><\/div><\/figcaption><\/figure><div class=\"fg-loader\"><\/div><\/div><div class=\"fg-item fg-type-image fg-idle\"><figure class=\"fg-item-inner\"><a href=\"https:\/\/www.aerodrome-paray.fr\/blog\/wp-content\/uploads\/JTQ-25-22.jpeg\" data-caption-title=\"Tr\u00e8s color\u00e9 et v\u00e9loce, ce petit monoplace au d\u00e9collage\" data-caption-desc=\"Tr\u00e8s color\u00e9 et v\u00e9loce, ce petit monoplace au d\u00e9collage\" data-attachment-id=\"7494\" data-type=\"image\" class=\"fg-thumb\"><span class=\"fg-image-wrap\"><img decoding=\"async\" title=\"Tr\u00e8s color\u00e9 et v\u00e9loce, ce petit monoplace au d\u00e9collage\" width=\"150\" height=\"150\" class=\"skip-lazy fg-image\" data-no-lazy=\"1\" data-src-fg=\"https:\/\/www.aerodrome-paray.fr\/blog\/wp-content\/uploads\/cache\/JTQ-25-22\/2045799022.jpeg\" src=\"data:image\/svg+xml,%3Csvg%20xmlns%3D%22http%3A%2F%2Fwww.w3.org%2F2000%2Fsvg%22%20width%3D%22150%22%20height%3D%22150%22%20viewBox%3D%220%200%20150%20150%22%3E%3C%2Fsvg%3E\" loading=\"eager\"><\/span><span class=\"fg-image-overlay\"><\/span><\/a><figcaption class=\"fg-caption\"><div class=\"fg-caption-inner\"><div class=\"fg-caption-title\">Tr\u00e8s color\u00e9 et v\u00e9loce, ce petit monoplace au d\u00e9collage<\/div><div class=\"fg-caption-desc\">Tr\u00e8s color\u00e9 et v\u00e9loce, ce petit monoplace au d\u00e9collage<\/div><\/div><\/figcaption><\/figure><div class=\"fg-loader\"><\/div><\/div><div class=\"fg-item fg-type-image fg-idle\"><figure class=\"fg-item-inner\"><a href=\"https:\/\/www.aerodrome-paray.fr\/blog\/wp-content\/uploads\/JTQ-25-27.jpeg\" data-attachment-id=\"7489\" data-type=\"image\" class=\"fg-thumb\"><span class=\"fg-image-wrap\"><img decoding=\"async\" width=\"150\" height=\"150\" class=\"skip-lazy fg-image\" data-no-lazy=\"1\" data-src-fg=\"https:\/\/www.aerodrome-paray.fr\/blog\/wp-content\/uploads\/cache\/JTQ-25-27\/1496759912.jpeg\" src=\"data:image\/svg+xml,%3Csvg%20xmlns%3D%22http%3A%2F%2Fwww.w3.org%2F2000%2Fsvg%22%20width%3D%22150%22%20height%3D%22150%22%20viewBox%3D%220%200%20150%20150%22%3E%3C%2Fsvg%3E\" loading=\"eager\"><\/span><span class=\"fg-image-overlay\"><\/span><\/a><\/figure><div class=\"fg-loader\"><\/div><\/div><div class=\"fg-item fg-type-image fg-idle\"><figure class=\"fg-item-inner\"><a href=\"https:\/\/www.aerodrome-paray.fr\/blog\/wp-content\/uploads\/JTQ-25-21.jpeg\" data-caption-title=\"Plusieurs ULM Tetras 912 cs (Humbert Aviation)\" data-caption-desc=\"Plusieurs ULM Tetras 912 cs (Humbert Aviation)\" data-attachment-id=\"7495\" data-type=\"image\" class=\"fg-thumb\"><span class=\"fg-image-wrap\"><img decoding=\"async\" title=\"Plusieurs ULM Tetras 912 cs (Humbert Aviation)\" width=\"150\" height=\"150\" class=\"skip-lazy fg-image\" data-no-lazy=\"1\" data-src-fg=\"https:\/\/www.aerodrome-paray.fr\/blog\/wp-content\/uploads\/cache\/JTQ-25-21\/2001576995.jpeg\" src=\"data:image\/svg+xml,%3Csvg%20xmlns%3D%22http%3A%2F%2Fwww.w3.org%2F2000%2Fsvg%22%20width%3D%22150%22%20height%3D%22150%22%20viewBox%3D%220%200%20150%20150%22%3E%3C%2Fsvg%3E\" loading=\"eager\"><\/span><span class=\"fg-image-overlay\"><\/span><\/a><figcaption class=\"fg-caption\"><div class=\"fg-caption-inner\"><div class=\"fg-caption-title\">Plusieurs ULM Tetras 912 cs (Humbert Aviation)<\/div><div class=\"fg-caption-desc\">Plusieurs ULM Tetras 912 cs (Humbert Aviation)<\/div><\/div><\/figcaption><\/figure><div class=\"fg-loader\"><\/div><\/div><div class=\"fg-item fg-type-image fg-idle\"><figure class=\"fg-item-inner\"><a href=\"https:\/\/www.aerodrome-paray.fr\/blog\/wp-content\/uploads\/JTQ-25-23.jpeg\" data-caption-title=\"ULM Zenair CH 601 XL\" data-caption-desc=\"ULM Zenair CH 601 XL\" data-attachment-id=\"7493\" data-type=\"image\" class=\"fg-thumb\"><span class=\"fg-image-wrap\"><img decoding=\"async\" title=\"ULM Zenair CH 601 XL\" width=\"150\" height=\"150\" class=\"skip-lazy fg-image\" data-no-lazy=\"1\" data-src-fg=\"https:\/\/www.aerodrome-paray.fr\/blog\/wp-content\/uploads\/cache\/JTQ-25-23\/3944326037.jpeg\" src=\"data:image\/svg+xml,%3Csvg%20xmlns%3D%22http%3A%2F%2Fwww.w3.org%2F2000%2Fsvg%22%20width%3D%22150%22%20height%3D%22150%22%20viewBox%3D%220%200%20150%20150%22%3E%3C%2Fsvg%3E\" loading=\"eager\"><\/span><span class=\"fg-image-overlay\"><\/span><\/a><figcaption class=\"fg-caption\"><div class=\"fg-caption-inner\"><div class=\"fg-caption-title\">ULM Zenair CH 601 XL<\/div><div class=\"fg-caption-desc\">ULM Zenair CH 601 XL<\/div><\/div><\/figcaption><\/figure><div class=\"fg-loader\"><\/div><\/div><div class=\"fg-item fg-type-image fg-idle\"><figure class=\"fg-item-inner\"><a href=\"https:\/\/www.aerodrome-paray.fr\/blog\/wp-content\/uploads\/JTQ-25-24.jpeg\" data-caption-title=\"Petite s\u00e9rie d&#039;ULM pas tous identifi\u00e9s... D\u00e9sol\u00e9\" data-caption-desc=\"Petite s\u00e9rie d&#039;ULM pas tous identifi\u00e9s... D\u00e9sol\u00e9\" data-attachment-id=\"7492\" data-type=\"image\" class=\"fg-thumb\"><span class=\"fg-image-wrap\"><img decoding=\"async\" title=\"Petite s\u00e9rie d&#039;ULM pas tous identifi\u00e9s... D\u00e9sol\u00e9\" width=\"150\" height=\"150\" class=\"skip-lazy fg-image\" data-no-lazy=\"1\" data-src-fg=\"https:\/\/www.aerodrome-paray.fr\/blog\/wp-content\/uploads\/cache\/JTQ-25-24\/3091741908.jpeg\" src=\"data:image\/svg+xml,%3Csvg%20xmlns%3D%22http%3A%2F%2Fwww.w3.org%2F2000%2Fsvg%22%20width%3D%22150%22%20height%3D%22150%22%20viewBox%3D%220%200%20150%20150%22%3E%3C%2Fsvg%3E\" loading=\"eager\"><\/span><span class=\"fg-image-overlay\"><\/span><\/a><figcaption class=\"fg-caption\"><div class=\"fg-caption-inner\"><div class=\"fg-caption-title\">Petite s\u00e9rie d'ULM pas tous identifi\u00e9s... D\u00e9sol\u00e9<\/div><div class=\"fg-caption-desc\">Petite s\u00e9rie d'ULM pas tous identifi\u00e9s... D\u00e9sol\u00e9<\/div><\/div><\/figcaption><\/figure><div class=\"fg-loader\"><\/div><\/div><div class=\"fg-item fg-type-image fg-idle\"><figure class=\"fg-item-inner\"><a href=\"https:\/\/www.aerodrome-paray.fr\/blog\/wp-content\/uploads\/JTQ-25-25.jpeg\" data-attachment-id=\"7491\" data-type=\"image\" class=\"fg-thumb\"><span class=\"fg-image-wrap\"><img decoding=\"async\" width=\"150\" height=\"150\" class=\"skip-lazy fg-image\" data-no-lazy=\"1\" data-src-fg=\"https:\/\/www.aerodrome-paray.fr\/blog\/wp-content\/uploads\/cache\/JTQ-25-25\/4133633807.jpeg\" src=\"data:image\/svg+xml,%3Csvg%20xmlns%3D%22http%3A%2F%2Fwww.w3.org%2F2000%2Fsvg%22%20width%3D%22150%22%20height%3D%22150%22%20viewBox%3D%220%200%20150%20150%22%3E%3C%2Fsvg%3E\" loading=\"eager\"><\/span><span class=\"fg-image-overlay\"><\/span><\/a><\/figure><div class=\"fg-loader\"><\/div><\/div><div class=\"fg-item fg-type-image fg-idle\"><figure class=\"fg-item-inner\"><a href=\"https:\/\/www.aerodrome-paray.fr\/blog\/wp-content\/uploads\/JTQ-25-26.jpeg\" data-attachment-id=\"7490\" data-type=\"image\" class=\"fg-thumb\"><span class=\"fg-image-wrap\"><img decoding=\"async\" width=\"150\" height=\"150\" class=\"skip-lazy fg-image\" data-no-lazy=\"1\" data-src-fg=\"https:\/\/www.aerodrome-paray.fr\/blog\/wp-content\/uploads\/cache\/JTQ-25-26\/4175425858.jpeg\" src=\"data:image\/svg+xml,%3Csvg%20xmlns%3D%22http%3A%2F%2Fwww.w3.org%2F2000%2Fsvg%22%20width%3D%22150%22%20height%3D%22150%22%20viewBox%3D%220%200%20150%20150%22%3E%3C%2Fsvg%3E\" loading=\"eager\"><\/span><span class=\"fg-image-overlay\"><\/span><\/a><\/figure><div class=\"fg-loader\"><\/div><\/div><div class=\"fg-item fg-type-image fg-idle\"><figure class=\"fg-item-inner\"><a href=\"https:\/\/www.aerodrome-paray.fr\/blog\/wp-content\/uploads\/JTQ-25-33.jpeg\" data-caption-title=\"Stampe version ULM\" data-caption-desc=\"Stampe version ULM\" data-attachment-id=\"7483\" data-type=\"image\" class=\"fg-thumb\"><span class=\"fg-image-wrap\"><img decoding=\"async\" title=\"Stampe version ULM\" width=\"150\" height=\"150\" class=\"skip-lazy fg-image\" data-no-lazy=\"1\" data-src-fg=\"https:\/\/www.aerodrome-paray.fr\/blog\/wp-content\/uploads\/cache\/JTQ-25-33\/3884970827.jpeg\" src=\"data:image\/svg+xml,%3Csvg%20xmlns%3D%22http%3A%2F%2Fwww.w3.org%2F2000%2Fsvg%22%20width%3D%22150%22%20height%3D%22150%22%20viewBox%3D%220%200%20150%20150%22%3E%3C%2Fsvg%3E\" loading=\"eager\"><\/span><span class=\"fg-image-overlay\"><\/span><\/a><figcaption class=\"fg-caption\"><div class=\"fg-caption-inner\"><div class=\"fg-caption-title\">Stampe version ULM<\/div><div class=\"fg-caption-desc\">Stampe version ULM<\/div><\/div><\/figcaption><\/figure><div class=\"fg-loader\"><\/div><\/div><div class=\"fg-item fg-type-image fg-idle\"><figure class=\"fg-item-inner\"><a href=\"https:\/\/www.aerodrome-paray.fr\/blog\/wp-content\/uploads\/JTQ-25-34.jpeg\" data-caption-title=\"ULM Eurofox\" data-caption-desc=\"ULM Eurofox\" data-attachment-id=\"7482\" data-type=\"image\" class=\"fg-thumb\"><span class=\"fg-image-wrap\"><img decoding=\"async\" title=\"ULM Eurofox\" width=\"150\" height=\"150\" class=\"skip-lazy fg-image\" data-no-lazy=\"1\" data-src-fg=\"https:\/\/www.aerodrome-paray.fr\/blog\/wp-content\/uploads\/cache\/JTQ-25-34\/3034475530.jpeg\" src=\"data:image\/svg+xml,%3Csvg%20xmlns%3D%22http%3A%2F%2Fwww.w3.org%2F2000%2Fsvg%22%20width%3D%22150%22%20height%3D%22150%22%20viewBox%3D%220%200%20150%20150%22%3E%3C%2Fsvg%3E\" loading=\"eager\"><\/span><span class=\"fg-image-overlay\"><\/span><\/a><figcaption class=\"fg-caption\"><div class=\"fg-caption-inner\"><div class=\"fg-caption-title\">ULM Eurofox<\/div><div class=\"fg-caption-desc\">ULM Eurofox<\/div><\/div><\/figcaption><\/figure><div class=\"fg-loader\"><\/div><\/div><div class=\"fg-item fg-type-image fg-idle\"><figure class=\"fg-item-inner\"><a href=\"https:\/\/www.aerodrome-paray.fr\/blog\/wp-content\/uploads\/JTQ-25-35.jpeg\" data-caption-title=\"\u00c0 l&#039;atterrissage: ULM Savage Cub\" data-caption-desc=\"\u00c0 l&#039;atterrissage: ULM Savage Cub\" data-attachment-id=\"7481\" data-type=\"image\" class=\"fg-thumb\"><span class=\"fg-image-wrap\"><img decoding=\"async\" title=\"\u00c0 l&#039;atterrissage: ULM Savage Cub\" width=\"150\" height=\"150\" class=\"skip-lazy fg-image\" data-no-lazy=\"1\" data-src-fg=\"https:\/\/www.aerodrome-paray.fr\/blog\/wp-content\/uploads\/cache\/JTQ-25-35\/4210323409.jpeg\" src=\"data:image\/svg+xml,%3Csvg%20xmlns%3D%22http%3A%2F%2Fwww.w3.org%2F2000%2Fsvg%22%20width%3D%22150%22%20height%3D%22150%22%20viewBox%3D%220%200%20150%20150%22%3E%3C%2Fsvg%3E\" loading=\"eager\"><\/span><span class=\"fg-image-overlay\"><\/span><\/a><figcaption class=\"fg-caption\"><div class=\"fg-caption-inner\"><div class=\"fg-caption-title\">\u00c0 l'atterrissage: ULM Savage Cub<\/div><div class=\"fg-caption-desc\">\u00c0 l'atterrissage: ULM Savage Cub<\/div><\/div><\/figcaption><\/figure><div class=\"fg-loader\"><\/div><\/div><div class=\"fg-item fg-type-image fg-idle\"><figure class=\"fg-item-inner\"><a href=\"https:\/\/www.aerodrome-paray.fr\/blog\/wp-content\/uploads\/JTQ-25-36.jpeg\" data-caption-title=\"68AGB : ULM Savage\" data-caption-desc=\"68AGB : ULM Savage\" data-attachment-id=\"7480\" data-type=\"image\" class=\"fg-thumb\"><span class=\"fg-image-wrap\"><img decoding=\"async\" title=\"68AGB : ULM Savage\" width=\"150\" height=\"150\" class=\"skip-lazy fg-image\" data-no-lazy=\"1\" data-src-fg=\"https:\/\/www.aerodrome-paray.fr\/blog\/wp-content\/uploads\/cache\/JTQ-25-36\/4098466204.jpeg\" src=\"data:image\/svg+xml,%3Csvg%20xmlns%3D%22http%3A%2F%2Fwww.w3.org%2F2000%2Fsvg%22%20width%3D%22150%22%20height%3D%22150%22%20viewBox%3D%220%200%20150%20150%22%3E%3C%2Fsvg%3E\" loading=\"eager\"><\/span><span class=\"fg-image-overlay\"><\/span><\/a><figcaption class=\"fg-caption\"><div class=\"fg-caption-inner\"><div class=\"fg-caption-title\">68AGB : ULM Savage<\/div><div class=\"fg-caption-desc\">68AGB : ULM Savage<\/div><\/div><\/figcaption><\/figure><div class=\"fg-loader\"><\/div><\/div><div class=\"fg-item fg-type-image fg-idle\"><figure class=\"fg-item-inner\"><a href=\"https:\/\/www.aerodrome-paray.fr\/blog\/wp-content\/uploads\/JTQ-25-17.jpeg\" data-caption-title=\"ULM Savage Cub\" data-caption-desc=\"ULM Savage Cub\" data-attachment-id=\"7499\" data-type=\"image\" class=\"fg-thumb\"><span class=\"fg-image-wrap\"><img decoding=\"async\" title=\"ULM Savage Cub\" width=\"150\" height=\"150\" class=\"skip-lazy fg-image\" data-no-lazy=\"1\" data-src-fg=\"https:\/\/www.aerodrome-paray.fr\/blog\/wp-content\/uploads\/cache\/JTQ-25-17\/1364541067.jpeg\" src=\"data:image\/svg+xml,%3Csvg%20xmlns%3D%22http%3A%2F%2Fwww.w3.org%2F2000%2Fsvg%22%20width%3D%22150%22%20height%3D%22150%22%20viewBox%3D%220%200%20150%20150%22%3E%3C%2Fsvg%3E\" loading=\"eager\"><\/span><span class=\"fg-image-overlay\"><\/span><\/a><figcaption class=\"fg-caption\"><div class=\"fg-caption-inner\"><div class=\"fg-caption-title\">ULM Savage Cub<\/div><div class=\"fg-caption-desc\">ULM Savage Cub<\/div><\/div><\/figcaption><\/figure><div class=\"fg-loader\"><\/div><\/div><div class=\"fg-item fg-type-image fg-idle\"><figure class=\"fg-item-inner\"><a href=\"https:\/\/www.aerodrome-paray.fr\/blog\/wp-content\/uploads\/JTQ-25-38.jpeg\" data-attachment-id=\"7478\" data-type=\"image\" class=\"fg-thumb\"><span class=\"fg-image-wrap\"><img decoding=\"async\" width=\"150\" height=\"150\" class=\"skip-lazy fg-image\" data-no-lazy=\"1\" data-src-fg=\"https:\/\/www.aerodrome-paray.fr\/blog\/wp-content\/uploads\/cache\/JTQ-25-38\/3962013544.jpeg\" src=\"data:image\/svg+xml,%3Csvg%20xmlns%3D%22http%3A%2F%2Fwww.w3.org%2F2000%2Fsvg%22%20width%3D%22150%22%20height%3D%22150%22%20viewBox%3D%220%200%20150%20150%22%3E%3C%2Fsvg%3E\" loading=\"eager\"><\/span><span class=\"fg-image-overlay\"><\/span><\/a><\/figure><div class=\"fg-loader\"><\/div><\/div><div class=\"fg-item fg-type-image fg-idle\"><figure class=\"fg-item-inner\"><a href=\"https:\/\/www.aerodrome-paray.fr\/blog\/wp-content\/uploads\/JTQ-25-39.jpeg\" data-caption-title=\"88ST : ULM fa\u00e7on Stampe\" data-caption-desc=\"88ST : ULM fa\u00e7on Stampe\" data-attachment-id=\"7477\" data-type=\"image\" class=\"fg-thumb\"><span class=\"fg-image-wrap\"><img decoding=\"async\" title=\"88ST : ULM fa\u00e7on Stampe\" width=\"150\" height=\"150\" class=\"skip-lazy fg-image\" data-no-lazy=\"1\" data-src-fg=\"https:\/\/www.aerodrome-paray.fr\/blog\/wp-content\/uploads\/cache\/JTQ-25-39\/473488530.jpeg\" src=\"data:image\/svg+xml,%3Csvg%20xmlns%3D%22http%3A%2F%2Fwww.w3.org%2F2000%2Fsvg%22%20width%3D%22150%22%20height%3D%22150%22%20viewBox%3D%220%200%20150%20150%22%3E%3C%2Fsvg%3E\" loading=\"eager\"><\/span><span class=\"fg-image-overlay\"><\/span><\/a><figcaption class=\"fg-caption\"><div class=\"fg-caption-inner\"><div class=\"fg-caption-title\">88ST : ULM fa\u00e7on Stampe<\/div><div class=\"fg-caption-desc\">88ST : ULM fa\u00e7on Stampe<\/div><\/div><\/figcaption><\/figure><div class=\"fg-loader\"><\/div><\/div><div class=\"fg-item fg-type-image fg-idle\"><figure class=\"fg-item-inner\"><a href=\"https:\/\/www.aerodrome-paray.fr\/blog\/wp-content\/uploads\/JTQ-25-40.jpeg\" data-attachment-id=\"7476\" data-type=\"image\" class=\"fg-thumb\"><span class=\"fg-image-wrap\"><img decoding=\"async\" width=\"150\" height=\"150\" class=\"skip-lazy fg-image\" data-no-lazy=\"1\" data-src-fg=\"https:\/\/www.aerodrome-paray.fr\/blog\/wp-content\/uploads\/cache\/JTQ-25-40\/1702331192.jpeg\" src=\"data:image\/svg+xml,%3Csvg%20xmlns%3D%22http%3A%2F%2Fwww.w3.org%2F2000%2Fsvg%22%20width%3D%22150%22%20height%3D%22150%22%20viewBox%3D%220%200%20150%20150%22%3E%3C%2Fsvg%3E\" loading=\"eager\"><\/span><span class=\"fg-image-overlay\"><\/span><\/a><\/figure><div class=\"fg-loader\"><\/div><\/div><div class=\"fg-item fg-type-image fg-idle\"><figure class=\"fg-item-inner\"><a href=\"https:\/\/www.aerodrome-paray.fr\/blog\/wp-content\/uploads\/JTQ-25-43.jpeg\" data-attachment-id=\"7473\" data-type=\"image\" class=\"fg-thumb\"><span class=\"fg-image-wrap\"><img decoding=\"async\" width=\"150\" height=\"150\" class=\"skip-lazy fg-image\" data-no-lazy=\"1\" data-src-fg=\"https:\/\/www.aerodrome-paray.fr\/blog\/wp-content\/uploads\/cache\/JTQ-25-43\/3070854997.jpeg\" src=\"data:image\/svg+xml,%3Csvg%20xmlns%3D%22http%3A%2F%2Fwww.w3.org%2F2000%2Fsvg%22%20width%3D%22150%22%20height%3D%22150%22%20viewBox%3D%220%200%20150%20150%22%3E%3C%2Fsvg%3E\" loading=\"eager\"><\/span><span class=\"fg-image-overlay\"><\/span><\/a><\/figure><div class=\"fg-loader\"><\/div><\/div><div class=\"fg-item fg-type-image fg-idle\"><figure class=\"fg-item-inner\"><a href=\"https:\/\/www.aerodrome-paray.fr\/blog\/wp-content\/uploads\/JTQ-25-45.jpeg\" data-caption-title=\"Au d\u00e9marrage un Cessna 185\" data-caption-desc=\"Au d\u00e9marrage un Cessna 185\" data-attachment-id=\"7471\" data-type=\"image\" class=\"fg-thumb\"><span class=\"fg-image-wrap\"><img decoding=\"async\" title=\"Au d\u00e9marrage un Cessna 185\" width=\"150\" height=\"150\" class=\"skip-lazy fg-image\" data-no-lazy=\"1\" data-src-fg=\"https:\/\/www.aerodrome-paray.fr\/blog\/wp-content\/uploads\/cache\/JTQ-25-45\/2859604943.jpeg\" src=\"data:image\/svg+xml,%3Csvg%20xmlns%3D%22http%3A%2F%2Fwww.w3.org%2F2000%2Fsvg%22%20width%3D%22150%22%20height%3D%22150%22%20viewBox%3D%220%200%20150%20150%22%3E%3C%2Fsvg%3E\" loading=\"eager\"><\/span><span class=\"fg-image-overlay\"><\/span><\/a><figcaption class=\"fg-caption\"><div class=\"fg-caption-inner\"><div class=\"fg-caption-title\">Au d\u00e9marrage un Cessna 185<\/div><div class=\"fg-caption-desc\">Au d\u00e9marrage un Cessna 185<\/div><\/div><\/figcaption><\/figure><div class=\"fg-loader\"><\/div><\/div><div class=\"fg-item fg-type-image fg-idle\"><figure class=\"fg-item-inner\"><a href=\"https:\/\/www.aerodrome-paray.fr\/blog\/wp-content\/uploads\/JTQ-25-44.jpeg\" data-caption-title=\"Cessna 185 immatricul\u00e9 au Canada (C-FJSG)\" data-caption-desc=\"Cessna 185 immatricul\u00e9 au Canada (C-FJSG)\" data-attachment-id=\"7472\" data-type=\"image\" class=\"fg-thumb\"><span class=\"fg-image-wrap\"><img decoding=\"async\" title=\"Cessna 185 immatricul\u00e9 au Canada (C-FJSG)\" width=\"150\" height=\"150\" class=\"skip-lazy fg-image\" data-no-lazy=\"1\" data-src-fg=\"https:\/\/www.aerodrome-paray.fr\/blog\/wp-content\/uploads\/cache\/JTQ-25-44\/3830978580.jpeg\" src=\"data:image\/svg+xml,%3Csvg%20xmlns%3D%22http%3A%2F%2Fwww.w3.org%2F2000%2Fsvg%22%20width%3D%22150%22%20height%3D%22150%22%20viewBox%3D%220%200%20150%20150%22%3E%3C%2Fsvg%3E\" loading=\"eager\"><\/span><span class=\"fg-image-overlay\"><\/span><\/a><figcaption class=\"fg-caption\"><div class=\"fg-caption-inner\"><div class=\"fg-caption-title\">Cessna 185 immatricul\u00e9 au Canada (C-FJSG)<\/div><div class=\"fg-caption-desc\">Cessna 185 immatricul\u00e9 au Canada (C-FJSG)<\/div><\/div><\/figcaption><\/figure><div class=\"fg-loader\"><\/div><\/div><div class=\"fg-item fg-type-image fg-idle\"><figure class=\"fg-item-inner\"><a href=\"https:\/\/www.aerodrome-paray.fr\/blog\/wp-content\/uploads\/JTQ-25-46.jpeg\" data-caption-title=\"Plusieurs avions venus d&#039;Allemagne : ici un Falco F8L  (D-EHHE)\" data-caption-desc=\"Plusieurs avions venus d&#039;Allemagne : ici un Falco F8L  (D-EHHE)\" data-attachment-id=\"7470\" data-type=\"image\" class=\"fg-thumb\"><span class=\"fg-image-wrap\"><img decoding=\"async\" title=\"Plusieurs avions venus d&#039;Allemagne : ici un Falco F8L  (D-EHHE)\" width=\"150\" height=\"150\" class=\"skip-lazy fg-image\" data-no-lazy=\"1\" data-src-fg=\"https:\/\/www.aerodrome-paray.fr\/blog\/wp-content\/uploads\/cache\/JTQ-25-46\/2765084034.jpeg\" src=\"data:image\/svg+xml,%3Csvg%20xmlns%3D%22http%3A%2F%2Fwww.w3.org%2F2000%2Fsvg%22%20width%3D%22150%22%20height%3D%22150%22%20viewBox%3D%220%200%20150%20150%22%3E%3C%2Fsvg%3E\" loading=\"eager\"><\/span><span class=\"fg-image-overlay\"><\/span><\/a><figcaption class=\"fg-caption\"><div class=\"fg-caption-inner\"><div class=\"fg-caption-title\">Plusieurs avions venus d'Allemagne : ici un Falco F8L  (D-EHHE)<\/div><div class=\"fg-caption-desc\">Plusieurs avions venus d'Allemagne : ici un Falco F8L  (D-EHHE)<\/div><\/div><\/figcaption><\/figure><div class=\"fg-loader\"><\/div><\/div><div class=\"fg-item fg-type-image fg-idle\"><figure class=\"fg-item-inner\"><a href=\"https:\/\/www.aerodrome-paray.fr\/blog\/wp-content\/uploads\/JTQ-25-47.jpeg\" data-caption-title=\"\u00c0 l&#039;atterrissage (au-dessus de la route) : Husky\" data-caption-desc=\"\u00c0 l&#039;atterrissage (au-dessus de la route) : Husky\" data-attachment-id=\"7469\" data-type=\"image\" class=\"fg-thumb\"><span class=\"fg-image-wrap\"><img decoding=\"async\" title=\"\u00c0 l&#039;atterrissage (au-dessus de la route) : Husky\" width=\"150\" height=\"150\" class=\"skip-lazy fg-image\" data-no-lazy=\"1\" data-src-fg=\"https:\/\/www.aerodrome-paray.fr\/blog\/wp-content\/uploads\/cache\/JTQ-25-47\/86416040.jpeg\" src=\"data:image\/svg+xml,%3Csvg%20xmlns%3D%22http%3A%2F%2Fwww.w3.org%2F2000%2Fsvg%22%20width%3D%22150%22%20height%3D%22150%22%20viewBox%3D%220%200%20150%20150%22%3E%3C%2Fsvg%3E\" loading=\"eager\"><\/span><span class=\"fg-image-overlay\"><\/span><\/a><figcaption class=\"fg-caption\"><div class=\"fg-caption-inner\"><div class=\"fg-caption-title\">\u00c0 l'atterrissage (au-dessus de la route) : Husky<\/div><div class=\"fg-caption-desc\">\u00c0 l'atterrissage (au-dessus de la route) : Husky<\/div><\/div><\/figcaption><\/figure><div class=\"fg-loader\"><\/div><\/div><div class=\"fg-item fg-type-image fg-idle\"><figure class=\"fg-item-inner\"><a href=\"https:\/\/www.aerodrome-paray.fr\/blog\/wp-content\/uploads\/JTQ-25-48.jpeg\" data-caption-title=\"D-EIXX (Allemagne) : Aviat Husky\" data-caption-desc=\"D-EIXX (Allemagne) : Aviat Husky\" data-attachment-id=\"7468\" data-type=\"image\" class=\"fg-thumb\"><span class=\"fg-image-wrap\"><img decoding=\"async\" title=\"D-EIXX (Allemagne) : Aviat Husky\" width=\"150\" height=\"150\" class=\"skip-lazy fg-image\" data-no-lazy=\"1\" data-src-fg=\"https:\/\/www.aerodrome-paray.fr\/blog\/wp-content\/uploads\/cache\/JTQ-25-48\/3987711985.jpeg\" src=\"data:image\/svg+xml,%3Csvg%20xmlns%3D%22http%3A%2F%2Fwww.w3.org%2F2000%2Fsvg%22%20width%3D%22150%22%20height%3D%22150%22%20viewBox%3D%220%200%20150%20150%22%3E%3C%2Fsvg%3E\" loading=\"eager\"><\/span><span class=\"fg-image-overlay\"><\/span><\/a><figcaption class=\"fg-caption\"><div class=\"fg-caption-inner\"><div class=\"fg-caption-title\">D-EIXX (Allemagne) : Aviat Husky<\/div><div class=\"fg-caption-desc\">D-EIXX (Allemagne) : Aviat Husky<\/div><\/div><\/figcaption><\/figure><div class=\"fg-loader\"><\/div><\/div><div class=\"fg-item fg-type-image fg-idle\"><figure class=\"fg-item-inner\"><a href=\"https:\/\/www.aerodrome-paray.fr\/blog\/wp-content\/uploads\/JTQ-25-49.jpeg\" data-caption-title=\"Arriv\u00e9 d&#039;Allemagne ce Piper J3 (D-ELWE) Une bonne quinzaine d&#039;avions de ce type sur ces 2 journ\u00e9es.\" data-caption-desc=\"Arriv\u00e9 d&#039;Allemagne ce Piper J3 (D-ELWE) Une bonne quinzaine d&#039;avions de ce type sur ces 2 journ\u00e9es.\" data-attachment-id=\"7467\" data-type=\"image\" class=\"fg-thumb\"><span class=\"fg-image-wrap\"><img decoding=\"async\" title=\"Arriv\u00e9 d&#039;Allemagne ce Piper J3 (D-ELWE) Une bonne quinzaine d&#039;avions de ce type sur ces 2 journ\u00e9es.\" width=\"150\" height=\"150\" class=\"skip-lazy fg-image\" data-no-lazy=\"1\" data-src-fg=\"https:\/\/www.aerodrome-paray.fr\/blog\/wp-content\/uploads\/cache\/JTQ-25-49\/498138123.jpeg\" src=\"data:image\/svg+xml,%3Csvg%20xmlns%3D%22http%3A%2F%2Fwww.w3.org%2F2000%2Fsvg%22%20width%3D%22150%22%20height%3D%22150%22%20viewBox%3D%220%200%20150%20150%22%3E%3C%2Fsvg%3E\" loading=\"eager\"><\/span><span class=\"fg-image-overlay\"><\/span><\/a><figcaption class=\"fg-caption\"><div class=\"fg-caption-inner\"><div class=\"fg-caption-title\">Arriv\u00e9 d'Allemagne ce Piper J3 (D-ELWE) Une bonne quinzaine d'avions de ce type sur ces 2 journ\u00e9es.<\/div><div class=\"fg-caption-desc\">Arriv\u00e9 d'Allemagne ce Piper J3 (D-ELWE) Une bonne quinzaine d'avions de ce type sur ces 2 journ\u00e9es.<\/div><\/div><\/figcaption><\/figure><div class=\"fg-loader\"><\/div><\/div><div class=\"fg-item fg-type-image fg-idle\"><figure class=\"fg-item-inner\"><a href=\"https:\/\/www.aerodrome-paray.fr\/blog\/wp-content\/uploads\/JTQ-25-50.jpeg\" data-caption-title=\"Encore un Piper : PA-18 venu d&#039;Allemagne : D-ETIU\" data-caption-desc=\"Encore un Piper : PA-18 venu d&#039;Allemagne : D-ETIU\" data-attachment-id=\"7466\" data-type=\"image\" class=\"fg-thumb\"><span class=\"fg-image-wrap\"><img decoding=\"async\" title=\"Encore un Piper : PA-18 venu d&#039;Allemagne : D-ETIU\" width=\"150\" height=\"150\" class=\"skip-lazy fg-image\" data-no-lazy=\"1\" data-src-fg=\"https:\/\/www.aerodrome-paray.fr\/blog\/wp-content\/uploads\/cache\/JTQ-25-50\/1776407526.jpeg\" src=\"data:image\/svg+xml,%3Csvg%20xmlns%3D%22http%3A%2F%2Fwww.w3.org%2F2000%2Fsvg%22%20width%3D%22150%22%20height%3D%22150%22%20viewBox%3D%220%200%20150%20150%22%3E%3C%2Fsvg%3E\" loading=\"eager\"><\/span><span class=\"fg-image-overlay\"><\/span><\/a><figcaption class=\"fg-caption\"><div class=\"fg-caption-inner\"><div class=\"fg-caption-title\">Encore un Piper : PA-18 venu d'Allemagne : D-ETIU<\/div><div class=\"fg-caption-desc\">Encore un Piper : PA-18 venu d'Allemagne : D-ETIU<\/div><\/div><\/figcaption><\/figure><div class=\"fg-loader\"><\/div><\/div><div class=\"fg-item fg-type-image fg-idle\"><figure class=\"fg-item-inner\"><a href=\"https:\/\/www.aerodrome-paray.fr\/blog\/wp-content\/uploads\/JTQ-25-51.jpeg\" data-caption-title=\"F-AYAN : Cessna 140\" data-caption-desc=\"F-AYAN : Cessna 140\" data-attachment-id=\"7465\" data-type=\"image\" class=\"fg-thumb\"><span class=\"fg-image-wrap\"><img decoding=\"async\" title=\"F-AYAN : Cessna 140\" width=\"150\" height=\"150\" class=\"skip-lazy fg-image\" data-no-lazy=\"1\" data-src-fg=\"https:\/\/www.aerodrome-paray.fr\/blog\/wp-content\/uploads\/cache\/JTQ-25-51\/667668541.jpeg\" src=\"data:image\/svg+xml,%3Csvg%20xmlns%3D%22http%3A%2F%2Fwww.w3.org%2F2000%2Fsvg%22%20width%3D%22150%22%20height%3D%22150%22%20viewBox%3D%220%200%20150%20150%22%3E%3C%2Fsvg%3E\" loading=\"eager\"><\/span><span class=\"fg-image-overlay\"><\/span><\/a><figcaption class=\"fg-caption\"><div class=\"fg-caption-inner\"><div class=\"fg-caption-title\">F-AYAN : Cessna 140<\/div><div class=\"fg-caption-desc\">F-AYAN : Cessna 140<\/div><\/div><\/figcaption><\/figure><div class=\"fg-loader\"><\/div><\/div><div class=\"fg-item fg-type-image fg-idle\"><figure class=\"fg-item-inner\"><a href=\"https:\/\/www.aerodrome-paray.fr\/blog\/wp-content\/uploads\/JTQ-25-52.jpeg\" data-caption-title=\"Un habitu\u00e9 de notre terrain : Boeing Stearman (F-AYNP)\" data-caption-desc=\"Un habitu\u00e9 de notre terrain : Boeing Stearman (F-AYNP)\" data-attachment-id=\"7464\" data-type=\"image\" class=\"fg-thumb\"><span class=\"fg-image-wrap\"><img decoding=\"async\" title=\"Un habitu\u00e9 de notre terrain : Boeing Stearman (F-AYNP)\" width=\"150\" height=\"150\" class=\"skip-lazy fg-image\" data-no-lazy=\"1\" data-src-fg=\"https:\/\/www.aerodrome-paray.fr\/blog\/wp-content\/uploads\/cache\/JTQ-25-52\/695606896.jpeg\" src=\"data:image\/svg+xml,%3Csvg%20xmlns%3D%22http%3A%2F%2Fwww.w3.org%2F2000%2Fsvg%22%20width%3D%22150%22%20height%3D%22150%22%20viewBox%3D%220%200%20150%20150%22%3E%3C%2Fsvg%3E\" loading=\"eager\"><\/span><span class=\"fg-image-overlay\"><\/span><\/a><figcaption class=\"fg-caption\"><div class=\"fg-caption-inner\"><div class=\"fg-caption-title\">Un habitu\u00e9 de notre terrain : Boeing Stearman (F-AYNP)<\/div><div class=\"fg-caption-desc\">Un habitu\u00e9 de notre terrain : Boeing Stearman (F-AYNP)<\/div><\/div><\/figcaption><\/figure><div class=\"fg-loader\"><\/div><\/div><div class=\"fg-item fg-type-image fg-idle\"><figure class=\"fg-item-inner\"><a href=\"https:\/\/www.aerodrome-paray.fr\/blog\/wp-content\/uploads\/JTQ-25-53.jpeg\" data-caption-title=\"F-AZXO : Un beau cessna C-140\" data-caption-desc=\"F-AZXO : Un beau cessna C-140\" data-attachment-id=\"7463\" data-type=\"image\" class=\"fg-thumb\"><span class=\"fg-image-wrap\"><img decoding=\"async\" title=\"F-AZXO : Un beau cessna C-140\" width=\"150\" height=\"150\" class=\"skip-lazy fg-image\" data-no-lazy=\"1\" data-src-fg=\"https:\/\/www.aerodrome-paray.fr\/blog\/wp-content\/uploads\/cache\/JTQ-25-53\/3147814795.jpeg\" src=\"data:image\/svg+xml,%3Csvg%20xmlns%3D%22http%3A%2F%2Fwww.w3.org%2F2000%2Fsvg%22%20width%3D%22150%22%20height%3D%22150%22%20viewBox%3D%220%200%20150%20150%22%3E%3C%2Fsvg%3E\" loading=\"eager\"><\/span><span class=\"fg-image-overlay\"><\/span><\/a><figcaption class=\"fg-caption\"><div class=\"fg-caption-inner\"><div class=\"fg-caption-title\">F-AZXO : Un beau cessna C-140<\/div><div class=\"fg-caption-desc\">F-AZXO : Un beau cessna C-140<\/div><\/div><\/figcaption><\/figure><div class=\"fg-loader\"><\/div><\/div><div class=\"fg-item fg-type-image fg-idle\"><figure class=\"fg-item-inner\"><a href=\"https:\/\/www.aerodrome-paray.fr\/blog\/wp-content\/uploads\/JTQ-25-54.jpeg\" data-caption-title=\"Au roulage : un Stampe S.V.4 A habitu\u00e9 de notre plateforme (F-BBUU)\" data-caption-desc=\"Au roulage : un Stampe S.V.4 A habitu\u00e9 de notre plateforme (F-BBUU)\" data-attachment-id=\"7462\" data-type=\"image\" class=\"fg-thumb\"><span class=\"fg-image-wrap\"><img decoding=\"async\" title=\"Au roulage : un Stampe S.V.4 A habitu\u00e9 de notre plateforme (F-BBUU)\" width=\"150\" height=\"150\" class=\"skip-lazy fg-image\" data-no-lazy=\"1\" data-src-fg=\"https:\/\/www.aerodrome-paray.fr\/blog\/wp-content\/uploads\/cache\/JTQ-25-54\/3905833162.jpeg\" src=\"data:image\/svg+xml,%3Csvg%20xmlns%3D%22http%3A%2F%2Fwww.w3.org%2F2000%2Fsvg%22%20width%3D%22150%22%20height%3D%22150%22%20viewBox%3D%220%200%20150%20150%22%3E%3C%2Fsvg%3E\" loading=\"eager\"><\/span><span class=\"fg-image-overlay\"><\/span><\/a><figcaption class=\"fg-caption\"><div class=\"fg-caption-inner\"><div class=\"fg-caption-title\">Au roulage : un Stampe S.V.4 A habitu\u00e9 de notre plateforme (F-BBUU)<\/div><div class=\"fg-caption-desc\">Au roulage : un Stampe S.V.4 A habitu\u00e9 de notre plateforme (F-BBUU)<\/div><\/div><\/figcaption><\/figure><div class=\"fg-loader\"><\/div><\/div><div class=\"fg-item fg-type-image fg-idle\"><figure class=\"fg-item-inner\"><a href=\"https:\/\/www.aerodrome-paray.fr\/blog\/wp-content\/uploads\/JTQ-25-55.jpeg\" data-attachment-id=\"7461\" data-type=\"image\" class=\"fg-thumb\"><span class=\"fg-image-wrap\"><img decoding=\"async\" width=\"150\" height=\"150\" class=\"skip-lazy fg-image\" data-no-lazy=\"1\" data-src-fg=\"https:\/\/www.aerodrome-paray.fr\/blog\/wp-content\/uploads\/cache\/JTQ-25-55\/2799979281.jpeg\" src=\"data:image\/svg+xml,%3Csvg%20xmlns%3D%22http%3A%2F%2Fwww.w3.org%2F2000%2Fsvg%22%20width%3D%22150%22%20height%3D%22150%22%20viewBox%3D%220%200%20150%20150%22%3E%3C%2Fsvg%3E\" loading=\"eager\"><\/span><span class=\"fg-image-overlay\"><\/span><\/a><\/figure><div class=\"fg-loader\"><\/div><\/div><div class=\"fg-item fg-type-image fg-idle\"><figure class=\"fg-item-inner\"><a href=\"https:\/\/www.aerodrome-paray.fr\/blog\/wp-content\/uploads\/JTQ-25-56.jpeg\" data-attachment-id=\"7460\" data-type=\"image\" class=\"fg-thumb\"><span class=\"fg-image-wrap\"><img decoding=\"async\" width=\"150\" height=\"150\" class=\"skip-lazy fg-image\" data-no-lazy=\"1\" data-src-fg=\"https:\/\/www.aerodrome-paray.fr\/blog\/wp-content\/uploads\/cache\/JTQ-25-56\/2824439132.jpeg\" src=\"data:image\/svg+xml,%3Csvg%20xmlns%3D%22http%3A%2F%2Fwww.w3.org%2F2000%2Fsvg%22%20width%3D%22150%22%20height%3D%22150%22%20viewBox%3D%220%200%20150%20150%22%3E%3C%2Fsvg%3E\" loading=\"eager\"><\/span><span class=\"fg-image-overlay\"><\/span><\/a><\/figure><div class=\"fg-loader\"><\/div><\/div><div class=\"fg-item fg-type-image fg-idle\"><figure class=\"fg-item-inner\"><a href=\"https:\/\/www.aerodrome-paray.fr\/blog\/wp-content\/uploads\/JTQ-25-57.jpeg\" data-attachment-id=\"7459\" data-type=\"image\" class=\"fg-thumb\"><span class=\"fg-image-wrap\"><img decoding=\"async\" width=\"150\" height=\"150\" class=\"skip-lazy fg-image\" data-no-lazy=\"1\" data-src-fg=\"https:\/\/www.aerodrome-paray.fr\/blog\/wp-content\/uploads\/cache\/JTQ-25-57\/342473719.jpeg\" src=\"data:image\/svg+xml,%3Csvg%20xmlns%3D%22http%3A%2F%2Fwww.w3.org%2F2000%2Fsvg%22%20width%3D%22150%22%20height%3D%22150%22%20viewBox%3D%220%200%20150%20150%22%3E%3C%2Fsvg%3E\" loading=\"eager\"><\/span><span class=\"fg-image-overlay\"><\/span><\/a><\/figure><div class=\"fg-loader\"><\/div><\/div><div class=\"fg-item fg-type-image fg-idle\"><figure class=\"fg-item-inner\"><a href=\"https:\/\/www.aerodrome-paray.fr\/blog\/wp-content\/uploads\/JTQ-25-58.jpeg\" data-caption-title=\"Au d\u00e9part : un beau Jodel D-112 (F-BHCK)\" data-caption-desc=\"Au d\u00e9part : un beau Jodel D-112 (F-BHCK)\" data-attachment-id=\"7458\" data-type=\"image\" class=\"fg-thumb\"><span class=\"fg-image-wrap\"><img decoding=\"async\" title=\"Au d\u00e9part : un beau Jodel D-112 (F-BHCK)\" width=\"150\" height=\"150\" class=\"skip-lazy fg-image\" data-no-lazy=\"1\" data-src-fg=\"https:\/\/www.aerodrome-paray.fr\/blog\/wp-content\/uploads\/cache\/JTQ-25-58\/4242572974.jpeg\" src=\"data:image\/svg+xml,%3Csvg%20xmlns%3D%22http%3A%2F%2Fwww.w3.org%2F2000%2Fsvg%22%20width%3D%22150%22%20height%3D%22150%22%20viewBox%3D%220%200%20150%20150%22%3E%3C%2Fsvg%3E\" loading=\"eager\"><\/span><span class=\"fg-image-overlay\"><\/span><\/a><figcaption class=\"fg-caption\"><div class=\"fg-caption-inner\"><div class=\"fg-caption-title\">Au d\u00e9part : un beau Jodel D-112 (F-BHCK)<\/div><div class=\"fg-caption-desc\">Au d\u00e9part : un beau Jodel D-112 (F-BHCK)<\/div><\/div><\/figcaption><\/figure><div class=\"fg-loader\"><\/div><\/div><div class=\"fg-item fg-type-image fg-idle\"><figure class=\"fg-item-inner\"><a href=\"https:\/\/www.aerodrome-paray.fr\/blog\/wp-content\/uploads\/JTQ-25-59.jpeg\" data-attachment-id=\"7457\" data-type=\"image\" class=\"fg-thumb\"><span class=\"fg-image-wrap\"><img decoding=\"async\" width=\"150\" height=\"150\" class=\"skip-lazy fg-image\" data-no-lazy=\"1\" data-src-fg=\"https:\/\/www.aerodrome-paray.fr\/blog\/wp-content\/uploads\/cache\/JTQ-25-59\/218094932.jpeg\" src=\"data:image\/svg+xml,%3Csvg%20xmlns%3D%22http%3A%2F%2Fwww.w3.org%2F2000%2Fsvg%22%20width%3D%22150%22%20height%3D%22150%22%20viewBox%3D%220%200%20150%20150%22%3E%3C%2Fsvg%3E\" loading=\"eager\"><\/span><span class=\"fg-image-overlay\"><\/span><\/a><\/figure><div class=\"fg-loader\"><\/div><\/div><div class=\"fg-item fg-type-image fg-idle\"><figure class=\"fg-item-inner\"><a href=\"https:\/\/www.aerodrome-paray.fr\/blog\/wp-content\/uploads\/JTQ-25-60.jpeg\" data-attachment-id=\"7456\" data-type=\"image\" class=\"fg-thumb\"><span class=\"fg-image-wrap\"><img decoding=\"async\" width=\"150\" height=\"150\" class=\"skip-lazy fg-image\" data-no-lazy=\"1\" data-src-fg=\"https:\/\/www.aerodrome-paray.fr\/blog\/wp-content\/uploads\/cache\/JTQ-25-60\/2086347396.jpeg\" src=\"data:image\/svg+xml,%3Csvg%20xmlns%3D%22http%3A%2F%2Fwww.w3.org%2F2000%2Fsvg%22%20width%3D%22150%22%20height%3D%22150%22%20viewBox%3D%220%200%20150%20150%22%3E%3C%2Fsvg%3E\" loading=\"eager\"><\/span><span class=\"fg-image-overlay\"><\/span><\/a><\/figure><div class=\"fg-loader\"><\/div><\/div><div class=\"fg-item fg-type-image fg-idle\"><figure class=\"fg-item-inner\"><a href=\"https:\/\/www.aerodrome-paray.fr\/blog\/wp-content\/uploads\/JTQ-25-61.jpeg\" data-caption-title=\"F-BNMP : Piper PA-18 \u00e0 l&#039;atterrissage\" data-caption-desc=\"F-BNMP : Piper PA-18 \u00e0 l&#039;atterrissage\" data-attachment-id=\"7455\" data-type=\"image\" class=\"fg-thumb\"><span class=\"fg-image-wrap\"><img decoding=\"async\" title=\"F-BNMP : Piper PA-18 \u00e0 l&#039;atterrissage\" width=\"150\" height=\"150\" class=\"skip-lazy fg-image\" data-no-lazy=\"1\" data-src-fg=\"https:\/\/www.aerodrome-paray.fr\/blog\/wp-content\/uploads\/cache\/JTQ-25-61\/846274911.jpeg\" src=\"data:image\/svg+xml,%3Csvg%20xmlns%3D%22http%3A%2F%2Fwww.w3.org%2F2000%2Fsvg%22%20width%3D%22150%22%20height%3D%22150%22%20viewBox%3D%220%200%20150%20150%22%3E%3C%2Fsvg%3E\" loading=\"eager\"><\/span><span class=\"fg-image-overlay\"><\/span><\/a><figcaption class=\"fg-caption\"><div class=\"fg-caption-inner\"><div class=\"fg-caption-title\">F-BNMP : Piper PA-18 \u00e0 l'atterrissage<\/div><div class=\"fg-caption-desc\">F-BNMP : Piper PA-18 \u00e0 l'atterrissage<\/div><\/div><\/figcaption><\/figure><div class=\"fg-loader\"><\/div><\/div><div class=\"fg-item fg-type-image fg-idle\"><figure class=\"fg-item-inner\"><a href=\"https:\/\/www.aerodrome-paray.fr\/blog\/wp-content\/uploads\/JTQ-25-62.jpeg\" data-caption-title=\"DR-250 (F-BNVA)\" data-caption-desc=\"DR-250 (F-BNVA)\" data-attachment-id=\"7454\" data-type=\"image\" class=\"fg-thumb\"><span class=\"fg-image-wrap\"><img decoding=\"async\" title=\"DR-250 (F-BNVA)\" width=\"150\" height=\"150\" class=\"skip-lazy fg-image\" data-no-lazy=\"1\" data-src-fg=\"https:\/\/www.aerodrome-paray.fr\/blog\/wp-content\/uploads\/cache\/JTQ-25-62\/1020063506.jpeg\" src=\"data:image\/svg+xml,%3Csvg%20xmlns%3D%22http%3A%2F%2Fwww.w3.org%2F2000%2Fsvg%22%20width%3D%22150%22%20height%3D%22150%22%20viewBox%3D%220%200%20150%20150%22%3E%3C%2Fsvg%3E\" loading=\"eager\"><\/span><span class=\"fg-image-overlay\"><\/span><\/a><figcaption class=\"fg-caption\"><div class=\"fg-caption-inner\"><div class=\"fg-caption-title\">DR-250 (F-BNVA)<\/div><div class=\"fg-caption-desc\">DR-250 (F-BNVA)<\/div><\/div><\/figcaption><\/figure><div class=\"fg-loader\"><\/div><\/div><div class=\"fg-item fg-type-image fg-idle\"><figure class=\"fg-item-inner\"><a href=\"https:\/\/www.aerodrome-paray.fr\/blog\/wp-content\/uploads\/JTQ-25-63.jpeg\" data-caption-title=\"Piper PA-19 (F-BOFY)\" data-caption-desc=\"Piper PA-19 (F-BOFY)\" data-attachment-id=\"7453\" data-type=\"image\" class=\"fg-thumb\"><span class=\"fg-image-wrap\"><img decoding=\"async\" title=\"Piper PA-19 (F-BOFY)\" width=\"150\" height=\"150\" class=\"skip-lazy fg-image\" data-no-lazy=\"1\" data-src-fg=\"https:\/\/www.aerodrome-paray.fr\/blog\/wp-content\/uploads\/cache\/JTQ-25-63\/2921670377.jpeg\" src=\"data:image\/svg+xml,%3Csvg%20xmlns%3D%22http%3A%2F%2Fwww.w3.org%2F2000%2Fsvg%22%20width%3D%22150%22%20height%3D%22150%22%20viewBox%3D%220%200%20150%20150%22%3E%3C%2Fsvg%3E\" loading=\"eager\"><\/span><span class=\"fg-image-overlay\"><\/span><\/a><figcaption class=\"fg-caption\"><div class=\"fg-caption-inner\"><div class=\"fg-caption-title\">Piper PA-19 (F-BOFY)<\/div><div class=\"fg-caption-desc\">Piper PA-19 (F-BOFY)<\/div><\/div><\/figcaption><\/figure><div class=\"fg-loader\"><\/div><\/div><div class=\"fg-item fg-type-image fg-idle\"><figure class=\"fg-item-inner\"><a href=\"https:\/\/www.aerodrome-paray.fr\/blog\/wp-content\/uploads\/JTQ-25-64.jpeg\" data-attachment-id=\"7452\" data-type=\"image\" class=\"fg-thumb\"><span class=\"fg-image-wrap\"><img decoding=\"async\" width=\"150\" height=\"150\" class=\"skip-lazy fg-image\" data-no-lazy=\"1\" data-src-fg=\"https:\/\/www.aerodrome-paray.fr\/blog\/wp-content\/uploads\/cache\/JTQ-25-64\/4252285352.jpeg\" src=\"data:image\/svg+xml,%3Csvg%20xmlns%3D%22http%3A%2F%2Fwww.w3.org%2F2000%2Fsvg%22%20width%3D%22150%22%20height%3D%22150%22%20viewBox%3D%220%200%20150%20150%22%3E%3C%2Fsvg%3E\" loading=\"eager\"><\/span><span class=\"fg-image-overlay\"><\/span><\/a><\/figure><div class=\"fg-loader\"><\/div><\/div><div class=\"fg-item fg-type-image fg-idle\"><figure class=\"fg-item-inner\"><a href=\"https:\/\/www.aerodrome-paray.fr\/blog\/wp-content\/uploads\/JTQ-25-65.jpeg\" data-caption-title=\"F-BOKA : DR-250\" data-caption-desc=\"F-BOKA : DR-250\" data-attachment-id=\"7451\" data-type=\"image\" class=\"fg-thumb\"><span class=\"fg-image-wrap\"><img decoding=\"async\" title=\"F-BOKA : DR-250\" width=\"150\" height=\"150\" class=\"skip-lazy fg-image\" data-no-lazy=\"1\" data-src-fg=\"https:\/\/www.aerodrome-paray.fr\/blog\/wp-content\/uploads\/cache\/JTQ-25-65\/3009329779.jpeg\" src=\"data:image\/svg+xml,%3Csvg%20xmlns%3D%22http%3A%2F%2Fwww.w3.org%2F2000%2Fsvg%22%20width%3D%22150%22%20height%3D%22150%22%20viewBox%3D%220%200%20150%20150%22%3E%3C%2Fsvg%3E\" loading=\"eager\"><\/span><span class=\"fg-image-overlay\"><\/span><\/a><figcaption class=\"fg-caption\"><div class=\"fg-caption-inner\"><div class=\"fg-caption-title\">F-BOKA : DR-250<\/div><div class=\"fg-caption-desc\">F-BOKA : DR-250<\/div><\/div><\/figcaption><\/figure><div class=\"fg-loader\"><\/div><\/div><div class=\"fg-item fg-type-image fg-idle\"><figure class=\"fg-item-inner\"><a href=\"https:\/\/www.aerodrome-paray.fr\/blog\/wp-content\/uploads\/JTQ-25-66.jpeg\" data-caption-title=\"F-BOMI : Piper PA-19 de l&#039;A\u00e9ro-Club d&#039;Annecy\" data-caption-desc=\"F-BOMI : Piper PA-19 de l&#039;A\u00e9ro-Club d&#039;Annecy\" data-attachment-id=\"7450\" data-type=\"image\" class=\"fg-thumb\"><span class=\"fg-image-wrap\"><img decoding=\"async\" title=\"F-BOMI : Piper PA-19 de l&#039;A\u00e9ro-Club d&#039;Annecy\" width=\"150\" height=\"150\" class=\"skip-lazy fg-image\" data-no-lazy=\"1\" data-src-fg=\"https:\/\/www.aerodrome-paray.fr\/blog\/wp-content\/uploads\/cache\/JTQ-25-66\/3185800254.jpeg\" src=\"data:image\/svg+xml,%3Csvg%20xmlns%3D%22http%3A%2F%2Fwww.w3.org%2F2000%2Fsvg%22%20width%3D%22150%22%20height%3D%22150%22%20viewBox%3D%220%200%20150%20150%22%3E%3C%2Fsvg%3E\" loading=\"eager\"><\/span><span class=\"fg-image-overlay\"><\/span><\/a><figcaption class=\"fg-caption\"><div class=\"fg-caption-inner\"><div class=\"fg-caption-title\">F-BOMI : Piper PA-19 de l'A\u00e9ro-Club d'Annecy<\/div><div class=\"fg-caption-desc\">F-BOMI : Piper PA-19 de l'A\u00e9ro-Club d'Annecy<\/div><\/div><\/figcaption><\/figure><div class=\"fg-loader\"><\/div><\/div><div class=\"fg-item fg-type-image fg-idle\"><figure class=\"fg-item-inner\"><a href=\"https:\/\/www.aerodrome-paray.fr\/blog\/wp-content\/uploads\/JTQ-25-67.jpeg\" data-caption-title=\"A l&#039;atterrissage : Jodel D-140 Mousquetaire\" data-caption-desc=\"A l&#039;atterrissage : Jodel D-140 Mousquetaire\" data-attachment-id=\"7449\" data-type=\"image\" class=\"fg-thumb\"><span class=\"fg-image-wrap\"><img decoding=\"async\" title=\"A l&#039;atterrissage : Jodel D-140 Mousquetaire\" width=\"150\" height=\"150\" class=\"skip-lazy fg-image\" data-no-lazy=\"1\" data-src-fg=\"https:\/\/www.aerodrome-paray.fr\/blog\/wp-content\/uploads\/cache\/JTQ-25-67\/470432532.jpeg\" src=\"data:image\/svg+xml,%3Csvg%20xmlns%3D%22http%3A%2F%2Fwww.w3.org%2F2000%2Fsvg%22%20width%3D%22150%22%20height%3D%22150%22%20viewBox%3D%220%200%20150%20150%22%3E%3C%2Fsvg%3E\" loading=\"eager\"><\/span><span class=\"fg-image-overlay\"><\/span><\/a><figcaption class=\"fg-caption\"><div class=\"fg-caption-inner\"><div class=\"fg-caption-title\">A l'atterrissage : Jodel D-140 Mousquetaire<\/div><div class=\"fg-caption-desc\">A l'atterrissage : Jodel D-140 Mousquetaire<\/div><\/div><\/figcaption><\/figure><div class=\"fg-loader\"><\/div><\/div><div class=\"fg-item fg-type-image fg-idle\"><figure class=\"fg-item-inner\"><a href=\"https:\/\/www.aerodrome-paray.fr\/blog\/wp-content\/uploads\/JTQ-25-68.jpeg\" data-attachment-id=\"7448\" data-type=\"image\" class=\"fg-thumb\"><span class=\"fg-image-wrap\"><img decoding=\"async\" width=\"150\" height=\"150\" class=\"skip-lazy fg-image\" data-no-lazy=\"1\" data-src-fg=\"https:\/\/www.aerodrome-paray.fr\/blog\/wp-content\/uploads\/cache\/JTQ-25-68\/4102227533.jpeg\" src=\"data:image\/svg+xml,%3Csvg%20xmlns%3D%22http%3A%2F%2Fwww.w3.org%2F2000%2Fsvg%22%20width%3D%22150%22%20height%3D%22150%22%20viewBox%3D%220%200%20150%20150%22%3E%3C%2Fsvg%3E\" loading=\"eager\"><\/span><span class=\"fg-image-overlay\"><\/span><\/a><\/figure><div class=\"fg-loader\"><\/div><\/div><div class=\"fg-item fg-type-image fg-idle\"><figure class=\"fg-item-inner\"><a href=\"https:\/\/www.aerodrome-paray.fr\/blog\/wp-content\/uploads\/JTQ-25-69.jpeg\" data-caption-title=\"Arriv\u00e9e d&#039;un autre Piper PA-19 (F-BOUA)\" data-caption-desc=\"Arriv\u00e9e d&#039;un autre Piper PA-19 (F-BOUA)\" data-attachment-id=\"7447\" data-type=\"image\" class=\"fg-thumb\"><span class=\"fg-image-wrap\"><img decoding=\"async\" title=\"Arriv\u00e9e d&#039;un autre Piper PA-19 (F-BOUA)\" width=\"150\" height=\"150\" class=\"skip-lazy fg-image\" data-no-lazy=\"1\" data-src-fg=\"https:\/\/www.aerodrome-paray.fr\/blog\/wp-content\/uploads\/cache\/JTQ-25-69\/77356471.jpeg\" src=\"data:image\/svg+xml,%3Csvg%20xmlns%3D%22http%3A%2F%2Fwww.w3.org%2F2000%2Fsvg%22%20width%3D%22150%22%20height%3D%22150%22%20viewBox%3D%220%200%20150%20150%22%3E%3C%2Fsvg%3E\" loading=\"eager\"><\/span><span class=\"fg-image-overlay\"><\/span><\/a><figcaption class=\"fg-caption\"><div class=\"fg-caption-inner\"><div class=\"fg-caption-title\">Arriv\u00e9e d'un autre Piper PA-19 (F-BOUA)<\/div><div class=\"fg-caption-desc\">Arriv\u00e9e d'un autre Piper PA-19 (F-BOUA)<\/div><\/div><\/figcaption><\/figure><div class=\"fg-loader\"><\/div><\/div><div class=\"fg-item fg-type-image fg-idle\"><figure class=\"fg-item-inner\"><a href=\"https:\/\/www.aerodrome-paray.fr\/blog\/wp-content\/uploads\/JTQ-25-70.jpeg\" data-attachment-id=\"7446\" data-type=\"image\" class=\"fg-thumb\"><span class=\"fg-image-wrap\"><img decoding=\"async\" width=\"150\" height=\"150\" class=\"skip-lazy fg-image\" data-no-lazy=\"1\" data-src-fg=\"https:\/\/www.aerodrome-paray.fr\/blog\/wp-content\/uploads\/cache\/JTQ-25-70\/1892512346.jpeg\" src=\"data:image\/svg+xml,%3Csvg%20xmlns%3D%22http%3A%2F%2Fwww.w3.org%2F2000%2Fsvg%22%20width%3D%22150%22%20height%3D%22150%22%20viewBox%3D%220%200%20150%20150%22%3E%3C%2Fsvg%3E\" loading=\"eager\"><\/span><span class=\"fg-image-overlay\"><\/span><\/a><\/figure><div class=\"fg-loader\"><\/div><\/div><div class=\"fg-item fg-type-image fg-idle\"><figure class=\"fg-item-inner\"><a href=\"https:\/\/www.aerodrome-paray.fr\/blog\/wp-content\/uploads\/JTQ-25-71.jpeg\" data-caption-title=\"Passage d&#039;un Jodel DR-221 Dauphin (F-BPKS)\" data-caption-desc=\"Passage d&#039;un Jodel DR-221 Dauphin (F-BPKS)\" data-attachment-id=\"7445\" data-type=\"image\" class=\"fg-thumb\"><span class=\"fg-image-wrap\"><img decoding=\"async\" title=\"Passage d&#039;un Jodel DR-221 Dauphin (F-BPKS)\" width=\"150\" height=\"150\" class=\"skip-lazy fg-image\" data-no-lazy=\"1\" data-src-fg=\"https:\/\/www.aerodrome-paray.fr\/blog\/wp-content\/uploads\/cache\/JTQ-25-71\/1055355265.jpeg\" src=\"data:image\/svg+xml,%3Csvg%20xmlns%3D%22http%3A%2F%2Fwww.w3.org%2F2000%2Fsvg%22%20width%3D%22150%22%20height%3D%22150%22%20viewBox%3D%220%200%20150%20150%22%3E%3C%2Fsvg%3E\" loading=\"eager\"><\/span><span class=\"fg-image-overlay\"><\/span><\/a><figcaption class=\"fg-caption\"><div class=\"fg-caption-inner\"><div class=\"fg-caption-title\">Passage d'un Jodel DR-221 Dauphin (F-BPKS)<\/div><div class=\"fg-caption-desc\">Passage d'un Jodel DR-221 Dauphin (F-BPKS)<\/div><\/div><\/figcaption><\/figure><div class=\"fg-loader\"><\/div><\/div><div class=\"fg-item fg-type-image fg-idle\"><figure class=\"fg-item-inner\"><a href=\"https:\/\/www.aerodrome-paray.fr\/blog\/wp-content\/uploads\/JTQ-25-112.jpeg\" data-attachment-id=\"7404\" data-type=\"image\" class=\"fg-thumb\"><span class=\"fg-image-wrap\"><img decoding=\"async\" width=\"150\" height=\"150\" class=\"skip-lazy fg-image\" data-no-lazy=\"1\" data-src-fg=\"https:\/\/www.aerodrome-paray.fr\/blog\/wp-content\/uploads\/cache\/JTQ-25-112\/776832809.jpeg\" src=\"data:image\/svg+xml,%3Csvg%20xmlns%3D%22http%3A%2F%2Fwww.w3.org%2F2000%2Fsvg%22%20width%3D%22150%22%20height%3D%22150%22%20viewBox%3D%220%200%20150%20150%22%3E%3C%2Fsvg%3E\" loading=\"eager\"><\/span><span class=\"fg-image-overlay\"><\/span><\/a><\/figure><div class=\"fg-loader\"><\/div><\/div><div class=\"fg-item fg-type-image fg-idle\"><figure class=\"fg-item-inner\"><a href=\"https:\/\/www.aerodrome-paray.fr\/blog\/wp-content\/uploads\/JTQ-25-72.jpeg\" data-attachment-id=\"7444\" data-type=\"image\" class=\"fg-thumb\"><span class=\"fg-image-wrap\"><img decoding=\"async\" width=\"150\" height=\"150\" class=\"skip-lazy fg-image\" data-no-lazy=\"1\" data-src-fg=\"https:\/\/www.aerodrome-paray.fr\/blog\/wp-content\/uploads\/cache\/JTQ-25-72\/811253708.jpeg\" src=\"data:image\/svg+xml,%3Csvg%20xmlns%3D%22http%3A%2F%2Fwww.w3.org%2F2000%2Fsvg%22%20width%3D%22150%22%20height%3D%22150%22%20viewBox%3D%220%200%20150%20150%22%3E%3C%2Fsvg%3E\" loading=\"eager\"><\/span><span class=\"fg-image-overlay\"><\/span><\/a><\/figure><div class=\"fg-loader\"><\/div><\/div><div class=\"fg-item fg-type-image fg-idle\"><figure class=\"fg-item-inner\"><a href=\"https:\/\/www.aerodrome-paray.fr\/blog\/wp-content\/uploads\/JTQ-25-73.jpeg\" data-caption-title=\"Mise en route d&#039;un Stark AS80 (F-BPYM)\" data-caption-desc=\"Mise en route d&#039;un Stark AS80 (F-BPYM)\" data-attachment-id=\"7443\" data-type=\"image\" class=\"fg-thumb\"><span class=\"fg-image-wrap\"><img decoding=\"async\" title=\"Mise en route d&#039;un Stark AS80 (F-BPYM)\" width=\"150\" height=\"150\" class=\"skip-lazy fg-image\" data-no-lazy=\"1\" data-src-fg=\"https:\/\/www.aerodrome-paray.fr\/blog\/wp-content\/uploads\/cache\/JTQ-25-73\/2729670199.jpeg\" src=\"data:image\/svg+xml,%3Csvg%20xmlns%3D%22http%3A%2F%2Fwww.w3.org%2F2000%2Fsvg%22%20width%3D%22150%22%20height%3D%22150%22%20viewBox%3D%220%200%20150%20150%22%3E%3C%2Fsvg%3E\" loading=\"eager\"><\/span><span class=\"fg-image-overlay\"><\/span><\/a><figcaption class=\"fg-caption\"><div class=\"fg-caption-inner\"><div class=\"fg-caption-title\">Mise en route d'un Stark AS80 (F-BPYM)<\/div><div class=\"fg-caption-desc\">Mise en route d'un Stark AS80 (F-BPYM)<\/div><\/div><\/figcaption><\/figure><div class=\"fg-loader\"><\/div><\/div><div class=\"fg-item fg-type-image fg-idle\"><figure class=\"fg-item-inner\"><a href=\"https:\/\/www.aerodrome-paray.fr\/blog\/wp-content\/uploads\/JTQ-25-74.jpeg\" data-attachment-id=\"7442\" data-type=\"image\" class=\"fg-thumb\"><span class=\"fg-image-wrap\"><img decoding=\"async\" width=\"150\" height=\"150\" class=\"skip-lazy fg-image\" data-no-lazy=\"1\" data-src-fg=\"https:\/\/www.aerodrome-paray.fr\/blog\/wp-content\/uploads\/cache\/JTQ-25-74\/4058179958.jpeg\" src=\"data:image\/svg+xml,%3Csvg%20xmlns%3D%22http%3A%2F%2Fwww.w3.org%2F2000%2Fsvg%22%20width%3D%22150%22%20height%3D%22150%22%20viewBox%3D%220%200%20150%20150%22%3E%3C%2Fsvg%3E\" loading=\"eager\"><\/span><span class=\"fg-image-overlay\"><\/span><\/a><\/figure><div class=\"fg-loader\"><\/div><\/div><div class=\"fg-item fg-type-image fg-idle\"><figure class=\"fg-item-inner\"><a href=\"https:\/\/www.aerodrome-paray.fr\/blog\/wp-content\/uploads\/JTQ-25-75.jpeg\" data-attachment-id=\"7441\" data-type=\"image\" class=\"fg-thumb\"><span class=\"fg-image-wrap\"><img decoding=\"async\" width=\"150\" height=\"150\" class=\"skip-lazy fg-image\" data-no-lazy=\"1\" data-src-fg=\"https:\/\/www.aerodrome-paray.fr\/blog\/wp-content\/uploads\/cache\/JTQ-25-75\/3217615533.jpeg\" src=\"data:image\/svg+xml,%3Csvg%20xmlns%3D%22http%3A%2F%2Fwww.w3.org%2F2000%2Fsvg%22%20width%3D%22150%22%20height%3D%22150%22%20viewBox%3D%220%200%20150%20150%22%3E%3C%2Fsvg%3E\" loading=\"eager\"><\/span><span class=\"fg-image-overlay\"><\/span><\/a><\/figure><div class=\"fg-loader\"><\/div><\/div><div class=\"fg-item fg-type-image fg-idle\"><figure class=\"fg-item-inner\"><a href=\"https:\/\/www.aerodrome-paray.fr\/blog\/wp-content\/uploads\/JTQ-25-76.jpeg\" data-caption-title=\"Ce n&#039;est pas un &quot;Tra\u00eene-Queue&quot; mais un train tricycle... Cessna C-172 (F-BXQV). Bienvenue !\" data-caption-desc=\"Ce n&#039;est pas un &quot;Tra\u00eene-Queue&quot; mais un train tricycle... Cessna C-172 (F-BXQV). Bienvenue !\" data-attachment-id=\"7440\" data-type=\"image\" class=\"fg-thumb\"><span class=\"fg-image-wrap\"><img decoding=\"async\" title=\"Ce n&#039;est pas un &quot;Tra\u00eene-Queue&quot; mais un train tricycle... Cessna C-172 (F-BXQV). Bienvenue !\" width=\"150\" height=\"150\" class=\"skip-lazy fg-image\" data-no-lazy=\"1\" data-src-fg=\"https:\/\/www.aerodrome-paray.fr\/blog\/wp-content\/uploads\/cache\/JTQ-25-76\/2977244384.jpeg\" src=\"data:image\/svg+xml,%3Csvg%20xmlns%3D%22http%3A%2F%2Fwww.w3.org%2F2000%2Fsvg%22%20width%3D%22150%22%20height%3D%22150%22%20viewBox%3D%220%200%20150%20150%22%3E%3C%2Fsvg%3E\" loading=\"eager\"><\/span><span class=\"fg-image-overlay\"><\/span><\/a><figcaption class=\"fg-caption\"><div class=\"fg-caption-inner\"><div class=\"fg-caption-title\">Ce n'est pas un \"Tra\u00eene-Queue\" mais un train tricycle... Cessna C-172 (F-BXQV). Bienvenue !<\/div><div class=\"fg-caption-desc\">Ce n'est pas un \"Tra\u00eene-Queue\" mais un train tricycle... Cessna C-172 (F-BXQV). Bienvenue !<\/div><\/div><\/figcaption><\/figure><div class=\"fg-loader\"><\/div><\/div><div class=\"fg-item fg-type-image fg-idle\"><figure class=\"fg-item-inner\"><a href=\"https:\/\/www.aerodrome-paray.fr\/blog\/wp-content\/uploads\/JTQ-25-77.jpeg\" data-attachment-id=\"7439\" data-type=\"image\" class=\"fg-thumb\"><span class=\"fg-image-wrap\"><img decoding=\"async\" width=\"150\" height=\"150\" class=\"skip-lazy fg-image\" data-no-lazy=\"1\" data-src-fg=\"https:\/\/www.aerodrome-paray.fr\/blog\/wp-content\/uploads\/cache\/JTQ-25-77\/922220873.jpeg\" src=\"data:image\/svg+xml,%3Csvg%20xmlns%3D%22http%3A%2F%2Fwww.w3.org%2F2000%2Fsvg%22%20width%3D%22150%22%20height%3D%22150%22%20viewBox%3D%220%200%20150%20150%22%3E%3C%2Fsvg%3E\" loading=\"eager\"><\/span><span class=\"fg-image-overlay\"><\/span><\/a><\/figure><div class=\"fg-loader\"><\/div><\/div><div class=\"fg-item fg-type-image fg-idle\"><figure class=\"fg-item-inner\"><a href=\"https:\/\/www.aerodrome-paray.fr\/blog\/wp-content\/uploads\/JTQ-25-78.jpeg\" data-caption-title=\"Un beau Mousquetaire Jodel D-140 (F-GEBV)\" data-caption-desc=\"Un beau Mousquetaire Jodel D-140 (F-GEBV)\" data-attachment-id=\"7438\" data-type=\"image\" class=\"fg-thumb\"><span class=\"fg-image-wrap\"><img decoding=\"async\" title=\"Un beau Mousquetaire Jodel D-140 (F-GEBV)\" width=\"150\" height=\"150\" class=\"skip-lazy fg-image\" data-no-lazy=\"1\" data-src-fg=\"https:\/\/www.aerodrome-paray.fr\/blog\/wp-content\/uploads\/cache\/JTQ-25-78\/3732849680.jpeg\" src=\"data:image\/svg+xml,%3Csvg%20xmlns%3D%22http%3A%2F%2Fwww.w3.org%2F2000%2Fsvg%22%20width%3D%22150%22%20height%3D%22150%22%20viewBox%3D%220%200%20150%20150%22%3E%3C%2Fsvg%3E\" loading=\"eager\"><\/span><span class=\"fg-image-overlay\"><\/span><\/a><figcaption class=\"fg-caption\"><div class=\"fg-caption-inner\"><div class=\"fg-caption-title\">Un beau Mousquetaire Jodel D-140 (F-GEBV)<\/div><div class=\"fg-caption-desc\">Un beau Mousquetaire Jodel D-140 (F-GEBV)<\/div><\/div><\/figcaption><\/figure><div class=\"fg-loader\"><\/div><\/div><div class=\"fg-item fg-type-image fg-idle\"><figure class=\"fg-item-inner\"><a href=\"https:\/\/www.aerodrome-paray.fr\/blog\/wp-content\/uploads\/JTQ-25-79.jpeg\" data-caption-title=\"Au d\u00e9part : un Piper PA-18 (F-GGLO)\" data-caption-desc=\"Au d\u00e9part : un Piper PA-18 (F-GGLO)\" data-attachment-id=\"7437\" data-type=\"image\" class=\"fg-thumb\"><span class=\"fg-image-wrap\"><img decoding=\"async\" title=\"Au d\u00e9part : un Piper PA-18 (F-GGLO)\" width=\"150\" height=\"150\" class=\"skip-lazy fg-image\" data-no-lazy=\"1\" data-src-fg=\"https:\/\/www.aerodrome-paray.fr\/blog\/wp-content\/uploads\/cache\/JTQ-25-79\/778149866.jpeg\" src=\"data:image\/svg+xml,%3Csvg%20xmlns%3D%22http%3A%2F%2Fwww.w3.org%2F2000%2Fsvg%22%20width%3D%22150%22%20height%3D%22150%22%20viewBox%3D%220%200%20150%20150%22%3E%3C%2Fsvg%3E\" loading=\"eager\"><\/span><span class=\"fg-image-overlay\"><\/span><\/a><figcaption class=\"fg-caption\"><div class=\"fg-caption-inner\"><div class=\"fg-caption-title\">Au d\u00e9part : un Piper PA-18 (F-GGLO)<\/div><div class=\"fg-caption-desc\">Au d\u00e9part : un Piper PA-18 (F-GGLO)<\/div><\/div><\/figcaption><\/figure><div class=\"fg-loader\"><\/div><\/div><div class=\"fg-item fg-type-image fg-idle\"><figure class=\"fg-item-inner\"><a href=\"https:\/\/www.aerodrome-paray.fr\/blog\/wp-content\/uploads\/JTQ-25-80.jpeg\" data-attachment-id=\"7436\" data-type=\"image\" class=\"fg-thumb\"><span class=\"fg-image-wrap\"><img decoding=\"async\" width=\"150\" height=\"150\" class=\"skip-lazy fg-image\" data-no-lazy=\"1\" data-src-fg=\"https:\/\/www.aerodrome-paray.fr\/blog\/wp-content\/uploads\/cache\/JTQ-25-80\/1157202100.jpeg\" src=\"data:image\/svg+xml,%3Csvg%20xmlns%3D%22http%3A%2F%2Fwww.w3.org%2F2000%2Fsvg%22%20width%3D%22150%22%20height%3D%22150%22%20viewBox%3D%220%200%20150%20150%22%3E%3C%2Fsvg%3E\" loading=\"eager\"><\/span><span class=\"fg-image-overlay\"><\/span><\/a><\/figure><div class=\"fg-loader\"><\/div><\/div><div class=\"fg-item fg-type-image fg-idle\"><figure class=\"fg-item-inner\"><a href=\"https:\/\/www.aerodrome-paray.fr\/blog\/wp-content\/uploads\/JTQ-25-81.jpeg\" data-caption-title=\"Il ne passe pas inaper\u00e7u : Zlin 526 tch\u00e8que (F-GHHU)\" data-caption-desc=\"Il ne passe pas inaper\u00e7u : Zlin 526 tch\u00e8que (F-GHHU)\" data-attachment-id=\"7435\" data-type=\"image\" class=\"fg-thumb\"><span class=\"fg-image-wrap\"><img decoding=\"async\" title=\"Il ne passe pas inaper\u00e7u : Zlin 526 tch\u00e8que (F-GHHU)\" width=\"150\" height=\"150\" class=\"skip-lazy fg-image\" data-no-lazy=\"1\" data-src-fg=\"https:\/\/www.aerodrome-paray.fr\/blog\/wp-content\/uploads\/cache\/JTQ-25-81\/181633903.jpeg\" src=\"data:image\/svg+xml,%3Csvg%20xmlns%3D%22http%3A%2F%2Fwww.w3.org%2F2000%2Fsvg%22%20width%3D%22150%22%20height%3D%22150%22%20viewBox%3D%220%200%20150%20150%22%3E%3C%2Fsvg%3E\" loading=\"eager\"><\/span><span class=\"fg-image-overlay\"><\/span><\/a><figcaption class=\"fg-caption\"><div class=\"fg-caption-inner\"><div class=\"fg-caption-title\">Il ne passe pas inaper\u00e7u : Zlin 526 tch\u00e8que (F-GHHU)<\/div><div class=\"fg-caption-desc\">Il ne passe pas inaper\u00e7u : Zlin 526 tch\u00e8que (F-GHHU)<\/div><\/div><\/figcaption><\/figure><div class=\"fg-loader\"><\/div><\/div><div class=\"fg-item fg-type-image fg-idle\"><figure class=\"fg-item-inner\"><a href=\"https:\/\/www.aerodrome-paray.fr\/blog\/wp-content\/uploads\/JTQ-25-82.jpeg\" data-attachment-id=\"7434\" data-type=\"image\" class=\"fg-thumb\"><span class=\"fg-image-wrap\"><img decoding=\"async\" width=\"150\" height=\"150\" class=\"skip-lazy fg-image\" data-no-lazy=\"1\" data-src-fg=\"https:\/\/www.aerodrome-paray.fr\/blog\/wp-content\/uploads\/cache\/JTQ-25-82\/74337570.jpeg\" src=\"data:image\/svg+xml,%3Csvg%20xmlns%3D%22http%3A%2F%2Fwww.w3.org%2F2000%2Fsvg%22%20width%3D%22150%22%20height%3D%22150%22%20viewBox%3D%220%200%20150%20150%22%3E%3C%2Fsvg%3E\" loading=\"eager\"><\/span><span class=\"fg-image-overlay\"><\/span><\/a><\/figure><div class=\"fg-loader\"><\/div><\/div><div class=\"fg-item fg-type-image fg-idle\"><figure class=\"fg-item-inner\"><a href=\"https:\/\/www.aerodrome-paray.fr\/blog\/wp-content\/uploads\/JTQ-25-83.jpeg\" data-attachment-id=\"7433\" data-type=\"image\" class=\"fg-thumb\"><span class=\"fg-image-wrap\"><img decoding=\"async\" width=\"150\" height=\"150\" class=\"skip-lazy fg-image\" data-no-lazy=\"1\" data-src-fg=\"https:\/\/www.aerodrome-paray.fr\/blog\/wp-content\/uploads\/cache\/JTQ-25-83\/2525463769.jpeg\" src=\"data:image\/svg+xml,%3Csvg%20xmlns%3D%22http%3A%2F%2Fwww.w3.org%2F2000%2Fsvg%22%20width%3D%22150%22%20height%3D%22150%22%20viewBox%3D%220%200%20150%20150%22%3E%3C%2Fsvg%3E\" loading=\"eager\"><\/span><span class=\"fg-image-overlay\"><\/span><\/a><\/figure><div class=\"fg-loader\"><\/div><\/div><div class=\"fg-item fg-type-image fg-idle\"><figure class=\"fg-item-inner\"><a href=\"https:\/\/www.aerodrome-paray.fr\/blog\/wp-content\/uploads\/JTQ-25-84.jpeg\" data-caption-title=\"Passage du Zlin 526 (F-GHHU)\" data-caption-desc=\"Passage du Zlin 526 (F-GHHU)\" data-attachment-id=\"7432\" data-type=\"image\" class=\"fg-thumb\"><span class=\"fg-image-wrap\"><img decoding=\"async\" title=\"Passage du Zlin 526 (F-GHHU)\" width=\"150\" height=\"150\" class=\"skip-lazy fg-image\" data-no-lazy=\"1\" data-src-fg=\"https:\/\/www.aerodrome-paray.fr\/blog\/wp-content\/uploads\/cache\/JTQ-25-84\/3319143320.jpeg\" src=\"data:image\/svg+xml,%3Csvg%20xmlns%3D%22http%3A%2F%2Fwww.w3.org%2F2000%2Fsvg%22%20width%3D%22150%22%20height%3D%22150%22%20viewBox%3D%220%200%20150%20150%22%3E%3C%2Fsvg%3E\" loading=\"eager\"><\/span><span class=\"fg-image-overlay\"><\/span><\/a><figcaption class=\"fg-caption\"><div class=\"fg-caption-inner\"><div class=\"fg-caption-title\">Passage du Zlin 526 (F-GHHU)<\/div><div class=\"fg-caption-desc\">Passage du Zlin 526 (F-GHHU)<\/div><\/div><\/figcaption><\/figure><div class=\"fg-loader\"><\/div><\/div><div class=\"fg-item fg-type-image fg-idle\"><figure class=\"fg-item-inner\"><a href=\"https:\/\/www.aerodrome-paray.fr\/blog\/wp-content\/uploads\/JTQ-25-85.jpeg\" data-caption-title=\"Belle allure pour ce CAP-103 (F-GKJI)\" data-caption-desc=\"Belle allure pour ce CAP-103 (F-GKJI)\" data-attachment-id=\"7431\" data-type=\"image\" class=\"fg-thumb\"><span class=\"fg-image-wrap\"><img decoding=\"async\" title=\"Belle allure pour ce CAP-103 (F-GKJI)\" width=\"150\" height=\"150\" class=\"skip-lazy fg-image\" data-no-lazy=\"1\" data-src-fg=\"https:\/\/www.aerodrome-paray.fr\/blog\/wp-content\/uploads\/cache\/JTQ-25-85\/2348554307.jpeg\" src=\"data:image\/svg+xml,%3Csvg%20xmlns%3D%22http%3A%2F%2Fwww.w3.org%2F2000%2Fsvg%22%20width%3D%22150%22%20height%3D%22150%22%20viewBox%3D%220%200%20150%20150%22%3E%3C%2Fsvg%3E\" loading=\"eager\"><\/span><span class=\"fg-image-overlay\"><\/span><\/a><figcaption class=\"fg-caption\"><div class=\"fg-caption-inner\"><div class=\"fg-caption-title\">Belle allure pour ce CAP-103 (F-GKJI)<\/div><div class=\"fg-caption-desc\">Belle allure pour ce CAP-103 (F-GKJI)<\/div><\/div><\/figcaption><\/figure><div class=\"fg-loader\"><\/div><\/div><div class=\"fg-item fg-type-image fg-idle\"><figure class=\"fg-item-inner\"><a href=\"https:\/\/www.aerodrome-paray.fr\/blog\/wp-content\/uploads\/JTQ-25-86.jpeg\" data-attachment-id=\"7430\" data-type=\"image\" class=\"fg-thumb\"><span class=\"fg-image-wrap\"><img decoding=\"async\" width=\"150\" height=\"150\" class=\"skip-lazy fg-image\" data-no-lazy=\"1\" data-src-fg=\"https:\/\/www.aerodrome-paray.fr\/blog\/wp-content\/uploads\/cache\/JTQ-25-86\/2235684366.jpeg\" src=\"data:image\/svg+xml,%3Csvg%20xmlns%3D%22http%3A%2F%2Fwww.w3.org%2F2000%2Fsvg%22%20width%3D%22150%22%20height%3D%22150%22%20viewBox%3D%220%200%20150%20150%22%3E%3C%2Fsvg%3E\" loading=\"eager\"><\/span><span class=\"fg-image-overlay\"><\/span><\/a><\/figure><div class=\"fg-loader\"><\/div><\/div><div class=\"fg-item fg-type-image fg-idle\"><figure class=\"fg-item-inner\"><a href=\"https:\/\/www.aerodrome-paray.fr\/blog\/wp-content\/uploads\/JTQ-25-88.jpeg\" data-caption-title=\"Au d\u00e9collage : Pitts S2B (F-GUJE)\" data-caption-desc=\"Au d\u00e9collage : Pitts S2B (F-GUJE)\" data-attachment-id=\"7428\" data-type=\"image\" class=\"fg-thumb\"><span class=\"fg-image-wrap\"><img decoding=\"async\" title=\"Au d\u00e9collage : Pitts S2B (F-GUJE)\" width=\"150\" height=\"150\" class=\"skip-lazy fg-image\" data-no-lazy=\"1\" data-src-fg=\"https:\/\/www.aerodrome-paray.fr\/blog\/wp-content\/uploads\/cache\/JTQ-25-88\/3424756861.jpeg\" src=\"data:image\/svg+xml,%3Csvg%20xmlns%3D%22http%3A%2F%2Fwww.w3.org%2F2000%2Fsvg%22%20width%3D%22150%22%20height%3D%22150%22%20viewBox%3D%220%200%20150%20150%22%3E%3C%2Fsvg%3E\" loading=\"eager\"><\/span><span class=\"fg-image-overlay\"><\/span><\/a><figcaption class=\"fg-caption\"><div class=\"fg-caption-inner\"><div class=\"fg-caption-title\">Au d\u00e9collage : Pitts S2B (F-GUJE)<\/div><div class=\"fg-caption-desc\">Au d\u00e9collage : Pitts S2B (F-GUJE)<\/div><\/div><\/figcaption><\/figure><div class=\"fg-loader\"><\/div><\/div><div class=\"fg-item fg-type-image fg-idle\"><figure class=\"fg-item-inner\"><a href=\"https:\/\/www.aerodrome-paray.fr\/blog\/wp-content\/uploads\/JTQ-25-89.jpeg\" data-caption-title=\"Duo de Pitts (avions de voltige californiens)\" data-caption-desc=\"Duo de Pitts (avions de voltige californiens)\" data-attachment-id=\"7427\" data-type=\"image\" class=\"fg-thumb\"><span class=\"fg-image-wrap\"><img decoding=\"async\" title=\"Duo de Pitts (avions de voltige californiens)\" width=\"150\" height=\"150\" class=\"skip-lazy fg-image\" data-no-lazy=\"1\" data-src-fg=\"https:\/\/www.aerodrome-paray.fr\/blog\/wp-content\/uploads\/cache\/JTQ-25-89\/1010761607.jpeg\" src=\"data:image\/svg+xml,%3Csvg%20xmlns%3D%22http%3A%2F%2Fwww.w3.org%2F2000%2Fsvg%22%20width%3D%22150%22%20height%3D%22150%22%20viewBox%3D%220%200%20150%20150%22%3E%3C%2Fsvg%3E\" loading=\"eager\"><\/span><span class=\"fg-image-overlay\"><\/span><\/a><figcaption class=\"fg-caption\"><div class=\"fg-caption-inner\"><div class=\"fg-caption-title\">Duo de Pitts (avions de voltige californiens)<\/div><div class=\"fg-caption-desc\">Duo de Pitts (avions de voltige californiens)<\/div><\/div><\/figcaption><\/figure><div class=\"fg-loader\"><\/div><\/div><div class=\"fg-item fg-type-image fg-idle\"><figure class=\"fg-item-inner\"><a href=\"https:\/\/www.aerodrome-paray.fr\/blog\/wp-content\/uploads\/JTQ-25-90.jpeg\" data-attachment-id=\"7426\" data-type=\"image\" class=\"fg-thumb\"><span class=\"fg-image-wrap\"><img decoding=\"async\" width=\"150\" height=\"150\" class=\"skip-lazy fg-image\" data-no-lazy=\"1\" data-src-fg=\"https:\/\/www.aerodrome-paray.fr\/blog\/wp-content\/uploads\/cache\/JTQ-25-90\/1215287402.jpeg\" src=\"data:image\/svg+xml,%3Csvg%20xmlns%3D%22http%3A%2F%2Fwww.w3.org%2F2000%2Fsvg%22%20width%3D%22150%22%20height%3D%22150%22%20viewBox%3D%220%200%20150%20150%22%3E%3C%2Fsvg%3E\" loading=\"eager\"><\/span><span class=\"fg-image-overlay\"><\/span><\/a><\/figure><div class=\"fg-loader\"><\/div><\/div><div class=\"fg-item fg-type-image fg-idle\"><figure class=\"fg-item-inner\"><a href=\"https:\/\/www.aerodrome-paray.fr\/blog\/wp-content\/uploads\/JTQ-25-87.jpeg\" data-attachment-id=\"7429\" data-type=\"image\" class=\"fg-thumb\"><span class=\"fg-image-wrap\"><img decoding=\"async\" width=\"150\" height=\"150\" class=\"skip-lazy fg-image\" data-no-lazy=\"1\" data-src-fg=\"https:\/\/www.aerodrome-paray.fr\/blog\/wp-content\/uploads\/cache\/JTQ-25-87\/615029028.jpeg\" src=\"data:image\/svg+xml,%3Csvg%20xmlns%3D%22http%3A%2F%2Fwww.w3.org%2F2000%2Fsvg%22%20width%3D%22150%22%20height%3D%22150%22%20viewBox%3D%220%200%20150%20150%22%3E%3C%2Fsvg%3E\" loading=\"eager\"><\/span><span class=\"fg-image-overlay\"><\/span><\/a><\/figure><div class=\"fg-loader\"><\/div><\/div><div class=\"fg-item fg-type-image fg-idle\"><figure class=\"fg-item-inner\"><a href=\"https:\/\/www.aerodrome-paray.fr\/blog\/wp-content\/uploads\/JTQ-25-91.jpeg\" data-caption-title=\"Autre avion am\u00e9ricain : Maule MXT-7-180A Star Rocket (F-GZFE)\" data-caption-desc=\"Autre avion am\u00e9ricain : Maule MXT-7-180A Star Rocket (F-GZFE)\" data-attachment-id=\"7425\" data-type=\"image\" class=\"fg-thumb\"><span class=\"fg-image-wrap\"><img decoding=\"async\" title=\"Autre avion am\u00e9ricain : Maule MXT-7-180A Star Rocket (F-GZFE)\" width=\"150\" height=\"150\" class=\"skip-lazy fg-image\" data-no-lazy=\"1\" data-src-fg=\"https:\/\/www.aerodrome-paray.fr\/blog\/wp-content\/uploads\/cache\/JTQ-25-91\/105239473.jpeg\" src=\"data:image\/svg+xml,%3Csvg%20xmlns%3D%22http%3A%2F%2Fwww.w3.org%2F2000%2Fsvg%22%20width%3D%22150%22%20height%3D%22150%22%20viewBox%3D%220%200%20150%20150%22%3E%3C%2Fsvg%3E\" loading=\"eager\"><\/span><span class=\"fg-image-overlay\"><\/span><\/a><figcaption class=\"fg-caption\"><div class=\"fg-caption-inner\"><div class=\"fg-caption-title\">Autre avion am\u00e9ricain : Maule MXT-7-180A Star Rocket (F-GZFE)<\/div><div class=\"fg-caption-desc\">Autre avion am\u00e9ricain : Maule MXT-7-180A Star Rocket (F-GZFE)<\/div><\/div><\/figcaption><\/figure><div class=\"fg-loader\"><\/div><\/div><div class=\"fg-item fg-type-image fg-idle\"><figure class=\"fg-item-inner\"><a href=\"https:\/\/www.aerodrome-paray.fr\/blog\/wp-content\/uploads\/JTQ-25-92.jpeg\" data-attachment-id=\"7424\" data-type=\"image\" class=\"fg-thumb\"><span class=\"fg-image-wrap\"><img decoding=\"async\" width=\"150\" height=\"150\" class=\"skip-lazy fg-image\" data-no-lazy=\"1\" data-src-fg=\"https:\/\/www.aerodrome-paray.fr\/blog\/wp-content\/uploads\/cache\/JTQ-25-92\/150478332.jpeg\" src=\"data:image\/svg+xml,%3Csvg%20xmlns%3D%22http%3A%2F%2Fwww.w3.org%2F2000%2Fsvg%22%20width%3D%22150%22%20height%3D%22150%22%20viewBox%3D%220%200%20150%20150%22%3E%3C%2Fsvg%3E\" loading=\"eager\"><\/span><span class=\"fg-image-overlay\"><\/span><\/a><\/figure><div class=\"fg-loader\"><\/div><\/div><div class=\"fg-item fg-type-image fg-idle\"><figure class=\"fg-item-inner\"><a href=\"https:\/\/www.aerodrome-paray.fr\/blog\/wp-content\/uploads\/JTQ-25-94.jpeg\" data-caption-title=\"Morane Saulnier MS-893 Rallye (F-HBPZ)\" data-caption-desc=\"Morane Saulnier MS-893 Rallye (F-HBPZ)\" data-attachment-id=\"7422\" data-type=\"image\" class=\"fg-thumb\"><span class=\"fg-image-wrap\"><img decoding=\"async\" title=\"Morane Saulnier MS-893 Rallye (F-HBPZ)\" width=\"150\" height=\"150\" class=\"skip-lazy fg-image\" data-no-lazy=\"1\" data-src-fg=\"https:\/\/www.aerodrome-paray.fr\/blog\/wp-content\/uploads\/cache\/JTQ-25-94\/3376433990.jpeg\" src=\"data:image\/svg+xml,%3Csvg%20xmlns%3D%22http%3A%2F%2Fwww.w3.org%2F2000%2Fsvg%22%20width%3D%22150%22%20height%3D%22150%22%20viewBox%3D%220%200%20150%20150%22%3E%3C%2Fsvg%3E\" loading=\"eager\"><\/span><span class=\"fg-image-overlay\"><\/span><\/a><figcaption class=\"fg-caption\"><div class=\"fg-caption-inner\"><div class=\"fg-caption-title\">Morane Saulnier MS-893 Rallye (F-HBPZ)<\/div><div class=\"fg-caption-desc\">Morane Saulnier MS-893 Rallye (F-HBPZ)<\/div><\/div><\/figcaption><\/figure><div class=\"fg-loader\"><\/div><\/div><div class=\"fg-item fg-type-image fg-idle\"><figure class=\"fg-item-inner\"><a href=\"https:\/\/www.aerodrome-paray.fr\/blog\/wp-content\/uploads\/JTQ-25-147.jpeg\" data-attachment-id=\"7369\" data-type=\"image\" class=\"fg-thumb\"><span class=\"fg-image-wrap\"><img decoding=\"async\" width=\"150\" height=\"150\" class=\"skip-lazy fg-image\" data-no-lazy=\"1\" data-src-fg=\"https:\/\/www.aerodrome-paray.fr\/blog\/wp-content\/uploads\/cache\/JTQ-25-147\/3091024091.jpeg\" src=\"data:image\/svg+xml,%3Csvg%20xmlns%3D%22http%3A%2F%2Fwww.w3.org%2F2000%2Fsvg%22%20width%3D%22150%22%20height%3D%22150%22%20viewBox%3D%220%200%20150%20150%22%3E%3C%2Fsvg%3E\" loading=\"eager\"><\/span><span class=\"fg-image-overlay\"><\/span><\/a><\/figure><div class=\"fg-loader\"><\/div><\/div><div class=\"fg-item fg-type-image fg-idle\"><figure class=\"fg-item-inner\"><a href=\"https:\/\/www.aerodrome-paray.fr\/blog\/wp-content\/uploads\/JTQ-25-95.jpeg\" data-caption-title=\"F-HYIR : Pitts S-1S Special au d\u00e9part\" data-caption-desc=\"F-HYIR : Pitts S-1S Special au d\u00e9part\" data-attachment-id=\"7421\" data-type=\"image\" class=\"fg-thumb\"><span class=\"fg-image-wrap\"><img decoding=\"async\" title=\"F-HYIR : Pitts S-1S Special au d\u00e9part\" width=\"150\" height=\"150\" class=\"skip-lazy fg-image\" data-no-lazy=\"1\" data-src-fg=\"https:\/\/www.aerodrome-paray.fr\/blog\/wp-content\/uploads\/cache\/JTQ-25-95\/2271889565.jpeg\" src=\"data:image\/svg+xml,%3Csvg%20xmlns%3D%22http%3A%2F%2Fwww.w3.org%2F2000%2Fsvg%22%20width%3D%22150%22%20height%3D%22150%22%20viewBox%3D%220%200%20150%20150%22%3E%3C%2Fsvg%3E\" loading=\"eager\"><\/span><span class=\"fg-image-overlay\"><\/span><\/a><figcaption class=\"fg-caption\"><div class=\"fg-caption-inner\"><div class=\"fg-caption-title\">F-HYIR : Pitts S-1S Special au d\u00e9part<\/div><div class=\"fg-caption-desc\">F-HYIR : Pitts S-1S Special au d\u00e9part<\/div><\/div><\/figcaption><\/figure><div class=\"fg-loader\"><\/div><\/div><div class=\"fg-item fg-type-image fg-idle\"><figure class=\"fg-item-inner\"><a href=\"https:\/\/www.aerodrome-paray.fr\/blog\/wp-content\/uploads\/JTQ-25-97.jpeg\" data-caption-title=\"En duo avec l&#039;autre Pitts\" data-caption-desc=\"En duo avec l&#039;autre Pitts\" data-attachment-id=\"7419\" data-type=\"image\" class=\"fg-thumb\"><span class=\"fg-image-wrap\"><img decoding=\"async\" title=\"En duo avec l&#039;autre Pitts\" width=\"150\" height=\"150\" class=\"skip-lazy fg-image\" data-no-lazy=\"1\" data-src-fg=\"https:\/\/www.aerodrome-paray.fr\/blog\/wp-content\/uploads\/cache\/JTQ-25-97\/904378491.jpeg\" src=\"data:image\/svg+xml,%3Csvg%20xmlns%3D%22http%3A%2F%2Fwww.w3.org%2F2000%2Fsvg%22%20width%3D%22150%22%20height%3D%22150%22%20viewBox%3D%220%200%20150%20150%22%3E%3C%2Fsvg%3E\" loading=\"eager\"><\/span><span class=\"fg-image-overlay\"><\/span><\/a><figcaption class=\"fg-caption\"><div class=\"fg-caption-inner\"><div class=\"fg-caption-title\">En duo avec l'autre Pitts<\/div><div class=\"fg-caption-desc\">En duo avec l'autre Pitts<\/div><\/div><\/figcaption><\/figure><div class=\"fg-loader\"><\/div><\/div><div class=\"fg-item fg-type-image fg-idle\"><figure class=\"fg-item-inner\"><a href=\"https:\/\/www.aerodrome-paray.fr\/blog\/wp-content\/uploads\/JTQ-25-96.jpeg\" data-attachment-id=\"7420\" data-type=\"image\" class=\"fg-thumb\"><span class=\"fg-image-wrap\"><img decoding=\"async\" width=\"150\" height=\"150\" class=\"skip-lazy fg-image\" data-no-lazy=\"1\" data-src-fg=\"https:\/\/www.aerodrome-paray.fr\/blog\/wp-content\/uploads\/cache\/JTQ-25-96\/2312603344.jpeg\" src=\"data:image\/svg+xml,%3Csvg%20xmlns%3D%22http%3A%2F%2Fwww.w3.org%2F2000%2Fsvg%22%20width%3D%22150%22%20height%3D%22150%22%20viewBox%3D%220%200%20150%20150%22%3E%3C%2Fsvg%3E\" loading=\"eager\"><\/span><span class=\"fg-image-overlay\"><\/span><\/a><\/figure><div class=\"fg-loader\"><\/div><\/div><div class=\"fg-item fg-type-image fg-idle\"><figure class=\"fg-item-inner\"><a href=\"https:\/\/www.aerodrome-paray.fr\/blog\/wp-content\/uploads\/JTQ-25-98.jpeg\" data-attachment-id=\"7418\" data-type=\"image\" class=\"fg-thumb\"><span class=\"fg-image-wrap\"><img decoding=\"async\" width=\"150\" height=\"150\" class=\"skip-lazy fg-image\" data-no-lazy=\"1\" data-src-fg=\"https:\/\/www.aerodrome-paray.fr\/blog\/wp-content\/uploads\/cache\/JTQ-25-98\/3715007778.jpeg\" src=\"data:image\/svg+xml,%3Csvg%20xmlns%3D%22http%3A%2F%2Fwww.w3.org%2F2000%2Fsvg%22%20width%3D%22150%22%20height%3D%22150%22%20viewBox%3D%220%200%20150%20150%22%3E%3C%2Fsvg%3E\" loading=\"eager\"><\/span><span class=\"fg-image-overlay\"><\/span><\/a><\/figure><div class=\"fg-loader\"><\/div><\/div><div class=\"fg-item fg-type-image fg-idle\"><figure class=\"fg-item-inner\"><a href=\"https:\/\/www.aerodrome-paray.fr\/blog\/wp-content\/uploads\/JTQ-25-100.jpeg\" data-caption-title=\"F-JAJR : ULM Savanah\" data-caption-desc=\"F-JAJR : ULM Savanah\" data-attachment-id=\"7416\" data-type=\"image\" class=\"fg-thumb\"><span class=\"fg-image-wrap\"><img decoding=\"async\" title=\"F-JAJR : ULM Savanah\" width=\"150\" height=\"150\" class=\"skip-lazy fg-image\" data-no-lazy=\"1\" data-src-fg=\"https:\/\/www.aerodrome-paray.fr\/blog\/wp-content\/uploads\/cache\/JTQ-25-100\/1380516691.jpeg\" src=\"data:image\/svg+xml,%3Csvg%20xmlns%3D%22http%3A%2F%2Fwww.w3.org%2F2000%2Fsvg%22%20width%3D%22150%22%20height%3D%22150%22%20viewBox%3D%220%200%20150%20150%22%3E%3C%2Fsvg%3E\" loading=\"eager\"><\/span><span class=\"fg-image-overlay\"><\/span><\/a><figcaption class=\"fg-caption\"><div class=\"fg-caption-inner\"><div class=\"fg-caption-title\">F-JAJR : ULM Savanah<\/div><div class=\"fg-caption-desc\">F-JAJR : ULM Savanah<\/div><\/div><\/figcaption><\/figure><div class=\"fg-loader\"><\/div><\/div><div class=\"fg-item fg-type-image fg-idle\"><figure class=\"fg-item-inner\"><a href=\"https:\/\/www.aerodrome-paray.fr\/blog\/wp-content\/uploads\/JTQ-25-101.jpeg\" data-attachment-id=\"7415\" data-type=\"image\" class=\"fg-thumb\"><span class=\"fg-image-wrap\"><img decoding=\"async\" width=\"150\" height=\"150\" class=\"skip-lazy fg-image\" data-no-lazy=\"1\" data-src-fg=\"https:\/\/www.aerodrome-paray.fr\/blog\/wp-content\/uploads\/cache\/JTQ-25-101\/3149880689.jpeg\" src=\"data:image\/svg+xml,%3Csvg%20xmlns%3D%22http%3A%2F%2Fwww.w3.org%2F2000%2Fsvg%22%20width%3D%22150%22%20height%3D%22150%22%20viewBox%3D%220%200%20150%20150%22%3E%3C%2Fsvg%3E\" loading=\"eager\"><\/span><span class=\"fg-image-overlay\"><\/span><\/a><\/figure><div class=\"fg-loader\"><\/div><\/div><div class=\"fg-item fg-type-image fg-idle\"><figure class=\"fg-item-inner\"><a href=\"https:\/\/www.aerodrome-paray.fr\/blog\/wp-content\/uploads\/JTQ-25-102.jpeg\" data-caption-title=\"F-JBXY : ULM Savanah\" data-caption-desc=\"F-JBXY : ULM Savanah\" data-attachment-id=\"7414\" data-type=\"image\" class=\"fg-thumb\"><span class=\"fg-image-wrap\"><img decoding=\"async\" title=\"F-JBXY : ULM Savanah\" width=\"150\" height=\"150\" class=\"skip-lazy fg-image\" data-no-lazy=\"1\" data-src-fg=\"https:\/\/www.aerodrome-paray.fr\/blog\/wp-content\/uploads\/cache\/JTQ-25-102\/1634097748.jpeg\" src=\"data:image\/svg+xml,%3Csvg%20xmlns%3D%22http%3A%2F%2Fwww.w3.org%2F2000%2Fsvg%22%20width%3D%22150%22%20height%3D%22150%22%20viewBox%3D%220%200%20150%20150%22%3E%3C%2Fsvg%3E\" loading=\"eager\"><\/span><span class=\"fg-image-overlay\"><\/span><\/a><figcaption class=\"fg-caption\"><div class=\"fg-caption-inner\"><div class=\"fg-caption-title\">F-JBXY : ULM Savanah<\/div><div class=\"fg-caption-desc\">F-JBXY : ULM Savanah<\/div><\/div><\/figcaption><\/figure><div class=\"fg-loader\"><\/div><\/div><div class=\"fg-item fg-type-image fg-idle\"><figure class=\"fg-item-inner\"><a href=\"https:\/\/www.aerodrome-paray.fr\/blog\/wp-content\/uploads\/JTQ-25-103.jpeg\" data-caption-title=\"ULM Zenair 601 (F-JDJD)\" data-caption-desc=\"ULM Zenair 601 (F-JDJD)\" data-attachment-id=\"7413\" data-type=\"image\" class=\"fg-thumb\"><span class=\"fg-image-wrap\"><img decoding=\"async\" title=\"ULM Zenair 601 (F-JDJD)\" width=\"150\" height=\"150\" class=\"skip-lazy fg-image\" data-no-lazy=\"1\" data-src-fg=\"https:\/\/www.aerodrome-paray.fr\/blog\/wp-content\/uploads\/cache\/JTQ-25-103\/3005409140.jpeg\" src=\"data:image\/svg+xml,%3Csvg%20xmlns%3D%22http%3A%2F%2Fwww.w3.org%2F2000%2Fsvg%22%20width%3D%22150%22%20height%3D%22150%22%20viewBox%3D%220%200%20150%20150%22%3E%3C%2Fsvg%3E\" loading=\"eager\"><\/span><span class=\"fg-image-overlay\"><\/span><\/a><figcaption class=\"fg-caption\"><div class=\"fg-caption-inner\"><div class=\"fg-caption-title\">ULM Zenair 601 (F-JDJD)<\/div><div class=\"fg-caption-desc\">ULM Zenair 601 (F-JDJD)<\/div><\/div><\/figcaption><\/figure><div class=\"fg-loader\"><\/div><\/div><div class=\"fg-item fg-type-image fg-idle\"><figure class=\"fg-item-inner\"><a href=\"https:\/\/www.aerodrome-paray.fr\/blog\/wp-content\/uploads\/JTQ-25-104.jpeg\" data-caption-title=\"Aux couleurs de l&#039;US Navy : ULM Kiebitz (F-JGJU)\" data-caption-desc=\"Aux couleurs de l&#039;US Navy : ULM Kiebitz (F-JGJU)\" data-attachment-id=\"7412\" data-type=\"image\" class=\"fg-thumb\"><span class=\"fg-image-wrap\"><img decoding=\"async\" title=\"Aux couleurs de l&#039;US Navy : ULM Kiebitz (F-JGJU)\" width=\"150\" height=\"150\" class=\"skip-lazy fg-image\" data-no-lazy=\"1\" data-src-fg=\"https:\/\/www.aerodrome-paray.fr\/blog\/wp-content\/uploads\/cache\/JTQ-25-104\/873967965.jpeg\" src=\"data:image\/svg+xml,%3Csvg%20xmlns%3D%22http%3A%2F%2Fwww.w3.org%2F2000%2Fsvg%22%20width%3D%22150%22%20height%3D%22150%22%20viewBox%3D%220%200%20150%20150%22%3E%3C%2Fsvg%3E\" loading=\"eager\"><\/span><span class=\"fg-image-overlay\"><\/span><\/a><figcaption class=\"fg-caption\"><div class=\"fg-caption-inner\"><div class=\"fg-caption-title\">Aux couleurs de l'US Navy : ULM Kiebitz (F-JGJU)<\/div><div class=\"fg-caption-desc\">Aux couleurs de l'US Navy : ULM Kiebitz (F-JGJU)<\/div><\/div><\/figcaption><\/figure><div class=\"fg-loader\"><\/div><\/div><div class=\"fg-item fg-type-image fg-idle\"><figure class=\"fg-item-inner\"><a href=\"https:\/\/www.aerodrome-paray.fr\/blog\/wp-content\/uploads\/JTQ-25-105.jpeg\" data-attachment-id=\"7411\" data-type=\"image\" class=\"fg-thumb\"><span class=\"fg-image-wrap\"><img decoding=\"async\" width=\"150\" height=\"150\" class=\"skip-lazy fg-image\" data-no-lazy=\"1\" data-src-fg=\"https:\/\/www.aerodrome-paray.fr\/blog\/wp-content\/uploads\/cache\/JTQ-25-105\/3722571647.jpeg\" src=\"data:image\/svg+xml,%3Csvg%20xmlns%3D%22http%3A%2F%2Fwww.w3.org%2F2000%2Fsvg%22%20width%3D%22150%22%20height%3D%22150%22%20viewBox%3D%220%200%20150%20150%22%3E%3C%2Fsvg%3E\" loading=\"eager\"><\/span><span class=\"fg-image-overlay\"><\/span><\/a><\/figure><div class=\"fg-loader\"><\/div><\/div><div class=\"fg-item fg-type-image fg-idle\"><figure class=\"fg-item-inner\"><a href=\"https:\/\/www.aerodrome-paray.fr\/blog\/wp-content\/uploads\/JTQ-25-106.jpeg\" data-attachment-id=\"7410\" data-type=\"image\" class=\"fg-thumb\"><span class=\"fg-image-wrap\"><img decoding=\"async\" width=\"150\" height=\"150\" class=\"skip-lazy fg-image\" data-no-lazy=\"1\" data-src-fg=\"https:\/\/www.aerodrome-paray.fr\/blog\/wp-content\/uploads\/cache\/JTQ-25-106\/121170010.jpeg\" src=\"data:image\/svg+xml,%3Csvg%20xmlns%3D%22http%3A%2F%2Fwww.w3.org%2F2000%2Fsvg%22%20width%3D%22150%22%20height%3D%22150%22%20viewBox%3D%220%200%20150%20150%22%3E%3C%2Fsvg%3E\" loading=\"eager\"><\/span><span class=\"fg-image-overlay\"><\/span><\/a><\/figure><div class=\"fg-loader\"><\/div><\/div><div class=\"fg-item fg-type-image fg-idle\"><figure class=\"fg-item-inner\"><a href=\"https:\/\/www.aerodrome-paray.fr\/blog\/wp-content\/uploads\/JTQ-25-108.jpeg\" data-caption-title=\"ULM Kiebitz : 62-APR\" data-caption-desc=\"ULM Kiebitz : 62-APR\" data-attachment-id=\"7408\" data-type=\"image\" class=\"fg-thumb\"><span class=\"fg-image-wrap\"><img decoding=\"async\" title=\"ULM Kiebitz : 62-APR\" width=\"150\" height=\"150\" class=\"skip-lazy fg-image\" data-no-lazy=\"1\" data-src-fg=\"https:\/\/www.aerodrome-paray.fr\/blog\/wp-content\/uploads\/cache\/JTQ-25-108\/410403727.jpeg\" src=\"data:image\/svg+xml,%3Csvg%20xmlns%3D%22http%3A%2F%2Fwww.w3.org%2F2000%2Fsvg%22%20width%3D%22150%22%20height%3D%22150%22%20viewBox%3D%220%200%20150%20150%22%3E%3C%2Fsvg%3E\" loading=\"eager\"><\/span><span class=\"fg-image-overlay\"><\/span><\/a><figcaption class=\"fg-caption\"><div class=\"fg-caption-inner\"><div class=\"fg-caption-title\">ULM Kiebitz : 62-APR<\/div><div class=\"fg-caption-desc\">ULM Kiebitz : 62-APR<\/div><\/div><\/figcaption><\/figure><div class=\"fg-loader\"><\/div><\/div><div class=\"fg-item fg-type-image fg-idle\"><figure class=\"fg-item-inner\"><a href=\"https:\/\/www.aerodrome-paray.fr\/blog\/wp-content\/uploads\/JTQ-25-107.jpeg\" data-attachment-id=\"7409\" data-type=\"image\" class=\"fg-thumb\"><span class=\"fg-image-wrap\"><img decoding=\"async\" width=\"150\" height=\"150\" class=\"skip-lazy fg-image\" data-no-lazy=\"1\" data-src-fg=\"https:\/\/www.aerodrome-paray.fr\/blog\/wp-content\/uploads\/cache\/JTQ-25-107\/614184894.jpeg\" src=\"data:image\/svg+xml,%3Csvg%20xmlns%3D%22http%3A%2F%2Fwww.w3.org%2F2000%2Fsvg%22%20width%3D%22150%22%20height%3D%22150%22%20viewBox%3D%220%200%20150%20150%22%3E%3C%2Fsvg%3E\" loading=\"eager\"><\/span><span class=\"fg-image-overlay\"><\/span><\/a><\/figure><div class=\"fg-loader\"><\/div><\/div><div class=\"fg-item fg-type-image fg-idle\"><figure class=\"fg-item-inner\"><a href=\"https:\/\/www.aerodrome-paray.fr\/blog\/wp-content\/uploads\/JTQ-25-109.jpeg\" data-caption-title=\"F-JWJS : Jodel D-18 (ULM)\" data-caption-desc=\"F-JWJS : Jodel D-18 (ULM)\" data-attachment-id=\"7407\" data-type=\"image\" class=\"fg-thumb\"><span class=\"fg-image-wrap\"><img decoding=\"async\" title=\"F-JWJS : Jodel D-18 (ULM)\" width=\"150\" height=\"150\" class=\"skip-lazy fg-image\" data-no-lazy=\"1\" data-src-fg=\"https:\/\/www.aerodrome-paray.fr\/blog\/wp-content\/uploads\/cache\/JTQ-25-109\/3176609963.jpeg\" src=\"data:image\/svg+xml,%3Csvg%20xmlns%3D%22http%3A%2F%2Fwww.w3.org%2F2000%2Fsvg%22%20width%3D%22150%22%20height%3D%22150%22%20viewBox%3D%220%200%20150%20150%22%3E%3C%2Fsvg%3E\" loading=\"eager\"><\/span><span class=\"fg-image-overlay\"><\/span><\/a><figcaption class=\"fg-caption\"><div class=\"fg-caption-inner\"><div class=\"fg-caption-title\">F-JWJS : Jodel D-18 (ULM)<\/div><div class=\"fg-caption-desc\">F-JWJS : Jodel D-18 (ULM)<\/div><\/div><\/figcaption><\/figure><div class=\"fg-loader\"><\/div><\/div><div class=\"fg-item fg-type-image fg-idle\"><figure class=\"fg-item-inner\"><a href=\"https:\/\/www.aerodrome-paray.fr\/blog\/wp-content\/uploads\/JTQ-25-110.jpeg\" data-caption-title=\"Habitu\u00e9 de notre a\u00e9rodrome : CAP-10 (F-PAFO)\" data-caption-desc=\"Habitu\u00e9 de notre a\u00e9rodrome : CAP-10 (F-PAFO)\" data-attachment-id=\"7406\" data-type=\"image\" class=\"fg-thumb\"><span class=\"fg-image-wrap\"><img decoding=\"async\" title=\"Habitu\u00e9 de notre a\u00e9rodrome : CAP-10 (F-PAFO)\" width=\"150\" height=\"150\" class=\"skip-lazy fg-image\" data-no-lazy=\"1\" data-src-fg=\"https:\/\/www.aerodrome-paray.fr\/blog\/wp-content\/uploads\/cache\/JTQ-25-110\/493018670.jpeg\" src=\"data:image\/svg+xml,%3Csvg%20xmlns%3D%22http%3A%2F%2Fwww.w3.org%2F2000%2Fsvg%22%20width%3D%22150%22%20height%3D%22150%22%20viewBox%3D%220%200%20150%20150%22%3E%3C%2Fsvg%3E\" loading=\"eager\"><\/span><span class=\"fg-image-overlay\"><\/span><\/a><figcaption class=\"fg-caption\"><div class=\"fg-caption-inner\"><div class=\"fg-caption-title\">Habitu\u00e9 de notre a\u00e9rodrome : CAP-10 (F-PAFO)<\/div><div class=\"fg-caption-desc\">Habitu\u00e9 de notre a\u00e9rodrome : CAP-10 (F-PAFO)<\/div><\/div><\/figcaption><\/figure><div class=\"fg-loader\"><\/div><\/div><div class=\"fg-item fg-type-image fg-idle\"><figure class=\"fg-item-inner\"><a href=\"https:\/\/www.aerodrome-paray.fr\/blog\/wp-content\/uploads\/JTQ-25-111.jpeg\" data-attachment-id=\"7405\" data-type=\"image\" class=\"fg-thumb\"><span class=\"fg-image-wrap\"><img decoding=\"async\" width=\"150\" height=\"150\" class=\"skip-lazy fg-image\" data-no-lazy=\"1\" data-src-fg=\"https:\/\/www.aerodrome-paray.fr\/blog\/wp-content\/uploads\/cache\/JTQ-25-111\/4103372812.jpeg\" src=\"data:image\/svg+xml,%3Csvg%20xmlns%3D%22http%3A%2F%2Fwww.w3.org%2F2000%2Fsvg%22%20width%3D%22150%22%20height%3D%22150%22%20viewBox%3D%220%200%20150%20150%22%3E%3C%2Fsvg%3E\" loading=\"eager\"><\/span><span class=\"fg-image-overlay\"><\/span><\/a><\/figure><div class=\"fg-loader\"><\/div><\/div><div class=\"fg-item fg-type-image fg-idle\"><figure class=\"fg-item-inner\"><a href=\"https:\/\/www.aerodrome-paray.fr\/blog\/wp-content\/uploads\/JTQ-25-113.jpeg\" data-caption-title=\"F-PBRV : Jodel DR-1053\" data-caption-desc=\"F-PBRV : Jodel DR-1053\" data-attachment-id=\"7403\" data-type=\"image\" class=\"fg-thumb\"><span class=\"fg-image-wrap\"><img decoding=\"async\" title=\"F-PBRV : Jodel DR-1053\" width=\"150\" height=\"150\" class=\"skip-lazy fg-image\" data-no-lazy=\"1\" data-src-fg=\"https:\/\/www.aerodrome-paray.fr\/blog\/wp-content\/uploads\/cache\/JTQ-25-113\/4228463113.jpeg\" src=\"data:image\/svg+xml,%3Csvg%20xmlns%3D%22http%3A%2F%2Fwww.w3.org%2F2000%2Fsvg%22%20width%3D%22150%22%20height%3D%22150%22%20viewBox%3D%220%200%20150%20150%22%3E%3C%2Fsvg%3E\" loading=\"eager\"><\/span><span class=\"fg-image-overlay\"><\/span><\/a><figcaption class=\"fg-caption\"><div class=\"fg-caption-inner\"><div class=\"fg-caption-title\">F-PBRV : Jodel DR-1053<\/div><div class=\"fg-caption-desc\">F-PBRV : Jodel DR-1053<\/div><\/div><\/figcaption><\/figure><div class=\"fg-loader\"><\/div><\/div><div class=\"fg-item fg-type-image fg-idle\"><figure class=\"fg-item-inner\"><a href=\"https:\/\/www.aerodrome-paray.fr\/blog\/wp-content\/uploads\/JTQ-25-114.jpeg\" data-caption-title=\"F-PCMO :\" data-caption-desc=\"F-PCMO :\" data-attachment-id=\"7402\" data-type=\"image\" class=\"fg-thumb\"><span class=\"fg-image-wrap\"><img decoding=\"async\" title=\"F-PCMO :\" width=\"150\" height=\"150\" class=\"skip-lazy fg-image\" data-no-lazy=\"1\" data-src-fg=\"https:\/\/www.aerodrome-paray.fr\/blog\/wp-content\/uploads\/cache\/JTQ-25-114\/2067557408.jpeg\" src=\"data:image\/svg+xml,%3Csvg%20xmlns%3D%22http%3A%2F%2Fwww.w3.org%2F2000%2Fsvg%22%20width%3D%22150%22%20height%3D%22150%22%20viewBox%3D%220%200%20150%20150%22%3E%3C%2Fsvg%3E\" loading=\"eager\"><\/span><span class=\"fg-image-overlay\"><\/span><\/a><figcaption class=\"fg-caption\"><div class=\"fg-caption-inner\"><div class=\"fg-caption-title\">F-PCMO :<\/div><div class=\"fg-caption-desc\">F-PCMO :<\/div><\/div><\/figcaption><\/figure><div class=\"fg-loader\"><\/div><\/div><div class=\"fg-item fg-type-image fg-idle\"><figure class=\"fg-item-inner\"><a href=\"https:\/\/www.aerodrome-paray.fr\/blog\/wp-content\/uploads\/JTQ-25-115.jpeg\" data-caption-title=\"Arriv\u00e9e d&#039;un nouveau Piper J3 (F-PDVD)\" data-caption-desc=\"Arriv\u00e9e d&#039;un nouveau Piper J3 (F-PDVD)\" data-attachment-id=\"7401\" data-type=\"image\" class=\"fg-thumb\"><span class=\"fg-image-wrap\"><img decoding=\"async\" title=\"Arriv\u00e9e d&#039;un nouveau Piper J3 (F-PDVD)\" width=\"150\" height=\"150\" class=\"skip-lazy fg-image\" data-no-lazy=\"1\" data-src-fg=\"https:\/\/www.aerodrome-paray.fr\/blog\/wp-content\/uploads\/cache\/JTQ-25-115\/2462724610.jpeg\" src=\"data:image\/svg+xml,%3Csvg%20xmlns%3D%22http%3A%2F%2Fwww.w3.org%2F2000%2Fsvg%22%20width%3D%22150%22%20height%3D%22150%22%20viewBox%3D%220%200%20150%20150%22%3E%3C%2Fsvg%3E\" loading=\"eager\"><\/span><span class=\"fg-image-overlay\"><\/span><\/a><figcaption class=\"fg-caption\"><div class=\"fg-caption-inner\"><div class=\"fg-caption-title\">Arriv\u00e9e d'un nouveau Piper J3 (F-PDVD)<\/div><div class=\"fg-caption-desc\">Arriv\u00e9e d'un nouveau Piper J3 (F-PDVD)<\/div><\/div><\/figcaption><\/figure><div class=\"fg-loader\"><\/div><\/div><div class=\"fg-item fg-type-image fg-idle\"><figure class=\"fg-item-inner\"><a href=\"https:\/\/www.aerodrome-paray.fr\/blog\/wp-content\/uploads\/JTQ-25-116.jpeg\" data-caption-title=\"Il est de tous nos rassemblements : Mousquetaire Jodel D-140 (F-PEGL)\" data-caption-desc=\"Il est de tous nos rassemblements : Mousquetaire Jodel D-140 (F-PEGL)\" data-attachment-id=\"7400\" data-type=\"image\" class=\"fg-thumb\"><span class=\"fg-image-wrap\"><img decoding=\"async\" title=\"Il est de tous nos rassemblements : Mousquetaire Jodel D-140 (F-PEGL)\" width=\"150\" height=\"150\" class=\"skip-lazy fg-image\" data-no-lazy=\"1\" data-src-fg=\"https:\/\/www.aerodrome-paray.fr\/blog\/wp-content\/uploads\/cache\/JTQ-25-116\/1209218343.jpeg\" src=\"data:image\/svg+xml,%3Csvg%20xmlns%3D%22http%3A%2F%2Fwww.w3.org%2F2000%2Fsvg%22%20width%3D%22150%22%20height%3D%22150%22%20viewBox%3D%220%200%20150%20150%22%3E%3C%2Fsvg%3E\" loading=\"eager\"><\/span><span class=\"fg-image-overlay\"><\/span><\/a><figcaption class=\"fg-caption\"><div class=\"fg-caption-inner\"><div class=\"fg-caption-title\">Il est de tous nos rassemblements : Mousquetaire Jodel D-140 (F-PEGL)<\/div><div class=\"fg-caption-desc\">Il est de tous nos rassemblements : Mousquetaire Jodel D-140 (F-PEGL)<\/div><\/div><\/figcaption><\/figure><div class=\"fg-loader\"><\/div><\/div><div class=\"fg-item fg-type-image fg-idle\"><figure class=\"fg-item-inner\"><a href=\"https:\/\/www.aerodrome-paray.fr\/blog\/wp-content\/uploads\/JTQ-25-117.jpeg\" data-caption-title=\"F-PIHI : CP 301 Emeraude\" data-caption-desc=\"F-PIHI : CP 301 Emeraude\" data-attachment-id=\"7399\" data-type=\"image\" class=\"fg-thumb\"><span class=\"fg-image-wrap\"><img decoding=\"async\" title=\"F-PIHI : CP 301 Emeraude\" width=\"150\" height=\"150\" class=\"skip-lazy fg-image\" data-no-lazy=\"1\" data-src-fg=\"https:\/\/www.aerodrome-paray.fr\/blog\/wp-content\/uploads\/cache\/JTQ-25-117\/2372939019.jpeg\" src=\"data:image\/svg+xml,%3Csvg%20xmlns%3D%22http%3A%2F%2Fwww.w3.org%2F2000%2Fsvg%22%20width%3D%22150%22%20height%3D%22150%22%20viewBox%3D%220%200%20150%20150%22%3E%3C%2Fsvg%3E\" loading=\"eager\"><\/span><span class=\"fg-image-overlay\"><\/span><\/a><figcaption class=\"fg-caption\"><div class=\"fg-caption-inner\"><div class=\"fg-caption-title\">F-PIHI : CP 301 Emeraude<\/div><div class=\"fg-caption-desc\">F-PIHI : CP 301 Emeraude<\/div><\/div><\/figcaption><\/figure><div class=\"fg-loader\"><\/div><\/div><div class=\"fg-item fg-type-image fg-idle\"><figure class=\"fg-item-inner\"><a href=\"https:\/\/www.aerodrome-paray.fr\/blog\/wp-content\/uploads\/JTQ-25-118.jpeg\" data-caption-title=\"Venu en voisin de Montceau-les-Mines : Jodel D-112 (F-PIIM)\" data-caption-desc=\"Venu en voisin de Montceau-les-Mines : Jodel D-112 (F-PIIM)\" data-attachment-id=\"7398\" data-type=\"image\" class=\"fg-thumb\"><span class=\"fg-image-wrap\"><img decoding=\"async\" title=\"Venu en voisin de Montceau-les-Mines : Jodel D-112 (F-PIIM)\" width=\"150\" height=\"150\" class=\"skip-lazy fg-image\" data-no-lazy=\"1\" data-src-fg=\"https:\/\/www.aerodrome-paray.fr\/blog\/wp-content\/uploads\/cache\/JTQ-25-118\/2979911994.jpeg\" src=\"data:image\/svg+xml,%3Csvg%20xmlns%3D%22http%3A%2F%2Fwww.w3.org%2F2000%2Fsvg%22%20width%3D%22150%22%20height%3D%22150%22%20viewBox%3D%220%200%20150%20150%22%3E%3C%2Fsvg%3E\" loading=\"eager\"><\/span><span class=\"fg-image-overlay\"><\/span><\/a><figcaption class=\"fg-caption\"><div class=\"fg-caption-inner\"><div class=\"fg-caption-title\">Venu en voisin de Montceau-les-Mines : Jodel D-112 (F-PIIM)<\/div><div class=\"fg-caption-desc\">Venu en voisin de Montceau-les-Mines : Jodel D-112 (F-PIIM)<\/div><\/div><\/figcaption><\/figure><div class=\"fg-loader\"><\/div><\/div><div class=\"fg-item fg-type-image fg-idle\"><figure class=\"fg-item-inner\"><a href=\"https:\/\/www.aerodrome-paray.fr\/blog\/wp-content\/uploads\/JTQ-25-119.jpeg\" data-attachment-id=\"7397\" data-type=\"image\" class=\"fg-thumb\"><span class=\"fg-image-wrap\"><img decoding=\"async\" width=\"150\" height=\"150\" class=\"skip-lazy fg-image\" data-no-lazy=\"1\" data-src-fg=\"https:\/\/www.aerodrome-paray.fr\/blog\/wp-content\/uploads\/cache\/JTQ-25-119\/347906590.jpeg\" src=\"data:image\/svg+xml,%3Csvg%20xmlns%3D%22http%3A%2F%2Fwww.w3.org%2F2000%2Fsvg%22%20width%3D%22150%22%20height%3D%22150%22%20viewBox%3D%220%200%20150%20150%22%3E%3C%2Fsvg%3E\" loading=\"eager\"><\/span><span class=\"fg-image-overlay\"><\/span><\/a><\/figure><div class=\"fg-loader\"><\/div><\/div><div class=\"fg-item fg-type-image fg-idle\"><figure class=\"fg-item-inner\"><a href=\"https:\/\/www.aerodrome-paray.fr\/blog\/wp-content\/uploads\/JTQ-25-120.jpeg\" data-caption-title=\"CP-310 Emeraude (F-PINR)\" data-caption-desc=\"CP-310 Emeraude (F-PINR)\" data-attachment-id=\"7396\" data-type=\"image\" class=\"fg-thumb\"><span class=\"fg-image-wrap\"><img decoding=\"async\" title=\"CP-310 Emeraude (F-PINR)\" width=\"150\" height=\"150\" class=\"skip-lazy fg-image\" data-no-lazy=\"1\" data-src-fg=\"https:\/\/www.aerodrome-paray.fr\/blog\/wp-content\/uploads\/cache\/JTQ-25-120\/2960954534.jpeg\" src=\"data:image\/svg+xml,%3Csvg%20xmlns%3D%22http%3A%2F%2Fwww.w3.org%2F2000%2Fsvg%22%20width%3D%22150%22%20height%3D%22150%22%20viewBox%3D%220%200%20150%20150%22%3E%3C%2Fsvg%3E\" loading=\"eager\"><\/span><span class=\"fg-image-overlay\"><\/span><\/a><figcaption class=\"fg-caption\"><div class=\"fg-caption-inner\"><div class=\"fg-caption-title\">CP-310 Emeraude (F-PINR)<\/div><div class=\"fg-caption-desc\">CP-310 Emeraude (F-PINR)<\/div><\/div><\/figcaption><\/figure><div class=\"fg-loader\"><\/div><\/div><div class=\"fg-item fg-type-image fg-idle\"><figure class=\"fg-item-inner\"><a href=\"https:\/\/www.aerodrome-paray.fr\/blog\/wp-content\/uploads\/JTQ-25-121.jpeg\" data-attachment-id=\"7395\" data-type=\"image\" class=\"fg-thumb\"><span class=\"fg-image-wrap\"><img decoding=\"async\" width=\"150\" height=\"150\" class=\"skip-lazy fg-image\" data-no-lazy=\"1\" data-src-fg=\"https:\/\/www.aerodrome-paray.fr\/blog\/wp-content\/uploads\/cache\/JTQ-25-121\/1502268036.jpeg\" src=\"data:image\/svg+xml,%3Csvg%20xmlns%3D%22http%3A%2F%2Fwww.w3.org%2F2000%2Fsvg%22%20width%3D%22150%22%20height%3D%22150%22%20viewBox%3D%220%200%20150%20150%22%3E%3C%2Fsvg%3E\" loading=\"eager\"><\/span><span class=\"fg-image-overlay\"><\/span><\/a><\/figure><div class=\"fg-loader\"><\/div><\/div><div class=\"fg-item fg-type-image fg-idle\"><figure class=\"fg-item-inner\"><a href=\"https:\/\/www.aerodrome-paray.fr\/blog\/wp-content\/uploads\/JTQ-25-122.jpeg\" data-caption-title=\"CP-305 (F-PJKR)\" data-caption-desc=\"CP-305 (F-PJKR)\" data-attachment-id=\"7394\" data-type=\"image\" class=\"fg-thumb\"><span class=\"fg-image-wrap\"><img decoding=\"async\" title=\"CP-305 (F-PJKR)\" width=\"150\" height=\"150\" class=\"skip-lazy fg-image\" data-no-lazy=\"1\" data-src-fg=\"https:\/\/www.aerodrome-paray.fr\/blog\/wp-content\/uploads\/cache\/JTQ-25-122\/2203307425.jpeg\" src=\"data:image\/svg+xml,%3Csvg%20xmlns%3D%22http%3A%2F%2Fwww.w3.org%2F2000%2Fsvg%22%20width%3D%22150%22%20height%3D%22150%22%20viewBox%3D%220%200%20150%20150%22%3E%3C%2Fsvg%3E\" loading=\"eager\"><\/span><span class=\"fg-image-overlay\"><\/span><\/a><figcaption class=\"fg-caption\"><div class=\"fg-caption-inner\"><div class=\"fg-caption-title\">CP-305 (F-PJKR)<\/div><div class=\"fg-caption-desc\">CP-305 (F-PJKR)<\/div><\/div><\/figcaption><\/figure><div class=\"fg-loader\"><\/div><\/div><div class=\"fg-item fg-type-image fg-idle\"><figure class=\"fg-item-inner\"><a href=\"https:\/\/www.aerodrome-paray.fr\/blog\/wp-content\/uploads\/JTQ-25-123.jpeg\" data-caption-title=\"F-PJQT : Jodel D-140 Mousquetaire\" data-caption-desc=\"F-PJQT : Jodel D-140 Mousquetaire\" data-attachment-id=\"7393\" data-type=\"image\" class=\"fg-thumb\"><span class=\"fg-image-wrap\"><img decoding=\"async\" title=\"F-PJQT : Jodel D-140 Mousquetaire\" width=\"150\" height=\"150\" class=\"skip-lazy fg-image\" data-no-lazy=\"1\" data-src-fg=\"https:\/\/www.aerodrome-paray.fr\/blog\/wp-content\/uploads\/cache\/JTQ-25-123\/1360490625.jpeg\" src=\"data:image\/svg+xml,%3Csvg%20xmlns%3D%22http%3A%2F%2Fwww.w3.org%2F2000%2Fsvg%22%20width%3D%22150%22%20height%3D%22150%22%20viewBox%3D%220%200%20150%20150%22%3E%3C%2Fsvg%3E\" loading=\"eager\"><\/span><span class=\"fg-image-overlay\"><\/span><\/a><figcaption class=\"fg-caption\"><div class=\"fg-caption-inner\"><div class=\"fg-caption-title\">F-PJQT : Jodel D-140 Mousquetaire<\/div><div class=\"fg-caption-desc\">F-PJQT : Jodel D-140 Mousquetaire<\/div><\/div><\/figcaption><\/figure><div class=\"fg-loader\"><\/div><\/div><div class=\"fg-item fg-type-image fg-idle\"><figure class=\"fg-item-inner\"><a href=\"https:\/\/www.aerodrome-paray.fr\/blog\/wp-content\/uploads\/JTQ-25-124.jpeg\" data-attachment-id=\"7392\" data-type=\"image\" class=\"fg-thumb\"><span class=\"fg-image-wrap\"><img decoding=\"async\" width=\"150\" height=\"150\" class=\"skip-lazy fg-image\" data-no-lazy=\"1\" data-src-fg=\"https:\/\/www.aerodrome-paray.fr\/blog\/wp-content\/uploads\/cache\/JTQ-25-124\/3592562344.jpeg\" src=\"data:image\/svg+xml,%3Csvg%20xmlns%3D%22http%3A%2F%2Fwww.w3.org%2F2000%2Fsvg%22%20width%3D%22150%22%20height%3D%22150%22%20viewBox%3D%220%200%20150%20150%22%3E%3C%2Fsvg%3E\" loading=\"eager\"><\/span><span class=\"fg-image-overlay\"><\/span><\/a><\/figure><div class=\"fg-loader\"><\/div><\/div><div class=\"fg-item fg-type-image fg-idle\"><figure class=\"fg-item-inner\"><a href=\"https:\/\/www.aerodrome-paray.fr\/blog\/wp-content\/uploads\/JTQ-25-126.jpeg\" data-caption-title=\"Au d\u00e9part : F-PKVB : CP-310 Emeraude\" data-caption-desc=\"Au d\u00e9part : F-PKVB : CP-310 Emeraude\" data-attachment-id=\"7390\" data-type=\"image\" class=\"fg-thumb\"><span class=\"fg-image-wrap\"><img decoding=\"async\" title=\"Au d\u00e9part : F-PKVB : CP-310 Emeraude\" width=\"150\" height=\"150\" class=\"skip-lazy fg-image\" data-no-lazy=\"1\" data-src-fg=\"https:\/\/www.aerodrome-paray.fr\/blog\/wp-content\/uploads\/cache\/JTQ-25-126\/3842867119.jpeg\" src=\"data:image\/svg+xml,%3Csvg%20xmlns%3D%22http%3A%2F%2Fwww.w3.org%2F2000%2Fsvg%22%20width%3D%22150%22%20height%3D%22150%22%20viewBox%3D%220%200%20150%20150%22%3E%3C%2Fsvg%3E\" loading=\"eager\"><\/span><span class=\"fg-image-overlay\"><\/span><\/a><figcaption class=\"fg-caption\"><div class=\"fg-caption-inner\"><div class=\"fg-caption-title\">Au d\u00e9part : F-PKVB : CP-310 Emeraude<\/div><div class=\"fg-caption-desc\">Au d\u00e9part : F-PKVB : CP-310 Emeraude<\/div><\/div><\/figcaption><\/figure><div class=\"fg-loader\"><\/div><\/div><div class=\"fg-item fg-type-image fg-idle\"><figure class=\"fg-item-inner\"><a href=\"https:\/\/www.aerodrome-paray.fr\/blog\/wp-content\/uploads\/JTQ-25-125.jpeg\" data-attachment-id=\"7391\" data-type=\"image\" class=\"fg-thumb\"><span class=\"fg-image-wrap\"><img decoding=\"async\" width=\"150\" height=\"150\" class=\"skip-lazy fg-image\" data-no-lazy=\"1\" data-src-fg=\"https:\/\/www.aerodrome-paray.fr\/blog\/wp-content\/uploads\/cache\/JTQ-25-125\/1070889098.jpeg\" src=\"data:image\/svg+xml,%3Csvg%20xmlns%3D%22http%3A%2F%2Fwww.w3.org%2F2000%2Fsvg%22%20width%3D%22150%22%20height%3D%22150%22%20viewBox%3D%220%200%20150%20150%22%3E%3C%2Fsvg%3E\" loading=\"eager\"><\/span><span class=\"fg-image-overlay\"><\/span><\/a><\/figure><div class=\"fg-loader\"><\/div><\/div><div class=\"fg-item fg-type-image fg-idle\"><figure class=\"fg-item-inner\"><a href=\"https:\/\/www.aerodrome-paray.fr\/blog\/wp-content\/uploads\/JTQ-25-127.jpeg\" data-caption-title=\"F-PMED : Jodel D-119\" data-caption-desc=\"F-PMED : Jodel D-119\" data-attachment-id=\"7389\" data-type=\"image\" class=\"fg-thumb\"><span class=\"fg-image-wrap\"><img decoding=\"async\" title=\"F-PMED : Jodel D-119\" width=\"150\" height=\"150\" class=\"skip-lazy fg-image\" data-no-lazy=\"1\" data-src-fg=\"https:\/\/www.aerodrome-paray.fr\/blog\/wp-content\/uploads\/cache\/JTQ-25-127\/3333300299.jpeg\" src=\"data:image\/svg+xml,%3Csvg%20xmlns%3D%22http%3A%2F%2Fwww.w3.org%2F2000%2Fsvg%22%20width%3D%22150%22%20height%3D%22150%22%20viewBox%3D%220%200%20150%20150%22%3E%3C%2Fsvg%3E\" loading=\"eager\"><\/span><span class=\"fg-image-overlay\"><\/span><\/a><figcaption class=\"fg-caption\"><div class=\"fg-caption-inner\"><div class=\"fg-caption-title\">F-PMED : Jodel D-119<\/div><div class=\"fg-caption-desc\">F-PMED : Jodel D-119<\/div><\/div><\/figcaption><\/figure><div class=\"fg-loader\"><\/div><\/div><div class=\"fg-item fg-type-image fg-idle\"><figure class=\"fg-item-inner\"><a href=\"https:\/\/www.aerodrome-paray.fr\/blog\/wp-content\/uploads\/JTQ-25-128.jpeg\" data-caption-title=\"En approche : Jodel D-251 (F-PMLD)\" data-caption-desc=\"En approche : Jodel D-251 (F-PMLD)\" data-attachment-id=\"7388\" data-type=\"image\" class=\"fg-thumb\"><span class=\"fg-image-wrap\"><img decoding=\"async\" title=\"En approche : Jodel D-251 (F-PMLD)\" width=\"150\" height=\"150\" class=\"skip-lazy fg-image\" data-no-lazy=\"1\" data-src-fg=\"https:\/\/www.aerodrome-paray.fr\/blog\/wp-content\/uploads\/cache\/JTQ-25-128\/4198749306.jpeg\" src=\"data:image\/svg+xml,%3Csvg%20xmlns%3D%22http%3A%2F%2Fwww.w3.org%2F2000%2Fsvg%22%20width%3D%22150%22%20height%3D%22150%22%20viewBox%3D%220%200%20150%20150%22%3E%3C%2Fsvg%3E\" loading=\"eager\"><\/span><span class=\"fg-image-overlay\"><\/span><\/a><figcaption class=\"fg-caption\"><div class=\"fg-caption-inner\"><div class=\"fg-caption-title\">En approche : Jodel D-251 (F-PMLD)<\/div><div class=\"fg-caption-desc\">En approche : Jodel D-251 (F-PMLD)<\/div><\/div><\/figcaption><\/figure><div class=\"fg-loader\"><\/div><\/div><div class=\"fg-item fg-type-image fg-idle\"><figure class=\"fg-item-inner\"><a href=\"https:\/\/www.aerodrome-paray.fr\/blog\/wp-content\/uploads\/JTQ-25-129.jpeg\" data-attachment-id=\"7387\" data-type=\"image\" class=\"fg-thumb\"><span class=\"fg-image-wrap\"><img decoding=\"async\" width=\"150\" height=\"150\" class=\"skip-lazy fg-image\" data-no-lazy=\"1\" data-src-fg=\"https:\/\/www.aerodrome-paray.fr\/blog\/wp-content\/uploads\/cache\/JTQ-25-129\/1600302942.jpeg\" src=\"data:image\/svg+xml,%3Csvg%20xmlns%3D%22http%3A%2F%2Fwww.w3.org%2F2000%2Fsvg%22%20width%3D%22150%22%20height%3D%22150%22%20viewBox%3D%220%200%20150%20150%22%3E%3C%2Fsvg%3E\" loading=\"eager\"><\/span><span class=\"fg-image-overlay\"><\/span><\/a><\/figure><div class=\"fg-loader\"><\/div><\/div><div class=\"fg-item fg-type-image fg-idle\"><figure class=\"fg-item-inner\"><a href=\"https:\/\/www.aerodrome-paray.fr\/blog\/wp-content\/uploads\/JTQ-25-130.jpeg\" data-caption-title=\"F-POIH : Jodel D-113\" data-caption-desc=\"F-POIH : Jodel D-113\" data-attachment-id=\"7386\" data-type=\"image\" class=\"fg-thumb\"><span class=\"fg-image-wrap\"><img decoding=\"async\" title=\"F-POIH : Jodel D-113\" width=\"150\" height=\"150\" class=\"skip-lazy fg-image\" data-no-lazy=\"1\" data-src-fg=\"https:\/\/www.aerodrome-paray.fr\/blog\/wp-content\/uploads\/cache\/JTQ-25-130\/4283910619.jpeg\" src=\"data:image\/svg+xml,%3Csvg%20xmlns%3D%22http%3A%2F%2Fwww.w3.org%2F2000%2Fsvg%22%20width%3D%22150%22%20height%3D%22150%22%20viewBox%3D%220%200%20150%20150%22%3E%3C%2Fsvg%3E\" loading=\"eager\"><\/span><span class=\"fg-image-overlay\"><\/span><\/a><figcaption class=\"fg-caption\"><div class=\"fg-caption-inner\"><div class=\"fg-caption-title\">F-POIH : Jodel D-113<\/div><div class=\"fg-caption-desc\">F-POIH : Jodel D-113<\/div><\/div><\/figcaption><\/figure><div class=\"fg-loader\"><\/div><\/div><div class=\"fg-item fg-type-image fg-idle\"><figure class=\"fg-item-inner\"><a href=\"https:\/\/www.aerodrome-paray.fr\/blog\/wp-content\/uploads\/JTQ-25-131.jpeg\" data-attachment-id=\"7385\" data-type=\"image\" class=\"fg-thumb\"><span class=\"fg-image-wrap\"><img decoding=\"async\" width=\"150\" height=\"150\" class=\"skip-lazy fg-image\" data-no-lazy=\"1\" data-src-fg=\"https:\/\/www.aerodrome-paray.fr\/blog\/wp-content\/uploads\/cache\/JTQ-25-131\/379656185.jpeg\" src=\"data:image\/svg+xml,%3Csvg%20xmlns%3D%22http%3A%2F%2Fwww.w3.org%2F2000%2Fsvg%22%20width%3D%22150%22%20height%3D%22150%22%20viewBox%3D%220%200%20150%20150%22%3E%3C%2Fsvg%3E\" loading=\"eager\"><\/span><span class=\"fg-image-overlay\"><\/span><\/a><\/figure><div class=\"fg-loader\"><\/div><\/div><div class=\"fg-item fg-type-image fg-idle\"><figure class=\"fg-item-inner\"><a href=\"https:\/\/www.aerodrome-paray.fr\/blog\/wp-content\/uploads\/JTQ-25-132.jpeg\" data-caption-title=\"On le voyait r\u00e9guli\u00e8rement quand il \u00e9tait bas\u00e9 \u00e0 Paray : Jodel D-112 (F-PPRB)\" data-caption-desc=\"On le voyait r\u00e9guli\u00e8rement quand il \u00e9tait bas\u00e9 \u00e0 Paray : Jodel D-112 (F-PPRB)\" data-attachment-id=\"7384\" data-type=\"image\" class=\"fg-thumb\"><span class=\"fg-image-wrap\"><img decoding=\"async\" title=\"On le voyait r\u00e9guli\u00e8rement quand il \u00e9tait bas\u00e9 \u00e0 Paray : Jodel D-112 (F-PPRB)\" width=\"150\" height=\"150\" class=\"skip-lazy fg-image\" data-no-lazy=\"1\" data-src-fg=\"https:\/\/www.aerodrome-paray.fr\/blog\/wp-content\/uploads\/cache\/JTQ-25-132\/3430420700.jpeg\" src=\"data:image\/svg+xml,%3Csvg%20xmlns%3D%22http%3A%2F%2Fwww.w3.org%2F2000%2Fsvg%22%20width%3D%22150%22%20height%3D%22150%22%20viewBox%3D%220%200%20150%20150%22%3E%3C%2Fsvg%3E\" loading=\"eager\"><\/span><span class=\"fg-image-overlay\"><\/span><\/a><figcaption class=\"fg-caption\"><div class=\"fg-caption-inner\"><div class=\"fg-caption-title\">On le voyait r\u00e9guli\u00e8rement quand il \u00e9tait bas\u00e9 \u00e0 Paray : Jodel D-112 (F-PPRB)<\/div><div class=\"fg-caption-desc\">On le voyait r\u00e9guli\u00e8rement quand il \u00e9tait bas\u00e9 \u00e0 Paray : Jodel D-112 (F-PPRB)<\/div><\/div><\/figcaption><\/figure><div class=\"fg-loader\"><\/div><\/div><div class=\"fg-item fg-type-image fg-idle\"><figure class=\"fg-item-inner\"><a href=\"https:\/\/www.aerodrome-paray.fr\/blog\/wp-content\/uploads\/JTQ-25-133.jpeg\" data-caption-title=\"F-PRDH : Jodel D-150\" data-caption-desc=\"F-PRDH : Jodel D-150\" data-attachment-id=\"7383\" data-type=\"image\" class=\"fg-thumb\"><span class=\"fg-image-wrap\"><img decoding=\"async\" title=\"F-PRDH : Jodel D-150\" width=\"150\" height=\"150\" class=\"skip-lazy fg-image\" data-no-lazy=\"1\" data-src-fg=\"https:\/\/www.aerodrome-paray.fr\/blog\/wp-content\/uploads\/cache\/JTQ-25-133\/507293180.jpeg\" src=\"data:image\/svg+xml,%3Csvg%20xmlns%3D%22http%3A%2F%2Fwww.w3.org%2F2000%2Fsvg%22%20width%3D%22150%22%20height%3D%22150%22%20viewBox%3D%220%200%20150%20150%22%3E%3C%2Fsvg%3E\" loading=\"eager\"><\/span><span class=\"fg-image-overlay\"><\/span><\/a><figcaption class=\"fg-caption\"><div class=\"fg-caption-inner\"><div class=\"fg-caption-title\">F-PRDH : Jodel D-150<\/div><div class=\"fg-caption-desc\">F-PRDH : Jodel D-150<\/div><\/div><\/figcaption><\/figure><div class=\"fg-loader\"><\/div><\/div><div class=\"fg-item fg-type-image fg-idle\"><figure class=\"fg-item-inner\"><a href=\"https:\/\/www.aerodrome-paray.fr\/blog\/wp-content\/uploads\/JTQ-25-134.jpeg\" data-attachment-id=\"7382\" data-type=\"image\" class=\"fg-thumb\"><span class=\"fg-image-wrap\"><img decoding=\"async\" width=\"150\" height=\"150\" class=\"skip-lazy fg-image\" data-no-lazy=\"1\" data-src-fg=\"https:\/\/www.aerodrome-paray.fr\/blog\/wp-content\/uploads\/cache\/JTQ-25-134\/2567568341.jpeg\" src=\"data:image\/svg+xml,%3Csvg%20xmlns%3D%22http%3A%2F%2Fwww.w3.org%2F2000%2Fsvg%22%20width%3D%22150%22%20height%3D%22150%22%20viewBox%3D%220%200%20150%20150%22%3E%3C%2Fsvg%3E\" loading=\"eager\"><\/span><span class=\"fg-image-overlay\"><\/span><\/a><\/figure><div class=\"fg-loader\"><\/div><\/div><div class=\"fg-item fg-type-image fg-idle\"><figure class=\"fg-item-inner\"><a href=\"https:\/\/www.aerodrome-paray.fr\/blog\/wp-content\/uploads\/JTQ-25-135.jpeg\" data-caption-title=\"Souvent pr\u00e9sent \u00e0 Paray : Jodel D-113 (F-PRLB)\" data-caption-desc=\"Souvent pr\u00e9sent \u00e0 Paray : Jodel D-113 (F-PRLB)\" data-attachment-id=\"7381\" data-type=\"image\" class=\"fg-thumb\"><span class=\"fg-image-wrap\"><img decoding=\"async\" title=\"Souvent pr\u00e9sent \u00e0 Paray : Jodel D-113 (F-PRLB)\" width=\"150\" height=\"150\" class=\"skip-lazy fg-image\" data-no-lazy=\"1\" data-src-fg=\"https:\/\/www.aerodrome-paray.fr\/blog\/wp-content\/uploads\/cache\/JTQ-25-135\/1895802359.jpeg\" src=\"data:image\/svg+xml,%3Csvg%20xmlns%3D%22http%3A%2F%2Fwww.w3.org%2F2000%2Fsvg%22%20width%3D%22150%22%20height%3D%22150%22%20viewBox%3D%220%200%20150%20150%22%3E%3C%2Fsvg%3E\" loading=\"eager\"><\/span><span class=\"fg-image-overlay\"><\/span><\/a><figcaption class=\"fg-caption\"><div class=\"fg-caption-inner\"><div class=\"fg-caption-title\">Souvent pr\u00e9sent \u00e0 Paray : Jodel D-113 (F-PRLB)<\/div><div class=\"fg-caption-desc\">Souvent pr\u00e9sent \u00e0 Paray : Jodel D-113 (F-PRLB)<\/div><\/div><\/figcaption><\/figure><div class=\"fg-loader\"><\/div><\/div><div class=\"fg-item fg-type-image fg-idle\"><figure class=\"fg-item-inner\"><a href=\"https:\/\/www.aerodrome-paray.fr\/blog\/wp-content\/uploads\/JTQ-25-136.jpeg\" data-attachment-id=\"7380\" data-type=\"image\" class=\"fg-thumb\"><span class=\"fg-image-wrap\"><img decoding=\"async\" width=\"150\" height=\"150\" class=\"skip-lazy fg-image\" data-no-lazy=\"1\" data-src-fg=\"https:\/\/www.aerodrome-paray.fr\/blog\/wp-content\/uploads\/cache\/JTQ-25-136\/2854658770.jpeg\" src=\"data:image\/svg+xml,%3Csvg%20xmlns%3D%22http%3A%2F%2Fwww.w3.org%2F2000%2Fsvg%22%20width%3D%22150%22%20height%3D%22150%22%20viewBox%3D%220%200%20150%20150%22%3E%3C%2Fsvg%3E\" loading=\"eager\"><\/span><span class=\"fg-image-overlay\"><\/span><\/a><\/figure><div class=\"fg-loader\"><\/div><\/div><div class=\"fg-item fg-type-image fg-idle\"><figure class=\"fg-item-inner\"><a href=\"https:\/\/www.aerodrome-paray.fr\/blog\/wp-content\/uploads\/JTQ-25-137.jpeg\" data-caption-title=\"F-PRLD : Western PGK-1 Hirondelle\" data-caption-desc=\"F-PRLD : Western PGK-1 Hirondelle\" data-attachment-id=\"7379\" data-type=\"image\" class=\"fg-thumb\"><span class=\"fg-image-wrap\"><img decoding=\"async\" title=\"F-PRLD : Western PGK-1 Hirondelle\" width=\"150\" height=\"150\" class=\"skip-lazy fg-image\" data-no-lazy=\"1\" data-src-fg=\"https:\/\/www.aerodrome-paray.fr\/blog\/wp-content\/uploads\/cache\/JTQ-25-137\/4194887137.jpeg\" src=\"data:image\/svg+xml,%3Csvg%20xmlns%3D%22http%3A%2F%2Fwww.w3.org%2F2000%2Fsvg%22%20width%3D%22150%22%20height%3D%22150%22%20viewBox%3D%220%200%20150%20150%22%3E%3C%2Fsvg%3E\" loading=\"eager\"><\/span><span class=\"fg-image-overlay\"><\/span><\/a><figcaption class=\"fg-caption\"><div class=\"fg-caption-inner\"><div class=\"fg-caption-title\">F-PRLD : Western PGK-1 Hirondelle<\/div><div class=\"fg-caption-desc\">F-PRLD : Western PGK-1 Hirondelle<\/div><\/div><\/figcaption><\/figure><div class=\"fg-loader\"><\/div><\/div><div class=\"fg-item fg-type-image fg-idle\"><figure class=\"fg-item-inner\"><a href=\"https:\/\/www.aerodrome-paray.fr\/blog\/wp-content\/uploads\/JTQ-25-138.jpeg\" data-caption-title=\"Anthony accueille un Jodel Sicile DR-1050\" data-caption-desc=\"Anthony accueille un Jodel Sicile DR-1050\" data-attachment-id=\"7378\" data-type=\"image\" class=\"fg-thumb\"><span class=\"fg-image-wrap\"><img decoding=\"async\" title=\"Anthony accueille un Jodel Sicile DR-1050\" width=\"150\" height=\"150\" class=\"skip-lazy fg-image\" data-no-lazy=\"1\" data-src-fg=\"https:\/\/www.aerodrome-paray.fr\/blog\/wp-content\/uploads\/cache\/JTQ-25-138\/3336901072.jpeg\" src=\"data:image\/svg+xml,%3Csvg%20xmlns%3D%22http%3A%2F%2Fwww.w3.org%2F2000%2Fsvg%22%20width%3D%22150%22%20height%3D%22150%22%20viewBox%3D%220%200%20150%20150%22%3E%3C%2Fsvg%3E\" loading=\"eager\"><\/span><span class=\"fg-image-overlay\"><\/span><\/a><figcaption class=\"fg-caption\"><div class=\"fg-caption-inner\"><div class=\"fg-caption-title\">Anthony accueille un Jodel Sicile DR-1050<\/div><div class=\"fg-caption-desc\">Anthony accueille un Jodel Sicile DR-1050<\/div><\/div><\/figcaption><\/figure><div class=\"fg-loader\"><\/div><\/div><div class=\"fg-item fg-type-image fg-idle\"><figure class=\"fg-item-inner\"><a href=\"https:\/\/www.aerodrome-paray.fr\/blog\/wp-content\/uploads\/JTQ-25-139.jpeg\" data-attachment-id=\"7377\" data-type=\"image\" class=\"fg-thumb\"><span class=\"fg-image-wrap\"><img decoding=\"async\" width=\"150\" height=\"150\" class=\"skip-lazy fg-image\" data-no-lazy=\"1\" data-src-fg=\"https:\/\/www.aerodrome-paray.fr\/blog\/wp-content\/uploads\/cache\/JTQ-25-139\/1673816820.jpeg\" src=\"data:image\/svg+xml,%3Csvg%20xmlns%3D%22http%3A%2F%2Fwww.w3.org%2F2000%2Fsvg%22%20width%3D%22150%22%20height%3D%22150%22%20viewBox%3D%220%200%20150%20150%22%3E%3C%2Fsvg%3E\" loading=\"eager\"><\/span><span class=\"fg-image-overlay\"><\/span><\/a><\/figure><div class=\"fg-loader\"><\/div><\/div><div class=\"fg-item fg-type-image fg-idle\"><figure class=\"fg-item-inner\"><a href=\"https:\/\/www.aerodrome-paray.fr\/blog\/wp-content\/uploads\/JTQ-25-140.jpeg\" data-caption-title=\"F-PTOP : Jodel Sicile Record (DR-1051)\" data-caption-desc=\"F-PTOP : Jodel Sicile Record (DR-1051)\" data-attachment-id=\"7376\" data-type=\"image\" class=\"fg-thumb\"><span class=\"fg-image-wrap\"><img decoding=\"async\" title=\"F-PTOP : Jodel Sicile Record (DR-1051)\" width=\"150\" height=\"150\" class=\"skip-lazy fg-image\" data-no-lazy=\"1\" data-src-fg=\"https:\/\/www.aerodrome-paray.fr\/blog\/wp-content\/uploads\/cache\/JTQ-25-140\/3471834166.jpeg\" src=\"data:image\/svg+xml,%3Csvg%20xmlns%3D%22http%3A%2F%2Fwww.w3.org%2F2000%2Fsvg%22%20width%3D%22150%22%20height%3D%22150%22%20viewBox%3D%220%200%20150%20150%22%3E%3C%2Fsvg%3E\" loading=\"eager\"><\/span><span class=\"fg-image-overlay\"><\/span><\/a><figcaption class=\"fg-caption\"><div class=\"fg-caption-inner\"><div class=\"fg-caption-title\">F-PTOP : Jodel Sicile Record (DR-1051)<\/div><div class=\"fg-caption-desc\">F-PTOP : Jodel Sicile Record (DR-1051)<\/div><\/div><\/figcaption><\/figure><div class=\"fg-loader\"><\/div><\/div><div class=\"fg-item fg-type-image fg-idle\"><figure class=\"fg-item-inner\"><a href=\"https:\/\/www.aerodrome-paray.fr\/blog\/wp-content\/uploads\/JTQ-25-141.jpeg\" data-caption-title=\"Autre DR-1051 Sicile Record souvent en visite \u00e0 Paray : F-PYET\" data-caption-desc=\"Autre DR-1051 Sicile Record souvent en visite \u00e0 Paray : F-PYET\" data-attachment-id=\"7375\" data-type=\"image\" class=\"fg-thumb\"><span class=\"fg-image-wrap\"><img decoding=\"async\" title=\"Autre DR-1051 Sicile Record souvent en visite \u00e0 Paray : F-PYET\" width=\"150\" height=\"150\" class=\"skip-lazy fg-image\" data-no-lazy=\"1\" data-src-fg=\"https:\/\/www.aerodrome-paray.fr\/blog\/wp-content\/uploads\/cache\/JTQ-25-141\/655991316.jpeg\" src=\"data:image\/svg+xml,%3Csvg%20xmlns%3D%22http%3A%2F%2Fwww.w3.org%2F2000%2Fsvg%22%20width%3D%22150%22%20height%3D%22150%22%20viewBox%3D%220%200%20150%20150%22%3E%3C%2Fsvg%3E\" loading=\"eager\"><\/span><span class=\"fg-image-overlay\"><\/span><\/a><figcaption class=\"fg-caption\"><div class=\"fg-caption-inner\"><div class=\"fg-caption-title\">Autre DR-1051 Sicile Record souvent en visite \u00e0 Paray : F-PYET<\/div><div class=\"fg-caption-desc\">Autre DR-1051 Sicile Record souvent en visite \u00e0 Paray : F-PYET<\/div><\/div><\/figcaption><\/figure><div class=\"fg-loader\"><\/div><\/div><div class=\"fg-item fg-type-image fg-idle\"><figure class=\"fg-item-inner\"><a href=\"https:\/\/www.aerodrome-paray.fr\/blog\/wp-content\/uploads\/JTQ-25-142.jpeg\" data-caption-title=\"Magnifique avion : CP-751 B\u00e9ryl (F-PYTP)\" data-caption-desc=\"Magnifique avion : CP-751 B\u00e9ryl (F-PYTP)\" data-attachment-id=\"7374\" data-type=\"image\" class=\"fg-thumb\"><span class=\"fg-image-wrap\"><img decoding=\"async\" title=\"Magnifique avion : CP-751 B\u00e9ryl (F-PYTP)\" width=\"150\" height=\"150\" class=\"skip-lazy fg-image\" data-no-lazy=\"1\" data-src-fg=\"https:\/\/www.aerodrome-paray.fr\/blog\/wp-content\/uploads\/cache\/JTQ-25-142\/4257260849.jpeg\" src=\"data:image\/svg+xml,%3Csvg%20xmlns%3D%22http%3A%2F%2Fwww.w3.org%2F2000%2Fsvg%22%20width%3D%22150%22%20height%3D%22150%22%20viewBox%3D%220%200%20150%20150%22%3E%3C%2Fsvg%3E\" loading=\"eager\"><\/span><span class=\"fg-image-overlay\"><\/span><\/a><figcaption class=\"fg-caption\"><div class=\"fg-caption-inner\"><div class=\"fg-caption-title\">Magnifique avion : CP-751 B\u00e9ryl (F-PYTP)<\/div><div class=\"fg-caption-desc\">Magnifique avion : CP-751 B\u00e9ryl (F-PYTP)<\/div><\/div><\/figcaption><\/figure><div class=\"fg-loader\"><\/div><\/div><div class=\"fg-item fg-type-image fg-idle\"><figure class=\"fg-item-inner\"><a href=\"https:\/\/www.aerodrome-paray.fr\/blog\/wp-content\/uploads\/JTQ-25-143.jpeg\" data-attachment-id=\"7373\" data-type=\"image\" class=\"fg-thumb\"><span class=\"fg-image-wrap\"><img decoding=\"async\" width=\"150\" height=\"150\" class=\"skip-lazy fg-image\" data-no-lazy=\"1\" data-src-fg=\"https:\/\/www.aerodrome-paray.fr\/blog\/wp-content\/uploads\/cache\/JTQ-25-143\/797186065.jpeg\" src=\"data:image\/svg+xml,%3Csvg%20xmlns%3D%22http%3A%2F%2Fwww.w3.org%2F2000%2Fsvg%22%20width%3D%22150%22%20height%3D%22150%22%20viewBox%3D%220%200%20150%20150%22%3E%3C%2Fsvg%3E\" loading=\"eager\"><\/span><span class=\"fg-image-overlay\"><\/span><\/a><\/figure><div class=\"fg-loader\"><\/div><\/div><div class=\"fg-item fg-type-image fg-idle\"><figure class=\"fg-item-inner\"><a href=\"https:\/\/www.aerodrome-paray.fr\/blog\/wp-content\/uploads\/JTQ-25-144.jpeg\" data-attachment-id=\"7372\" data-type=\"image\" class=\"fg-thumb\"><span class=\"fg-image-wrap\"><img decoding=\"async\" width=\"150\" height=\"150\" class=\"skip-lazy fg-image\" data-no-lazy=\"1\" data-src-fg=\"https:\/\/www.aerodrome-paray.fr\/blog\/wp-content\/uploads\/cache\/JTQ-25-144\/2830192184.jpeg\" src=\"data:image\/svg+xml,%3Csvg%20xmlns%3D%22http%3A%2F%2Fwww.w3.org%2F2000%2Fsvg%22%20width%3D%22150%22%20height%3D%22150%22%20viewBox%3D%220%200%20150%20150%22%3E%3C%2Fsvg%3E\" loading=\"eager\"><\/span><span class=\"fg-image-overlay\"><\/span><\/a><\/figure><div class=\"fg-loader\"><\/div><\/div><div class=\"fg-item fg-type-image fg-idle\"><figure class=\"fg-item-inner\"><a href=\"https:\/\/www.aerodrome-paray.fr\/blog\/wp-content\/uploads\/JTQ-25-145.jpeg\" data-caption-title=\"F-PYVG : Jodel D-113. On ne s&#039;en lasse pas...\" data-caption-desc=\"F-PYVG : Jodel D-113. On ne s&#039;en lasse pas...\" data-attachment-id=\"7371\" data-type=\"image\" class=\"fg-thumb\"><span class=\"fg-image-wrap\"><img decoding=\"async\" title=\"F-PYVG : Jodel D-113. On ne s&#039;en lasse pas...\" width=\"150\" height=\"150\" class=\"skip-lazy fg-image\" data-no-lazy=\"1\" data-src-fg=\"https:\/\/www.aerodrome-paray.fr\/blog\/wp-content\/uploads\/cache\/JTQ-25-145\/1095176218.jpeg\" src=\"data:image\/svg+xml,%3Csvg%20xmlns%3D%22http%3A%2F%2Fwww.w3.org%2F2000%2Fsvg%22%20width%3D%22150%22%20height%3D%22150%22%20viewBox%3D%220%200%20150%20150%22%3E%3C%2Fsvg%3E\" loading=\"eager\"><\/span><span class=\"fg-image-overlay\"><\/span><\/a><figcaption class=\"fg-caption\"><div class=\"fg-caption-inner\"><div class=\"fg-caption-title\">F-PYVG : Jodel D-113. On ne s'en lasse pas...<\/div><div class=\"fg-caption-desc\">F-PYVG : Jodel D-113. On ne s'en lasse pas...<\/div><\/div><\/figcaption><\/figure><div class=\"fg-loader\"><\/div><\/div><div class=\"fg-item fg-type-image fg-idle\"><figure class=\"fg-item-inner\"><a href=\"https:\/\/www.aerodrome-paray.fr\/blog\/wp-content\/uploads\/JTQ-25-146.jpeg\" data-caption-title=\"F-PZPJ : Colibri MB2\" data-caption-desc=\"F-PZPJ : Colibri MB2\" data-attachment-id=\"7370\" data-type=\"image\" class=\"fg-thumb\"><span class=\"fg-image-wrap\"><img decoding=\"async\" title=\"F-PZPJ : Colibri MB2\" width=\"150\" height=\"150\" class=\"skip-lazy fg-image\" data-no-lazy=\"1\" data-src-fg=\"https:\/\/www.aerodrome-paray.fr\/blog\/wp-content\/uploads\/cache\/JTQ-25-146\/2610829119.jpeg\" src=\"data:image\/svg+xml,%3Csvg%20xmlns%3D%22http%3A%2F%2Fwww.w3.org%2F2000%2Fsvg%22%20width%3D%22150%22%20height%3D%22150%22%20viewBox%3D%220%200%20150%20150%22%3E%3C%2Fsvg%3E\" loading=\"eager\"><\/span><span class=\"fg-image-overlay\"><\/span><\/a><figcaption class=\"fg-caption\"><div class=\"fg-caption-inner\"><div class=\"fg-caption-title\">F-PZPJ : Colibri MB2<\/div><div class=\"fg-caption-desc\">F-PZPJ : Colibri MB2<\/div><\/div><\/figcaption><\/figure><div class=\"fg-loader\"><\/div><\/div><div class=\"fg-item fg-type-image fg-idle\"><figure class=\"fg-item-inner\"><a href=\"https:\/\/www.aerodrome-paray.fr\/blog\/wp-content\/uploads\/JTQ-25-5.jpeg\" data-caption-title=\"Comme chaque ann\u00e9e, nous avons accueilli beaucoup d&#039;avions (historiques) venus de Suisse : ici un Piper L-4 (HB-OSM)\" data-caption-desc=\"Comme chaque ann\u00e9e, nous avons accueilli beaucoup d&#039;avions (historiques) venus de Suisse : ici un Piper L-4 (HB-OSM)\" data-attachment-id=\"7511\" data-type=\"image\" class=\"fg-thumb\"><span class=\"fg-image-wrap\"><img decoding=\"async\" title=\"Comme chaque ann\u00e9e, nous avons accueilli beaucoup d&#039;avions (historiques) venus de Suisse : ici un Piper L-4 (HB-OSM)\" width=\"150\" height=\"150\" class=\"skip-lazy fg-image\" data-no-lazy=\"1\" data-src-fg=\"https:\/\/www.aerodrome-paray.fr\/blog\/wp-content\/uploads\/cache\/JTQ-25-5\/3298070483.jpeg\" src=\"data:image\/svg+xml,%3Csvg%20xmlns%3D%22http%3A%2F%2Fwww.w3.org%2F2000%2Fsvg%22%20width%3D%22150%22%20height%3D%22150%22%20viewBox%3D%220%200%20150%20150%22%3E%3C%2Fsvg%3E\" loading=\"eager\"><\/span><span class=\"fg-image-overlay\"><\/span><\/a><figcaption class=\"fg-caption\"><div class=\"fg-caption-inner\"><div class=\"fg-caption-title\">Comme chaque ann\u00e9e, nous avons accueilli beaucoup d'avions (historiques) venus de Suisse : ici un Piper L-4 (HB-OSM)<\/div><div class=\"fg-caption-desc\">Comme chaque ann\u00e9e, nous avons accueilli beaucoup d'avions (historiques) venus de Suisse : ici un Piper L-4 (HB-OSM)<\/div><\/div><\/figcaption><\/figure><div class=\"fg-loader\"><\/div><\/div><div class=\"fg-item fg-type-image fg-idle\"><figure class=\"fg-item-inner\"><a href=\"https:\/\/www.aerodrome-paray.fr\/blog\/wp-content\/uploads\/JTQ-25-158.jpeg\" data-caption-title=\"Piper L-4 (HB-OSM)\" data-caption-desc=\"Piper L-4 (HB-OSM)\" data-attachment-id=\"7358\" data-type=\"image\" class=\"fg-thumb\"><span class=\"fg-image-wrap\"><img decoding=\"async\" title=\"Piper L-4 (HB-OSM)\" width=\"150\" height=\"150\" class=\"skip-lazy fg-image\" data-no-lazy=\"1\" data-src-fg=\"https:\/\/www.aerodrome-paray.fr\/blog\/wp-content\/uploads\/cache\/JTQ-25-158\/1364790096.jpeg\" src=\"data:image\/svg+xml,%3Csvg%20xmlns%3D%22http%3A%2F%2Fwww.w3.org%2F2000%2Fsvg%22%20width%3D%22150%22%20height%3D%22150%22%20viewBox%3D%220%200%20150%20150%22%3E%3C%2Fsvg%3E\" loading=\"eager\"><\/span><span class=\"fg-image-overlay\"><\/span><\/a><figcaption class=\"fg-caption\"><div class=\"fg-caption-inner\"><div class=\"fg-caption-title\">Piper L-4 (HB-OSM)<\/div><div class=\"fg-caption-desc\">Piper L-4 (HB-OSM)<\/div><\/div><\/figcaption><\/figure><div class=\"fg-loader\"><\/div><\/div><div class=\"fg-item fg-type-image fg-idle\"><figure class=\"fg-item-inner\"><a href=\"https:\/\/www.aerodrome-paray.fr\/blog\/wp-content\/uploads\/JTQ-25-148.jpeg\" data-caption-title=\"A l&#039;arriv\u00e9e : HB-CAO : Cessna C-170 de 1950 bas\u00e9 \u00e0 Lausanne\" data-caption-desc=\"A l&#039;arriv\u00e9e : HB-CAO : Cessna C-170 de 1950 bas\u00e9 \u00e0 Lausanne\" data-attachment-id=\"7368\" data-type=\"image\" class=\"fg-thumb\"><span class=\"fg-image-wrap\"><img decoding=\"async\" title=\"A l&#039;arriv\u00e9e : HB-CAO : Cessna C-170 de 1950 bas\u00e9 \u00e0 Lausanne\" width=\"150\" height=\"150\" class=\"skip-lazy fg-image\" data-no-lazy=\"1\" data-src-fg=\"https:\/\/www.aerodrome-paray.fr\/blog\/wp-content\/uploads\/cache\/JTQ-25-148\/2228272362.jpeg\" src=\"data:image\/svg+xml,%3Csvg%20xmlns%3D%22http%3A%2F%2Fwww.w3.org%2F2000%2Fsvg%22%20width%3D%22150%22%20height%3D%22150%22%20viewBox%3D%220%200%20150%20150%22%3E%3C%2Fsvg%3E\" loading=\"eager\"><\/span><span class=\"fg-image-overlay\"><\/span><\/a><figcaption class=\"fg-caption\"><div class=\"fg-caption-inner\"><div class=\"fg-caption-title\">A l'arriv\u00e9e : HB-CAO : Cessna C-170 de 1950 bas\u00e9 \u00e0 Lausanne<\/div><div class=\"fg-caption-desc\">A l'arriv\u00e9e : HB-CAO : Cessna C-170 de 1950 bas\u00e9 \u00e0 Lausanne<\/div><\/div><\/figcaption><\/figure><div class=\"fg-loader\"><\/div><\/div><div class=\"fg-item fg-type-image fg-idle\"><figure class=\"fg-item-inner\"><a href=\"https:\/\/www.aerodrome-paray.fr\/blog\/wp-content\/uploads\/JTQ-25-149.jpeg\" data-attachment-id=\"7367\" data-type=\"image\" class=\"fg-thumb\"><span class=\"fg-image-wrap\"><img decoding=\"async\" width=\"150\" height=\"150\" class=\"skip-lazy fg-image\" data-no-lazy=\"1\" data-src-fg=\"https:\/\/www.aerodrome-paray.fr\/blog\/wp-content\/uploads\/cache\/JTQ-25-149\/569493454.jpeg\" src=\"data:image\/svg+xml,%3Csvg%20xmlns%3D%22http%3A%2F%2Fwww.w3.org%2F2000%2Fsvg%22%20width%3D%22150%22%20height%3D%22150%22%20viewBox%3D%220%200%20150%20150%22%3E%3C%2Fsvg%3E\" loading=\"eager\"><\/span><span class=\"fg-image-overlay\"><\/span><\/a><\/figure><div class=\"fg-loader\"><\/div><\/div><div class=\"fg-item fg-type-image fg-idle\"><figure class=\"fg-item-inner\"><a href=\"https:\/\/www.aerodrome-paray.fr\/blog\/wp-content\/uploads\/JTQ-25-150.jpeg\" data-attachment-id=\"7366\" data-type=\"image\" class=\"fg-thumb\"><span class=\"fg-image-wrap\"><img decoding=\"async\" alt=\"HB-EEW : DR-1050\" width=\"150\" height=\"150\" class=\"skip-lazy fg-image\" data-no-lazy=\"1\" data-src-fg=\"https:\/\/www.aerodrome-paray.fr\/blog\/wp-content\/uploads\/cache\/JTQ-25-150\/2177114443.jpeg\" src=\"data:image\/svg+xml,%3Csvg%20xmlns%3D%22http%3A%2F%2Fwww.w3.org%2F2000%2Fsvg%22%20width%3D%22150%22%20height%3D%22150%22%20viewBox%3D%220%200%20150%20150%22%3E%3C%2Fsvg%3E\" loading=\"eager\"><\/span><span class=\"fg-image-overlay\"><\/span><\/a><\/figure><div class=\"fg-loader\"><\/div><\/div><div class=\"fg-item fg-type-image fg-idle\"><figure class=\"fg-item-inner\"><a href=\"https:\/\/www.aerodrome-paray.fr\/blog\/wp-content\/uploads\/JTQ-25-37.jpeg\" data-caption-title=\"HB-SAE : Jodel D-9. On profite de l&#039;air frais (et des insectes ?)\" data-caption-desc=\"HB-SAE : Jodel D-9. On profite de l&#039;air frais (et des insectes ?)\" data-attachment-id=\"7479\" data-type=\"image\" class=\"fg-thumb\"><span class=\"fg-image-wrap\"><img decoding=\"async\" title=\"HB-SAE : Jodel D-9. On profite de l&#039;air frais (et des insectes ?)\" width=\"150\" height=\"150\" class=\"skip-lazy fg-image\" data-no-lazy=\"1\" data-src-fg=\"https:\/\/www.aerodrome-paray.fr\/blog\/wp-content\/uploads\/cache\/JTQ-25-37\/78559793.jpeg\" src=\"data:image\/svg+xml,%3Csvg%20xmlns%3D%22http%3A%2F%2Fwww.w3.org%2F2000%2Fsvg%22%20width%3D%22150%22%20height%3D%22150%22%20viewBox%3D%220%200%20150%20150%22%3E%3C%2Fsvg%3E\" loading=\"eager\"><\/span><span class=\"fg-image-overlay\"><\/span><\/a><figcaption class=\"fg-caption\"><div class=\"fg-caption-inner\"><div class=\"fg-caption-title\">HB-SAE : Jodel D-9. On profite de l'air frais (et des insectes ?)<\/div><div class=\"fg-caption-desc\">HB-SAE : Jodel D-9. On profite de l'air frais (et des insectes ?)<\/div><\/div><\/figcaption><\/figure><div class=\"fg-loader\"><\/div><\/div><div class=\"fg-item fg-type-image fg-idle\"><figure class=\"fg-item-inner\"><a href=\"https:\/\/www.aerodrome-paray.fr\/blog\/wp-content\/uploads\/JTQ-25-151.jpeg\" data-attachment-id=\"7365\" data-type=\"image\" class=\"fg-thumb\"><span class=\"fg-image-wrap\"><img decoding=\"async\" alt=\"HB-EVQ : Maule M-5-235C Lunar, un v\u00e9ritable couteau suisse...\" width=\"150\" height=\"150\" class=\"skip-lazy fg-image\" data-no-lazy=\"1\" data-src-fg=\"https:\/\/www.aerodrome-paray.fr\/blog\/wp-content\/uploads\/cache\/JTQ-25-151\/1748139881.jpeg\" src=\"data:image\/svg+xml,%3Csvg%20xmlns%3D%22http%3A%2F%2Fwww.w3.org%2F2000%2Fsvg%22%20width%3D%22150%22%20height%3D%22150%22%20viewBox%3D%220%200%20150%20150%22%3E%3C%2Fsvg%3E\" loading=\"eager\"><\/span><span class=\"fg-image-overlay\"><\/span><\/a><\/figure><div class=\"fg-loader\"><\/div><\/div><div class=\"fg-item fg-type-image fg-idle\"><figure class=\"fg-item-inner\"><a href=\"https:\/\/www.aerodrome-paray.fr\/blog\/wp-content\/uploads\/JTQ-25-152.jpeg\" data-caption-title=\"Propri\u00e9t\u00e9 de notre ami Blaise, notre ambassadeur franco-suisse\" data-caption-desc=\"Propri\u00e9t\u00e9 de notre ami Blaise, notre ambassadeur franco-suisse\" data-attachment-id=\"7364\" data-type=\"image\" class=\"fg-thumb\"><span class=\"fg-image-wrap\"><img decoding=\"async\" title=\"Propri\u00e9t\u00e9 de notre ami Blaise, notre ambassadeur franco-suisse\" width=\"150\" height=\"150\" class=\"skip-lazy fg-image\" data-no-lazy=\"1\" data-src-fg=\"https:\/\/www.aerodrome-paray.fr\/blog\/wp-content\/uploads\/cache\/JTQ-25-152\/3001776204.jpeg\" src=\"data:image\/svg+xml,%3Csvg%20xmlns%3D%22http%3A%2F%2Fwww.w3.org%2F2000%2Fsvg%22%20width%3D%22150%22%20height%3D%22150%22%20viewBox%3D%220%200%20150%20150%22%3E%3C%2Fsvg%3E\" loading=\"eager\"><\/span><span class=\"fg-image-overlay\"><\/span><\/a><figcaption class=\"fg-caption\"><div class=\"fg-caption-inner\"><div class=\"fg-caption-title\">Propri\u00e9t\u00e9 de notre ami Blaise, notre ambassadeur franco-suisse<\/div><div class=\"fg-caption-desc\">Propri\u00e9t\u00e9 de notre ami Blaise, notre ambassadeur franco-suisse<\/div><\/div><\/figcaption><\/figure><div class=\"fg-loader\"><\/div><\/div><div class=\"fg-item fg-type-image fg-idle\"><figure class=\"fg-item-inner\"><a href=\"https:\/\/www.aerodrome-paray.fr\/blog\/wp-content\/uploads\/JTQ-25-153.jpeg\" data-attachment-id=\"7363\" data-type=\"image\" class=\"fg-thumb\"><span class=\"fg-image-wrap\"><img decoding=\"async\" width=\"150\" height=\"150\" class=\"skip-lazy fg-image\" data-no-lazy=\"1\" data-src-fg=\"https:\/\/www.aerodrome-paray.fr\/blog\/wp-content\/uploads\/cache\/JTQ-25-153\/1622132076.jpeg\" src=\"data:image\/svg+xml,%3Csvg%20xmlns%3D%22http%3A%2F%2Fwww.w3.org%2F2000%2Fsvg%22%20width%3D%22150%22%20height%3D%22150%22%20viewBox%3D%220%200%20150%20150%22%3E%3C%2Fsvg%3E\" loading=\"eager\"><\/span><span class=\"fg-image-overlay\"><\/span><\/a><\/figure><div class=\"fg-loader\"><\/div><\/div><div class=\"fg-item fg-type-image fg-idle\"><figure class=\"fg-item-inner\"><a href=\"https:\/\/www.aerodrome-paray.fr\/blog\/wp-content\/uploads\/JTQ-25-154.jpeg\" data-caption-title=\"HB-KEO : Aviat A-1 Husky\" data-caption-desc=\"HB-KEO : Aviat A-1 Husky\" data-attachment-id=\"7362\" data-type=\"image\" class=\"fg-thumb\"><span class=\"fg-image-wrap\"><img decoding=\"async\" title=\"HB-KEO : Aviat A-1 Husky\" width=\"150\" height=\"150\" class=\"skip-lazy fg-image\" data-no-lazy=\"1\" data-src-fg=\"https:\/\/www.aerodrome-paray.fr\/blog\/wp-content\/uploads\/cache\/JTQ-25-154\/3885667141.jpeg\" src=\"data:image\/svg+xml,%3Csvg%20xmlns%3D%22http%3A%2F%2Fwww.w3.org%2F2000%2Fsvg%22%20width%3D%22150%22%20height%3D%22150%22%20viewBox%3D%220%200%20150%20150%22%3E%3C%2Fsvg%3E\" loading=\"eager\"><\/span><span class=\"fg-image-overlay\"><\/span><\/a><figcaption class=\"fg-caption\"><div class=\"fg-caption-inner\"><div class=\"fg-caption-title\">HB-KEO : Aviat A-1 Husky<\/div><div class=\"fg-caption-desc\">HB-KEO : Aviat A-1 Husky<\/div><\/div><\/figcaption><\/figure><div class=\"fg-loader\"><\/div><\/div><div class=\"fg-item fg-type-image fg-idle\"><figure class=\"fg-item-inner\"><a href=\"https:\/\/www.aerodrome-paray.fr\/blog\/wp-content\/uploads\/JTQ-25-155.jpeg\" data-caption-title=\"Un Tecnam moderne (tricycle) tr\u00e8s \u00e0 l&#039;aise parmi les tra\u00eene-queue historiques suisses (HB-KOZ)\" data-caption-desc=\"Un Tecnam moderne (tricycle) tr\u00e8s \u00e0 l&#039;aise parmi les tra\u00eene-queue historiques suisses (HB-KOZ)\" data-attachment-id=\"7361\" data-type=\"image\" class=\"fg-thumb\"><span class=\"fg-image-wrap\"><img decoding=\"async\" title=\"Un Tecnam moderne (tricycle) tr\u00e8s \u00e0 l&#039;aise parmi les tra\u00eene-queue historiques suisses (HB-KOZ)\" width=\"150\" height=\"150\" class=\"skip-lazy fg-image\" data-no-lazy=\"1\" data-src-fg=\"https:\/\/www.aerodrome-paray.fr\/blog\/wp-content\/uploads\/cache\/JTQ-25-155\/242011495.jpeg\" src=\"data:image\/svg+xml,%3Csvg%20xmlns%3D%22http%3A%2F%2Fwww.w3.org%2F2000%2Fsvg%22%20width%3D%22150%22%20height%3D%22150%22%20viewBox%3D%220%200%20150%20150%22%3E%3C%2Fsvg%3E\" loading=\"eager\"><\/span><span class=\"fg-image-overlay\"><\/span><\/a><figcaption class=\"fg-caption\"><div class=\"fg-caption-inner\"><div class=\"fg-caption-title\">Un Tecnam moderne (tricycle) tr\u00e8s \u00e0 l'aise parmi les tra\u00eene-queue historiques suisses (HB-KOZ)<\/div><div class=\"fg-caption-desc\">Un Tecnam moderne (tricycle) tr\u00e8s \u00e0 l'aise parmi les tra\u00eene-queue historiques suisses (HB-KOZ)<\/div><\/div><\/figcaption><\/figure><div class=\"fg-loader\"><\/div><\/div><div class=\"fg-item fg-type-image fg-idle\"><figure class=\"fg-item-inner\"><a href=\"https:\/\/www.aerodrome-paray.fr\/blog\/wp-content\/uploads\/JTQ-25-156.jpeg\" data-attachment-id=\"7360\" data-type=\"image\" class=\"fg-thumb\"><span class=\"fg-image-wrap\"><img decoding=\"async\" width=\"150\" height=\"150\" class=\"skip-lazy fg-image\" data-no-lazy=\"1\" data-src-fg=\"https:\/\/www.aerodrome-paray.fr\/blog\/wp-content\/uploads\/cache\/JTQ-25-156\/3568683586.jpeg\" src=\"data:image\/svg+xml,%3Csvg%20xmlns%3D%22http%3A%2F%2Fwww.w3.org%2F2000%2Fsvg%22%20width%3D%22150%22%20height%3D%22150%22%20viewBox%3D%220%200%20150%20150%22%3E%3C%2Fsvg%3E\" loading=\"eager\"><\/span><span class=\"fg-image-overlay\"><\/span><\/a><\/figure><div class=\"fg-loader\"><\/div><\/div><div class=\"fg-item fg-type-image fg-idle\"><figure class=\"fg-item-inner\"><a href=\"https:\/\/www.aerodrome-paray.fr\/blog\/wp-content\/uploads\/JTQ-25-157.jpeg\" data-caption-title=\"HB-OBG : Piper J3\" data-caption-desc=\"HB-OBG : Piper J3\" data-attachment-id=\"7359\" data-type=\"image\" class=\"fg-thumb\"><span class=\"fg-image-wrap\"><img decoding=\"async\" title=\"HB-OBG : Piper J3\" width=\"150\" height=\"150\" class=\"skip-lazy fg-image\" data-no-lazy=\"1\" data-src-fg=\"https:\/\/www.aerodrome-paray.fr\/blog\/wp-content\/uploads\/cache\/JTQ-25-157\/1840578401.jpeg\" src=\"data:image\/svg+xml,%3Csvg%20xmlns%3D%22http%3A%2F%2Fwww.w3.org%2F2000%2Fsvg%22%20width%3D%22150%22%20height%3D%22150%22%20viewBox%3D%220%200%20150%20150%22%3E%3C%2Fsvg%3E\" loading=\"eager\"><\/span><span class=\"fg-image-overlay\"><\/span><\/a><figcaption class=\"fg-caption\"><div class=\"fg-caption-inner\"><div class=\"fg-caption-title\">HB-OBG : Piper J3<\/div><div class=\"fg-caption-desc\">HB-OBG : Piper J3<\/div><\/div><\/figcaption><\/figure><div class=\"fg-loader\"><\/div><\/div><div class=\"fg-item fg-type-image fg-idle\"><figure class=\"fg-item-inner\"><a href=\"https:\/\/www.aerodrome-paray.fr\/blog\/wp-content\/uploads\/JTQ-25-159.jpeg\" data-caption-title=\"HB-OUR : Piper J3-65\/L4 de 1943 bas\u00e9 \u00e0 Gruy\u00e8res\" data-caption-desc=\"HB-OUR : Piper J3-65\/L4 de 1943 bas\u00e9 \u00e0 Gruy\u00e8res\" data-attachment-id=\"7357\" data-type=\"image\" class=\"fg-thumb\"><span class=\"fg-image-wrap\"><img decoding=\"async\" title=\"HB-OUR : Piper J3-65\/L4 de 1943 bas\u00e9 \u00e0 Gruy\u00e8res\" width=\"150\" height=\"150\" class=\"skip-lazy fg-image\" data-no-lazy=\"1\" data-src-fg=\"https:\/\/www.aerodrome-paray.fr\/blog\/wp-content\/uploads\/cache\/JTQ-25-159\/4101533812.jpeg\" src=\"data:image\/svg+xml,%3Csvg%20xmlns%3D%22http%3A%2F%2Fwww.w3.org%2F2000%2Fsvg%22%20width%3D%22150%22%20height%3D%22150%22%20viewBox%3D%220%200%20150%20150%22%3E%3C%2Fsvg%3E\" loading=\"eager\"><\/span><span class=\"fg-image-overlay\"><\/span><\/a><figcaption class=\"fg-caption\"><div class=\"fg-caption-inner\"><div class=\"fg-caption-title\">HB-OUR : Piper J3-65\/L4 de 1943 bas\u00e9 \u00e0 Gruy\u00e8res<\/div><div class=\"fg-caption-desc\">HB-OUR : Piper J3-65\/L4 de 1943 bas\u00e9 \u00e0 Gruy\u00e8res<\/div><\/div><\/figcaption><\/figure><div class=\"fg-loader\"><\/div><\/div><div class=\"fg-item fg-type-image fg-idle\"><figure class=\"fg-item-inner\"><a href=\"https:\/\/www.aerodrome-paray.fr\/blog\/wp-content\/uploads\/JTQ-25-160.jpeg\" data-caption-title=\"HB-PAX : Piper PA-18\" data-caption-desc=\"HB-PAX : Piper PA-18\" data-attachment-id=\"7356\" data-type=\"image\" class=\"fg-thumb\"><span class=\"fg-image-wrap\"><img decoding=\"async\" title=\"HB-PAX : Piper PA-18\" width=\"150\" height=\"150\" class=\"skip-lazy fg-image\" data-no-lazy=\"1\" data-src-fg=\"https:\/\/www.aerodrome-paray.fr\/blog\/wp-content\/uploads\/cache\/JTQ-25-160\/1354254028.jpeg\" src=\"data:image\/svg+xml,%3Csvg%20xmlns%3D%22http%3A%2F%2Fwww.w3.org%2F2000%2Fsvg%22%20width%3D%22150%22%20height%3D%22150%22%20viewBox%3D%220%200%20150%20150%22%3E%3C%2Fsvg%3E\" loading=\"eager\"><\/span><span class=\"fg-image-overlay\"><\/span><\/a><figcaption class=\"fg-caption\"><div class=\"fg-caption-inner\"><div class=\"fg-caption-title\">HB-PAX : Piper PA-18<\/div><div class=\"fg-caption-desc\">HB-PAX : Piper PA-18<\/div><\/div><\/figcaption><\/figure><div class=\"fg-loader\"><\/div><\/div><div class=\"fg-item fg-type-image fg-idle\"><figure class=\"fg-item-inner\"><a href=\"https:\/\/www.aerodrome-paray.fr\/blog\/wp-content\/uploads\/JTQ-25-161.jpeg\" data-caption-title=\"Avion militaire suisse de l\u00e9gende : Dewoitine D-26 de 1931  (HB-RAI), bas\u00e9 \u00e0 Lausanne\" data-caption-desc=\"Avion militaire suisse de l\u00e9gende : Dewoitine D-26 de 1931  (HB-RAI), bas\u00e9 \u00e0 Lausanne\" data-attachment-id=\"7355\" data-type=\"image\" class=\"fg-thumb\"><span class=\"fg-image-wrap\"><img decoding=\"async\" title=\"Avion militaire suisse de l\u00e9gende : Dewoitine D-26 de 1931  (HB-RAI), bas\u00e9 \u00e0 Lausanne\" width=\"150\" height=\"150\" class=\"skip-lazy fg-image\" data-no-lazy=\"1\" data-src-fg=\"https:\/\/www.aerodrome-paray.fr\/blog\/wp-content\/uploads\/cache\/JTQ-25-161\/3108903150.jpeg\" src=\"data:image\/svg+xml,%3Csvg%20xmlns%3D%22http%3A%2F%2Fwww.w3.org%2F2000%2Fsvg%22%20width%3D%22150%22%20height%3D%22150%22%20viewBox%3D%220%200%20150%20150%22%3E%3C%2Fsvg%3E\" loading=\"eager\"><\/span><span class=\"fg-image-overlay\"><\/span><\/a><figcaption class=\"fg-caption\"><div class=\"fg-caption-inner\"><div class=\"fg-caption-title\">Avion militaire suisse de l\u00e9gende : Dewoitine D-26 de 1931  (HB-RAI), bas\u00e9 \u00e0 Lausanne<\/div><div class=\"fg-caption-desc\">Avion militaire suisse de l\u00e9gende : Dewoitine D-26 de 1931  (HB-RAI), bas\u00e9 \u00e0 Lausanne<\/div><\/div><\/figcaption><\/figure><div class=\"fg-loader\"><\/div><\/div><div class=\"fg-item fg-type-image fg-idle\"><figure class=\"fg-item-inner\"><a href=\"https:\/\/www.aerodrome-paray.fr\/blog\/wp-content\/uploads\/JTQ-25-164.jpeg\" data-caption-title=\"Exploit\u00e9 par l&#039;AMPA (Association pour le Maintien du Patrimoine A\u00e9ronautique)\" data-caption-desc=\"Exploit\u00e9 par l&#039;AMPA (Association pour le Maintien du Patrimoine A\u00e9ronautique)\" data-attachment-id=\"7352\" data-type=\"image\" class=\"fg-thumb\"><span class=\"fg-image-wrap\"><img decoding=\"async\" title=\"Exploit\u00e9 par l&#039;AMPA (Association pour le Maintien du Patrimoine A\u00e9ronautique)\" width=\"150\" height=\"150\" class=\"skip-lazy fg-image\" data-no-lazy=\"1\" data-src-fg=\"https:\/\/www.aerodrome-paray.fr\/blog\/wp-content\/uploads\/cache\/JTQ-25-164\/921105602.jpeg\" src=\"data:image\/svg+xml,%3Csvg%20xmlns%3D%22http%3A%2F%2Fwww.w3.org%2F2000%2Fsvg%22%20width%3D%22150%22%20height%3D%22150%22%20viewBox%3D%220%200%20150%20150%22%3E%3C%2Fsvg%3E\" loading=\"eager\"><\/span><span class=\"fg-image-overlay\"><\/span><\/a><figcaption class=\"fg-caption\"><div class=\"fg-caption-inner\"><div class=\"fg-caption-title\">Exploit\u00e9 par l'AMPA (Association pour le Maintien du Patrimoine A\u00e9ronautique)<\/div><div class=\"fg-caption-desc\">Exploit\u00e9 par l'AMPA (Association pour le Maintien du Patrimoine A\u00e9ronautique)<\/div><\/div><\/figcaption><\/figure><div class=\"fg-loader\"><\/div><\/div><div class=\"fg-item fg-type-image fg-idle\"><figure class=\"fg-item-inner\"><a href=\"https:\/\/www.aerodrome-paray.fr\/blog\/wp-content\/uploads\/JTQ-25-163.jpeg\" data-attachment-id=\"7353\" data-type=\"image\" class=\"fg-thumb\"><span class=\"fg-image-wrap\"><img decoding=\"async\" width=\"150\" height=\"150\" class=\"skip-lazy fg-image\" data-no-lazy=\"1\" data-src-fg=\"https:\/\/www.aerodrome-paray.fr\/blog\/wp-content\/uploads\/cache\/JTQ-25-163\/2983437035.jpeg\" src=\"data:image\/svg+xml,%3Csvg%20xmlns%3D%22http%3A%2F%2Fwww.w3.org%2F2000%2Fsvg%22%20width%3D%22150%22%20height%3D%22150%22%20viewBox%3D%220%200%20150%20150%22%3E%3C%2Fsvg%3E\" loading=\"eager\"><\/span><span class=\"fg-image-overlay\"><\/span><\/a><\/figure><div class=\"fg-loader\"><\/div><\/div><div class=\"fg-item fg-type-image fg-idle\"><figure class=\"fg-item-inner\"><a href=\"https:\/\/www.aerodrome-paray.fr\/blog\/wp-content\/uploads\/JTQ-25-162.jpeg\" data-attachment-id=\"7354\" data-type=\"image\" class=\"fg-thumb\"><span class=\"fg-image-wrap\"><img decoding=\"async\" width=\"150\" height=\"150\" class=\"skip-lazy fg-image\" data-no-lazy=\"1\" data-src-fg=\"https:\/\/www.aerodrome-paray.fr\/blog\/wp-content\/uploads\/cache\/JTQ-25-162\/1670848459.jpeg\" src=\"data:image\/svg+xml,%3Csvg%20xmlns%3D%22http%3A%2F%2Fwww.w3.org%2F2000%2Fsvg%22%20width%3D%22150%22%20height%3D%22150%22%20viewBox%3D%220%200%20150%20150%22%3E%3C%2Fsvg%3E\" loading=\"eager\"><\/span><span class=\"fg-image-overlay\"><\/span><\/a><\/figure><div class=\"fg-loader\"><\/div><\/div><div class=\"fg-item fg-type-image fg-idle\"><figure class=\"fg-item-inner\"><a href=\"https:\/\/www.aerodrome-paray.fr\/blog\/wp-content\/uploads\/JTQ-25-165.jpeg\" data-attachment-id=\"7351\" data-type=\"image\" class=\"fg-thumb\"><span class=\"fg-image-wrap\"><img decoding=\"async\" width=\"150\" height=\"150\" class=\"skip-lazy fg-image\" data-no-lazy=\"1\" data-src-fg=\"https:\/\/www.aerodrome-paray.fr\/blog\/wp-content\/uploads\/cache\/JTQ-25-165\/3742411488.jpeg\" src=\"data:image\/svg+xml,%3Csvg%20xmlns%3D%22http%3A%2F%2Fwww.w3.org%2F2000%2Fsvg%22%20width%3D%22150%22%20height%3D%22150%22%20viewBox%3D%220%200%20150%20150%22%3E%3C%2Fsvg%3E\" loading=\"eager\"><\/span><span class=\"fg-image-overlay\"><\/span><\/a><\/figure><div class=\"fg-loader\"><\/div><\/div><div class=\"fg-item fg-type-image fg-idle\"><figure class=\"fg-item-inner\"><a href=\"https:\/\/www.aerodrome-paray.fr\/blog\/wp-content\/uploads\/JTQ-25-166.jpeg\" data-caption-title=\"Le D-26 est le seul exemplaire au monde en \u00e9tat de vol actuellement : une chance rare de le voir \u00e0 Paray-le-Monial\" data-caption-desc=\"Le D-26 est le seul exemplaire au monde en \u00e9tat de vol actuellement : une chance rare de le voir \u00e0 Paray-le-Monial\" data-attachment-id=\"7350\" data-type=\"image\" class=\"fg-thumb\"><span class=\"fg-image-wrap\"><img decoding=\"async\" title=\"Le D-26 est le seul exemplaire au monde en \u00e9tat de vol actuellement : une chance rare de le voir \u00e0 Paray-le-Monial\" width=\"150\" height=\"150\" class=\"skip-lazy fg-image\" data-no-lazy=\"1\" data-src-fg=\"https:\/\/www.aerodrome-paray.fr\/blog\/wp-content\/uploads\/cache\/JTQ-25-166\/97103301.jpeg\" src=\"data:image\/svg+xml,%3Csvg%20xmlns%3D%22http%3A%2F%2Fwww.w3.org%2F2000%2Fsvg%22%20width%3D%22150%22%20height%3D%22150%22%20viewBox%3D%220%200%20150%20150%22%3E%3C%2Fsvg%3E\" loading=\"eager\"><\/span><span class=\"fg-image-overlay\"><\/span><\/a><figcaption class=\"fg-caption\"><div class=\"fg-caption-inner\"><div class=\"fg-caption-title\">Le D-26 est le seul exemplaire au monde en \u00e9tat de vol actuellement : une chance rare de le voir \u00e0 Paray-le-Monial<\/div><div class=\"fg-caption-desc\">Le D-26 est le seul exemplaire au monde en \u00e9tat de vol actuellement : une chance rare de le voir \u00e0 Paray-le-Monial<\/div><\/div><\/figcaption><\/figure><div class=\"fg-loader\"><\/div><\/div><div class=\"fg-item fg-type-image fg-idle\"><figure class=\"fg-item-inner\"><a href=\"https:\/\/www.aerodrome-paray.fr\/blog\/wp-content\/uploads\/JTQ-25-167.jpeg\" data-caption-title=\"Impressionnant aussi avec son moteur en \u00e9toile : le Morane Saulnier MS-317\" data-caption-desc=\"Impressionnant aussi avec son moteur en \u00e9toile : le Morane Saulnier MS-317\" data-attachment-id=\"7349\" data-type=\"image\" class=\"fg-thumb\"><span class=\"fg-image-wrap\"><img decoding=\"async\" title=\"Impressionnant aussi avec son moteur en \u00e9toile : le Morane Saulnier MS-317\" width=\"150\" height=\"150\" class=\"skip-lazy fg-image\" data-no-lazy=\"1\" data-src-fg=\"https:\/\/www.aerodrome-paray.fr\/blog\/wp-content\/uploads\/cache\/JTQ-25-167\/644543009.jpeg\" src=\"data:image\/svg+xml,%3Csvg%20xmlns%3D%22http%3A%2F%2Fwww.w3.org%2F2000%2Fsvg%22%20width%3D%22150%22%20height%3D%22150%22%20viewBox%3D%220%200%20150%20150%22%3E%3C%2Fsvg%3E\" loading=\"eager\"><\/span><span class=\"fg-image-overlay\"><\/span><\/a><figcaption class=\"fg-caption\"><div class=\"fg-caption-inner\"><div class=\"fg-caption-title\">Impressionnant aussi avec son moteur en \u00e9toile : le Morane Saulnier MS-317<\/div><div class=\"fg-caption-desc\">Impressionnant aussi avec son moteur en \u00e9toile : le Morane Saulnier MS-317<\/div><\/div><\/figcaption><\/figure><div class=\"fg-loader\"><\/div><\/div><div class=\"fg-item fg-type-image fg-idle\"><figure class=\"fg-item-inner\"><a href=\"https:\/\/www.aerodrome-paray.fr\/blog\/wp-content\/uploads\/JTQ-25-168.jpeg\" data-attachment-id=\"7348\" data-type=\"image\" class=\"fg-thumb\"><span class=\"fg-image-wrap\"><img decoding=\"async\" width=\"150\" height=\"150\" class=\"skip-lazy fg-image\" data-no-lazy=\"1\" data-src-fg=\"https:\/\/www.aerodrome-paray.fr\/blog\/wp-content\/uploads\/cache\/JTQ-25-168\/445056528.jpeg\" src=\"data:image\/svg+xml,%3Csvg%20xmlns%3D%22http%3A%2F%2Fwww.w3.org%2F2000%2Fsvg%22%20width%3D%22150%22%20height%3D%22150%22%20viewBox%3D%220%200%20150%20150%22%3E%3C%2Fsvg%3E\" loading=\"eager\"><\/span><span class=\"fg-image-overlay\"><\/span><\/a><\/figure><div class=\"fg-loader\"><\/div><\/div><div class=\"fg-item fg-type-image fg-idle\"><figure class=\"fg-item-inner\"><a href=\"https:\/\/www.aerodrome-paray.fr\/blog\/wp-content\/uploads\/JTQ-25-170.jpeg\" data-attachment-id=\"7346\" data-type=\"image\" class=\"fg-thumb\"><span class=\"fg-image-wrap\"><img decoding=\"async\" width=\"150\" height=\"150\" class=\"skip-lazy fg-image\" data-no-lazy=\"1\" data-src-fg=\"https:\/\/www.aerodrome-paray.fr\/blog\/wp-content\/uploads\/cache\/JTQ-25-170\/529767345.jpeg\" src=\"data:image\/svg+xml,%3Csvg%20xmlns%3D%22http%3A%2F%2Fwww.w3.org%2F2000%2Fsvg%22%20width%3D%22150%22%20height%3D%22150%22%20viewBox%3D%220%200%20150%20150%22%3E%3C%2Fsvg%3E\" loading=\"eager\"><\/span><span class=\"fg-image-overlay\"><\/span><\/a><\/figure><div class=\"fg-loader\"><\/div><\/div><div class=\"fg-item fg-type-image fg-idle\"><figure class=\"fg-item-inner\"><a href=\"https:\/\/www.aerodrome-paray.fr\/blog\/wp-content\/uploads\/JTQ-25-169.jpeg\" data-caption-title=\"HB-RAO : Morane Saulnier MS-317 de 1937 (Bas\u00e9 \u00e0 Lausanne)\" data-caption-desc=\"HB-RAO : Morane Saulnier MS-317 de 1937 (Bas\u00e9 \u00e0 Lausanne)\" data-attachment-id=\"7347\" data-type=\"image\" class=\"fg-thumb\"><span class=\"fg-image-wrap\"><img decoding=\"async\" title=\"HB-RAO : Morane Saulnier MS-317 de 1937 (Bas\u00e9 \u00e0 Lausanne)\" width=\"150\" height=\"150\" class=\"skip-lazy fg-image\" data-no-lazy=\"1\" data-src-fg=\"https:\/\/www.aerodrome-paray.fr\/blog\/wp-content\/uploads\/cache\/JTQ-25-169\/3215359284.jpeg\" src=\"data:image\/svg+xml,%3Csvg%20xmlns%3D%22http%3A%2F%2Fwww.w3.org%2F2000%2Fsvg%22%20width%3D%22150%22%20height%3D%22150%22%20viewBox%3D%220%200%20150%20150%22%3E%3C%2Fsvg%3E\" loading=\"eager\"><\/span><span class=\"fg-image-overlay\"><\/span><\/a><figcaption class=\"fg-caption\"><div class=\"fg-caption-inner\"><div class=\"fg-caption-title\">HB-RAO : Morane Saulnier MS-317 de 1937 (Bas\u00e9 \u00e0 Lausanne)<\/div><div class=\"fg-caption-desc\">HB-RAO : Morane Saulnier MS-317 de 1937 (Bas\u00e9 \u00e0 Lausanne)<\/div><\/div><\/figcaption><\/figure><div class=\"fg-loader\"><\/div><\/div><div class=\"fg-item fg-type-image fg-idle\"><figure class=\"fg-item-inner\"><a href=\"https:\/\/www.aerodrome-paray.fr\/blog\/wp-content\/uploads\/JTQ-25-171.jpeg\" data-caption-title=\"Arriv\u00e9e d&#039;un Jodel D-113 (HB-SOP)\" data-caption-desc=\"Arriv\u00e9e d&#039;un Jodel D-113 (HB-SOP)\" data-attachment-id=\"7345\" data-type=\"image\" class=\"fg-thumb\"><span class=\"fg-image-wrap\"><img decoding=\"async\" title=\"Arriv\u00e9e d&#039;un Jodel D-113 (HB-SOP)\" width=\"150\" height=\"150\" class=\"skip-lazy fg-image\" data-no-lazy=\"1\" data-src-fg=\"https:\/\/www.aerodrome-paray.fr\/blog\/wp-content\/uploads\/cache\/JTQ-25-171\/4133864851.jpeg\" src=\"data:image\/svg+xml,%3Csvg%20xmlns%3D%22http%3A%2F%2Fwww.w3.org%2F2000%2Fsvg%22%20width%3D%22150%22%20height%3D%22150%22%20viewBox%3D%220%200%20150%20150%22%3E%3C%2Fsvg%3E\" loading=\"eager\"><\/span><span class=\"fg-image-overlay\"><\/span><\/a><figcaption class=\"fg-caption\"><div class=\"fg-caption-inner\"><div class=\"fg-caption-title\">Arriv\u00e9e d'un Jodel D-113 (HB-SOP)<\/div><div class=\"fg-caption-desc\">Arriv\u00e9e d'un Jodel D-113 (HB-SOP)<\/div><\/div><\/figcaption><\/figure><div class=\"fg-loader\"><\/div><\/div><div class=\"fg-item fg-type-image fg-idle\"><figure class=\"fg-item-inner\"><a href=\"https:\/\/www.aerodrome-paray.fr\/blog\/wp-content\/uploads\/JTQ-25-172.jpeg\" data-attachment-id=\"7344\" data-type=\"image\" class=\"fg-thumb\"><span class=\"fg-image-wrap\"><img decoding=\"async\" width=\"150\" height=\"150\" class=\"skip-lazy fg-image\" data-no-lazy=\"1\" data-src-fg=\"https:\/\/www.aerodrome-paray.fr\/blog\/wp-content\/uploads\/cache\/JTQ-25-172\/750568118.jpeg\" src=\"data:image\/svg+xml,%3Csvg%20xmlns%3D%22http%3A%2F%2Fwww.w3.org%2F2000%2Fsvg%22%20width%3D%22150%22%20height%3D%22150%22%20viewBox%3D%220%200%20150%20150%22%3E%3C%2Fsvg%3E\" loading=\"eager\"><\/span><span class=\"fg-image-overlay\"><\/span><\/a><\/figure><div class=\"fg-loader\"><\/div><\/div><div class=\"fg-item fg-type-image fg-idle\"><figure class=\"fg-item-inner\"><a href=\"https:\/\/www.aerodrome-paray.fr\/blog\/wp-content\/uploads\/JTQ-25-173.jpeg\" data-attachment-id=\"7343\" data-type=\"image\" class=\"fg-thumb\"><span class=\"fg-image-wrap\"><img decoding=\"async\" width=\"150\" height=\"150\" class=\"skip-lazy fg-image\" data-no-lazy=\"1\" data-src-fg=\"https:\/\/www.aerodrome-paray.fr\/blog\/wp-content\/uploads\/cache\/JTQ-25-173\/4277698454.jpeg\" src=\"data:image\/svg+xml,%3Csvg%20xmlns%3D%22http%3A%2F%2Fwww.w3.org%2F2000%2Fsvg%22%20width%3D%22150%22%20height%3D%22150%22%20viewBox%3D%220%200%20150%20150%22%3E%3C%2Fsvg%3E\" loading=\"eager\"><\/span><span class=\"fg-image-overlay\"><\/span><\/a><\/figure><div class=\"fg-loader\"><\/div><\/div><div class=\"fg-item fg-type-image fg-idle\"><figure class=\"fg-item-inner\"><a href=\"https:\/\/www.aerodrome-paray.fr\/blog\/wp-content\/uploads\/JTQ-25-174.jpeg\" data-caption-title=\"Au d\u00e9part : Zlin 326 MF, avion tch\u00e8que (HB-TCC)\" data-caption-desc=\"Au d\u00e9part : Zlin 326 MF, avion tch\u00e8que (HB-TCC)\" data-attachment-id=\"7342\" data-type=\"image\" class=\"fg-thumb\"><span class=\"fg-image-wrap\"><img decoding=\"async\" title=\"Au d\u00e9part : Zlin 326 MF, avion tch\u00e8que (HB-TCC)\" width=\"150\" height=\"150\" class=\"skip-lazy fg-image\" data-no-lazy=\"1\" data-src-fg=\"https:\/\/www.aerodrome-paray.fr\/blog\/wp-content\/uploads\/cache\/JTQ-25-174\/2043488703.jpeg\" src=\"data:image\/svg+xml,%3Csvg%20xmlns%3D%22http%3A%2F%2Fwww.w3.org%2F2000%2Fsvg%22%20width%3D%22150%22%20height%3D%22150%22%20viewBox%3D%220%200%20150%20150%22%3E%3C%2Fsvg%3E\" loading=\"eager\"><\/span><span class=\"fg-image-overlay\"><\/span><\/a><figcaption class=\"fg-caption\"><div class=\"fg-caption-inner\"><div class=\"fg-caption-title\">Au d\u00e9part : Zlin 326 MF, avion tch\u00e8que (HB-TCC)<\/div><div class=\"fg-caption-desc\">Au d\u00e9part : Zlin 326 MF, avion tch\u00e8que (HB-TCC)<\/div><\/div><\/figcaption><\/figure><div class=\"fg-loader\"><\/div><\/div><div class=\"fg-item fg-type-image fg-idle\"><figure class=\"fg-item-inner\"><a href=\"https:\/\/www.aerodrome-paray.fr\/blog\/wp-content\/uploads\/JTQ-25-177.jpeg\" data-caption-title=\"HB-UBC : De Havilland DHC-82A Tiger Moth de 1938, bas\u00e9 \u00e0 Gruy\u00e8res\" data-caption-desc=\"HB-UBC : De Havilland DHC-82A Tiger Moth de 1938, bas\u00e9 \u00e0 Gruy\u00e8res\" data-attachment-id=\"7339\" data-type=\"image\" class=\"fg-thumb\"><span class=\"fg-image-wrap\"><img decoding=\"async\" title=\"HB-UBC : De Havilland DHC-82A Tiger Moth de 1938, bas\u00e9 \u00e0 Gruy\u00e8res\" width=\"150\" height=\"150\" class=\"skip-lazy fg-image\" data-no-lazy=\"1\" data-src-fg=\"https:\/\/www.aerodrome-paray.fr\/blog\/wp-content\/uploads\/cache\/JTQ-25-177\/500602452.jpeg\" src=\"data:image\/svg+xml,%3Csvg%20xmlns%3D%22http%3A%2F%2Fwww.w3.org%2F2000%2Fsvg%22%20width%3D%22150%22%20height%3D%22150%22%20viewBox%3D%220%200%20150%20150%22%3E%3C%2Fsvg%3E\" loading=\"eager\"><\/span><span class=\"fg-image-overlay\"><\/span><\/a><figcaption class=\"fg-caption\"><div class=\"fg-caption-inner\"><div class=\"fg-caption-title\">HB-UBC : De Havilland DHC-82A Tiger Moth de 1938, bas\u00e9 \u00e0 Gruy\u00e8res<\/div><div class=\"fg-caption-desc\">HB-UBC : De Havilland DHC-82A Tiger Moth de 1938, bas\u00e9 \u00e0 Gruy\u00e8res<\/div><\/div><\/figcaption><\/figure><div class=\"fg-loader\"><\/div><\/div><div class=\"fg-item fg-type-image fg-idle\"><figure class=\"fg-item-inner\"><a href=\"https:\/\/www.aerodrome-paray.fr\/blog\/wp-content\/uploads\/JTQ-25-176.jpeg\" data-attachment-id=\"7340\" data-type=\"image\" class=\"fg-thumb\"><span class=\"fg-image-wrap\"><img decoding=\"async\" width=\"150\" height=\"150\" class=\"skip-lazy fg-image\" data-no-lazy=\"1\" data-src-fg=\"https:\/\/www.aerodrome-paray.fr\/blog\/wp-content\/uploads\/cache\/JTQ-25-176\/1256353976.jpeg\" src=\"data:image\/svg+xml,%3Csvg%20xmlns%3D%22http%3A%2F%2Fwww.w3.org%2F2000%2Fsvg%22%20width%3D%22150%22%20height%3D%22150%22%20viewBox%3D%220%200%20150%20150%22%3E%3C%2Fsvg%3E\" loading=\"eager\"><\/span><span class=\"fg-image-overlay\"><\/span><\/a><\/figure><div class=\"fg-loader\"><\/div><\/div><div class=\"fg-item fg-type-image fg-idle\"><figure class=\"fg-item-inner\"><a href=\"https:\/\/www.aerodrome-paray.fr\/blog\/wp-content\/uploads\/JTQ-25-175.jpeg\" data-attachment-id=\"7341\" data-type=\"image\" class=\"fg-thumb\"><span class=\"fg-image-wrap\"><img decoding=\"async\" width=\"150\" height=\"150\" class=\"skip-lazy fg-image\" data-no-lazy=\"1\" data-src-fg=\"https:\/\/www.aerodrome-paray.fr\/blog\/wp-content\/uploads\/cache\/JTQ-25-175\/2419816349.jpeg\" src=\"data:image\/svg+xml,%3Csvg%20xmlns%3D%22http%3A%2F%2Fwww.w3.org%2F2000%2Fsvg%22%20width%3D%22150%22%20height%3D%22150%22%20viewBox%3D%220%200%20150%20150%22%3E%3C%2Fsvg%3E\" loading=\"eager\"><\/span><span class=\"fg-image-overlay\"><\/span><\/a><\/figure><div class=\"fg-loader\"><\/div><\/div><div class=\"fg-item fg-type-image fg-idle\"><figure class=\"fg-item-inner\"><a href=\"https:\/\/www.aerodrome-paray.fr\/blog\/wp-content\/uploads\/JTQ-25-178.jpeg\" data-caption-title=\"Arriv\u00e9e d&#039;un B\u00fccker B\u00fc 131 APM Jungmann de 1930, bas\u00e9 \u00e0 Lausanne (HB-UUZ)\" data-caption-desc=\"Arriv\u00e9e d&#039;un B\u00fccker B\u00fc 131 APM Jungmann de 1930, bas\u00e9 \u00e0 Lausanne (HB-UUZ)\" data-attachment-id=\"7338\" data-type=\"image\" class=\"fg-thumb\"><span class=\"fg-image-wrap\"><img decoding=\"async\" title=\"Arriv\u00e9e d&#039;un B\u00fccker B\u00fc 131 APM Jungmann de 1930, bas\u00e9 \u00e0 Lausanne (HB-UUZ)\" width=\"150\" height=\"150\" class=\"skip-lazy fg-image\" data-no-lazy=\"1\" data-src-fg=\"https:\/\/www.aerodrome-paray.fr\/blog\/wp-content\/uploads\/cache\/JTQ-25-178\/557539941.jpeg\" src=\"data:image\/svg+xml,%3Csvg%20xmlns%3D%22http%3A%2F%2Fwww.w3.org%2F2000%2Fsvg%22%20width%3D%22150%22%20height%3D%22150%22%20viewBox%3D%220%200%20150%20150%22%3E%3C%2Fsvg%3E\" loading=\"eager\"><\/span><span class=\"fg-image-overlay\"><\/span><\/a><figcaption class=\"fg-caption\"><div class=\"fg-caption-inner\"><div class=\"fg-caption-title\">Arriv\u00e9e d'un B\u00fccker B\u00fc 131 APM Jungmann de 1930, bas\u00e9 \u00e0 Lausanne (HB-UUZ)<\/div><div class=\"fg-caption-desc\">Arriv\u00e9e d'un B\u00fccker B\u00fc 131 APM Jungmann de 1930, bas\u00e9 \u00e0 Lausanne (HB-UUZ)<\/div><\/div><\/figcaption><\/figure><div class=\"fg-loader\"><\/div><\/div><div class=\"fg-item fg-type-image fg-idle\"><figure class=\"fg-item-inner\"><a href=\"https:\/\/www.aerodrome-paray.fr\/blog\/wp-content\/uploads\/JTQ-25-179.jpeg\" data-caption-title=\"Impressionnant aussi, ce Yak-52, avion d&#039;entra\u00eenement et de voltige\" data-caption-desc=\"Impressionnant aussi, ce Yak-52, avion d&#039;entra\u00eenement et de voltige\" data-attachment-id=\"7337\" data-type=\"image\" class=\"fg-thumb\"><span class=\"fg-image-wrap\"><img decoding=\"async\" title=\"Impressionnant aussi, ce Yak-52, avion d&#039;entra\u00eenement et de voltige\" width=\"150\" height=\"150\" class=\"skip-lazy fg-image\" data-no-lazy=\"1\" data-src-fg=\"https:\/\/www.aerodrome-paray.fr\/blog\/wp-content\/uploads\/cache\/JTQ-25-179\/2216302913.jpeg\" src=\"data:image\/svg+xml,%3Csvg%20xmlns%3D%22http%3A%2F%2Fwww.w3.org%2F2000%2Fsvg%22%20width%3D%22150%22%20height%3D%22150%22%20viewBox%3D%220%200%20150%20150%22%3E%3C%2Fsvg%3E\" loading=\"eager\"><\/span><span class=\"fg-image-overlay\"><\/span><\/a><figcaption class=\"fg-caption\"><div class=\"fg-caption-inner\"><div class=\"fg-caption-title\">Impressionnant aussi, ce Yak-52, avion d'entra\u00eenement et de voltige<\/div><div class=\"fg-caption-desc\">Impressionnant aussi, ce Yak-52, avion d'entra\u00eenement et de voltige<\/div><\/div><\/figcaption><\/figure><div class=\"fg-loader\"><\/div><\/div><div class=\"fg-item fg-type-image fg-idle\"><figure class=\"fg-item-inner\"><a href=\"https:\/\/www.aerodrome-paray.fr\/blog\/wp-content\/uploads\/JTQ-25-180.jpeg\" data-caption-title=\"LY-YJW : Yakovlev Yak-52\" data-caption-desc=\"LY-YJW : Yakovlev Yak-52\" data-attachment-id=\"7336\" data-type=\"image\" class=\"fg-thumb\"><span class=\"fg-image-wrap\"><img decoding=\"async\" title=\"LY-YJW : Yakovlev Yak-52\" width=\"150\" height=\"150\" class=\"skip-lazy fg-image\" data-no-lazy=\"1\" data-src-fg=\"https:\/\/www.aerodrome-paray.fr\/blog\/wp-content\/uploads\/cache\/JTQ-25-180\/988204919.jpeg\" src=\"data:image\/svg+xml,%3Csvg%20xmlns%3D%22http%3A%2F%2Fwww.w3.org%2F2000%2Fsvg%22%20width%3D%22150%22%20height%3D%22150%22%20viewBox%3D%220%200%20150%20150%22%3E%3C%2Fsvg%3E\" loading=\"eager\"><\/span><span class=\"fg-image-overlay\"><\/span><\/a><figcaption class=\"fg-caption\"><div class=\"fg-caption-inner\"><div class=\"fg-caption-title\">LY-YJW : Yakovlev Yak-52<\/div><div class=\"fg-caption-desc\">LY-YJW : Yakovlev Yak-52<\/div><\/div><\/figcaption><\/figure><div class=\"fg-loader\"><\/div><\/div><div class=\"fg-item fg-type-image fg-idle\"><figure class=\"fg-item-inner\"><a href=\"https:\/\/www.aerodrome-paray.fr\/blog\/wp-content\/uploads\/JTQ-25-181.jpeg\" data-attachment-id=\"7335\" data-type=\"image\" class=\"fg-thumb\"><span class=\"fg-image-wrap\"><img decoding=\"async\" width=\"150\" height=\"150\" class=\"skip-lazy fg-image\" data-no-lazy=\"1\" data-src-fg=\"https:\/\/www.aerodrome-paray.fr\/blog\/wp-content\/uploads\/cache\/JTQ-25-181\/3541078357.jpeg\" src=\"data:image\/svg+xml,%3Csvg%20xmlns%3D%22http%3A%2F%2Fwww.w3.org%2F2000%2Fsvg%22%20width%3D%22150%22%20height%3D%22150%22%20viewBox%3D%220%200%20150%20150%22%3E%3C%2Fsvg%3E\" loading=\"eager\"><\/span><span class=\"fg-image-overlay\"><\/span><\/a><\/figure><div class=\"fg-loader\"><\/div><\/div><div class=\"fg-item fg-type-image fg-idle\"><figure class=\"fg-item-inner\"><a href=\"https:\/\/www.aerodrome-paray.fr\/blog\/wp-content\/uploads\/JTQ-25-182.jpeg\" data-attachment-id=\"7334\" data-type=\"image\" class=\"fg-thumb\"><span class=\"fg-image-wrap\"><img decoding=\"async\" width=\"150\" height=\"150\" class=\"skip-lazy fg-image\" data-no-lazy=\"1\" data-src-fg=\"https:\/\/www.aerodrome-paray.fr\/blog\/wp-content\/uploads\/cache\/JTQ-25-182\/164206192.jpeg\" src=\"data:image\/svg+xml,%3Csvg%20xmlns%3D%22http%3A%2F%2Fwww.w3.org%2F2000%2Fsvg%22%20width%3D%22150%22%20height%3D%22150%22%20viewBox%3D%220%200%20150%20150%22%3E%3C%2Fsvg%3E\" loading=\"eager\"><\/span><span class=\"fg-image-overlay\"><\/span><\/a><\/figure><div class=\"fg-loader\"><\/div><\/div><div class=\"fg-item fg-type-image fg-idle\"><figure class=\"fg-item-inner\"><a href=\"https:\/\/www.aerodrome-paray.fr\/blog\/wp-content\/uploads\/JTQ-25-183.jpeg\" data-attachment-id=\"7333\" data-type=\"image\" class=\"fg-thumb\"><span class=\"fg-image-wrap\"><img decoding=\"async\" width=\"150\" height=\"150\" class=\"skip-lazy fg-image\" data-no-lazy=\"1\" data-src-fg=\"https:\/\/www.aerodrome-paray.fr\/blog\/wp-content\/uploads\/cache\/JTQ-25-183\/3683461968.jpeg\" src=\"data:image\/svg+xml,%3Csvg%20xmlns%3D%22http%3A%2F%2Fwww.w3.org%2F2000%2Fsvg%22%20width%3D%22150%22%20height%3D%22150%22%20viewBox%3D%220%200%20150%20150%22%3E%3C%2Fsvg%3E\" loading=\"eager\"><\/span><span class=\"fg-image-overlay\"><\/span><\/a><\/figure><div class=\"fg-loader\"><\/div><\/div><div class=\"fg-item fg-type-image fg-idle\"><figure class=\"fg-item-inner\"><a href=\"https:\/\/www.aerodrome-paray.fr\/blog\/wp-content\/uploads\/JTQ-25-184.jpeg\" data-caption-title=\"Plusieurs avions sous immatriculation am\u00e9ricaine : ici Aviat Husky : N49BH\" data-caption-desc=\"Plusieurs avions sous immatriculation am\u00e9ricaine : ici Aviat Husky : N49BH\" data-attachment-id=\"7332\" data-type=\"image\" class=\"fg-thumb\"><span class=\"fg-image-wrap\"><img decoding=\"async\" title=\"Plusieurs avions sous immatriculation am\u00e9ricaine : ici Aviat Husky : N49BH\" width=\"150\" height=\"150\" class=\"skip-lazy fg-image\" data-no-lazy=\"1\" data-src-fg=\"https:\/\/www.aerodrome-paray.fr\/blog\/wp-content\/uploads\/cache\/JTQ-25-184\/1555594617.jpeg\" src=\"data:image\/svg+xml,%3Csvg%20xmlns%3D%22http%3A%2F%2Fwww.w3.org%2F2000%2Fsvg%22%20width%3D%22150%22%20height%3D%22150%22%20viewBox%3D%220%200%20150%20150%22%3E%3C%2Fsvg%3E\" loading=\"eager\"><\/span><span class=\"fg-image-overlay\"><\/span><\/a><figcaption class=\"fg-caption\"><div class=\"fg-caption-inner\"><div class=\"fg-caption-title\">Plusieurs avions sous immatriculation am\u00e9ricaine : ici Aviat Husky : N49BH<\/div><div class=\"fg-caption-desc\">Plusieurs avions sous immatriculation am\u00e9ricaine : ici Aviat Husky : N49BH<\/div><\/div><\/figcaption><\/figure><div class=\"fg-loader\"><\/div><\/div><div class=\"fg-item fg-type-image fg-idle\"><figure class=\"fg-item-inner\"><a href=\"https:\/\/www.aerodrome-paray.fr\/blog\/wp-content\/uploads\/JTQ-25-185.jpeg\" data-caption-title=\"N56178 : Boeing Stearman PY-17 de 1941\" data-caption-desc=\"N56178 : Boeing Stearman PY-17 de 1941\" data-attachment-id=\"7331\" data-type=\"image\" class=\"fg-thumb\"><span class=\"fg-image-wrap\"><img decoding=\"async\" title=\"N56178 : Boeing Stearman PY-17 de 1941\" width=\"150\" height=\"150\" class=\"skip-lazy fg-image\" data-no-lazy=\"1\" data-src-fg=\"https:\/\/www.aerodrome-paray.fr\/blog\/wp-content\/uploads\/cache\/JTQ-25-185\/3041796955.jpeg\" src=\"data:image\/svg+xml,%3Csvg%20xmlns%3D%22http%3A%2F%2Fwww.w3.org%2F2000%2Fsvg%22%20width%3D%22150%22%20height%3D%22150%22%20viewBox%3D%220%200%20150%20150%22%3E%3C%2Fsvg%3E\" loading=\"eager\"><\/span><span class=\"fg-image-overlay\"><\/span><\/a><figcaption class=\"fg-caption\"><div class=\"fg-caption-inner\"><div class=\"fg-caption-title\">N56178 : Boeing Stearman PY-17 de 1941<\/div><div class=\"fg-caption-desc\">N56178 : Boeing Stearman PY-17 de 1941<\/div><\/div><\/figcaption><\/figure><div class=\"fg-loader\"><\/div><\/div><div class=\"fg-item fg-type-image fg-idle\"><figure class=\"fg-item-inner\"><a href=\"https:\/\/www.aerodrome-paray.fr\/blog\/wp-content\/uploads\/JTQ-25-186.jpeg\" data-attachment-id=\"7330\" data-type=\"image\" class=\"fg-thumb\"><span class=\"fg-image-wrap\"><img decoding=\"async\" width=\"150\" height=\"150\" class=\"skip-lazy fg-image\" data-no-lazy=\"1\" data-src-fg=\"https:\/\/www.aerodrome-paray.fr\/blog\/wp-content\/uploads\/cache\/JTQ-25-186\/1872176254.jpeg\" src=\"data:image\/svg+xml,%3Csvg%20xmlns%3D%22http%3A%2F%2Fwww.w3.org%2F2000%2Fsvg%22%20width%3D%22150%22%20height%3D%22150%22%20viewBox%3D%220%200%20150%20150%22%3E%3C%2Fsvg%3E\" loading=\"eager\"><\/span><span class=\"fg-image-overlay\"><\/span><\/a><\/figure><div class=\"fg-loader\"><\/div><\/div><div class=\"fg-item fg-type-image fg-idle\"><figure class=\"fg-item-inner\"><a href=\"https:\/\/www.aerodrome-paray.fr\/blog\/wp-content\/uploads\/JTQ-25-187.jpeg\" data-caption-title=\"N72261 : Cessna C-160\" data-caption-desc=\"N72261 : Cessna C-160\" data-attachment-id=\"7329\" data-type=\"image\" class=\"fg-thumb\"><span class=\"fg-image-wrap\"><img decoding=\"async\" title=\"N72261 : Cessna C-160\" width=\"150\" height=\"150\" class=\"skip-lazy fg-image\" data-no-lazy=\"1\" data-src-fg=\"https:\/\/www.aerodrome-paray.fr\/blog\/wp-content\/uploads\/cache\/JTQ-25-187\/1278507930.jpeg\" src=\"data:image\/svg+xml,%3Csvg%20xmlns%3D%22http%3A%2F%2Fwww.w3.org%2F2000%2Fsvg%22%20width%3D%22150%22%20height%3D%22150%22%20viewBox%3D%220%200%20150%20150%22%3E%3C%2Fsvg%3E\" loading=\"eager\"><\/span><span class=\"fg-image-overlay\"><\/span><\/a><figcaption class=\"fg-caption\"><div class=\"fg-caption-inner\"><div class=\"fg-caption-title\">N72261 : Cessna C-160<\/div><div class=\"fg-caption-desc\">N72261 : Cessna C-160<\/div><\/div><\/figcaption><\/figure><div class=\"fg-loader\"><\/div><\/div><div class=\"fg-item fg-type-image fg-idle\"><figure class=\"fg-item-inner\"><a href=\"https:\/\/www.aerodrome-paray.fr\/blog\/wp-content\/uploads\/JTQ-25-188.jpeg\" data-caption-title=\"Magnifique Stearman : N777CH bas\u00e9 en Suisse\" data-caption-desc=\"Magnifique Stearman : N777CH bas\u00e9 en Suisse\" data-attachment-id=\"7328\" data-type=\"image\" class=\"fg-thumb\"><span class=\"fg-image-wrap\"><img decoding=\"async\" title=\"Magnifique Stearman : N777CH bas\u00e9 en Suisse\" width=\"150\" height=\"150\" class=\"skip-lazy fg-image\" data-no-lazy=\"1\" data-src-fg=\"https:\/\/www.aerodrome-paray.fr\/blog\/wp-content\/uploads\/cache\/JTQ-25-188\/1893306283.jpeg\" src=\"data:image\/svg+xml,%3Csvg%20xmlns%3D%22http%3A%2F%2Fwww.w3.org%2F2000%2Fsvg%22%20width%3D%22150%22%20height%3D%22150%22%20viewBox%3D%220%200%20150%20150%22%3E%3C%2Fsvg%3E\" loading=\"eager\"><\/span><span class=\"fg-image-overlay\"><\/span><\/a><figcaption class=\"fg-caption\"><div class=\"fg-caption-inner\"><div class=\"fg-caption-title\">Magnifique Stearman : N777CH bas\u00e9 en Suisse<\/div><div class=\"fg-caption-desc\">Magnifique Stearman : N777CH bas\u00e9 en Suisse<\/div><\/div><\/figcaption><\/figure><div class=\"fg-loader\"><\/div><\/div><div class=\"fg-item fg-type-image fg-idle\"><figure class=\"fg-item-inner\"><a href=\"https:\/\/www.aerodrome-paray.fr\/blog\/wp-content\/uploads\/JTQ-25-189.jpeg\" data-attachment-id=\"7327\" data-type=\"image\" class=\"fg-thumb\"><span class=\"fg-image-wrap\"><img decoding=\"async\" width=\"150\" height=\"150\" class=\"skip-lazy fg-image\" data-no-lazy=\"1\" data-src-fg=\"https:\/\/www.aerodrome-paray.fr\/blog\/wp-content\/uploads\/cache\/JTQ-25-189\/3589862543.jpeg\" src=\"data:image\/svg+xml,%3Csvg%20xmlns%3D%22http%3A%2F%2Fwww.w3.org%2F2000%2Fsvg%22%20width%3D%22150%22%20height%3D%22150%22%20viewBox%3D%220%200%20150%20150%22%3E%3C%2Fsvg%3E\" loading=\"eager\"><\/span><span class=\"fg-image-overlay\"><\/span><\/a><\/figure><div class=\"fg-loader\"><\/div><\/div><div class=\"fg-item fg-type-image fg-idle\"><figure class=\"fg-item-inner\"><a href=\"https:\/\/www.aerodrome-paray.fr\/blog\/wp-content\/uploads\/JTQ-25-190.jpeg\" data-attachment-id=\"7326\" data-type=\"image\" class=\"fg-thumb\"><span class=\"fg-image-wrap\"><img decoding=\"async\" width=\"150\" height=\"150\" class=\"skip-lazy fg-image\" data-no-lazy=\"1\" data-src-fg=\"https:\/\/www.aerodrome-paray.fr\/blog\/wp-content\/uploads\/cache\/JTQ-25-190\/1976373770.jpeg\" src=\"data:image\/svg+xml,%3Csvg%20xmlns%3D%22http%3A%2F%2Fwww.w3.org%2F2000%2Fsvg%22%20width%3D%22150%22%20height%3D%22150%22%20viewBox%3D%220%200%20150%20150%22%3E%3C%2Fsvg%3E\" loading=\"eager\"><\/span><span class=\"fg-image-overlay\"><\/span><\/a><\/figure><div class=\"fg-loader\"><\/div><\/div><div class=\"fg-item fg-type-image fg-idle\"><figure class=\"fg-item-inner\"><a href=\"https:\/\/www.aerodrome-paray.fr\/blog\/wp-content\/uploads\/JTQ-25-191.jpeg\" data-caption-title=\"Pour les amateurs de Polish : N89576 - Cessna C-140\" data-caption-desc=\"Pour les amateurs de Polish : N89576 - Cessna C-140\" data-attachment-id=\"7325\" data-type=\"image\" class=\"fg-thumb\"><span class=\"fg-image-wrap\"><img decoding=\"async\" title=\"Pour les amateurs de Polish : N89576 - Cessna C-140\" width=\"150\" height=\"150\" class=\"skip-lazy fg-image\" data-no-lazy=\"1\" data-src-fg=\"https:\/\/www.aerodrome-paray.fr\/blog\/wp-content\/uploads\/cache\/JTQ-25-191\/2621131816.jpeg\" src=\"data:image\/svg+xml,%3Csvg%20xmlns%3D%22http%3A%2F%2Fwww.w3.org%2F2000%2Fsvg%22%20width%3D%22150%22%20height%3D%22150%22%20viewBox%3D%220%200%20150%20150%22%3E%3C%2Fsvg%3E\" loading=\"eager\"><\/span><span class=\"fg-image-overlay\"><\/span><\/a><figcaption class=\"fg-caption\"><div class=\"fg-caption-inner\"><div class=\"fg-caption-title\">Pour les amateurs de Polish : N89576 - Cessna C-140<\/div><div class=\"fg-caption-desc\">Pour les amateurs de Polish : N89576 - Cessna C-140<\/div><\/div><\/figcaption><\/figure><div class=\"fg-loader\"><\/div><\/div><div class=\"fg-item fg-type-image fg-idle\"><figure class=\"fg-item-inner\"><a href=\"https:\/\/www.aerodrome-paray.fr\/blog\/wp-content\/uploads\/JTQ-25-192.jpeg\" data-caption-title=\"Arriv\u00e9e d&#039;un autre Boeing Stearman exceptionnel\" data-caption-desc=\"Arriv\u00e9e d&#039;un autre Boeing Stearman exceptionnel\" data-attachment-id=\"7324\" data-type=\"image\" class=\"fg-thumb\"><span class=\"fg-image-wrap\"><img decoding=\"async\" title=\"Arriv\u00e9e d&#039;un autre Boeing Stearman exceptionnel\" width=\"150\" height=\"150\" class=\"skip-lazy fg-image\" data-no-lazy=\"1\" data-src-fg=\"https:\/\/www.aerodrome-paray.fr\/blog\/wp-content\/uploads\/cache\/JTQ-25-192\/1189235469.jpeg\" src=\"data:image\/svg+xml,%3Csvg%20xmlns%3D%22http%3A%2F%2Fwww.w3.org%2F2000%2Fsvg%22%20width%3D%22150%22%20height%3D%22150%22%20viewBox%3D%220%200%20150%20150%22%3E%3C%2Fsvg%3E\" loading=\"eager\"><\/span><span class=\"fg-image-overlay\"><\/span><\/a><figcaption class=\"fg-caption\"><div class=\"fg-caption-inner\"><div class=\"fg-caption-title\">Arriv\u00e9e d'un autre Boeing Stearman exceptionnel<\/div><div class=\"fg-caption-desc\">Arriv\u00e9e d'un autre Boeing Stearman exceptionnel<\/div><\/div><\/figcaption><\/figure><div class=\"fg-loader\"><\/div><\/div><div class=\"fg-item fg-type-image fg-idle\"><figure class=\"fg-item-inner\"><a href=\"https:\/\/www.aerodrome-paray.fr\/blog\/wp-content\/uploads\/JTQ-25-193.jpeg\" data-caption-title=\"NC10LF : Boeing Stearman Kaydet bas\u00e9 \u00e0 Lausanne\" data-caption-desc=\"NC10LF : Boeing Stearman Kaydet bas\u00e9 \u00e0 Lausanne\" data-attachment-id=\"7323\" data-type=\"image\" class=\"fg-thumb\"><span class=\"fg-image-wrap\"><img decoding=\"async\" title=\"NC10LF : Boeing Stearman Kaydet bas\u00e9 \u00e0 Lausanne\" width=\"150\" height=\"150\" class=\"skip-lazy fg-image\" data-no-lazy=\"1\" data-src-fg=\"https:\/\/www.aerodrome-paray.fr\/blog\/wp-content\/uploads\/cache\/JTQ-25-193\/2493969965.jpeg\" src=\"data:image\/svg+xml,%3Csvg%20xmlns%3D%22http%3A%2F%2Fwww.w3.org%2F2000%2Fsvg%22%20width%3D%22150%22%20height%3D%22150%22%20viewBox%3D%220%200%20150%20150%22%3E%3C%2Fsvg%3E\" loading=\"eager\"><\/span><span class=\"fg-image-overlay\"><\/span><\/a><figcaption class=\"fg-caption\"><div class=\"fg-caption-inner\"><div class=\"fg-caption-title\">NC10LF : Boeing Stearman Kaydet bas\u00e9 \u00e0 Lausanne<\/div><div class=\"fg-caption-desc\">NC10LF : Boeing Stearman Kaydet bas\u00e9 \u00e0 Lausanne<\/div><\/div><\/figcaption><\/figure><div class=\"fg-loader\"><\/div><\/div><div class=\"fg-item fg-type-image fg-idle\"><figure class=\"fg-item-inner\"><a href=\"https:\/\/www.aerodrome-paray.fr\/blog\/wp-content\/uploads\/JTQ-25-194.jpeg\" data-attachment-id=\"7322\" data-type=\"image\" class=\"fg-thumb\"><span class=\"fg-image-wrap\"><img decoding=\"async\" width=\"150\" height=\"150\" class=\"skip-lazy fg-image\" data-no-lazy=\"1\" data-src-fg=\"https:\/\/www.aerodrome-paray.fr\/blog\/wp-content\/uploads\/cache\/JTQ-25-194\/328441860.jpeg\" src=\"data:image\/svg+xml,%3Csvg%20xmlns%3D%22http%3A%2F%2Fwww.w3.org%2F2000%2Fsvg%22%20width%3D%22150%22%20height%3D%22150%22%20viewBox%3D%220%200%20150%20150%22%3E%3C%2Fsvg%3E\" loading=\"eager\"><\/span><span class=\"fg-image-overlay\"><\/span><\/a><\/figure><div class=\"fg-loader\"><\/div><\/div><div class=\"fg-item fg-type-image fg-idle\"><figure class=\"fg-item-inner\"><a href=\"https:\/\/www.aerodrome-paray.fr\/blog\/wp-content\/uploads\/JTQ-25-195.jpeg\" data-attachment-id=\"7321\" data-type=\"image\" class=\"fg-thumb\"><span class=\"fg-image-wrap\"><img decoding=\"async\" width=\"150\" height=\"150\" class=\"skip-lazy fg-image\" data-no-lazy=\"1\" data-src-fg=\"https:\/\/www.aerodrome-paray.fr\/blog\/wp-content\/uploads\/cache\/JTQ-25-195\/4200988198.jpeg\" src=\"data:image\/svg+xml,%3Csvg%20xmlns%3D%22http%3A%2F%2Fwww.w3.org%2F2000%2Fsvg%22%20width%3D%22150%22%20height%3D%22150%22%20viewBox%3D%220%200%20150%20150%22%3E%3C%2Fsvg%3E\" loading=\"eager\"><\/span><span class=\"fg-image-overlay\"><\/span><\/a><\/figure><div class=\"fg-loader\"><\/div><\/div><div class=\"fg-item fg-type-image fg-idle\"><figure class=\"fg-item-inner\"><a href=\"https:\/\/www.aerodrome-paray.fr\/blog\/wp-content\/uploads\/JTQ-25-196.jpeg\" data-caption-title=\"Un \u00e9tat exceptionnel pour cet avion de l\u00e9gende...\" data-caption-desc=\"Un \u00e9tat exceptionnel pour cet avion de l\u00e9gende...\" data-attachment-id=\"7320\" data-type=\"image\" class=\"fg-thumb\"><span class=\"fg-image-wrap\"><img decoding=\"async\" title=\"Un \u00e9tat exceptionnel pour cet avion de l\u00e9gende...\" width=\"150\" height=\"150\" class=\"skip-lazy fg-image\" data-no-lazy=\"1\" data-src-fg=\"https:\/\/www.aerodrome-paray.fr\/blog\/wp-content\/uploads\/cache\/JTQ-25-196\/549255427.jpeg\" src=\"data:image\/svg+xml,%3Csvg%20xmlns%3D%22http%3A%2F%2Fwww.w3.org%2F2000%2Fsvg%22%20width%3D%22150%22%20height%3D%22150%22%20viewBox%3D%220%200%20150%20150%22%3E%3C%2Fsvg%3E\" loading=\"eager\"><\/span><span class=\"fg-image-overlay\"><\/span><\/a><figcaption class=\"fg-caption\"><div class=\"fg-caption-inner\"><div class=\"fg-caption-title\">Un \u00e9tat exceptionnel pour cet avion de l\u00e9gende...<\/div><div class=\"fg-caption-desc\">Un \u00e9tat exceptionnel pour cet avion de l\u00e9gende...<\/div><\/div><\/figcaption><\/figure><div class=\"fg-loader\"><\/div><\/div><div class=\"fg-item fg-type-image fg-idle\"><figure class=\"fg-item-inner\"><a href=\"https:\/\/www.aerodrome-paray.fr\/blog\/wp-content\/uploads\/JTQ-25-197.jpeg\" data-caption-title=\"Quand on aime on ne compte pas... Prolongeons la s\u00e9rie...\" data-caption-desc=\"Quand on aime on ne compte pas... Prolongeons la s\u00e9rie...\" data-attachment-id=\"7319\" data-type=\"image\" class=\"fg-thumb\"><span class=\"fg-image-wrap\"><img decoding=\"async\" title=\"Quand on aime on ne compte pas... Prolongeons la s\u00e9rie...\" width=\"150\" height=\"150\" class=\"skip-lazy fg-image\" data-no-lazy=\"1\" data-src-fg=\"https:\/\/www.aerodrome-paray.fr\/blog\/wp-content\/uploads\/cache\/JTQ-25-197\/2579352608.jpeg\" src=\"data:image\/svg+xml,%3Csvg%20xmlns%3D%22http%3A%2F%2Fwww.w3.org%2F2000%2Fsvg%22%20width%3D%22150%22%20height%3D%22150%22%20viewBox%3D%220%200%20150%20150%22%3E%3C%2Fsvg%3E\" loading=\"eager\"><\/span><span class=\"fg-image-overlay\"><\/span><\/a><figcaption class=\"fg-caption\"><div class=\"fg-caption-inner\"><div class=\"fg-caption-title\">Quand on aime on ne compte pas... Prolongeons la s\u00e9rie...<\/div><div class=\"fg-caption-desc\">Quand on aime on ne compte pas... Prolongeons la s\u00e9rie...<\/div><\/div><\/figcaption><\/figure><div class=\"fg-loader\"><\/div><\/div><div class=\"fg-item fg-type-image fg-idle\"><figure class=\"fg-item-inner\"><a href=\"https:\/\/www.aerodrome-paray.fr\/blog\/wp-content\/uploads\/JTQ-25-198.jpeg\" data-attachment-id=\"7318\" data-type=\"image\" class=\"fg-thumb\"><span class=\"fg-image-wrap\"><img decoding=\"async\" width=\"150\" height=\"150\" class=\"skip-lazy fg-image\" data-no-lazy=\"1\" data-src-fg=\"https:\/\/www.aerodrome-paray.fr\/blog\/wp-content\/uploads\/cache\/JTQ-25-198\/2773497873.jpeg\" src=\"data:image\/svg+xml,%3Csvg%20xmlns%3D%22http%3A%2F%2Fwww.w3.org%2F2000%2Fsvg%22%20width%3D%22150%22%20height%3D%22150%22%20viewBox%3D%220%200%20150%20150%22%3E%3C%2Fsvg%3E\" loading=\"eager\"><\/span><span class=\"fg-image-overlay\"><\/span><\/a><\/figure><div class=\"fg-loader\"><\/div><\/div><div class=\"fg-item fg-type-image fg-idle\"><figure class=\"fg-item-inner\"><a href=\"https:\/\/www.aerodrome-paray.fr\/blog\/wp-content\/uploads\/JTQ-25-199.jpeg\" data-attachment-id=\"7317\" data-type=\"image\" class=\"fg-thumb\"><span class=\"fg-image-wrap\"><img decoding=\"async\" width=\"150\" height=\"150\" class=\"skip-lazy fg-image\" data-no-lazy=\"1\" data-src-fg=\"https:\/\/www.aerodrome-paray.fr\/blog\/wp-content\/uploads\/cache\/JTQ-25-199\/7422773.jpeg\" src=\"data:image\/svg+xml,%3Csvg%20xmlns%3D%22http%3A%2F%2Fwww.w3.org%2F2000%2Fsvg%22%20width%3D%22150%22%20height%3D%22150%22%20viewBox%3D%220%200%20150%20150%22%3E%3C%2Fsvg%3E\" loading=\"eager\"><\/span><span class=\"fg-image-overlay\"><\/span><\/a><\/figure><div class=\"fg-loader\"><\/div><\/div><div class=\"fg-item fg-type-image fg-idle\"><figure class=\"fg-item-inner\"><a href=\"https:\/\/www.aerodrome-paray.fr\/blog\/wp-content\/uploads\/JTQ-25-200.jpeg\" data-caption-title=\"\u00c7a brille ! Pour les amateurs de polish, ce superbe Cessna C-140 (NC4104N)\" data-caption-desc=\"\u00c7a brille ! Pour les amateurs de polish, ce superbe Cessna C-140 (NC4104N)\" data-attachment-id=\"7316\" data-type=\"image\" class=\"fg-thumb\"><span class=\"fg-image-wrap\"><img decoding=\"async\" title=\"\u00c7a brille ! Pour les amateurs de polish, ce superbe Cessna C-140 (NC4104N)\" width=\"150\" height=\"150\" class=\"skip-lazy fg-image\" data-no-lazy=\"1\" data-src-fg=\"https:\/\/www.aerodrome-paray.fr\/blog\/wp-content\/uploads\/cache\/JTQ-25-200\/712082245.jpeg\" src=\"data:image\/svg+xml,%3Csvg%20xmlns%3D%22http%3A%2F%2Fwww.w3.org%2F2000%2Fsvg%22%20width%3D%22150%22%20height%3D%22150%22%20viewBox%3D%220%200%20150%20150%22%3E%3C%2Fsvg%3E\" loading=\"eager\"><\/span><span class=\"fg-image-overlay\"><\/span><\/a><figcaption class=\"fg-caption\"><div class=\"fg-caption-inner\"><div class=\"fg-caption-title\">\u00c7a brille ! Pour les amateurs de polish, ce superbe Cessna C-140 (NC4104N)<\/div><div class=\"fg-caption-desc\">\u00c7a brille ! Pour les amateurs de polish, ce superbe Cessna C-140 (NC4104N)<\/div><\/div><\/figcaption><\/figure><div class=\"fg-loader\"><\/div><\/div><div class=\"fg-item fg-type-image fg-idle\"><figure class=\"fg-item-inner\"><a href=\"https:\/\/www.aerodrome-paray.fr\/blog\/wp-content\/uploads\/JTQ-25-201.jpeg\" data-attachment-id=\"7315\" data-type=\"image\" class=\"fg-thumb\"><span class=\"fg-image-wrap\"><img decoding=\"async\" width=\"150\" height=\"150\" class=\"skip-lazy fg-image\" data-no-lazy=\"1\" data-src-fg=\"https:\/\/www.aerodrome-paray.fr\/blog\/wp-content\/uploads\/cache\/JTQ-25-201\/3280461159.jpeg\" src=\"data:image\/svg+xml,%3Csvg%20xmlns%3D%22http%3A%2F%2Fwww.w3.org%2F2000%2Fsvg%22%20width%3D%22150%22%20height%3D%22150%22%20viewBox%3D%220%200%20150%20150%22%3E%3C%2Fsvg%3E\" loading=\"eager\"><\/span><span class=\"fg-image-overlay\"><\/span><\/a><\/figure><div class=\"fg-loader\"><\/div><\/div><div class=\"fg-item fg-type-image fg-idle\"><figure class=\"fg-item-inner\"><a href=\"https:\/\/www.aerodrome-paray.fr\/blog\/wp-content\/uploads\/JTQ-25-202.jpeg\" data-caption-title=\"Quelques avions belges : ici un Piper J3 (OO-CEK)\" data-caption-desc=\"Quelques avions belges : ici un Piper J3 (OO-CEK)\" data-attachment-id=\"7314\" data-type=\"image\" class=\"fg-thumb\"><span class=\"fg-image-wrap\"><img decoding=\"async\" title=\"Quelques avions belges : ici un Piper J3 (OO-CEK)\" width=\"150\" height=\"150\" class=\"skip-lazy fg-image\" data-no-lazy=\"1\" data-src-fg=\"https:\/\/www.aerodrome-paray.fr\/blog\/wp-content\/uploads\/cache\/JTQ-25-202\/425646658.jpeg\" src=\"data:image\/svg+xml,%3Csvg%20xmlns%3D%22http%3A%2F%2Fwww.w3.org%2F2000%2Fsvg%22%20width%3D%22150%22%20height%3D%22150%22%20viewBox%3D%220%200%20150%20150%22%3E%3C%2Fsvg%3E\" loading=\"eager\"><\/span><span class=\"fg-image-overlay\"><\/span><\/a><figcaption class=\"fg-caption\"><div class=\"fg-caption-inner\"><div class=\"fg-caption-title\">Quelques avions belges : ici un Piper J3 (OO-CEK)<\/div><div class=\"fg-caption-desc\">Quelques avions belges : ici un Piper J3 (OO-CEK)<\/div><\/div><\/figcaption><\/figure><div class=\"fg-loader\"><\/div><\/div><div class=\"fg-item fg-type-image fg-idle\"><figure class=\"fg-item-inner\"><a href=\"https:\/\/www.aerodrome-paray.fr\/blog\/wp-content\/uploads\/JTQ-25-203.jpeg\" data-attachment-id=\"7313\" data-type=\"image\" class=\"fg-thumb\"><span class=\"fg-image-wrap\"><img decoding=\"async\" width=\"150\" height=\"150\" class=\"skip-lazy fg-image\" data-no-lazy=\"1\" data-src-fg=\"https:\/\/www.aerodrome-paray.fr\/blog\/wp-content\/uploads\/cache\/JTQ-25-203\/3407505250.jpeg\" src=\"data:image\/svg+xml,%3Csvg%20xmlns%3D%22http%3A%2F%2Fwww.w3.org%2F2000%2Fsvg%22%20width%3D%22150%22%20height%3D%22150%22%20viewBox%3D%220%200%20150%20150%22%3E%3C%2Fsvg%3E\" loading=\"eager\"><\/span><span class=\"fg-image-overlay\"><\/span><\/a><\/figure><div class=\"fg-loader\"><\/div><\/div><div class=\"fg-item fg-type-image fg-idle\"><figure class=\"fg-item-inner\"><a href=\"https:\/\/www.aerodrome-paray.fr\/blog\/wp-content\/uploads\/JTQ-25-209.jpeg\" data-caption-title=\"Autre Piper J3 venu de Belgique : OO-YOL\" data-caption-desc=\"Autre Piper J3 venu de Belgique : OO-YOL\" data-attachment-id=\"7307\" data-type=\"image\" class=\"fg-thumb\"><span class=\"fg-image-wrap\"><img decoding=\"async\" title=\"Autre Piper J3 venu de Belgique : OO-YOL\" width=\"150\" height=\"150\" class=\"skip-lazy fg-image\" data-no-lazy=\"1\" data-src-fg=\"https:\/\/www.aerodrome-paray.fr\/blog\/wp-content\/uploads\/cache\/JTQ-25-209\/3312433341.jpeg\" src=\"data:image\/svg+xml,%3Csvg%20xmlns%3D%22http%3A%2F%2Fwww.w3.org%2F2000%2Fsvg%22%20width%3D%22150%22%20height%3D%22150%22%20viewBox%3D%220%200%20150%20150%22%3E%3C%2Fsvg%3E\" loading=\"eager\"><\/span><span class=\"fg-image-overlay\"><\/span><\/a><figcaption class=\"fg-caption\"><div class=\"fg-caption-inner\"><div class=\"fg-caption-title\">Autre Piper J3 venu de Belgique : OO-YOL<\/div><div class=\"fg-caption-desc\">Autre Piper J3 venu de Belgique : OO-YOL<\/div><\/div><\/figcaption><\/figure><div class=\"fg-loader\"><\/div><\/div><div class=\"fg-item fg-type-image fg-idle\"><figure class=\"fg-item-inner\"><a href=\"https:\/\/www.aerodrome-paray.fr\/blog\/wp-content\/uploads\/JTQ-25-204.jpeg\" data-caption-title=\"Superbe Waco YMF-SFC \u00e0 l&#039;atterrissage : OO-WCO\" data-caption-desc=\"Superbe Waco YMF-SFC \u00e0 l&#039;atterrissage : OO-WCO\" data-attachment-id=\"7312\" data-type=\"image\" class=\"fg-thumb\"><span class=\"fg-image-wrap\"><img decoding=\"async\" title=\"Superbe Waco YMF-SFC \u00e0 l&#039;atterrissage : OO-WCO\" width=\"150\" height=\"150\" class=\"skip-lazy fg-image\" data-no-lazy=\"1\" data-src-fg=\"https:\/\/www.aerodrome-paray.fr\/blog\/wp-content\/uploads\/cache\/JTQ-25-204\/1278161227.jpeg\" src=\"data:image\/svg+xml,%3Csvg%20xmlns%3D%22http%3A%2F%2Fwww.w3.org%2F2000%2Fsvg%22%20width%3D%22150%22%20height%3D%22150%22%20viewBox%3D%220%200%20150%20150%22%3E%3C%2Fsvg%3E\" loading=\"eager\"><\/span><span class=\"fg-image-overlay\"><\/span><\/a><figcaption class=\"fg-caption\"><div class=\"fg-caption-inner\"><div class=\"fg-caption-title\">Superbe Waco YMF-SFC \u00e0 l'atterrissage : OO-WCO<\/div><div class=\"fg-caption-desc\">Superbe Waco YMF-SFC \u00e0 l'atterrissage : OO-WCO<\/div><\/div><\/figcaption><\/figure><div class=\"fg-loader\"><\/div><\/div><div class=\"fg-item fg-type-image fg-idle\"><figure class=\"fg-item-inner\"><a href=\"https:\/\/www.aerodrome-paray.fr\/blog\/wp-content\/uploads\/JTQ-25-205.jpeg\" data-attachment-id=\"7311\" data-type=\"image\" class=\"fg-thumb\"><span class=\"fg-image-wrap\"><img decoding=\"async\" width=\"150\" height=\"150\" class=\"skip-lazy fg-image\" data-no-lazy=\"1\" data-src-fg=\"https:\/\/www.aerodrome-paray.fr\/blog\/wp-content\/uploads\/cache\/JTQ-25-205\/2782490473.jpeg\" src=\"data:image\/svg+xml,%3Csvg%20xmlns%3D%22http%3A%2F%2Fwww.w3.org%2F2000%2Fsvg%22%20width%3D%22150%22%20height%3D%22150%22%20viewBox%3D%220%200%20150%20150%22%3E%3C%2Fsvg%3E\" loading=\"eager\"><\/span><span class=\"fg-image-overlay\"><\/span><\/a><\/figure><div class=\"fg-loader\"><\/div><\/div><div class=\"fg-item fg-type-image fg-idle\"><figure class=\"fg-item-inner\"><a href=\"https:\/\/www.aerodrome-paray.fr\/blog\/wp-content\/uploads\/JTQ-25-206.jpeg\" data-attachment-id=\"7310\" data-type=\"image\" class=\"fg-thumb\"><span class=\"fg-image-wrap\"><img decoding=\"async\" width=\"150\" height=\"150\" class=\"skip-lazy fg-image\" data-no-lazy=\"1\" data-src-fg=\"https:\/\/www.aerodrome-paray.fr\/blog\/wp-content\/uploads\/cache\/JTQ-25-206\/2130733132.jpeg\" src=\"data:image\/svg+xml,%3Csvg%20xmlns%3D%22http%3A%2F%2Fwww.w3.org%2F2000%2Fsvg%22%20width%3D%22150%22%20height%3D%22150%22%20viewBox%3D%220%200%20150%20150%22%3E%3C%2Fsvg%3E\" loading=\"eager\"><\/span><span class=\"fg-image-overlay\"><\/span><\/a><\/figure><div class=\"fg-loader\"><\/div><\/div><div class=\"fg-item fg-type-image fg-idle\"><figure class=\"fg-item-inner\"><a href=\"https:\/\/www.aerodrome-paray.fr\/blog\/wp-content\/uploads\/JTQ-25-207.jpeg\" data-attachment-id=\"7309\" data-type=\"image\" class=\"fg-thumb\"><span class=\"fg-image-wrap\"><img decoding=\"async\" width=\"150\" height=\"150\" class=\"skip-lazy fg-image\" data-no-lazy=\"1\" data-src-fg=\"https:\/\/www.aerodrome-paray.fr\/blog\/wp-content\/uploads\/cache\/JTQ-25-207\/1554200488.jpeg\" src=\"data:image\/svg+xml,%3Csvg%20xmlns%3D%22http%3A%2F%2Fwww.w3.org%2F2000%2Fsvg%22%20width%3D%22150%22%20height%3D%22150%22%20viewBox%3D%220%200%20150%20150%22%3E%3C%2Fsvg%3E\" loading=\"eager\"><\/span><span class=\"fg-image-overlay\"><\/span><\/a><\/figure><div class=\"fg-loader\"><\/div><\/div><div class=\"fg-item fg-type-image fg-idle\"><figure class=\"fg-item-inner\"><a href=\"https:\/\/www.aerodrome-paray.fr\/blog\/wp-content\/uploads\/JTQ-25-208.jpeg\" data-attachment-id=\"7308\" data-type=\"image\" class=\"fg-thumb\"><span class=\"fg-image-wrap\"><img decoding=\"async\" width=\"150\" height=\"150\" class=\"skip-lazy fg-image\" data-no-lazy=\"1\" data-src-fg=\"https:\/\/www.aerodrome-paray.fr\/blog\/wp-content\/uploads\/cache\/JTQ-25-208\/1615774617.jpeg\" src=\"data:image\/svg+xml,%3Csvg%20xmlns%3D%22http%3A%2F%2Fwww.w3.org%2F2000%2Fsvg%22%20width%3D%22150%22%20height%3D%22150%22%20viewBox%3D%220%200%20150%20150%22%3E%3C%2Fsvg%3E\" loading=\"eager\"><\/span><span class=\"fg-image-overlay\"><\/span><\/a><\/figure><div class=\"fg-loader\"><\/div><\/div><div class=\"fg-item fg-type-image fg-idle\"><figure class=\"fg-item-inner\"><a href=\"https:\/\/www.aerodrome-paray.fr\/blog\/wp-content\/uploads\/Traine_Queue_2025-21062025-0N3A3331-a-2.jpg\" data-caption-title=\"Pour terminer en beaut\u00e9 : une superbe s\u00e9rie de photos a\u00e9riennes r\u00e9alis\u00e9es par Bastien Juif. Merci pour ce partage\" data-caption-desc=\"Pour terminer en beaut\u00e9 : une superbe s\u00e9rie de photos a\u00e9riennes r\u00e9alis\u00e9es par Bastien Juif. Merci pour ce partage\" data-attachment-id=\"7553\" data-type=\"image\" class=\"fg-thumb\"><span class=\"fg-image-wrap\"><img decoding=\"async\" title=\"Pour terminer en beaut\u00e9 : une superbe s\u00e9rie de photos a\u00e9riennes r\u00e9alis\u00e9es par Bastien Juif. Merci pour ce partage\" width=\"150\" height=\"150\" class=\"skip-lazy fg-image\" data-no-lazy=\"1\" data-src-fg=\"https:\/\/www.aerodrome-paray.fr\/blog\/wp-content\/uploads\/cache\/Traine_Queue_2025-21062025-0N3A3331-a-2\/1747710588.jpg\" src=\"data:image\/svg+xml,%3Csvg%20xmlns%3D%22http%3A%2F%2Fwww.w3.org%2F2000%2Fsvg%22%20width%3D%22150%22%20height%3D%22150%22%20viewBox%3D%220%200%20150%20150%22%3E%3C%2Fsvg%3E\" loading=\"eager\"><\/span><span class=\"fg-image-overlay\"><\/span><\/a><figcaption class=\"fg-caption\"><div class=\"fg-caption-inner\"><div class=\"fg-caption-title\">Pour terminer en beaut\u00e9 : une superbe s\u00e9rie de photos a\u00e9riennes r\u00e9alis\u00e9es par Bastien Juif. Merci pour ce partage<\/div><div class=\"fg-caption-desc\">Pour terminer en beaut\u00e9 : une superbe s\u00e9rie de photos a\u00e9riennes r\u00e9alis\u00e9es par Bastien Juif. Merci pour ce partage<\/div><\/div><\/figcaption><\/figure><div class=\"fg-loader\"><\/div><\/div><div class=\"fg-item fg-type-image fg-idle\"><figure class=\"fg-item-inner\"><a href=\"https:\/\/www.aerodrome-paray.fr\/blog\/wp-content\/uploads\/Traine_Queue_2025-21062025-0N3A3017-a-2.jpg\" data-attachment-id=\"7554\" data-type=\"image\" class=\"fg-thumb\"><span class=\"fg-image-wrap\"><img decoding=\"async\" width=\"150\" height=\"150\" class=\"skip-lazy fg-image\" data-no-lazy=\"1\" data-src-fg=\"https:\/\/www.aerodrome-paray.fr\/blog\/wp-content\/uploads\/cache\/Traine_Queue_2025-21062025-0N3A3017-a-2\/2897748525.jpg\" src=\"data:image\/svg+xml,%3Csvg%20xmlns%3D%22http%3A%2F%2Fwww.w3.org%2F2000%2Fsvg%22%20width%3D%22150%22%20height%3D%22150%22%20viewBox%3D%220%200%20150%20150%22%3E%3C%2Fsvg%3E\" loading=\"eager\"><\/span><span class=\"fg-image-overlay\"><\/span><\/a><\/figure><div class=\"fg-loader\"><\/div><\/div><div class=\"fg-item fg-type-image fg-idle\"><figure class=\"fg-item-inner\"><a href=\"https:\/\/www.aerodrome-paray.fr\/blog\/wp-content\/uploads\/Traine_Queue_2025-21062025-0N3A3340-a-2.jpg\" data-attachment-id=\"7552\" data-type=\"image\" class=\"fg-thumb\"><span class=\"fg-image-wrap\"><img decoding=\"async\" width=\"150\" height=\"150\" class=\"skip-lazy fg-image\" data-no-lazy=\"1\" data-src-fg=\"https:\/\/www.aerodrome-paray.fr\/blog\/wp-content\/uploads\/cache\/Traine_Queue_2025-21062025-0N3A3340-a-2\/1267739869.jpg\" src=\"data:image\/svg+xml,%3Csvg%20xmlns%3D%22http%3A%2F%2Fwww.w3.org%2F2000%2Fsvg%22%20width%3D%22150%22%20height%3D%22150%22%20viewBox%3D%220%200%20150%20150%22%3E%3C%2Fsvg%3E\" loading=\"eager\"><\/span><span class=\"fg-image-overlay\"><\/span><\/a><\/figure><div class=\"fg-loader\"><\/div><\/div><div class=\"fg-item fg-type-image fg-idle\"><figure class=\"fg-item-inner\"><a href=\"https:\/\/www.aerodrome-paray.fr\/blog\/wp-content\/uploads\/Traine_Queue_2025-21062025-0N3A3678-a-2.jpg\" data-attachment-id=\"7551\" data-type=\"image\" class=\"fg-thumb\"><span class=\"fg-image-wrap\"><img decoding=\"async\" width=\"150\" height=\"150\" class=\"skip-lazy fg-image\" data-no-lazy=\"1\" data-src-fg=\"https:\/\/www.aerodrome-paray.fr\/blog\/wp-content\/uploads\/cache\/Traine_Queue_2025-21062025-0N3A3678-a-2\/3761431419.jpg\" src=\"data:image\/svg+xml,%3Csvg%20xmlns%3D%22http%3A%2F%2Fwww.w3.org%2F2000%2Fsvg%22%20width%3D%22150%22%20height%3D%22150%22%20viewBox%3D%220%200%20150%20150%22%3E%3C%2Fsvg%3E\" loading=\"eager\"><\/span><span class=\"fg-image-overlay\"><\/span><\/a><\/figure><div class=\"fg-loader\"><\/div><\/div><div class=\"fg-item fg-type-image fg-idle\"><figure class=\"fg-item-inner\"><a href=\"https:\/\/www.aerodrome-paray.fr\/blog\/wp-content\/uploads\/Traine_Queue_2025-21062025-0N3A3887-2.jpg\" data-attachment-id=\"7550\" data-type=\"image\" class=\"fg-thumb\"><span class=\"fg-image-wrap\"><img decoding=\"async\" width=\"150\" height=\"150\" class=\"skip-lazy fg-image\" data-no-lazy=\"1\" data-src-fg=\"https:\/\/www.aerodrome-paray.fr\/blog\/wp-content\/uploads\/cache\/Traine_Queue_2025-21062025-0N3A3887-2\/517683687.jpg\" src=\"data:image\/svg+xml,%3Csvg%20xmlns%3D%22http%3A%2F%2Fwww.w3.org%2F2000%2Fsvg%22%20width%3D%22150%22%20height%3D%22150%22%20viewBox%3D%220%200%20150%20150%22%3E%3C%2Fsvg%3E\" loading=\"eager\"><\/span><span class=\"fg-image-overlay\"><\/span><\/a><\/figure><div class=\"fg-loader\"><\/div><\/div><div class=\"fg-item fg-type-image fg-idle\"><figure class=\"fg-item-inner\"><a href=\"https:\/\/www.aerodrome-paray.fr\/blog\/wp-content\/uploads\/Traine_Queue_2025-21062025-0N3A4106-a-2.jpg\" data-attachment-id=\"7549\" data-type=\"image\" class=\"fg-thumb\"><span class=\"fg-image-wrap\"><img decoding=\"async\" width=\"150\" height=\"150\" class=\"skip-lazy fg-image\" data-no-lazy=\"1\" data-src-fg=\"https:\/\/www.aerodrome-paray.fr\/blog\/wp-content\/uploads\/cache\/Traine_Queue_2025-21062025-0N3A4106-a-2\/248280055.jpg\" src=\"data:image\/svg+xml,%3Csvg%20xmlns%3D%22http%3A%2F%2Fwww.w3.org%2F2000%2Fsvg%22%20width%3D%22150%22%20height%3D%22150%22%20viewBox%3D%220%200%20150%20150%22%3E%3C%2Fsvg%3E\" loading=\"eager\"><\/span><span class=\"fg-image-overlay\"><\/span><\/a><\/figure><div class=\"fg-loader\"><\/div><\/div><div class=\"fg-item fg-type-image fg-idle\"><figure class=\"fg-item-inner\"><a href=\"https:\/\/www.aerodrome-paray.fr\/blog\/wp-content\/uploads\/Traine_Queue_2025-21062025-0N3A4183-a-2.jpg\" data-attachment-id=\"7548\" data-type=\"image\" class=\"fg-thumb\"><span class=\"fg-image-wrap\"><img decoding=\"async\" width=\"150\" height=\"150\" class=\"skip-lazy fg-image\" data-no-lazy=\"1\" data-src-fg=\"https:\/\/www.aerodrome-paray.fr\/blog\/wp-content\/uploads\/cache\/Traine_Queue_2025-21062025-0N3A4183-a-2\/151077660.jpg\" src=\"data:image\/svg+xml,%3Csvg%20xmlns%3D%22http%3A%2F%2Fwww.w3.org%2F2000%2Fsvg%22%20width%3D%22150%22%20height%3D%22150%22%20viewBox%3D%220%200%20150%20150%22%3E%3C%2Fsvg%3E\" loading=\"eager\"><\/span><span class=\"fg-image-overlay\"><\/span><\/a><\/figure><div class=\"fg-loader\"><\/div><\/div><div class=\"fg-item fg-type-image fg-idle\"><figure class=\"fg-item-inner\"><a href=\"https:\/\/www.aerodrome-paray.fr\/blog\/wp-content\/uploads\/Traine_Queue_2025-21062025-0N3A4449-a-2.jpg\" data-attachment-id=\"7547\" data-type=\"image\" class=\"fg-thumb\"><span class=\"fg-image-wrap\"><img decoding=\"async\" width=\"150\" height=\"150\" class=\"skip-lazy fg-image\" data-no-lazy=\"1\" data-src-fg=\"https:\/\/www.aerodrome-paray.fr\/blog\/wp-content\/uploads\/cache\/Traine_Queue_2025-21062025-0N3A4449-a-2\/1466245695.jpg\" src=\"data:image\/svg+xml,%3Csvg%20xmlns%3D%22http%3A%2F%2Fwww.w3.org%2F2000%2Fsvg%22%20width%3D%22150%22%20height%3D%22150%22%20viewBox%3D%220%200%20150%20150%22%3E%3C%2Fsvg%3E\" loading=\"eager\"><\/span><span class=\"fg-image-overlay\"><\/span><\/a><\/figure><div class=\"fg-loader\"><\/div><\/div><div class=\"fg-item fg-type-image fg-idle\"><figure class=\"fg-item-inner\"><a href=\"https:\/\/www.aerodrome-paray.fr\/blog\/wp-content\/uploads\/Traine_Queue_2025-21062025-0N3A4592-a-2.jpg\" data-attachment-id=\"7546\" data-type=\"image\" class=\"fg-thumb\"><span class=\"fg-image-wrap\"><img decoding=\"async\" width=\"150\" height=\"150\" class=\"skip-lazy fg-image\" data-no-lazy=\"1\" data-src-fg=\"https:\/\/www.aerodrome-paray.fr\/blog\/wp-content\/uploads\/cache\/Traine_Queue_2025-21062025-0N3A4592-a-2\/968463279.jpg\" src=\"data:image\/svg+xml,%3Csvg%20xmlns%3D%22http%3A%2F%2Fwww.w3.org%2F2000%2Fsvg%22%20width%3D%22150%22%20height%3D%22150%22%20viewBox%3D%220%200%20150%20150%22%3E%3C%2Fsvg%3E\" loading=\"eager\"><\/span><span class=\"fg-image-overlay\"><\/span><\/a><\/figure><div class=\"fg-loader\"><\/div><\/div><div class=\"fg-item fg-type-image fg-idle\"><figure class=\"fg-item-inner\"><a href=\"https:\/\/www.aerodrome-paray.fr\/blog\/wp-content\/uploads\/19.jpg\" data-caption-title=\"Et pour finir : de tr\u00e8s belles images faites par Vincent Mass\u00e9. Merci pour le partage\" data-caption-desc=\"Et pour finir : de tr\u00e8s belles images faites par Vincent Mass\u00e9. Merci pour le partage\" data-attachment-id=\"7565\" data-type=\"image\" class=\"fg-thumb\"><span class=\"fg-image-wrap\"><img decoding=\"async\" title=\"Et pour finir : de tr\u00e8s belles images faites par Vincent Mass\u00e9. Merci pour le partage\" width=\"150\" height=\"150\" class=\"skip-lazy fg-image\" data-no-lazy=\"1\" data-src-fg=\"https:\/\/www.aerodrome-paray.fr\/blog\/wp-content\/uploads\/cache\/19\/4213828174.jpg\" src=\"data:image\/svg+xml,%3Csvg%20xmlns%3D%22http%3A%2F%2Fwww.w3.org%2F2000%2Fsvg%22%20width%3D%22150%22%20height%3D%22150%22%20viewBox%3D%220%200%20150%20150%22%3E%3C%2Fsvg%3E\" loading=\"eager\"><\/span><span class=\"fg-image-overlay\"><\/span><\/a><figcaption class=\"fg-caption\"><div class=\"fg-caption-inner\"><div class=\"fg-caption-title\">Et pour finir : de tr\u00e8s belles images faites par Vincent Mass\u00e9. Merci pour le partage<\/div><div class=\"fg-caption-desc\">Et pour finir : de tr\u00e8s belles images faites par Vincent Mass\u00e9. Merci pour le partage<\/div><\/div><\/figcaption><\/figure><div class=\"fg-loader\"><\/div><\/div><div class=\"fg-item fg-type-image fg-idle\"><figure class=\"fg-item-inner\"><a href=\"https:\/\/www.aerodrome-paray.fr\/blog\/wp-content\/uploads\/15.jpg\" data-attachment-id=\"7564\" data-type=\"image\" class=\"fg-thumb\"><span class=\"fg-image-wrap\"><img decoding=\"async\" width=\"150\" height=\"150\" class=\"skip-lazy fg-image\" data-no-lazy=\"1\" data-src-fg=\"https:\/\/www.aerodrome-paray.fr\/blog\/wp-content\/uploads\/cache\/15\/894361358.jpg\" src=\"data:image\/svg+xml,%3Csvg%20xmlns%3D%22http%3A%2F%2Fwww.w3.org%2F2000%2Fsvg%22%20width%3D%22150%22%20height%3D%22150%22%20viewBox%3D%220%200%20150%20150%22%3E%3C%2Fsvg%3E\" loading=\"eager\"><\/span><span class=\"fg-image-overlay\"><\/span><\/a><\/figure><div class=\"fg-loader\"><\/div><\/div><div class=\"fg-item fg-type-image fg-idle\"><figure class=\"fg-item-inner\"><a href=\"https:\/\/www.aerodrome-paray.fr\/blog\/wp-content\/uploads\/14.jpg\" data-attachment-id=\"7563\" data-type=\"image\" class=\"fg-thumb\"><span class=\"fg-image-wrap\"><img decoding=\"async\" width=\"150\" height=\"150\" class=\"skip-lazy fg-image\" data-no-lazy=\"1\" data-src-fg=\"https:\/\/www.aerodrome-paray.fr\/blog\/wp-content\/uploads\/cache\/14\/2189308735.jpg\" src=\"data:image\/svg+xml,%3Csvg%20xmlns%3D%22http%3A%2F%2Fwww.w3.org%2F2000%2Fsvg%22%20width%3D%22150%22%20height%3D%22150%22%20viewBox%3D%220%200%20150%20150%22%3E%3C%2Fsvg%3E\" loading=\"eager\"><\/span><span class=\"fg-image-overlay\"><\/span><\/a><\/figure><div class=\"fg-loader\"><\/div><\/div><div class=\"fg-item fg-type-image fg-idle\"><figure class=\"fg-item-inner\"><a href=\"https:\/\/www.aerodrome-paray.fr\/blog\/wp-content\/uploads\/12.jpg\" data-attachment-id=\"7562\" data-type=\"image\" class=\"fg-thumb\"><span class=\"fg-image-wrap\"><img decoding=\"async\" width=\"150\" height=\"150\" class=\"skip-lazy fg-image\" data-no-lazy=\"1\" data-src-fg=\"https:\/\/www.aerodrome-paray.fr\/blog\/wp-content\/uploads\/cache\/12\/3721992887.jpg\" src=\"data:image\/svg+xml,%3Csvg%20xmlns%3D%22http%3A%2F%2Fwww.w3.org%2F2000%2Fsvg%22%20width%3D%22150%22%20height%3D%22150%22%20viewBox%3D%220%200%20150%20150%22%3E%3C%2Fsvg%3E\" loading=\"eager\"><\/span><span class=\"fg-image-overlay\"><\/span><\/a><\/figure><div class=\"fg-loader\"><\/div><\/div><div class=\"fg-item fg-type-image fg-idle\"><figure class=\"fg-item-inner\"><a href=\"https:\/\/www.aerodrome-paray.fr\/blog\/wp-content\/uploads\/9-1.jpg\" data-attachment-id=\"7561\" data-type=\"image\" class=\"fg-thumb\"><span class=\"fg-image-wrap\"><img decoding=\"async\" width=\"150\" height=\"150\" class=\"skip-lazy fg-image\" data-no-lazy=\"1\" data-src-fg=\"https:\/\/www.aerodrome-paray.fr\/blog\/wp-content\/uploads\/cache\/9-1\/922826501.jpg\" src=\"data:image\/svg+xml,%3Csvg%20xmlns%3D%22http%3A%2F%2Fwww.w3.org%2F2000%2Fsvg%22%20width%3D%22150%22%20height%3D%22150%22%20viewBox%3D%220%200%20150%20150%22%3E%3C%2Fsvg%3E\" loading=\"eager\"><\/span><span class=\"fg-image-overlay\"><\/span><\/a><\/figure><div class=\"fg-loader\"><\/div><\/div><div class=\"fg-item fg-type-image fg-idle\"><figure class=\"fg-item-inner\"><a href=\"https:\/\/www.aerodrome-paray.fr\/blog\/wp-content\/uploads\/7-1.jpg\" data-attachment-id=\"7560\" data-type=\"image\" class=\"fg-thumb\"><span class=\"fg-image-wrap\"><img decoding=\"async\" width=\"150\" height=\"150\" class=\"skip-lazy fg-image\" data-no-lazy=\"1\" data-src-fg=\"https:\/\/www.aerodrome-paray.fr\/blog\/wp-content\/uploads\/cache\/7-1\/3119436295.jpg\" src=\"data:image\/svg+xml,%3Csvg%20xmlns%3D%22http%3A%2F%2Fwww.w3.org%2F2000%2Fsvg%22%20width%3D%22150%22%20height%3D%22150%22%20viewBox%3D%220%200%20150%20150%22%3E%3C%2Fsvg%3E\" loading=\"eager\"><\/span><span class=\"fg-image-overlay\"><\/span><\/a><\/figure><div class=\"fg-loader\"><\/div><\/div><div class=\"fg-item fg-type-image fg-idle\"><figure class=\"fg-item-inner\"><a href=\"https:\/\/www.aerodrome-paray.fr\/blog\/wp-content\/uploads\/6-1.jpg\" data-attachment-id=\"7559\" data-type=\"image\" class=\"fg-thumb\"><span class=\"fg-image-wrap\"><img decoding=\"async\" width=\"150\" height=\"150\" class=\"skip-lazy fg-image\" data-no-lazy=\"1\" data-src-fg=\"https:\/\/www.aerodrome-paray.fr\/blog\/wp-content\/uploads\/cache\/6-1\/2188393622.jpg\" src=\"data:image\/svg+xml,%3Csvg%20xmlns%3D%22http%3A%2F%2Fwww.w3.org%2F2000%2Fsvg%22%20width%3D%22150%22%20height%3D%22150%22%20viewBox%3D%220%200%20150%20150%22%3E%3C%2Fsvg%3E\" loading=\"eager\"><\/span><span class=\"fg-image-overlay\"><\/span><\/a><\/figure><div class=\"fg-loader\"><\/div><\/div><div class=\"fg-item fg-type-image fg-idle\"><figure class=\"fg-item-inner\"><a href=\"https:\/\/www.aerodrome-paray.fr\/blog\/wp-content\/uploads\/21.jpg\" data-attachment-id=\"7558\" data-type=\"image\" class=\"fg-thumb\"><span class=\"fg-image-wrap\"><img decoding=\"async\" width=\"150\" height=\"150\" class=\"skip-lazy fg-image\" data-no-lazy=\"1\" data-src-fg=\"https:\/\/www.aerodrome-paray.fr\/blog\/wp-content\/uploads\/cache\/21\/4232514210.jpg\" src=\"data:image\/svg+xml,%3Csvg%20xmlns%3D%22http%3A%2F%2Fwww.w3.org%2F2000%2Fsvg%22%20width%3D%22150%22%20height%3D%22150%22%20viewBox%3D%220%200%20150%20150%22%3E%3C%2Fsvg%3E\" loading=\"eager\"><\/span><span class=\"fg-image-overlay\"><\/span><\/a><\/figure><div class=\"fg-loader\"><\/div><\/div><div class=\"fg-item fg-type-image fg-idle\"><figure class=\"fg-item-inner\"><a href=\"https:\/\/www.aerodrome-paray.fr\/blog\/wp-content\/uploads\/27.jpg\" data-attachment-id=\"7557\" data-type=\"image\" class=\"fg-thumb\"><span class=\"fg-image-wrap\"><img decoding=\"async\" width=\"150\" height=\"150\" class=\"skip-lazy fg-image\" data-no-lazy=\"1\" data-src-fg=\"https:\/\/www.aerodrome-paray.fr\/blog\/wp-content\/uploads\/cache\/27\/1423309428.jpg\" src=\"data:image\/svg+xml,%3Csvg%20xmlns%3D%22http%3A%2F%2Fwww.w3.org%2F2000%2Fsvg%22%20width%3D%22150%22%20height%3D%22150%22%20viewBox%3D%220%200%20150%20150%22%3E%3C%2Fsvg%3E\" loading=\"eager\"><\/span><span class=\"fg-image-overlay\"><\/span><\/a><\/figure><div class=\"fg-loader\"><\/div><\/div><div class=\"fg-item fg-type-image fg-idle\"><figure class=\"fg-item-inner\"><a href=\"https:\/\/www.aerodrome-paray.fr\/blog\/wp-content\/uploads\/28.jpg\" data-attachment-id=\"7556\" data-type=\"image\" class=\"fg-thumb\"><span class=\"fg-image-wrap\"><img decoding=\"async\" width=\"150\" height=\"150\" class=\"skip-lazy fg-image\" data-no-lazy=\"1\" data-src-fg=\"https:\/\/www.aerodrome-paray.fr\/blog\/wp-content\/uploads\/cache\/28\/339593431.jpg\" src=\"data:image\/svg+xml,%3Csvg%20xmlns%3D%22http%3A%2F%2Fwww.w3.org%2F2000%2Fsvg%22%20width%3D%22150%22%20height%3D%22150%22%20viewBox%3D%220%200%20150%20150%22%3E%3C%2Fsvg%3E\" loading=\"eager\"><\/span><span class=\"fg-image-overlay\"><\/span><\/a><\/figure><div class=\"fg-loader\"><\/div><\/div><div class=\"fg-item fg-type-image fg-idle\"><figure class=\"fg-item-inner\"><a href=\"https:\/\/www.aerodrome-paray.fr\/blog\/wp-content\/uploads\/29.jpg\" data-attachment-id=\"7555\" data-type=\"image\" class=\"fg-thumb\"><span class=\"fg-image-wrap\"><img decoding=\"async\" width=\"150\" height=\"150\" class=\"skip-lazy fg-image\" data-no-lazy=\"1\" data-src-fg=\"https:\/\/www.aerodrome-paray.fr\/blog\/wp-content\/uploads\/cache\/29\/2847845913.jpg\" src=\"data:image\/svg+xml,%3Csvg%20xmlns%3D%22http%3A%2F%2Fwww.w3.org%2F2000%2Fsvg%22%20width%3D%22150%22%20height%3D%22150%22%20viewBox%3D%220%200%20150%20150%22%3E%3C%2Fsvg%3E\" loading=\"eager\"><\/span><span class=\"fg-image-overlay\"><\/span><\/a><\/figure><div class=\"fg-loader\"><\/div><\/div><\/div>\n\n","protected":false},"excerpt":{"rendered":"","protected":false},"author":1,"featured_media":0,"parent":0,"menu_order":0,"comment_status":"closed","ping_status":"closed","template":"","meta":{"_monsterinsights_skip_tracking":false,"_monsterinsights_sitenote_active":false,"_monsterinsights_sitenote_note":"","_monsterinsights_sitenote_category":0,"footnotes":""},"class_list":["post-7542","page","type-page","status-publish","hentry","nodate","item-wrap"],"yoast_head":"<!-- This site is optimized with the Yoast SEO plugin v27.5 - https:\/\/yoast.com\/product\/yoast-seo-wordpress\/ -->\n<title>Rassemblement &quot;Tra\u00eene-Queue&quot; 2025 - Aeroclub Charolais<\/title>\n<meta name=\"robots\" content=\"index, follow, max-snippet:-1, max-image-preview:large, max-video-preview:-1\" \/>\n<link rel=\"canonical\" href=\"https:\/\/www.aerodrome-paray.fr\/blog\/rassemblement-traine-queue-2025\/\" \/>\n<meta property=\"og:locale\" content=\"fr_FR\" \/>\n<meta property=\"og:type\" content=\"article\" \/>\n<meta property=\"og:title\" content=\"Rassemblement &quot;Tra\u00eene-Queue&quot; 2025 - Aeroclub Charolais\" \/>\n<meta property=\"og:url\" content=\"https:\/\/www.aerodrome-paray.fr\/blog\/rassemblement-traine-queue-2025\/\" \/>\n<meta property=\"og:site_name\" content=\"Aeroclub Charolais\" \/>\n<meta name=\"twitter:card\" content=\"summary_large_image\" \/>\n<script type=\"application\/ld+json\" class=\"yoast-schema-graph\">{\"@context\":\"https:\\\/\\\/schema.org\",\"@graph\":[{\"@type\":\"WebPage\",\"@id\":\"https:\\\/\\\/www.aerodrome-paray.fr\\\/blog\\\/rassemblement-traine-queue-2025\\\/\",\"url\":\"https:\\\/\\\/www.aerodrome-paray.fr\\\/blog\\\/rassemblement-traine-queue-2025\\\/\",\"name\":\"Rassemblement \\\"Tra\u00eene-Queue\\\" 2025 - Aeroclub Charolais\",\"isPartOf\":{\"@id\":\"https:\\\/\\\/www.aerodrome-paray.fr\\\/blog\\\/#website\"},\"datePublished\":\"2025-06-30T12:38:08+00:00\",\"breadcrumb\":{\"@id\":\"https:\\\/\\\/www.aerodrome-paray.fr\\\/blog\\\/rassemblement-traine-queue-2025\\\/#breadcrumb\"},\"inLanguage\":\"fr-FR\",\"potentialAction\":[{\"@type\":\"ReadAction\",\"target\":[\"https:\\\/\\\/www.aerodrome-paray.fr\\\/blog\\\/rassemblement-traine-queue-2025\\\/\"]}]},{\"@type\":\"BreadcrumbList\",\"@id\":\"https:\\\/\\\/www.aerodrome-paray.fr\\\/blog\\\/rassemblement-traine-queue-2025\\\/#breadcrumb\",\"itemListElement\":[{\"@type\":\"ListItem\",\"position\":1,\"name\":\"Accueil\",\"item\":\"https:\\\/\\\/www.aerodrome-paray.fr\\\/blog\\\/\"},{\"@type\":\"ListItem\",\"position\":2,\"name\":\"Rassemblement \u00ab\u00a0Tra\u00eene-Queue\u00a0\u00bb 2025\"}]},{\"@type\":\"WebSite\",\"@id\":\"https:\\\/\\\/www.aerodrome-paray.fr\\\/blog\\\/#website\",\"url\":\"https:\\\/\\\/www.aerodrome-paray.fr\\\/blog\\\/\",\"name\":\"Aeroclub Charolais\",\"description\":\"\",\"potentialAction\":[{\"@type\":\"SearchAction\",\"target\":{\"@type\":\"EntryPoint\",\"urlTemplate\":\"https:\\\/\\\/www.aerodrome-paray.fr\\\/blog\\\/?s={search_term_string}\"},\"query-input\":{\"@type\":\"PropertyValueSpecification\",\"valueRequired\":true,\"valueName\":\"search_term_string\"}}],\"inLanguage\":\"fr-FR\"}]}<\/script>\n<!-- \/ Yoast SEO plugin. -->","yoast_head_json":{"title":"Rassemblement \"Tra\u00eene-Queue\" 2025 - Aeroclub Charolais","robots":{"index":"index","follow":"follow","max-snippet":"max-snippet:-1","max-image-preview":"max-image-preview:large","max-video-preview":"max-video-preview:-1"},"canonical":"https:\/\/www.aerodrome-paray.fr\/blog\/rassemblement-traine-queue-2025\/","og_locale":"fr_FR","og_type":"article","og_title":"Rassemblement \"Tra\u00eene-Queue\" 2025 - Aeroclub Charolais","og_url":"https:\/\/www.aerodrome-paray.fr\/blog\/rassemblement-traine-queue-2025\/","og_site_name":"Aeroclub Charolais","twitter_card":"summary_large_image","schema":{"@context":"https:\/\/schema.org","@graph":[{"@type":"WebPage","@id":"https:\/\/www.aerodrome-paray.fr\/blog\/rassemblement-traine-queue-2025\/","url":"https:\/\/www.aerodrome-paray.fr\/blog\/rassemblement-traine-queue-2025\/","name":"Rassemblement \"Tra\u00eene-Queue\" 2025 - Aeroclub Charolais","isPartOf":{"@id":"https:\/\/www.aerodrome-paray.fr\/blog\/#website"},"datePublished":"2025-06-30T12:38:08+00:00","breadcrumb":{"@id":"https:\/\/www.aerodrome-paray.fr\/blog\/rassemblement-traine-queue-2025\/#breadcrumb"},"inLanguage":"fr-FR","potentialAction":[{"@type":"ReadAction","target":["https:\/\/www.aerodrome-paray.fr\/blog\/rassemblement-traine-queue-2025\/"]}]},{"@type":"BreadcrumbList","@id":"https:\/\/www.aerodrome-paray.fr\/blog\/rassemblement-traine-queue-2025\/#breadcrumb","itemListElement":[{"@type":"ListItem","position":1,"name":"Accueil","item":"https:\/\/www.aerodrome-paray.fr\/blog\/"},{"@type":"ListItem","position":2,"name":"Rassemblement \u00ab\u00a0Tra\u00eene-Queue\u00a0\u00bb 2025"}]},{"@type":"WebSite","@id":"https:\/\/www.aerodrome-paray.fr\/blog\/#website","url":"https:\/\/www.aerodrome-paray.fr\/blog\/","name":"Aeroclub Charolais","description":"","potentialAction":[{"@type":"SearchAction","target":{"@type":"EntryPoint","urlTemplate":"https:\/\/www.aerodrome-paray.fr\/blog\/?s={search_term_string}"},"query-input":{"@type":"PropertyValueSpecification","valueRequired":true,"valueName":"search_term_string"}}],"inLanguage":"fr-FR"}]}},"_links":{"self":[{"href":"https:\/\/www.aerodrome-paray.fr\/blog\/wp-json\/wp\/v2\/pages\/7542","targetHints":{"allow":["GET"]}}],"collection":[{"href":"https:\/\/www.aerodrome-paray.fr\/blog\/wp-json\/wp\/v2\/pages"}],"about":[{"href":"https:\/\/www.aerodrome-paray.fr\/blog\/wp-json\/wp\/v2\/types\/page"}],"author":[{"embeddable":true,"href":"https:\/\/www.aerodrome-paray.fr\/blog\/wp-json\/wp\/v2\/users\/1"}],"replies":[{"embeddable":true,"href":"https:\/\/www.aerodrome-paray.fr\/blog\/wp-json\/wp\/v2\/comments?post=7542"}],"version-history":[{"count":1,"href":"https:\/\/www.aerodrome-paray.fr\/blog\/wp-json\/wp\/v2\/pages\/7542\/revisions"}],"predecessor-version":[{"id":7543,"href":"https:\/\/www.aerodrome-paray.fr\/blog\/wp-json\/wp\/v2\/pages\/7542\/revisions\/7543"}],"wp:attachment":[{"href":"https:\/\/www.aerodrome-paray.fr\/blog\/wp-json\/wp\/v2\/media?parent=7542"}],"curies":[{"name":"wp","href":"https:\/\/api.w.org\/{rel}","templated":true}]}}