{"id":7657,"date":"2025-07-06T17:12:55","date_gmt":"2025-07-06T15:12:55","guid":{"rendered":"https:\/\/www.aerodrome-paray.fr\/blog\/?page_id=7657"},"modified":"2025-07-06T17:12:55","modified_gmt":"2025-07-06T15:12:55","slug":"summer-camp-de-lampa-du-02-au-06-juillet-2025","status":"publish","type":"page","link":"https:\/\/www.aerodrome-paray.fr\/blog\/summer-camp-de-lampa-du-02-au-06-juillet-2025\/","title":{"rendered":"Summer Camp de l&rsquo;AMPA du 02 au 06 juillet 2025"},"content":{"rendered":"<style type=\"text\/css\">\n#foogallery-gallery-7656 .fg-image { width: 150px; }\n#foogallery-gallery-7656 { --fg-gutter: 10px; }<\/style>\n\t\t\t<div class=\"foogallery foogallery-container foogallery-default foogallery-lightbox-foobox fg-center fg-default fg-ready fg-light fg-border-thin fg-shadow-outline fg-loading-default fg-loaded-fade-in fg-caption-hover fg-hover-fade fg-hover-zoom fg-c-c\" id=\"foogallery-gallery-7656\" data-foogallery=\"{&quot;item&quot;:{&quot;showCaptionTitle&quot;:true,&quot;showCaptionDescription&quot;:true},&quot;lazy&quot;:true}\" style=\"--fg-title-line-clamp: 0; --fg-description-line-clamp: 0;\" >\n\t<div class=\"fg-item fg-type-image fg-idle\"><figure class=\"fg-item-inner\"><a href=\"https:\/\/www.aerodrome-paray.fr\/blog\/wp-content\/uploads\/AMPA-0-scaled.png\" data-caption-title=\"AMPA (Association pour le Maintien du Patrimoine A\u00e9ronautique) = Association suisse : Restaurer, faire voler des avions anciens\" data-caption-desc=\"AMPA (Association pour le Maintien du Patrimoine A\u00e9ronautique) = Association suisse : Restaurer, faire voler des avions anciens\" data-attachment-id=\"7655\" data-type=\"image\" class=\"fg-thumb\"><span class=\"fg-image-wrap\"><img decoding=\"async\" title=\"AMPA (Association pour le Maintien du Patrimoine A\u00e9ronautique) = Association suisse : Restaurer, faire voler des avions anciens\" width=\"150\" height=\"150\" class=\"skip-lazy fg-image\" data-no-lazy=\"1\" data-src-fg=\"https:\/\/www.aerodrome-paray.fr\/blog\/wp-content\/uploads\/cache\/AMPA-0-scaled\/1731370114.png\" src=\"data:image\/svg+xml,%3Csvg%20xmlns%3D%22http%3A%2F%2Fwww.w3.org%2F2000%2Fsvg%22%20width%3D%22150%22%20height%3D%22150%22%20viewBox%3D%220%200%20150%20150%22%3E%3C%2Fsvg%3E\" loading=\"eager\"><\/span><span class=\"fg-image-overlay\"><\/span><\/a><figcaption class=\"fg-caption\"><div class=\"fg-caption-inner\"><div class=\"fg-caption-title\">AMPA (Association pour le Maintien du Patrimoine A\u00e9ronautique) = Association suisse : Restaurer, faire voler des avions anciens<\/div><div class=\"fg-caption-desc\">AMPA (Association pour le Maintien du Patrimoine A\u00e9ronautique) = Association suisse : Restaurer, faire voler des avions anciens<\/div><\/div><\/figcaption><\/figure><div class=\"fg-loader\"><\/div><\/div><div class=\"fg-item fg-type-image fg-idle\"><figure class=\"fg-item-inner\"><a href=\"https:\/\/www.aerodrome-paray.fr\/blog\/wp-content\/uploads\/AMPA-1.jpeg\" data-caption-title=\"Du 02 au 06 juillet 2025 : L&#039;a\u00e9rodrome de Paray-le-Monial aux couleurs de la Suisse\" data-caption-desc=\"Du 02 au 06 juillet 2025 : L&#039;a\u00e9rodrome de Paray-le-Monial aux couleurs de la Suisse\" data-attachment-id=\"7654\" data-type=\"image\" class=\"fg-thumb\"><span class=\"fg-image-wrap\"><img decoding=\"async\" title=\"Du 02 au 06 juillet 2025 : L&#039;a\u00e9rodrome de Paray-le-Monial aux couleurs de la Suisse\" width=\"150\" height=\"150\" class=\"skip-lazy fg-image\" data-no-lazy=\"1\" data-src-fg=\"https:\/\/www.aerodrome-paray.fr\/blog\/wp-content\/uploads\/cache\/AMPA-1\/2817555223.jpeg\" src=\"data:image\/svg+xml,%3Csvg%20xmlns%3D%22http%3A%2F%2Fwww.w3.org%2F2000%2Fsvg%22%20width%3D%22150%22%20height%3D%22150%22%20viewBox%3D%220%200%20150%20150%22%3E%3C%2Fsvg%3E\" loading=\"eager\"><\/span><span class=\"fg-image-overlay\"><\/span><\/a><figcaption class=\"fg-caption\"><div class=\"fg-caption-inner\"><div class=\"fg-caption-title\">Du 02 au 06 juillet 2025 : L'a\u00e9rodrome de Paray-le-Monial aux couleurs de la Suisse<\/div><div class=\"fg-caption-desc\">Du 02 au 06 juillet 2025 : L'a\u00e9rodrome de Paray-le-Monial aux couleurs de la Suisse<\/div><\/div><\/figcaption><\/figure><div class=\"fg-loader\"><\/div><\/div><div class=\"fg-item fg-type-image fg-idle\"><figure class=\"fg-item-inner\"><a href=\"https:\/\/www.aerodrome-paray.fr\/blog\/wp-content\/uploads\/AMPA-2.jpeg\" data-attachment-id=\"7653\" data-type=\"image\" class=\"fg-thumb\"><span class=\"fg-image-wrap\"><img decoding=\"async\" width=\"150\" height=\"150\" class=\"skip-lazy fg-image\" data-no-lazy=\"1\" data-src-fg=\"https:\/\/www.aerodrome-paray.fr\/blog\/wp-content\/uploads\/cache\/AMPA-2\/3438029838.jpeg\" src=\"data:image\/svg+xml,%3Csvg%20xmlns%3D%22http%3A%2F%2Fwww.w3.org%2F2000%2Fsvg%22%20width%3D%22150%22%20height%3D%22150%22%20viewBox%3D%220%200%20150%20150%22%3E%3C%2Fsvg%3E\" loading=\"eager\"><\/span><span class=\"fg-image-overlay\"><\/span><\/a><\/figure><div class=\"fg-loader\"><\/div><\/div><div class=\"fg-item fg-type-image fg-idle\"><figure class=\"fg-item-inner\"><a href=\"https:\/\/www.aerodrome-paray.fr\/blog\/wp-content\/uploads\/AMPA-3.jpeg\" data-caption-title=\"De beaux avions superbement restaur\u00e9s et entretenus par des passionn\u00e9s\" data-caption-desc=\"De beaux avions superbement restaur\u00e9s et entretenus par des passionn\u00e9s\" data-attachment-id=\"7652\" data-type=\"image\" class=\"fg-thumb\"><span class=\"fg-image-wrap\"><img decoding=\"async\" title=\"De beaux avions superbement restaur\u00e9s et entretenus par des passionn\u00e9s\" width=\"150\" height=\"150\" class=\"skip-lazy fg-image\" data-no-lazy=\"1\" data-src-fg=\"https:\/\/www.aerodrome-paray.fr\/blog\/wp-content\/uploads\/cache\/AMPA-3\/3335190025.jpeg\" src=\"data:image\/svg+xml,%3Csvg%20xmlns%3D%22http%3A%2F%2Fwww.w3.org%2F2000%2Fsvg%22%20width%3D%22150%22%20height%3D%22150%22%20viewBox%3D%220%200%20150%20150%22%3E%3C%2Fsvg%3E\" loading=\"eager\"><\/span><span class=\"fg-image-overlay\"><\/span><\/a><figcaption class=\"fg-caption\"><div class=\"fg-caption-inner\"><div class=\"fg-caption-title\">De beaux avions superbement restaur\u00e9s et entretenus par des passionn\u00e9s<\/div><div class=\"fg-caption-desc\">De beaux avions superbement restaur\u00e9s et entretenus par des passionn\u00e9s<\/div><\/div><\/figcaption><\/figure><div class=\"fg-loader\"><\/div><\/div><div class=\"fg-item fg-type-image fg-idle\"><figure class=\"fg-item-inner\"><a href=\"https:\/\/www.aerodrome-paray.fr\/blog\/wp-content\/uploads\/AMPA-13.jpeg\" data-caption-title=\"Avion d&#039;entra\u00eenement utilis\u00e9 par l&#039;Arm\u00e9e Suisse, il y a quelques ann\u00e9es  :  Pilatus PC-7 de 1982 (bas\u00e9 \u00e0 Lausanne)\" data-caption-desc=\"Avion d&#039;entra\u00eenement utilis\u00e9 par l&#039;Arm\u00e9e Suisse, il y a quelques ann\u00e9es  :  Pilatus PC-7 de 1982 (bas\u00e9 \u00e0 Lausanne)\" data-attachment-id=\"7651\" data-type=\"image\" class=\"fg-thumb\"><span class=\"fg-image-wrap\"><img decoding=\"async\" title=\"Avion d&#039;entra\u00eenement utilis\u00e9 par l&#039;Arm\u00e9e Suisse, il y a quelques ann\u00e9es  :  Pilatus PC-7 de 1982 (bas\u00e9 \u00e0 Lausanne)\" width=\"150\" height=\"150\" class=\"skip-lazy fg-image\" data-no-lazy=\"1\" data-src-fg=\"https:\/\/www.aerodrome-paray.fr\/blog\/wp-content\/uploads\/cache\/AMPA-13\/1834145567.jpeg\" src=\"data:image\/svg+xml,%3Csvg%20xmlns%3D%22http%3A%2F%2Fwww.w3.org%2F2000%2Fsvg%22%20width%3D%22150%22%20height%3D%22150%22%20viewBox%3D%220%200%20150%20150%22%3E%3C%2Fsvg%3E\" loading=\"eager\"><\/span><span class=\"fg-image-overlay\"><\/span><\/a><figcaption class=\"fg-caption\"><div class=\"fg-caption-inner\"><div class=\"fg-caption-title\">Avion d'entra\u00eenement utilis\u00e9 par l'Arm\u00e9e Suisse, il y a quelques ann\u00e9es  :  Pilatus PC-7 de 1982 (bas\u00e9 \u00e0 Lausanne)<\/div><div class=\"fg-caption-desc\">Avion d'entra\u00eenement utilis\u00e9 par l'Arm\u00e9e Suisse, il y a quelques ann\u00e9es  :  Pilatus PC-7 de 1982 (bas\u00e9 \u00e0 Lausanne)<\/div><\/div><\/figcaption><\/figure><div class=\"fg-loader\"><\/div><\/div><div class=\"fg-item fg-type-image fg-idle\"><figure class=\"fg-item-inner\"><a href=\"https:\/\/www.aerodrome-paray.fr\/blog\/wp-content\/uploads\/AMPA-14.jpeg\" data-attachment-id=\"7650\" data-type=\"image\" class=\"fg-thumb\"><span class=\"fg-image-wrap\"><img decoding=\"async\" width=\"150\" height=\"150\" class=\"skip-lazy fg-image\" data-no-lazy=\"1\" data-src-fg=\"https:\/\/www.aerodrome-paray.fr\/blog\/wp-content\/uploads\/cache\/AMPA-14\/2023711377.jpeg\" src=\"data:image\/svg+xml,%3Csvg%20xmlns%3D%22http%3A%2F%2Fwww.w3.org%2F2000%2Fsvg%22%20width%3D%22150%22%20height%3D%22150%22%20viewBox%3D%220%200%20150%20150%22%3E%3C%2Fsvg%3E\" loading=\"eager\"><\/span><span class=\"fg-image-overlay\"><\/span><\/a><\/figure><div class=\"fg-loader\"><\/div><\/div><div class=\"fg-item fg-type-image fg-idle\"><figure class=\"fg-item-inner\"><a href=\"https:\/\/www.aerodrome-paray.fr\/blog\/wp-content\/uploads\/AMPA-15.jpeg\" data-attachment-id=\"7649\" data-type=\"image\" class=\"fg-thumb\"><span class=\"fg-image-wrap\"><img decoding=\"async\" width=\"150\" height=\"150\" class=\"skip-lazy fg-image\" data-no-lazy=\"1\" data-src-fg=\"https:\/\/www.aerodrome-paray.fr\/blog\/wp-content\/uploads\/cache\/AMPA-15\/3439663300.jpeg\" src=\"data:image\/svg+xml,%3Csvg%20xmlns%3D%22http%3A%2F%2Fwww.w3.org%2F2000%2Fsvg%22%20width%3D%22150%22%20height%3D%22150%22%20viewBox%3D%220%200%20150%20150%22%3E%3C%2Fsvg%3E\" loading=\"eager\"><\/span><span class=\"fg-image-overlay\"><\/span><\/a><\/figure><div class=\"fg-loader\"><\/div><\/div><div class=\"fg-item fg-type-image fg-idle\"><figure class=\"fg-item-inner\"><a href=\"https:\/\/www.aerodrome-paray.fr\/blog\/wp-content\/uploads\/AMPA-4.jpeg\" data-caption-title=\"Un terrain de camping minimaliste... Les installations de l&#039;a\u00e9ro-club mises \u00e0 disposition pour plus de confort.\" data-caption-desc=\"Un terrain de camping minimaliste... Les installations de l&#039;a\u00e9ro-club mises \u00e0 disposition pour plus de confort.\" data-attachment-id=\"7648\" data-type=\"image\" class=\"fg-thumb\"><span class=\"fg-image-wrap\"><img decoding=\"async\" title=\"Un terrain de camping minimaliste... Les installations de l&#039;a\u00e9ro-club mises \u00e0 disposition pour plus de confort.\" width=\"150\" height=\"150\" class=\"skip-lazy fg-image\" data-no-lazy=\"1\" data-src-fg=\"https:\/\/www.aerodrome-paray.fr\/blog\/wp-content\/uploads\/cache\/AMPA-4\/55749935.jpeg\" src=\"data:image\/svg+xml,%3Csvg%20xmlns%3D%22http%3A%2F%2Fwww.w3.org%2F2000%2Fsvg%22%20width%3D%22150%22%20height%3D%22150%22%20viewBox%3D%220%200%20150%20150%22%3E%3C%2Fsvg%3E\" loading=\"eager\"><\/span><span class=\"fg-image-overlay\"><\/span><\/a><figcaption class=\"fg-caption\"><div class=\"fg-caption-inner\"><div class=\"fg-caption-title\">Un terrain de camping minimaliste... Les installations de l'a\u00e9ro-club mises \u00e0 disposition pour plus de confort.<\/div><div class=\"fg-caption-desc\">Un terrain de camping minimaliste... Les installations de l'a\u00e9ro-club mises \u00e0 disposition pour plus de confort.<\/div><\/div><\/figcaption><\/figure><div class=\"fg-loader\"><\/div><\/div><div class=\"fg-item fg-type-image fg-idle\"><figure class=\"fg-item-inner\"><a href=\"https:\/\/www.aerodrome-paray.fr\/blog\/wp-content\/uploads\/AMPA-54.jpeg\" data-caption-title=\"Beaucoup d&#039;activit\u00e9 et d&#039;animation sur ces 5 belles journ\u00e9es, de la chaleur et une m\u00e9t\u00e9o favorable\" data-caption-desc=\"Beaucoup d&#039;activit\u00e9 et d&#039;animation sur ces 5 belles journ\u00e9es, de la chaleur et une m\u00e9t\u00e9o favorable\" data-attachment-id=\"7599\" data-type=\"image\" class=\"fg-thumb\"><span class=\"fg-image-wrap\"><img decoding=\"async\" title=\"Beaucoup d&#039;activit\u00e9 et d&#039;animation sur ces 5 belles journ\u00e9es, de la chaleur et une m\u00e9t\u00e9o favorable\" width=\"150\" height=\"150\" class=\"skip-lazy fg-image\" data-no-lazy=\"1\" data-src-fg=\"https:\/\/www.aerodrome-paray.fr\/blog\/wp-content\/uploads\/cache\/AMPA-54\/1548088060.jpeg\" src=\"data:image\/svg+xml,%3Csvg%20xmlns%3D%22http%3A%2F%2Fwww.w3.org%2F2000%2Fsvg%22%20width%3D%22150%22%20height%3D%22150%22%20viewBox%3D%220%200%20150%20150%22%3E%3C%2Fsvg%3E\" loading=\"eager\"><\/span><span class=\"fg-image-overlay\"><\/span><\/a><figcaption class=\"fg-caption\"><div class=\"fg-caption-inner\"><div class=\"fg-caption-title\">Beaucoup d'activit\u00e9 et d'animation sur ces 5 belles journ\u00e9es, de la chaleur et une m\u00e9t\u00e9o favorable<\/div><div class=\"fg-caption-desc\">Beaucoup d'activit\u00e9 et d'animation sur ces 5 belles journ\u00e9es, de la chaleur et une m\u00e9t\u00e9o favorable<\/div><\/div><\/figcaption><\/figure><div class=\"fg-loader\"><\/div><\/div><div class=\"fg-item fg-type-image fg-idle\"><figure class=\"fg-item-inner\"><a href=\"https:\/\/www.aerodrome-paray.fr\/blog\/wp-content\/uploads\/AMPA-6.jpeg\" data-attachment-id=\"7625\" data-type=\"image\" class=\"fg-thumb\"><span class=\"fg-image-wrap\"><img decoding=\"async\" width=\"150\" height=\"150\" class=\"skip-lazy fg-image\" data-no-lazy=\"1\" data-src-fg=\"https:\/\/www.aerodrome-paray.fr\/blog\/wp-content\/uploads\/cache\/AMPA-6\/1375459086.jpeg\" src=\"data:image\/svg+xml,%3Csvg%20xmlns%3D%22http%3A%2F%2Fwww.w3.org%2F2000%2Fsvg%22%20width%3D%22150%22%20height%3D%22150%22%20viewBox%3D%220%200%20150%20150%22%3E%3C%2Fsvg%3E\" loading=\"eager\"><\/span><span class=\"fg-image-overlay\"><\/span><\/a><\/figure><div class=\"fg-loader\"><\/div><\/div><div class=\"fg-item fg-type-image fg-idle\"><figure class=\"fg-item-inner\"><a href=\"https:\/\/www.aerodrome-paray.fr\/blog\/wp-content\/uploads\/AMPA-5.jpeg\" data-attachment-id=\"7642\" data-type=\"image\" class=\"fg-thumb\"><span class=\"fg-image-wrap\"><img decoding=\"async\" width=\"150\" height=\"150\" class=\"skip-lazy fg-image\" data-no-lazy=\"1\" data-src-fg=\"https:\/\/www.aerodrome-paray.fr\/blog\/wp-content\/uploads\/cache\/AMPA-5\/3296483268.jpeg\" src=\"data:image\/svg+xml,%3Csvg%20xmlns%3D%22http%3A%2F%2Fwww.w3.org%2F2000%2Fsvg%22%20width%3D%22150%22%20height%3D%22150%22%20viewBox%3D%220%200%20150%20150%22%3E%3C%2Fsvg%3E\" loading=\"eager\"><\/span><span class=\"fg-image-overlay\"><\/span><\/a><\/figure><div class=\"fg-loader\"><\/div><\/div><div class=\"fg-item fg-type-image fg-idle\"><figure class=\"fg-item-inner\"><a href=\"https:\/\/www.aerodrome-paray.fr\/blog\/wp-content\/uploads\/AMPA-9.jpeg\" data-attachment-id=\"7586\" data-type=\"image\" class=\"fg-thumb\"><span class=\"fg-image-wrap\"><img decoding=\"async\" width=\"150\" height=\"150\" class=\"skip-lazy fg-image\" data-no-lazy=\"1\" data-src-fg=\"https:\/\/www.aerodrome-paray.fr\/blog\/wp-content\/uploads\/cache\/AMPA-9\/2471738203.jpeg\" src=\"data:image\/svg+xml,%3Csvg%20xmlns%3D%22http%3A%2F%2Fwww.w3.org%2F2000%2Fsvg%22%20width%3D%22150%22%20height%3D%22150%22%20viewBox%3D%220%200%20150%20150%22%3E%3C%2Fsvg%3E\" loading=\"eager\"><\/span><span class=\"fg-image-overlay\"><\/span><\/a><\/figure><div class=\"fg-loader\"><\/div><\/div><div class=\"fg-item fg-type-image fg-idle\"><figure class=\"fg-item-inner\"><a href=\"https:\/\/www.aerodrome-paray.fr\/blog\/wp-content\/uploads\/AMPA-10.jpeg\" data-attachment-id=\"7583\" data-type=\"image\" class=\"fg-thumb\"><span class=\"fg-image-wrap\"><img decoding=\"async\" width=\"150\" height=\"150\" class=\"skip-lazy fg-image\" data-no-lazy=\"1\" data-src-fg=\"https:\/\/www.aerodrome-paray.fr\/blog\/wp-content\/uploads\/cache\/AMPA-10\/945161557.jpeg\" src=\"data:image\/svg+xml,%3Csvg%20xmlns%3D%22http%3A%2F%2Fwww.w3.org%2F2000%2Fsvg%22%20width%3D%22150%22%20height%3D%22150%22%20viewBox%3D%220%200%20150%20150%22%3E%3C%2Fsvg%3E\" loading=\"eager\"><\/span><span class=\"fg-image-overlay\"><\/span><\/a><\/figure><div class=\"fg-loader\"><\/div><\/div><div class=\"fg-item fg-type-image fg-idle\"><figure class=\"fg-item-inner\"><a href=\"https:\/\/www.aerodrome-paray.fr\/blog\/wp-content\/uploads\/AMPA-11.jpeg\" data-attachment-id=\"7582\" data-type=\"image\" class=\"fg-thumb\"><span class=\"fg-image-wrap\"><img decoding=\"async\" width=\"150\" height=\"150\" class=\"skip-lazy fg-image\" data-no-lazy=\"1\" data-src-fg=\"https:\/\/www.aerodrome-paray.fr\/blog\/wp-content\/uploads\/cache\/AMPA-11\/1585563985.jpeg\" src=\"data:image\/svg+xml,%3Csvg%20xmlns%3D%22http%3A%2F%2Fwww.w3.org%2F2000%2Fsvg%22%20width%3D%22150%22%20height%3D%22150%22%20viewBox%3D%220%200%20150%20150%22%3E%3C%2Fsvg%3E\" loading=\"eager\"><\/span><span class=\"fg-image-overlay\"><\/span><\/a><\/figure><div class=\"fg-loader\"><\/div><\/div><div class=\"fg-item fg-type-image fg-idle\"><figure class=\"fg-item-inner\"><a href=\"https:\/\/www.aerodrome-paray.fr\/blog\/wp-content\/uploads\/AMPA-12.jpeg\" data-attachment-id=\"7581\" data-type=\"image\" class=\"fg-thumb\"><span class=\"fg-image-wrap\"><img decoding=\"async\" width=\"150\" height=\"150\" class=\"skip-lazy fg-image\" data-no-lazy=\"1\" data-src-fg=\"https:\/\/www.aerodrome-paray.fr\/blog\/wp-content\/uploads\/cache\/AMPA-12\/4126776669.jpeg\" src=\"data:image\/svg+xml,%3Csvg%20xmlns%3D%22http%3A%2F%2Fwww.w3.org%2F2000%2Fsvg%22%20width%3D%22150%22%20height%3D%22150%22%20viewBox%3D%220%200%20150%20150%22%3E%3C%2Fsvg%3E\" loading=\"eager\"><\/span><span class=\"fg-image-overlay\"><\/span><\/a><\/figure><div class=\"fg-loader\"><\/div><\/div><div class=\"fg-item fg-type-image fg-idle\"><figure class=\"fg-item-inner\"><a href=\"https:\/\/www.aerodrome-paray.fr\/blog\/wp-content\/uploads\/AMPA-69.jpeg\" data-caption-title=\"De jeunes pilotes passionn\u00e9s\" data-caption-desc=\"De jeunes pilotes passionn\u00e9s\" data-attachment-id=\"7580\" data-type=\"image\" class=\"fg-thumb\"><span class=\"fg-image-wrap\"><img decoding=\"async\" title=\"De jeunes pilotes passionn\u00e9s\" width=\"150\" height=\"150\" class=\"skip-lazy fg-image\" data-no-lazy=\"1\" data-src-fg=\"https:\/\/www.aerodrome-paray.fr\/blog\/wp-content\/uploads\/cache\/AMPA-69\/3839672510.jpeg\" src=\"data:image\/svg+xml,%3Csvg%20xmlns%3D%22http%3A%2F%2Fwww.w3.org%2F2000%2Fsvg%22%20width%3D%22150%22%20height%3D%22150%22%20viewBox%3D%220%200%20150%20150%22%3E%3C%2Fsvg%3E\" loading=\"eager\"><\/span><span class=\"fg-image-overlay\"><\/span><\/a><figcaption class=\"fg-caption\"><div class=\"fg-caption-inner\"><div class=\"fg-caption-title\">De jeunes pilotes passionn\u00e9s<\/div><div class=\"fg-caption-desc\">De jeunes pilotes passionn\u00e9s<\/div><\/div><\/figcaption><\/figure><div class=\"fg-loader\"><\/div><\/div><div class=\"fg-item fg-type-image fg-idle\"><figure class=\"fg-item-inner\"><a href=\"https:\/\/www.aerodrome-paray.fr\/blog\/wp-content\/uploads\/AMPA-7.jpeg\" data-attachment-id=\"7623\" data-type=\"image\" class=\"fg-thumb\"><span class=\"fg-image-wrap\"><img decoding=\"async\" width=\"150\" height=\"150\" class=\"skip-lazy fg-image\" data-no-lazy=\"1\" data-src-fg=\"https:\/\/www.aerodrome-paray.fr\/blog\/wp-content\/uploads\/cache\/AMPA-7\/156002005.jpeg\" src=\"data:image\/svg+xml,%3Csvg%20xmlns%3D%22http%3A%2F%2Fwww.w3.org%2F2000%2Fsvg%22%20width%3D%22150%22%20height%3D%22150%22%20viewBox%3D%220%200%20150%20150%22%3E%3C%2Fsvg%3E\" loading=\"eager\"><\/span><span class=\"fg-image-overlay\"><\/span><\/a><\/figure><div class=\"fg-loader\"><\/div><\/div><div class=\"fg-item fg-type-image fg-idle\"><figure class=\"fg-item-inner\"><a href=\"https:\/\/www.aerodrome-paray.fr\/blog\/wp-content\/uploads\/AMPA-16.jpeg\" data-caption-title=\"Cessna C-170 de 1950 bas\u00e9 \u00e0 Lausanne\" data-caption-desc=\"Cessna C-170 de 1950 bas\u00e9 \u00e0 Lausanne\" data-attachment-id=\"7647\" data-type=\"image\" class=\"fg-thumb\"><span class=\"fg-image-wrap\"><img decoding=\"async\" title=\"Cessna C-170 de 1950 bas\u00e9 \u00e0 Lausanne\" width=\"150\" height=\"150\" class=\"skip-lazy fg-image\" data-no-lazy=\"1\" data-src-fg=\"https:\/\/www.aerodrome-paray.fr\/blog\/wp-content\/uploads\/cache\/AMPA-16\/831995240.jpeg\" src=\"data:image\/svg+xml,%3Csvg%20xmlns%3D%22http%3A%2F%2Fwww.w3.org%2F2000%2Fsvg%22%20width%3D%22150%22%20height%3D%22150%22%20viewBox%3D%220%200%20150%20150%22%3E%3C%2Fsvg%3E\" loading=\"eager\"><\/span><span class=\"fg-image-overlay\"><\/span><\/a><figcaption class=\"fg-caption\"><div class=\"fg-caption-inner\"><div class=\"fg-caption-title\">Cessna C-170 de 1950 bas\u00e9 \u00e0 Lausanne<\/div><div class=\"fg-caption-desc\">Cessna C-170 de 1950 bas\u00e9 \u00e0 Lausanne<\/div><\/div><\/figcaption><\/figure><div class=\"fg-loader\"><\/div><\/div><div class=\"fg-item fg-type-image fg-idle\"><figure class=\"fg-item-inner\"><a href=\"https:\/\/www.aerodrome-paray.fr\/blog\/wp-content\/uploads\/AMPA-20.jpeg\" data-attachment-id=\"7646\" data-type=\"image\" class=\"fg-thumb\"><span class=\"fg-image-wrap\"><img decoding=\"async\" width=\"150\" height=\"150\" class=\"skip-lazy fg-image\" data-no-lazy=\"1\" data-src-fg=\"https:\/\/www.aerodrome-paray.fr\/blog\/wp-content\/uploads\/cache\/AMPA-20\/3625330598.jpeg\" src=\"data:image\/svg+xml,%3Csvg%20xmlns%3D%22http%3A%2F%2Fwww.w3.org%2F2000%2Fsvg%22%20width%3D%22150%22%20height%3D%22150%22%20viewBox%3D%220%200%20150%20150%22%3E%3C%2Fsvg%3E\" loading=\"eager\"><\/span><span class=\"fg-image-overlay\"><\/span><\/a><\/figure><div class=\"fg-loader\"><\/div><\/div><div class=\"fg-item fg-type-image fg-idle\"><figure class=\"fg-item-inner\"><a href=\"https:\/\/www.aerodrome-paray.fr\/blog\/wp-content\/uploads\/AMPA-17.jpeg\" data-attachment-id=\"7645\" data-type=\"image\" class=\"fg-thumb\"><span class=\"fg-image-wrap\"><img decoding=\"async\" width=\"150\" height=\"150\" class=\"skip-lazy fg-image\" data-no-lazy=\"1\" data-src-fg=\"https:\/\/www.aerodrome-paray.fr\/blog\/wp-content\/uploads\/cache\/AMPA-17\/3317012901.jpeg\" src=\"data:image\/svg+xml,%3Csvg%20xmlns%3D%22http%3A%2F%2Fwww.w3.org%2F2000%2Fsvg%22%20width%3D%22150%22%20height%3D%22150%22%20viewBox%3D%220%200%20150%20150%22%3E%3C%2Fsvg%3E\" loading=\"eager\"><\/span><span class=\"fg-image-overlay\"><\/span><\/a><\/figure><div class=\"fg-loader\"><\/div><\/div><div class=\"fg-item fg-type-image fg-idle\"><figure class=\"fg-item-inner\"><a href=\"https:\/\/www.aerodrome-paray.fr\/blog\/wp-content\/uploads\/AMPA-18.jpeg\" data-attachment-id=\"7644\" data-type=\"image\" class=\"fg-thumb\"><span class=\"fg-image-wrap\"><img decoding=\"async\" width=\"150\" height=\"150\" class=\"skip-lazy fg-image\" data-no-lazy=\"1\" data-src-fg=\"https:\/\/www.aerodrome-paray.fr\/blog\/wp-content\/uploads\/cache\/AMPA-18\/1805684275.jpeg\" src=\"data:image\/svg+xml,%3Csvg%20xmlns%3D%22http%3A%2F%2Fwww.w3.org%2F2000%2Fsvg%22%20width%3D%22150%22%20height%3D%22150%22%20viewBox%3D%220%200%20150%20150%22%3E%3C%2Fsvg%3E\" loading=\"eager\"><\/span><span class=\"fg-image-overlay\"><\/span><\/a><\/figure><div class=\"fg-loader\"><\/div><\/div><div class=\"fg-item fg-type-image fg-idle\"><figure class=\"fg-item-inner\"><a href=\"https:\/\/www.aerodrome-paray.fr\/blog\/wp-content\/uploads\/AMPA-19.jpeg\" data-attachment-id=\"7643\" data-type=\"image\" class=\"fg-thumb\"><span class=\"fg-image-wrap\"><img decoding=\"async\" width=\"150\" height=\"150\" class=\"skip-lazy fg-image\" data-no-lazy=\"1\" data-src-fg=\"https:\/\/www.aerodrome-paray.fr\/blog\/wp-content\/uploads\/cache\/AMPA-19\/4092368356.jpeg\" src=\"data:image\/svg+xml,%3Csvg%20xmlns%3D%22http%3A%2F%2Fwww.w3.org%2F2000%2Fsvg%22%20width%3D%22150%22%20height%3D%22150%22%20viewBox%3D%220%200%20150%20150%22%3E%3C%2Fsvg%3E\" loading=\"eager\"><\/span><span class=\"fg-image-overlay\"><\/span><\/a><\/figure><div class=\"fg-loader\"><\/div><\/div><div class=\"fg-item fg-type-image fg-idle\"><figure class=\"fg-item-inner\"><a href=\"https:\/\/www.aerodrome-paray.fr\/blog\/wp-content\/uploads\/AMPA-21.jpeg\" data-attachment-id=\"7641\" data-type=\"image\" class=\"fg-thumb\"><span class=\"fg-image-wrap\"><img decoding=\"async\" width=\"150\" height=\"150\" class=\"skip-lazy fg-image\" data-no-lazy=\"1\" data-src-fg=\"https:\/\/www.aerodrome-paray.fr\/blog\/wp-content\/uploads\/cache\/AMPA-21\/1079655537.jpeg\" src=\"data:image\/svg+xml,%3Csvg%20xmlns%3D%22http%3A%2F%2Fwww.w3.org%2F2000%2Fsvg%22%20width%3D%22150%22%20height%3D%22150%22%20viewBox%3D%220%200%20150%20150%22%3E%3C%2Fsvg%3E\" loading=\"eager\"><\/span><span class=\"fg-image-overlay\"><\/span><\/a><\/figure><div class=\"fg-loader\"><\/div><\/div><div class=\"fg-item fg-type-image fg-idle\"><figure class=\"fg-item-inner\"><a href=\"https:\/\/www.aerodrome-paray.fr\/blog\/wp-content\/uploads\/AMPA-23.jpeg\" data-caption-title=\"HB-ONG : Piper L-4 de 1944, bas\u00e9 \u00e0 Lausanne\" data-caption-desc=\"HB-ONG : Piper L-4 de 1944, bas\u00e9 \u00e0 Lausanne\" data-attachment-id=\"7640\" data-type=\"image\" class=\"fg-thumb\"><span class=\"fg-image-wrap\"><img decoding=\"async\" title=\"HB-ONG : Piper L-4 de 1944, bas\u00e9 \u00e0 Lausanne\" width=\"150\" height=\"150\" class=\"skip-lazy fg-image\" data-no-lazy=\"1\" data-src-fg=\"https:\/\/www.aerodrome-paray.fr\/blog\/wp-content\/uploads\/cache\/AMPA-23\/520146096.jpeg\" src=\"data:image\/svg+xml,%3Csvg%20xmlns%3D%22http%3A%2F%2Fwww.w3.org%2F2000%2Fsvg%22%20width%3D%22150%22%20height%3D%22150%22%20viewBox%3D%220%200%20150%20150%22%3E%3C%2Fsvg%3E\" loading=\"eager\"><\/span><span class=\"fg-image-overlay\"><\/span><\/a><figcaption class=\"fg-caption\"><div class=\"fg-caption-inner\"><div class=\"fg-caption-title\">HB-ONG : Piper L-4 de 1944, bas\u00e9 \u00e0 Lausanne<\/div><div class=\"fg-caption-desc\">HB-ONG : Piper L-4 de 1944, bas\u00e9 \u00e0 Lausanne<\/div><\/div><\/figcaption><\/figure><div class=\"fg-loader\"><\/div><\/div><div class=\"fg-item fg-type-image fg-idle\"><figure class=\"fg-item-inner\"><a href=\"https:\/\/www.aerodrome-paray.fr\/blog\/wp-content\/uploads\/AMPA-22.jpeg\" data-attachment-id=\"7639\" data-type=\"image\" class=\"fg-thumb\"><span class=\"fg-image-wrap\"><img decoding=\"async\" width=\"150\" height=\"150\" class=\"skip-lazy fg-image\" data-no-lazy=\"1\" data-src-fg=\"https:\/\/www.aerodrome-paray.fr\/blog\/wp-content\/uploads\/cache\/AMPA-22\/3049172572.jpeg\" src=\"data:image\/svg+xml,%3Csvg%20xmlns%3D%22http%3A%2F%2Fwww.w3.org%2F2000%2Fsvg%22%20width%3D%22150%22%20height%3D%22150%22%20viewBox%3D%220%200%20150%20150%22%3E%3C%2Fsvg%3E\" loading=\"eager\"><\/span><span class=\"fg-image-overlay\"><\/span><\/a><\/figure><div class=\"fg-loader\"><\/div><\/div><div class=\"fg-item fg-type-image fg-idle\"><figure class=\"fg-item-inner\"><a href=\"https:\/\/www.aerodrome-paray.fr\/blog\/wp-content\/uploads\/AMPA-25.jpeg\" data-attachment-id=\"7638\" data-type=\"image\" class=\"fg-thumb\"><span class=\"fg-image-wrap\"><img decoding=\"async\" width=\"150\" height=\"150\" class=\"skip-lazy fg-image\" data-no-lazy=\"1\" data-src-fg=\"https:\/\/www.aerodrome-paray.fr\/blog\/wp-content\/uploads\/cache\/AMPA-25\/2691898322.jpeg\" src=\"data:image\/svg+xml,%3Csvg%20xmlns%3D%22http%3A%2F%2Fwww.w3.org%2F2000%2Fsvg%22%20width%3D%22150%22%20height%3D%22150%22%20viewBox%3D%220%200%20150%20150%22%3E%3C%2Fsvg%3E\" loading=\"eager\"><\/span><span class=\"fg-image-overlay\"><\/span><\/a><\/figure><div class=\"fg-loader\"><\/div><\/div><div class=\"fg-item fg-type-image fg-idle\"><figure class=\"fg-item-inner\"><a href=\"https:\/\/www.aerodrome-paray.fr\/blog\/wp-content\/uploads\/AMPA-24.jpeg\" data-attachment-id=\"7637\" data-type=\"image\" class=\"fg-thumb\"><span class=\"fg-image-wrap\"><img decoding=\"async\" width=\"150\" height=\"150\" class=\"skip-lazy fg-image\" data-no-lazy=\"1\" data-src-fg=\"https:\/\/www.aerodrome-paray.fr\/blog\/wp-content\/uploads\/cache\/AMPA-24\/62639807.jpeg\" src=\"data:image\/svg+xml,%3Csvg%20xmlns%3D%22http%3A%2F%2Fwww.w3.org%2F2000%2Fsvg%22%20width%3D%22150%22%20height%3D%22150%22%20viewBox%3D%220%200%20150%20150%22%3E%3C%2Fsvg%3E\" loading=\"eager\"><\/span><span class=\"fg-image-overlay\"><\/span><\/a><\/figure><div class=\"fg-loader\"><\/div><\/div><div class=\"fg-item fg-type-image fg-idle\"><figure class=\"fg-item-inner\"><a href=\"https:\/\/www.aerodrome-paray.fr\/blog\/wp-content\/uploads\/AMPA-27.jpeg\" data-attachment-id=\"7636\" data-type=\"image\" class=\"fg-thumb\"><span class=\"fg-image-wrap\"><img decoding=\"async\" width=\"150\" height=\"150\" class=\"skip-lazy fg-image\" data-no-lazy=\"1\" data-src-fg=\"https:\/\/www.aerodrome-paray.fr\/blog\/wp-content\/uploads\/cache\/AMPA-27\/1268394557.jpeg\" src=\"data:image\/svg+xml,%3Csvg%20xmlns%3D%22http%3A%2F%2Fwww.w3.org%2F2000%2Fsvg%22%20width%3D%22150%22%20height%3D%22150%22%20viewBox%3D%220%200%20150%20150%22%3E%3C%2Fsvg%3E\" loading=\"eager\"><\/span><span class=\"fg-image-overlay\"><\/span><\/a><\/figure><div class=\"fg-loader\"><\/div><\/div><div class=\"fg-item fg-type-image fg-idle\"><figure class=\"fg-item-inner\"><a href=\"https:\/\/www.aerodrome-paray.fr\/blog\/wp-content\/uploads\/AMPA-26.jpeg\" data-attachment-id=\"7635\" data-type=\"image\" class=\"fg-thumb\"><span class=\"fg-image-wrap\"><img decoding=\"async\" width=\"150\" height=\"150\" class=\"skip-lazy fg-image\" data-no-lazy=\"1\" data-src-fg=\"https:\/\/www.aerodrome-paray.fr\/blog\/wp-content\/uploads\/cache\/AMPA-26\/3457439415.jpeg\" src=\"data:image\/svg+xml,%3Csvg%20xmlns%3D%22http%3A%2F%2Fwww.w3.org%2F2000%2Fsvg%22%20width%3D%22150%22%20height%3D%22150%22%20viewBox%3D%220%200%20150%20150%22%3E%3C%2Fsvg%3E\" loading=\"eager\"><\/span><span class=\"fg-image-overlay\"><\/span><\/a><\/figure><div class=\"fg-loader\"><\/div><\/div><div class=\"fg-item fg-type-image fg-idle\"><figure class=\"fg-item-inner\"><a href=\"https:\/\/www.aerodrome-paray.fr\/blog\/wp-content\/uploads\/AMPA-28.jpeg\" data-caption-title=\"Aux couleurs militaires : HB-OSM  Piper L-4, bas\u00e9 \u00e0 Lausanne.\" data-caption-desc=\"Aux couleurs militaires : HB-OSM  Piper L-4, bas\u00e9 \u00e0 Lausanne.\" data-attachment-id=\"7634\" data-type=\"image\" class=\"fg-thumb\"><span class=\"fg-image-wrap\"><img decoding=\"async\" title=\"Aux couleurs militaires : HB-OSM  Piper L-4, bas\u00e9 \u00e0 Lausanne.\" width=\"150\" height=\"150\" class=\"skip-lazy fg-image\" data-no-lazy=\"1\" data-src-fg=\"https:\/\/www.aerodrome-paray.fr\/blog\/wp-content\/uploads\/cache\/AMPA-28\/2004505954.jpeg\" src=\"data:image\/svg+xml,%3Csvg%20xmlns%3D%22http%3A%2F%2Fwww.w3.org%2F2000%2Fsvg%22%20width%3D%22150%22%20height%3D%22150%22%20viewBox%3D%220%200%20150%20150%22%3E%3C%2Fsvg%3E\" loading=\"eager\"><\/span><span class=\"fg-image-overlay\"><\/span><\/a><figcaption class=\"fg-caption\"><div class=\"fg-caption-inner\"><div class=\"fg-caption-title\">Aux couleurs militaires : HB-OSM  Piper L-4, bas\u00e9 \u00e0 Lausanne.<\/div><div class=\"fg-caption-desc\">Aux couleurs militaires : HB-OSM  Piper L-4, bas\u00e9 \u00e0 Lausanne.<\/div><\/div><\/figcaption><\/figure><div class=\"fg-loader\"><\/div><\/div><div class=\"fg-item fg-type-image fg-idle\"><figure class=\"fg-item-inner\"><a href=\"https:\/\/www.aerodrome-paray.fr\/blog\/wp-content\/uploads\/AMPA-29.jpeg\" data-attachment-id=\"7633\" data-type=\"image\" class=\"fg-thumb\"><span class=\"fg-image-wrap\"><img decoding=\"async\" width=\"150\" height=\"150\" class=\"skip-lazy fg-image\" data-no-lazy=\"1\" data-src-fg=\"https:\/\/www.aerodrome-paray.fr\/blog\/wp-content\/uploads\/cache\/AMPA-29\/4013313717.jpeg\" src=\"data:image\/svg+xml,%3Csvg%20xmlns%3D%22http%3A%2F%2Fwww.w3.org%2F2000%2Fsvg%22%20width%3D%22150%22%20height%3D%22150%22%20viewBox%3D%220%200%20150%20150%22%3E%3C%2Fsvg%3E\" loading=\"eager\"><\/span><span class=\"fg-image-overlay\"><\/span><\/a><\/figure><div class=\"fg-loader\"><\/div><\/div><div class=\"fg-item fg-type-image fg-idle\"><figure class=\"fg-item-inner\"><a href=\"https:\/\/www.aerodrome-paray.fr\/blog\/wp-content\/uploads\/AMPA-30.jpeg\" data-caption-title=\"Un avion plus r\u00e9cent : Piper PA-28  140C Cherokee (HB-OHT)\" data-caption-desc=\"Un avion plus r\u00e9cent : Piper PA-28  140C Cherokee (HB-OHT)\" data-attachment-id=\"7632\" data-type=\"image\" class=\"fg-thumb\"><span class=\"fg-image-wrap\"><img decoding=\"async\" title=\"Un avion plus r\u00e9cent : Piper PA-28  140C Cherokee (HB-OHT)\" width=\"150\" height=\"150\" class=\"skip-lazy fg-image\" data-no-lazy=\"1\" data-src-fg=\"https:\/\/www.aerodrome-paray.fr\/blog\/wp-content\/uploads\/cache\/AMPA-30\/3724233623.jpeg\" src=\"data:image\/svg+xml,%3Csvg%20xmlns%3D%22http%3A%2F%2Fwww.w3.org%2F2000%2Fsvg%22%20width%3D%22150%22%20height%3D%22150%22%20viewBox%3D%220%200%20150%20150%22%3E%3C%2Fsvg%3E\" loading=\"eager\"><\/span><span class=\"fg-image-overlay\"><\/span><\/a><figcaption class=\"fg-caption\"><div class=\"fg-caption-inner\"><div class=\"fg-caption-title\">Un avion plus r\u00e9cent : Piper PA-28  140C Cherokee (HB-OHT)<\/div><div class=\"fg-caption-desc\">Un avion plus r\u00e9cent : Piper PA-28  140C Cherokee (HB-OHT)<\/div><\/div><\/figcaption><\/figure><div class=\"fg-loader\"><\/div><\/div><div class=\"fg-item fg-type-image fg-idle\"><figure class=\"fg-item-inner\"><a href=\"https:\/\/www.aerodrome-paray.fr\/blog\/wp-content\/uploads\/AMPA-76.jpeg\" data-attachment-id=\"7631\" data-type=\"image\" class=\"fg-thumb\"><span class=\"fg-image-wrap\"><img decoding=\"async\" width=\"150\" height=\"150\" class=\"skip-lazy fg-image\" data-no-lazy=\"1\" data-src-fg=\"https:\/\/www.aerodrome-paray.fr\/blog\/wp-content\/uploads\/cache\/AMPA-76\/905968302.jpeg\" src=\"data:image\/svg+xml,%3Csvg%20xmlns%3D%22http%3A%2F%2Fwww.w3.org%2F2000%2Fsvg%22%20width%3D%22150%22%20height%3D%22150%22%20viewBox%3D%220%200%20150%20150%22%3E%3C%2Fsvg%3E\" loading=\"eager\"><\/span><span class=\"fg-image-overlay\"><\/span><\/a><\/figure><div class=\"fg-loader\"><\/div><\/div><div class=\"fg-item fg-type-image fg-idle\"><figure class=\"fg-item-inner\"><a href=\"https:\/\/www.aerodrome-paray.fr\/blog\/wp-content\/uploads\/AMPA-31.jpeg\" data-attachment-id=\"7630\" data-type=\"image\" class=\"fg-thumb\"><span class=\"fg-image-wrap\"><img decoding=\"async\" width=\"150\" height=\"150\" class=\"skip-lazy fg-image\" data-no-lazy=\"1\" data-src-fg=\"https:\/\/www.aerodrome-paray.fr\/blog\/wp-content\/uploads\/cache\/AMPA-31\/702148442.jpeg\" src=\"data:image\/svg+xml,%3Csvg%20xmlns%3D%22http%3A%2F%2Fwww.w3.org%2F2000%2Fsvg%22%20width%3D%22150%22%20height%3D%22150%22%20viewBox%3D%220%200%20150%20150%22%3E%3C%2Fsvg%3E\" loading=\"eager\"><\/span><span class=\"fg-image-overlay\"><\/span><\/a><\/figure><div class=\"fg-loader\"><\/div><\/div><div class=\"fg-item fg-type-image fg-idle\"><figure class=\"fg-item-inner\"><a href=\"https:\/\/www.aerodrome-paray.fr\/blog\/wp-content\/uploads\/AMPA-32.jpeg\" data-attachment-id=\"7629\" data-type=\"image\" class=\"fg-thumb\"><span class=\"fg-image-wrap\"><img decoding=\"async\" width=\"150\" height=\"150\" class=\"skip-lazy fg-image\" data-no-lazy=\"1\" data-src-fg=\"https:\/\/www.aerodrome-paray.fr\/blog\/wp-content\/uploads\/cache\/AMPA-32\/2998254985.jpeg\" src=\"data:image\/svg+xml,%3Csvg%20xmlns%3D%22http%3A%2F%2Fwww.w3.org%2F2000%2Fsvg%22%20width%3D%22150%22%20height%3D%22150%22%20viewBox%3D%220%200%20150%20150%22%3E%3C%2Fsvg%3E\" loading=\"eager\"><\/span><span class=\"fg-image-overlay\"><\/span><\/a><\/figure><div class=\"fg-loader\"><\/div><\/div><div class=\"fg-item fg-type-image fg-idle\"><figure class=\"fg-item-inner\"><a href=\"https:\/\/www.aerodrome-paray.fr\/blog\/wp-content\/uploads\/AMPA-33.jpeg\" data-attachment-id=\"7628\" data-type=\"image\" class=\"fg-thumb\"><span class=\"fg-image-wrap\"><img decoding=\"async\" width=\"150\" height=\"150\" class=\"skip-lazy fg-image\" data-no-lazy=\"1\" data-src-fg=\"https:\/\/www.aerodrome-paray.fr\/blog\/wp-content\/uploads\/cache\/AMPA-33\/3563221389.jpeg\" src=\"data:image\/svg+xml,%3Csvg%20xmlns%3D%22http%3A%2F%2Fwww.w3.org%2F2000%2Fsvg%22%20width%3D%22150%22%20height%3D%22150%22%20viewBox%3D%220%200%20150%20150%22%3E%3C%2Fsvg%3E\" loading=\"eager\"><\/span><span class=\"fg-image-overlay\"><\/span><\/a><\/figure><div class=\"fg-loader\"><\/div><\/div><div class=\"fg-item fg-type-image fg-idle\"><figure class=\"fg-item-inner\"><a href=\"https:\/\/www.aerodrome-paray.fr\/blog\/wp-content\/uploads\/AMPA-34.jpeg\" data-attachment-id=\"7627\" data-type=\"image\" class=\"fg-thumb\"><span class=\"fg-image-wrap\"><img decoding=\"async\" width=\"150\" height=\"150\" class=\"skip-lazy fg-image\" data-no-lazy=\"1\" data-src-fg=\"https:\/\/www.aerodrome-paray.fr\/blog\/wp-content\/uploads\/cache\/AMPA-34\/78699882.jpeg\" src=\"data:image\/svg+xml,%3Csvg%20xmlns%3D%22http%3A%2F%2Fwww.w3.org%2F2000%2Fsvg%22%20width%3D%22150%22%20height%3D%22150%22%20viewBox%3D%220%200%20150%20150%22%3E%3C%2Fsvg%3E\" loading=\"eager\"><\/span><span class=\"fg-image-overlay\"><\/span><\/a><\/figure><div class=\"fg-loader\"><\/div><\/div><div class=\"fg-item fg-type-image fg-idle\"><figure class=\"fg-item-inner\"><a href=\"https:\/\/www.aerodrome-paray.fr\/blog\/wp-content\/uploads\/AMPA-35.jpeg\" data-attachment-id=\"7626\" data-type=\"image\" class=\"fg-thumb\"><span class=\"fg-image-wrap\"><img decoding=\"async\" width=\"150\" height=\"150\" class=\"skip-lazy fg-image\" data-no-lazy=\"1\" data-src-fg=\"https:\/\/www.aerodrome-paray.fr\/blog\/wp-content\/uploads\/cache\/AMPA-35\/1650921838.jpeg\" src=\"data:image\/svg+xml,%3Csvg%20xmlns%3D%22http%3A%2F%2Fwww.w3.org%2F2000%2Fsvg%22%20width%3D%22150%22%20height%3D%22150%22%20viewBox%3D%220%200%20150%20150%22%3E%3C%2Fsvg%3E\" loading=\"eager\"><\/span><span class=\"fg-image-overlay\"><\/span><\/a><\/figure><div class=\"fg-loader\"><\/div><\/div><div class=\"fg-item fg-type-image fg-idle\"><figure class=\"fg-item-inner\"><a href=\"https:\/\/www.aerodrome-paray.fr\/blog\/wp-content\/uploads\/AMPA-36.jpeg\" data-attachment-id=\"7624\" data-type=\"image\" class=\"fg-thumb\"><span class=\"fg-image-wrap\"><img decoding=\"async\" width=\"150\" height=\"150\" class=\"skip-lazy fg-image\" data-no-lazy=\"1\" data-src-fg=\"https:\/\/www.aerodrome-paray.fr\/blog\/wp-content\/uploads\/cache\/AMPA-36\/3098778917.jpeg\" src=\"data:image\/svg+xml,%3Csvg%20xmlns%3D%22http%3A%2F%2Fwww.w3.org%2F2000%2Fsvg%22%20width%3D%22150%22%20height%3D%22150%22%20viewBox%3D%220%200%20150%20150%22%3E%3C%2Fsvg%3E\" loading=\"eager\"><\/span><span class=\"fg-image-overlay\"><\/span><\/a><\/figure><div class=\"fg-loader\"><\/div><\/div><div class=\"fg-item fg-type-image fg-idle\"><figure class=\"fg-item-inner\"><a href=\"https:\/\/www.aerodrome-paray.fr\/blog\/wp-content\/uploads\/AMPA-37.jpeg\" data-caption-title=\"HB-TCC : avion tch\u00e8que d&#039;entra\u00eenement et de voltige : Zlin 326, bas\u00e9 \u00e0 Yverdon\" data-caption-desc=\"HB-TCC : avion tch\u00e8que d&#039;entra\u00eenement et de voltige : Zlin 326, bas\u00e9 \u00e0 Yverdon\" data-attachment-id=\"7622\" data-type=\"image\" class=\"fg-thumb\"><span class=\"fg-image-wrap\"><img decoding=\"async\" title=\"HB-TCC : avion tch\u00e8que d&#039;entra\u00eenement et de voltige : Zlin 326, bas\u00e9 \u00e0 Yverdon\" width=\"150\" height=\"150\" class=\"skip-lazy fg-image\" data-no-lazy=\"1\" data-src-fg=\"https:\/\/www.aerodrome-paray.fr\/blog\/wp-content\/uploads\/cache\/AMPA-37\/1364418229.jpeg\" src=\"data:image\/svg+xml,%3Csvg%20xmlns%3D%22http%3A%2F%2Fwww.w3.org%2F2000%2Fsvg%22%20width%3D%22150%22%20height%3D%22150%22%20viewBox%3D%220%200%20150%20150%22%3E%3C%2Fsvg%3E\" loading=\"eager\"><\/span><span class=\"fg-image-overlay\"><\/span><\/a><figcaption class=\"fg-caption\"><div class=\"fg-caption-inner\"><div class=\"fg-caption-title\">HB-TCC : avion tch\u00e8que d'entra\u00eenement et de voltige : Zlin 326, bas\u00e9 \u00e0 Yverdon<\/div><div class=\"fg-caption-desc\">HB-TCC : avion tch\u00e8que d'entra\u00eenement et de voltige : Zlin 326, bas\u00e9 \u00e0 Yverdon<\/div><\/div><\/figcaption><\/figure><div class=\"fg-loader\"><\/div><\/div><div class=\"fg-item fg-type-image fg-idle\"><figure class=\"fg-item-inner\"><a href=\"https:\/\/www.aerodrome-paray.fr\/blog\/wp-content\/uploads\/AMPA-38.jpeg\" data-attachment-id=\"7621\" data-type=\"image\" class=\"fg-thumb\"><span class=\"fg-image-wrap\"><img decoding=\"async\" width=\"150\" height=\"150\" class=\"skip-lazy fg-image\" data-no-lazy=\"1\" data-src-fg=\"https:\/\/www.aerodrome-paray.fr\/blog\/wp-content\/uploads\/cache\/AMPA-38\/471857581.jpeg\" src=\"data:image\/svg+xml,%3Csvg%20xmlns%3D%22http%3A%2F%2Fwww.w3.org%2F2000%2Fsvg%22%20width%3D%22150%22%20height%3D%22150%22%20viewBox%3D%220%200%20150%20150%22%3E%3C%2Fsvg%3E\" loading=\"eager\"><\/span><span class=\"fg-image-overlay\"><\/span><\/a><\/figure><div class=\"fg-loader\"><\/div><\/div><div class=\"fg-item fg-type-image fg-idle\"><figure class=\"fg-item-inner\"><a href=\"https:\/\/www.aerodrome-paray.fr\/blog\/wp-content\/uploads\/AMPA-39.jpeg\" data-attachment-id=\"7620\" data-type=\"image\" class=\"fg-thumb\"><span class=\"fg-image-wrap\"><img decoding=\"async\" width=\"150\" height=\"150\" class=\"skip-lazy fg-image\" data-no-lazy=\"1\" data-src-fg=\"https:\/\/www.aerodrome-paray.fr\/blog\/wp-content\/uploads\/cache\/AMPA-39\/2059941289.jpeg\" src=\"data:image\/svg+xml,%3Csvg%20xmlns%3D%22http%3A%2F%2Fwww.w3.org%2F2000%2Fsvg%22%20width%3D%22150%22%20height%3D%22150%22%20viewBox%3D%220%200%20150%20150%22%3E%3C%2Fsvg%3E\" loading=\"eager\"><\/span><span class=\"fg-image-overlay\"><\/span><\/a><\/figure><div class=\"fg-loader\"><\/div><\/div><div class=\"fg-item fg-type-image fg-idle\"><figure class=\"fg-item-inner\"><a href=\"https:\/\/www.aerodrome-paray.fr\/blog\/wp-content\/uploads\/AMPA-41.jpeg\" data-attachment-id=\"7619\" data-type=\"image\" class=\"fg-thumb\"><span class=\"fg-image-wrap\"><img decoding=\"async\" width=\"150\" height=\"150\" class=\"skip-lazy fg-image\" data-no-lazy=\"1\" data-src-fg=\"https:\/\/www.aerodrome-paray.fr\/blog\/wp-content\/uploads\/cache\/AMPA-41\/2345538889.jpeg\" src=\"data:image\/svg+xml,%3Csvg%20xmlns%3D%22http%3A%2F%2Fwww.w3.org%2F2000%2Fsvg%22%20width%3D%22150%22%20height%3D%22150%22%20viewBox%3D%220%200%20150%20150%22%3E%3C%2Fsvg%3E\" loading=\"eager\"><\/span><span class=\"fg-image-overlay\"><\/span><\/a><\/figure><div class=\"fg-loader\"><\/div><\/div><div class=\"fg-item fg-type-image fg-idle\"><figure class=\"fg-item-inner\"><a href=\"https:\/\/www.aerodrome-paray.fr\/blog\/wp-content\/uploads\/AMPA-40.jpeg\" data-attachment-id=\"7618\" data-type=\"image\" class=\"fg-thumb\"><span class=\"fg-image-wrap\"><img decoding=\"async\" width=\"150\" height=\"150\" class=\"skip-lazy fg-image\" data-no-lazy=\"1\" data-src-fg=\"https:\/\/www.aerodrome-paray.fr\/blog\/wp-content\/uploads\/cache\/AMPA-40\/3977894221.jpeg\" src=\"data:image\/svg+xml,%3Csvg%20xmlns%3D%22http%3A%2F%2Fwww.w3.org%2F2000%2Fsvg%22%20width%3D%22150%22%20height%3D%22150%22%20viewBox%3D%220%200%20150%20150%22%3E%3C%2Fsvg%3E\" loading=\"eager\"><\/span><span class=\"fg-image-overlay\"><\/span><\/a><\/figure><div class=\"fg-loader\"><\/div><\/div><div class=\"fg-item fg-type-image fg-idle\"><figure class=\"fg-item-inner\"><a href=\"https:\/\/www.aerodrome-paray.fr\/blog\/wp-content\/uploads\/AMPA-42.jpeg\" data-caption-title=\"Piper PA-18-150 Super Cub, bas\u00e9 \u00e0 Yverdon\" data-caption-desc=\"Piper PA-18-150 Super Cub, bas\u00e9 \u00e0 Yverdon\" data-attachment-id=\"7615\" data-type=\"image\" class=\"fg-thumb\"><span class=\"fg-image-wrap\"><img decoding=\"async\" title=\"Piper PA-18-150 Super Cub, bas\u00e9 \u00e0 Yverdon\" width=\"150\" height=\"150\" class=\"skip-lazy fg-image\" data-no-lazy=\"1\" data-src-fg=\"https:\/\/www.aerodrome-paray.fr\/blog\/wp-content\/uploads\/cache\/AMPA-42\/2483388523.jpeg\" src=\"data:image\/svg+xml,%3Csvg%20xmlns%3D%22http%3A%2F%2Fwww.w3.org%2F2000%2Fsvg%22%20width%3D%22150%22%20height%3D%22150%22%20viewBox%3D%220%200%20150%20150%22%3E%3C%2Fsvg%3E\" loading=\"eager\"><\/span><span class=\"fg-image-overlay\"><\/span><\/a><figcaption class=\"fg-caption\"><div class=\"fg-caption-inner\"><div class=\"fg-caption-title\">Piper PA-18-150 Super Cub, bas\u00e9 \u00e0 Yverdon<\/div><div class=\"fg-caption-desc\">Piper PA-18-150 Super Cub, bas\u00e9 \u00e0 Yverdon<\/div><\/div><\/figcaption><\/figure><div class=\"fg-loader\"><\/div><\/div><div class=\"fg-item fg-type-image fg-idle\"><figure class=\"fg-item-inner\"><a href=\"https:\/\/www.aerodrome-paray.fr\/blog\/wp-content\/uploads\/AMPA-45.jpeg\" data-attachment-id=\"7616\" data-type=\"image\" class=\"fg-thumb\"><span class=\"fg-image-wrap\"><img decoding=\"async\" width=\"150\" height=\"150\" class=\"skip-lazy fg-image\" data-no-lazy=\"1\" data-src-fg=\"https:\/\/www.aerodrome-paray.fr\/blog\/wp-content\/uploads\/cache\/AMPA-45\/1653704043.jpeg\" src=\"data:image\/svg+xml,%3Csvg%20xmlns%3D%22http%3A%2F%2Fwww.w3.org%2F2000%2Fsvg%22%20width%3D%22150%22%20height%3D%22150%22%20viewBox%3D%220%200%20150%20150%22%3E%3C%2Fsvg%3E\" loading=\"eager\"><\/span><span class=\"fg-image-overlay\"><\/span><\/a><\/figure><div class=\"fg-loader\"><\/div><\/div><div class=\"fg-item fg-type-image fg-idle\"><figure class=\"fg-item-inner\"><a href=\"https:\/\/www.aerodrome-paray.fr\/blog\/wp-content\/uploads\/AMPA-44.jpeg\" data-attachment-id=\"7614\" data-type=\"image\" class=\"fg-thumb\"><span class=\"fg-image-wrap\"><img decoding=\"async\" width=\"150\" height=\"150\" class=\"skip-lazy fg-image\" data-no-lazy=\"1\" data-src-fg=\"https:\/\/www.aerodrome-paray.fr\/blog\/wp-content\/uploads\/cache\/AMPA-44\/2528321958.jpeg\" src=\"data:image\/svg+xml,%3Csvg%20xmlns%3D%22http%3A%2F%2Fwww.w3.org%2F2000%2Fsvg%22%20width%3D%22150%22%20height%3D%22150%22%20viewBox%3D%220%200%20150%20150%22%3E%3C%2Fsvg%3E\" loading=\"eager\"><\/span><span class=\"fg-image-overlay\"><\/span><\/a><\/figure><div class=\"fg-loader\"><\/div><\/div><div class=\"fg-item fg-type-image fg-idle\"><figure class=\"fg-item-inner\"><a href=\"https:\/\/www.aerodrome-paray.fr\/blog\/wp-content\/uploads\/AMPA-43.jpeg\" data-attachment-id=\"7612\" data-type=\"image\" class=\"fg-thumb\"><span class=\"fg-image-wrap\"><img decoding=\"async\" width=\"150\" height=\"150\" class=\"skip-lazy fg-image\" data-no-lazy=\"1\" data-src-fg=\"https:\/\/www.aerodrome-paray.fr\/blog\/wp-content\/uploads\/cache\/AMPA-43\/206150588.jpeg\" src=\"data:image\/svg+xml,%3Csvg%20xmlns%3D%22http%3A%2F%2Fwww.w3.org%2F2000%2Fsvg%22%20width%3D%22150%22%20height%3D%22150%22%20viewBox%3D%220%200%20150%20150%22%3E%3C%2Fsvg%3E\" loading=\"eager\"><\/span><span class=\"fg-image-overlay\"><\/span><\/a><\/figure><div class=\"fg-loader\"><\/div><\/div><div class=\"fg-item fg-type-image fg-idle\"><figure class=\"fg-item-inner\"><a href=\"https:\/\/www.aerodrome-paray.fr\/blog\/wp-content\/uploads\/AMPA-46.jpeg\" data-attachment-id=\"7611\" data-type=\"image\" class=\"fg-thumb\"><span class=\"fg-image-wrap\"><img decoding=\"async\" width=\"150\" height=\"150\" class=\"skip-lazy fg-image\" data-no-lazy=\"1\" data-src-fg=\"https:\/\/www.aerodrome-paray.fr\/blog\/wp-content\/uploads\/cache\/AMPA-46\/3559634490.jpeg\" src=\"data:image\/svg+xml,%3Csvg%20xmlns%3D%22http%3A%2F%2Fwww.w3.org%2F2000%2Fsvg%22%20width%3D%22150%22%20height%3D%22150%22%20viewBox%3D%220%200%20150%20150%22%3E%3C%2Fsvg%3E\" loading=\"eager\"><\/span><span class=\"fg-image-overlay\"><\/span><\/a><\/figure><div class=\"fg-loader\"><\/div><\/div><div class=\"fg-item fg-type-image fg-idle\"><figure class=\"fg-item-inner\"><a href=\"https:\/\/www.aerodrome-paray.fr\/blog\/wp-content\/uploads\/AMPA-47.jpeg\" data-caption-title=\"HB-UUL : B\u00fccker B\u00fc 131 APM Jungmann de 1939 bas\u00e9 \u00e0 Lausanne\" data-caption-desc=\"HB-UUL : B\u00fccker B\u00fc 131 APM Jungmann de 1939 bas\u00e9 \u00e0 Lausanne\" data-attachment-id=\"7610\" data-type=\"image\" class=\"fg-thumb\"><span class=\"fg-image-wrap\"><img decoding=\"async\" title=\"HB-UUL : B\u00fccker B\u00fc 131 APM Jungmann de 1939 bas\u00e9 \u00e0 Lausanne\" width=\"150\" height=\"150\" class=\"skip-lazy fg-image\" data-no-lazy=\"1\" data-src-fg=\"https:\/\/www.aerodrome-paray.fr\/blog\/wp-content\/uploads\/cache\/AMPA-47\/3002890814.jpeg\" src=\"data:image\/svg+xml,%3Csvg%20xmlns%3D%22http%3A%2F%2Fwww.w3.org%2F2000%2Fsvg%22%20width%3D%22150%22%20height%3D%22150%22%20viewBox%3D%220%200%20150%20150%22%3E%3C%2Fsvg%3E\" loading=\"eager\"><\/span><span class=\"fg-image-overlay\"><\/span><\/a><figcaption class=\"fg-caption\"><div class=\"fg-caption-inner\"><div class=\"fg-caption-title\">HB-UUL : B\u00fccker B\u00fc 131 APM Jungmann de 1939 bas\u00e9 \u00e0 Lausanne<\/div><div class=\"fg-caption-desc\">HB-UUL : B\u00fccker B\u00fc 131 APM Jungmann de 1939 bas\u00e9 \u00e0 Lausanne<\/div><\/div><\/figcaption><\/figure><div class=\"fg-loader\"><\/div><\/div><div class=\"fg-item fg-type-image fg-idle\"><figure class=\"fg-item-inner\"><a href=\"https:\/\/www.aerodrome-paray.fr\/blog\/wp-content\/uploads\/AMPA-52.jpeg\" data-attachment-id=\"7609\" data-type=\"image\" class=\"fg-thumb\"><span class=\"fg-image-wrap\"><img decoding=\"async\" width=\"150\" height=\"150\" class=\"skip-lazy fg-image\" data-no-lazy=\"1\" data-src-fg=\"https:\/\/www.aerodrome-paray.fr\/blog\/wp-content\/uploads\/cache\/AMPA-52\/3041409625.jpeg\" src=\"data:image\/svg+xml,%3Csvg%20xmlns%3D%22http%3A%2F%2Fwww.w3.org%2F2000%2Fsvg%22%20width%3D%22150%22%20height%3D%22150%22%20viewBox%3D%220%200%20150%20150%22%3E%3C%2Fsvg%3E\" loading=\"eager\"><\/span><span class=\"fg-image-overlay\"><\/span><\/a><\/figure><div class=\"fg-loader\"><\/div><\/div><div class=\"fg-item fg-type-image fg-idle\"><figure class=\"fg-item-inner\"><a href=\"https:\/\/www.aerodrome-paray.fr\/blog\/wp-content\/uploads\/AMPA-48.jpeg\" data-attachment-id=\"7608\" data-type=\"image\" class=\"fg-thumb\"><span class=\"fg-image-wrap\"><img decoding=\"async\" width=\"150\" height=\"150\" class=\"skip-lazy fg-image\" data-no-lazy=\"1\" data-src-fg=\"https:\/\/www.aerodrome-paray.fr\/blog\/wp-content\/uploads\/cache\/AMPA-48\/3188196286.jpeg\" src=\"data:image\/svg+xml,%3Csvg%20xmlns%3D%22http%3A%2F%2Fwww.w3.org%2F2000%2Fsvg%22%20width%3D%22150%22%20height%3D%22150%22%20viewBox%3D%220%200%20150%20150%22%3E%3C%2Fsvg%3E\" loading=\"eager\"><\/span><span class=\"fg-image-overlay\"><\/span><\/a><\/figure><div class=\"fg-loader\"><\/div><\/div><div class=\"fg-item fg-type-image fg-idle\"><figure class=\"fg-item-inner\"><a href=\"https:\/\/www.aerodrome-paray.fr\/blog\/wp-content\/uploads\/AMPA-49.jpeg\" data-attachment-id=\"7607\" data-type=\"image\" class=\"fg-thumb\"><span class=\"fg-image-wrap\"><img decoding=\"async\" width=\"150\" height=\"150\" class=\"skip-lazy fg-image\" data-no-lazy=\"1\" data-src-fg=\"https:\/\/www.aerodrome-paray.fr\/blog\/wp-content\/uploads\/cache\/AMPA-49\/499177171.jpeg\" src=\"data:image\/svg+xml,%3Csvg%20xmlns%3D%22http%3A%2F%2Fwww.w3.org%2F2000%2Fsvg%22%20width%3D%22150%22%20height%3D%22150%22%20viewBox%3D%220%200%20150%20150%22%3E%3C%2Fsvg%3E\" loading=\"eager\"><\/span><span class=\"fg-image-overlay\"><\/span><\/a><\/figure><div class=\"fg-loader\"><\/div><\/div><div class=\"fg-item fg-type-image fg-idle\"><figure class=\"fg-item-inner\"><a href=\"https:\/\/www.aerodrome-paray.fr\/blog\/wp-content\/uploads\/AMPA-50.jpeg\" data-attachment-id=\"7606\" data-type=\"image\" class=\"fg-thumb\"><span class=\"fg-image-wrap\"><img decoding=\"async\" width=\"150\" height=\"150\" class=\"skip-lazy fg-image\" data-no-lazy=\"1\" data-src-fg=\"https:\/\/www.aerodrome-paray.fr\/blog\/wp-content\/uploads\/cache\/AMPA-50\/789435377.jpeg\" src=\"data:image\/svg+xml,%3Csvg%20xmlns%3D%22http%3A%2F%2Fwww.w3.org%2F2000%2Fsvg%22%20width%3D%22150%22%20height%3D%22150%22%20viewBox%3D%220%200%20150%20150%22%3E%3C%2Fsvg%3E\" loading=\"eager\"><\/span><span class=\"fg-image-overlay\"><\/span><\/a><\/figure><div class=\"fg-loader\"><\/div><\/div><div class=\"fg-item fg-type-image fg-idle\"><figure class=\"fg-item-inner\"><a href=\"https:\/\/www.aerodrome-paray.fr\/blog\/wp-content\/uploads\/AMPA-51.jpeg\" data-attachment-id=\"7605\" data-type=\"image\" class=\"fg-thumb\"><span class=\"fg-image-wrap\"><img decoding=\"async\" width=\"150\" height=\"150\" class=\"skip-lazy fg-image\" data-no-lazy=\"1\" data-src-fg=\"https:\/\/www.aerodrome-paray.fr\/blog\/wp-content\/uploads\/cache\/AMPA-51\/2860756859.jpeg\" src=\"data:image\/svg+xml,%3Csvg%20xmlns%3D%22http%3A%2F%2Fwww.w3.org%2F2000%2Fsvg%22%20width%3D%22150%22%20height%3D%22150%22%20viewBox%3D%220%200%20150%20150%22%3E%3C%2Fsvg%3E\" loading=\"eager\"><\/span><span class=\"fg-image-overlay\"><\/span><\/a><\/figure><div class=\"fg-loader\"><\/div><\/div><div class=\"fg-item fg-type-image fg-idle\"><figure class=\"fg-item-inner\"><a href=\"https:\/\/www.aerodrome-paray.fr\/blog\/wp-content\/uploads\/AMPA-8.jpeg\" data-attachment-id=\"7604\" data-type=\"image\" class=\"fg-thumb\"><span class=\"fg-image-wrap\"><img decoding=\"async\" width=\"150\" height=\"150\" class=\"skip-lazy fg-image\" data-no-lazy=\"1\" data-src-fg=\"https:\/\/www.aerodrome-paray.fr\/blog\/wp-content\/uploads\/cache\/AMPA-8\/1732080214.jpeg\" src=\"data:image\/svg+xml,%3Csvg%20xmlns%3D%22http%3A%2F%2Fwww.w3.org%2F2000%2Fsvg%22%20width%3D%22150%22%20height%3D%22150%22%20viewBox%3D%220%200%20150%20150%22%3E%3C%2Fsvg%3E\" loading=\"eager\"><\/span><span class=\"fg-image-overlay\"><\/span><\/a><\/figure><div class=\"fg-loader\"><\/div><\/div><div class=\"fg-item fg-type-image fg-idle\"><figure class=\"fg-item-inner\"><a href=\"https:\/\/www.aerodrome-paray.fr\/blog\/wp-content\/uploads\/AMPA-53.jpeg\" data-attachment-id=\"7603\" data-type=\"image\" class=\"fg-thumb\"><span class=\"fg-image-wrap\"><img decoding=\"async\" width=\"150\" height=\"150\" class=\"skip-lazy fg-image\" data-no-lazy=\"1\" data-src-fg=\"https:\/\/www.aerodrome-paray.fr\/blog\/wp-content\/uploads\/cache\/AMPA-53\/2062438446.jpeg\" src=\"data:image\/svg+xml,%3Csvg%20xmlns%3D%22http%3A%2F%2Fwww.w3.org%2F2000%2Fsvg%22%20width%3D%22150%22%20height%3D%22150%22%20viewBox%3D%220%200%20150%20150%22%3E%3C%2Fsvg%3E\" loading=\"eager\"><\/span><span class=\"fg-image-overlay\"><\/span><\/a><\/figure><div class=\"fg-loader\"><\/div><\/div><div class=\"fg-item fg-type-image fg-idle\"><figure class=\"fg-item-inner\"><a href=\"https:\/\/www.aerodrome-paray.fr\/blog\/wp-content\/uploads\/AMPA-55.jpeg\" data-caption-title=\"HB-TUT : De Havilland Canada DHC-1 Chipmunk de 1951, bas\u00e9 \u00e0 Lausanne\" data-caption-desc=\"HB-TUT : De Havilland Canada DHC-1 Chipmunk de 1951, bas\u00e9 \u00e0 Lausanne\" data-attachment-id=\"7598\" data-type=\"image\" class=\"fg-thumb\"><span class=\"fg-image-wrap\"><img decoding=\"async\" title=\"HB-TUT : De Havilland Canada DHC-1 Chipmunk de 1951, bas\u00e9 \u00e0 Lausanne\" width=\"150\" height=\"150\" class=\"skip-lazy fg-image\" data-no-lazy=\"1\" data-src-fg=\"https:\/\/www.aerodrome-paray.fr\/blog\/wp-content\/uploads\/cache\/AMPA-55\/982662904.jpeg\" src=\"data:image\/svg+xml,%3Csvg%20xmlns%3D%22http%3A%2F%2Fwww.w3.org%2F2000%2Fsvg%22%20width%3D%22150%22%20height%3D%22150%22%20viewBox%3D%220%200%20150%20150%22%3E%3C%2Fsvg%3E\" loading=\"eager\"><\/span><span class=\"fg-image-overlay\"><\/span><\/a><figcaption class=\"fg-caption\"><div class=\"fg-caption-inner\"><div class=\"fg-caption-title\">HB-TUT : De Havilland Canada DHC-1 Chipmunk de 1951, bas\u00e9 \u00e0 Lausanne<\/div><div class=\"fg-caption-desc\">HB-TUT : De Havilland Canada DHC-1 Chipmunk de 1951, bas\u00e9 \u00e0 Lausanne<\/div><\/div><\/figcaption><\/figure><div class=\"fg-loader\"><\/div><\/div><div class=\"fg-item fg-type-image fg-idle\"><figure class=\"fg-item-inner\"><a href=\"https:\/\/www.aerodrome-paray.fr\/blog\/wp-content\/uploads\/AMPA-57.jpeg\" data-attachment-id=\"7597\" data-type=\"image\" class=\"fg-thumb\"><span class=\"fg-image-wrap\"><img decoding=\"async\" width=\"150\" height=\"150\" class=\"skip-lazy fg-image\" data-no-lazy=\"1\" data-src-fg=\"https:\/\/www.aerodrome-paray.fr\/blog\/wp-content\/uploads\/cache\/AMPA-57\/2698499920.jpeg\" src=\"data:image\/svg+xml,%3Csvg%20xmlns%3D%22http%3A%2F%2Fwww.w3.org%2F2000%2Fsvg%22%20width%3D%22150%22%20height%3D%22150%22%20viewBox%3D%220%200%20150%20150%22%3E%3C%2Fsvg%3E\" loading=\"eager\"><\/span><span class=\"fg-image-overlay\"><\/span><\/a><\/figure><div class=\"fg-loader\"><\/div><\/div><div class=\"fg-item fg-type-image fg-idle\"><figure class=\"fg-item-inner\"><a href=\"https:\/\/www.aerodrome-paray.fr\/blog\/wp-content\/uploads\/AMPA-58.jpeg\" data-attachment-id=\"7596\" data-type=\"image\" class=\"fg-thumb\"><span class=\"fg-image-wrap\"><img decoding=\"async\" width=\"150\" height=\"150\" class=\"skip-lazy fg-image\" data-no-lazy=\"1\" data-src-fg=\"https:\/\/www.aerodrome-paray.fr\/blog\/wp-content\/uploads\/cache\/AMPA-58\/247644358.jpeg\" src=\"data:image\/svg+xml,%3Csvg%20xmlns%3D%22http%3A%2F%2Fwww.w3.org%2F2000%2Fsvg%22%20width%3D%22150%22%20height%3D%22150%22%20viewBox%3D%220%200%20150%20150%22%3E%3C%2Fsvg%3E\" loading=\"eager\"><\/span><span class=\"fg-image-overlay\"><\/span><\/a><\/figure><div class=\"fg-loader\"><\/div><\/div><div class=\"fg-item fg-type-image fg-idle\"><figure class=\"fg-item-inner\"><a href=\"https:\/\/www.aerodrome-paray.fr\/blog\/wp-content\/uploads\/AMPA-59.jpeg\" data-attachment-id=\"7595\" data-type=\"image\" class=\"fg-thumb\"><span class=\"fg-image-wrap\"><img decoding=\"async\" width=\"150\" height=\"150\" class=\"skip-lazy fg-image\" data-no-lazy=\"1\" data-src-fg=\"https:\/\/www.aerodrome-paray.fr\/blog\/wp-content\/uploads\/cache\/AMPA-59\/2337061964.jpeg\" src=\"data:image\/svg+xml,%3Csvg%20xmlns%3D%22http%3A%2F%2Fwww.w3.org%2F2000%2Fsvg%22%20width%3D%22150%22%20height%3D%22150%22%20viewBox%3D%220%200%20150%20150%22%3E%3C%2Fsvg%3E\" loading=\"eager\"><\/span><span class=\"fg-image-overlay\"><\/span><\/a><\/figure><div class=\"fg-loader\"><\/div><\/div><div class=\"fg-item fg-type-image fg-idle\"><figure class=\"fg-item-inner\"><a href=\"https:\/\/www.aerodrome-paray.fr\/blog\/wp-content\/uploads\/AMPA-60.jpeg\" data-caption-title=\"HB-SOP : Jodel D-11A Club, bas\u00e9 \u00e0 Lausanne\" data-caption-desc=\"HB-SOP : Jodel D-11A Club, bas\u00e9 \u00e0 Lausanne\" data-attachment-id=\"7593\" data-type=\"image\" class=\"fg-thumb\"><span class=\"fg-image-wrap\"><img decoding=\"async\" title=\"HB-SOP : Jodel D-11A Club, bas\u00e9 \u00e0 Lausanne\" width=\"150\" height=\"150\" class=\"skip-lazy fg-image\" data-no-lazy=\"1\" data-src-fg=\"https:\/\/www.aerodrome-paray.fr\/blog\/wp-content\/uploads\/cache\/AMPA-60\/843278023.jpeg\" src=\"data:image\/svg+xml,%3Csvg%20xmlns%3D%22http%3A%2F%2Fwww.w3.org%2F2000%2Fsvg%22%20width%3D%22150%22%20height%3D%22150%22%20viewBox%3D%220%200%20150%20150%22%3E%3C%2Fsvg%3E\" loading=\"eager\"><\/span><span class=\"fg-image-overlay\"><\/span><\/a><figcaption class=\"fg-caption\"><div class=\"fg-caption-inner\"><div class=\"fg-caption-title\">HB-SOP : Jodel D-11A Club, bas\u00e9 \u00e0 Lausanne<\/div><div class=\"fg-caption-desc\">HB-SOP : Jodel D-11A Club, bas\u00e9 \u00e0 Lausanne<\/div><\/div><\/figcaption><\/figure><div class=\"fg-loader\"><\/div><\/div><div class=\"fg-item fg-type-image fg-idle\"><figure class=\"fg-item-inner\"><a href=\"https:\/\/www.aerodrome-paray.fr\/blog\/wp-content\/uploads\/AMPA-62.jpeg\" data-attachment-id=\"7594\" data-type=\"image\" class=\"fg-thumb\"><span class=\"fg-image-wrap\"><img decoding=\"async\" width=\"150\" height=\"150\" class=\"skip-lazy fg-image\" data-no-lazy=\"1\" data-src-fg=\"https:\/\/www.aerodrome-paray.fr\/blog\/wp-content\/uploads\/cache\/AMPA-62\/2474787285.jpeg\" src=\"data:image\/svg+xml,%3Csvg%20xmlns%3D%22http%3A%2F%2Fwww.w3.org%2F2000%2Fsvg%22%20width%3D%22150%22%20height%3D%22150%22%20viewBox%3D%220%200%20150%20150%22%3E%3C%2Fsvg%3E\" loading=\"eager\"><\/span><span class=\"fg-image-overlay\"><\/span><\/a><\/figure><div class=\"fg-loader\"><\/div><\/div><div class=\"fg-item fg-type-image fg-idle\"><figure class=\"fg-item-inner\"><a href=\"https:\/\/www.aerodrome-paray.fr\/blog\/wp-content\/uploads\/AMPA-61.jpeg\" data-attachment-id=\"7592\" data-type=\"image\" class=\"fg-thumb\"><span class=\"fg-image-wrap\"><img decoding=\"async\" width=\"150\" height=\"150\" class=\"skip-lazy fg-image\" data-no-lazy=\"1\" data-src-fg=\"https:\/\/www.aerodrome-paray.fr\/blog\/wp-content\/uploads\/cache\/AMPA-61\/1419029187.jpeg\" src=\"data:image\/svg+xml,%3Csvg%20xmlns%3D%22http%3A%2F%2Fwww.w3.org%2F2000%2Fsvg%22%20width%3D%22150%22%20height%3D%22150%22%20viewBox%3D%220%200%20150%20150%22%3E%3C%2Fsvg%3E\" loading=\"eager\"><\/span><span class=\"fg-image-overlay\"><\/span><\/a><\/figure><div class=\"fg-loader\"><\/div><\/div><div class=\"fg-item fg-type-image fg-idle\"><figure class=\"fg-item-inner\"><a href=\"https:\/\/www.aerodrome-paray.fr\/blog\/wp-content\/uploads\/AMPA-63.jpeg\" data-attachment-id=\"7591\" data-type=\"image\" class=\"fg-thumb\"><span class=\"fg-image-wrap\"><img decoding=\"async\" width=\"150\" height=\"150\" class=\"skip-lazy fg-image\" data-no-lazy=\"1\" data-src-fg=\"https:\/\/www.aerodrome-paray.fr\/blog\/wp-content\/uploads\/cache\/AMPA-63\/3902270092.jpeg\" src=\"data:image\/svg+xml,%3Csvg%20xmlns%3D%22http%3A%2F%2Fwww.w3.org%2F2000%2Fsvg%22%20width%3D%22150%22%20height%3D%22150%22%20viewBox%3D%220%200%20150%20150%22%3E%3C%2Fsvg%3E\" loading=\"eager\"><\/span><span class=\"fg-image-overlay\"><\/span><\/a><\/figure><div class=\"fg-loader\"><\/div><\/div><div class=\"fg-item fg-type-image fg-idle\"><figure class=\"fg-item-inner\"><a href=\"https:\/\/www.aerodrome-paray.fr\/blog\/wp-content\/uploads\/AMPA-64.jpeg\" data-attachment-id=\"7590\" data-type=\"image\" class=\"fg-thumb\"><span class=\"fg-image-wrap\"><img decoding=\"async\" width=\"150\" height=\"150\" class=\"skip-lazy fg-image\" data-no-lazy=\"1\" data-src-fg=\"https:\/\/www.aerodrome-paray.fr\/blog\/wp-content\/uploads\/cache\/AMPA-64\/4250558210.jpeg\" src=\"data:image\/svg+xml,%3Csvg%20xmlns%3D%22http%3A%2F%2Fwww.w3.org%2F2000%2Fsvg%22%20width%3D%22150%22%20height%3D%22150%22%20viewBox%3D%220%200%20150%20150%22%3E%3C%2Fsvg%3E\" loading=\"eager\"><\/span><span class=\"fg-image-overlay\"><\/span><\/a><\/figure><div class=\"fg-loader\"><\/div><\/div><div class=\"fg-item fg-type-image fg-idle\"><figure class=\"fg-item-inner\"><a href=\"https:\/\/www.aerodrome-paray.fr\/blog\/wp-content\/uploads\/AMPA-67.jpeg\" data-caption-title=\"HB-ODC : Piper L-4 de 1944, bas\u00e9 \u00e0 Lausanne\" data-caption-desc=\"HB-ODC : Piper L-4 de 1944, bas\u00e9 \u00e0 Lausanne\" data-attachment-id=\"7589\" data-type=\"image\" class=\"fg-thumb\"><span class=\"fg-image-wrap\"><img decoding=\"async\" title=\"HB-ODC : Piper L-4 de 1944, bas\u00e9 \u00e0 Lausanne\" width=\"150\" height=\"150\" class=\"skip-lazy fg-image\" data-no-lazy=\"1\" data-src-fg=\"https:\/\/www.aerodrome-paray.fr\/blog\/wp-content\/uploads\/cache\/AMPA-67\/1714818513.jpeg\" src=\"data:image\/svg+xml,%3Csvg%20xmlns%3D%22http%3A%2F%2Fwww.w3.org%2F2000%2Fsvg%22%20width%3D%22150%22%20height%3D%22150%22%20viewBox%3D%220%200%20150%20150%22%3E%3C%2Fsvg%3E\" loading=\"eager\"><\/span><span class=\"fg-image-overlay\"><\/span><\/a><figcaption class=\"fg-caption\"><div class=\"fg-caption-inner\"><div class=\"fg-caption-title\">HB-ODC : Piper L-4 de 1944, bas\u00e9 \u00e0 Lausanne<\/div><div class=\"fg-caption-desc\">HB-ODC : Piper L-4 de 1944, bas\u00e9 \u00e0 Lausanne<\/div><\/div><\/figcaption><\/figure><div class=\"fg-loader\"><\/div><\/div><div class=\"fg-item fg-type-image fg-idle\"><figure class=\"fg-item-inner\"><a href=\"https:\/\/www.aerodrome-paray.fr\/blog\/wp-content\/uploads\/AMPA-65.jpeg\" data-attachment-id=\"7588\" data-type=\"image\" class=\"fg-thumb\"><span class=\"fg-image-wrap\"><img decoding=\"async\" width=\"150\" height=\"150\" class=\"skip-lazy fg-image\" data-no-lazy=\"1\" data-src-fg=\"https:\/\/www.aerodrome-paray.fr\/blog\/wp-content\/uploads\/cache\/AMPA-65\/963443984.jpeg\" src=\"data:image\/svg+xml,%3Csvg%20xmlns%3D%22http%3A%2F%2Fwww.w3.org%2F2000%2Fsvg%22%20width%3D%22150%22%20height%3D%22150%22%20viewBox%3D%220%200%20150%20150%22%3E%3C%2Fsvg%3E\" loading=\"eager\"><\/span><span class=\"fg-image-overlay\"><\/span><\/a><\/figure><div class=\"fg-loader\"><\/div><\/div><div class=\"fg-item fg-type-image fg-idle\"><figure class=\"fg-item-inner\"><a href=\"https:\/\/www.aerodrome-paray.fr\/blog\/wp-content\/uploads\/AMPA-66.jpeg\" data-attachment-id=\"7587\" data-type=\"image\" class=\"fg-thumb\"><span class=\"fg-image-wrap\"><img decoding=\"async\" width=\"150\" height=\"150\" class=\"skip-lazy fg-image\" data-no-lazy=\"1\" data-src-fg=\"https:\/\/www.aerodrome-paray.fr\/blog\/wp-content\/uploads\/cache\/AMPA-66\/3025273083.jpeg\" src=\"data:image\/svg+xml,%3Csvg%20xmlns%3D%22http%3A%2F%2Fwww.w3.org%2F2000%2Fsvg%22%20width%3D%22150%22%20height%3D%22150%22%20viewBox%3D%220%200%20150%20150%22%3E%3C%2Fsvg%3E\" loading=\"eager\"><\/span><span class=\"fg-image-overlay\"><\/span><\/a><\/figure><div class=\"fg-loader\"><\/div><\/div><div class=\"fg-item fg-type-image fg-idle\"><figure class=\"fg-item-inner\"><a href=\"https:\/\/www.aerodrome-paray.fr\/blog\/wp-content\/uploads\/AMPA-68.jpeg\" data-caption-title=\"Robin DR-40, bas\u00e9 \u00e0 Bex\" data-caption-desc=\"Robin DR-40, bas\u00e9 \u00e0 Bex\" data-attachment-id=\"7584\" data-type=\"image\" class=\"fg-thumb\"><span class=\"fg-image-wrap\"><img decoding=\"async\" title=\"Robin DR-40, bas\u00e9 \u00e0 Bex\" width=\"150\" height=\"150\" class=\"skip-lazy fg-image\" data-no-lazy=\"1\" data-src-fg=\"https:\/\/www.aerodrome-paray.fr\/blog\/wp-content\/uploads\/cache\/AMPA-68\/3999642528.jpeg\" src=\"data:image\/svg+xml,%3Csvg%20xmlns%3D%22http%3A%2F%2Fwww.w3.org%2F2000%2Fsvg%22%20width%3D%22150%22%20height%3D%22150%22%20viewBox%3D%220%200%20150%20150%22%3E%3C%2Fsvg%3E\" loading=\"eager\"><\/span><span class=\"fg-image-overlay\"><\/span><\/a><figcaption class=\"fg-caption\"><div class=\"fg-caption-inner\"><div class=\"fg-caption-title\">Robin DR-40, bas\u00e9 \u00e0 Bex<\/div><div class=\"fg-caption-desc\">Robin DR-40, bas\u00e9 \u00e0 Bex<\/div><\/div><\/figcaption><\/figure><div class=\"fg-loader\"><\/div><\/div><div class=\"fg-item fg-type-image fg-idle\"><figure class=\"fg-item-inner\"><a href=\"https:\/\/www.aerodrome-paray.fr\/blog\/wp-content\/uploads\/AMPA-70.jpeg\" data-caption-title=\"De belles rencontres tout au long de ces belles journ\u00e9es\" data-caption-desc=\"De belles rencontres tout au long de ces belles journ\u00e9es\" data-attachment-id=\"7579\" data-type=\"image\" class=\"fg-thumb\"><span class=\"fg-image-wrap\"><img decoding=\"async\" title=\"De belles rencontres tout au long de ces belles journ\u00e9es\" width=\"150\" height=\"150\" class=\"skip-lazy fg-image\" data-no-lazy=\"1\" data-src-fg=\"https:\/\/www.aerodrome-paray.fr\/blog\/wp-content\/uploads\/cache\/AMPA-70\/838317352.jpeg\" src=\"data:image\/svg+xml,%3Csvg%20xmlns%3D%22http%3A%2F%2Fwww.w3.org%2F2000%2Fsvg%22%20width%3D%22150%22%20height%3D%22150%22%20viewBox%3D%220%200%20150%20150%22%3E%3C%2Fsvg%3E\" loading=\"eager\"><\/span><span class=\"fg-image-overlay\"><\/span><\/a><figcaption class=\"fg-caption\"><div class=\"fg-caption-inner\"><div class=\"fg-caption-title\">De belles rencontres tout au long de ces belles journ\u00e9es<\/div><div class=\"fg-caption-desc\">De belles rencontres tout au long de ces belles journ\u00e9es<\/div><\/div><\/figcaption><\/figure><div class=\"fg-loader\"><\/div><\/div><div class=\"fg-item fg-type-image fg-idle\"><figure class=\"fg-item-inner\"><a href=\"https:\/\/www.aerodrome-paray.fr\/blog\/wp-content\/uploads\/AMPA-71.jpeg\" data-caption-title=\"Convivialit\u00e9 autour d&#039;un excellent repas charolais, au pied des avions\" data-caption-desc=\"Convivialit\u00e9 autour d&#039;un excellent repas charolais, au pied des avions\" data-attachment-id=\"7578\" data-type=\"image\" class=\"fg-thumb\"><span class=\"fg-image-wrap\"><img decoding=\"async\" title=\"Convivialit\u00e9 autour d&#039;un excellent repas charolais, au pied des avions\" width=\"150\" height=\"150\" class=\"skip-lazy fg-image\" data-no-lazy=\"1\" data-src-fg=\"https:\/\/www.aerodrome-paray.fr\/blog\/wp-content\/uploads\/cache\/AMPA-71\/1461745964.jpeg\" src=\"data:image\/svg+xml,%3Csvg%20xmlns%3D%22http%3A%2F%2Fwww.w3.org%2F2000%2Fsvg%22%20width%3D%22150%22%20height%3D%22150%22%20viewBox%3D%220%200%20150%20150%22%3E%3C%2Fsvg%3E\" loading=\"eager\"><\/span><span class=\"fg-image-overlay\"><\/span><\/a><figcaption class=\"fg-caption\"><div class=\"fg-caption-inner\"><div class=\"fg-caption-title\">Convivialit\u00e9 autour d'un excellent repas charolais, au pied des avions<\/div><div class=\"fg-caption-desc\">Convivialit\u00e9 autour d'un excellent repas charolais, au pied des avions<\/div><\/div><\/figcaption><\/figure><div class=\"fg-loader\"><\/div><\/div><div class=\"fg-item fg-type-image fg-idle\"><figure class=\"fg-item-inner\"><a href=\"https:\/\/www.aerodrome-paray.fr\/blog\/wp-content\/uploads\/AMPA-72.jpeg\" data-attachment-id=\"7577\" data-type=\"image\" class=\"fg-thumb\"><span class=\"fg-image-wrap\"><img decoding=\"async\" width=\"150\" height=\"150\" class=\"skip-lazy fg-image\" data-no-lazy=\"1\" data-src-fg=\"https:\/\/www.aerodrome-paray.fr\/blog\/wp-content\/uploads\/cache\/AMPA-72\/3659433159.jpeg\" src=\"data:image\/svg+xml,%3Csvg%20xmlns%3D%22http%3A%2F%2Fwww.w3.org%2F2000%2Fsvg%22%20width%3D%22150%22%20height%3D%22150%22%20viewBox%3D%220%200%20150%20150%22%3E%3C%2Fsvg%3E\" loading=\"eager\"><\/span><span class=\"fg-image-overlay\"><\/span><\/a><\/figure><div class=\"fg-loader\"><\/div><\/div><div class=\"fg-item fg-type-image fg-idle\"><figure class=\"fg-item-inner\"><a href=\"https:\/\/www.aerodrome-paray.fr\/blog\/wp-content\/uploads\/AMPA-73.jpeg\" data-attachment-id=\"7576\" data-type=\"image\" class=\"fg-thumb\"><span class=\"fg-image-wrap\"><img decoding=\"async\" width=\"150\" height=\"150\" class=\"skip-lazy fg-image\" data-no-lazy=\"1\" data-src-fg=\"https:\/\/www.aerodrome-paray.fr\/blog\/wp-content\/uploads\/cache\/AMPA-73\/3167307971.jpeg\" src=\"data:image\/svg+xml,%3Csvg%20xmlns%3D%22http%3A%2F%2Fwww.w3.org%2F2000%2Fsvg%22%20width%3D%22150%22%20height%3D%22150%22%20viewBox%3D%220%200%20150%20150%22%3E%3C%2Fsvg%3E\" loading=\"eager\"><\/span><span class=\"fg-image-overlay\"><\/span><\/a><\/figure><div class=\"fg-loader\"><\/div><\/div><div class=\"fg-item fg-type-image fg-idle\"><figure class=\"fg-item-inner\"><a href=\"https:\/\/www.aerodrome-paray.fr\/blog\/wp-content\/uploads\/AMPA-74.jpeg\" data-caption-title=\"Une fin \u00e0 toutes les choses : l&#039;heure du d\u00e9part \u00e0 sonn\u00e9. De plus, la m\u00e9t\u00e9o commence \u00e0 se d\u00e9grader\" data-caption-desc=\"Une fin \u00e0 toutes les choses : l&#039;heure du d\u00e9part \u00e0 sonn\u00e9. De plus, la m\u00e9t\u00e9o commence \u00e0 se d\u00e9grader\" data-attachment-id=\"7575\" data-type=\"image\" class=\"fg-thumb\"><span class=\"fg-image-wrap\"><img decoding=\"async\" title=\"Une fin \u00e0 toutes les choses : l&#039;heure du d\u00e9part \u00e0 sonn\u00e9. De plus, la m\u00e9t\u00e9o commence \u00e0 se d\u00e9grader\" width=\"150\" height=\"150\" class=\"skip-lazy fg-image\" data-no-lazy=\"1\" data-src-fg=\"https:\/\/www.aerodrome-paray.fr\/blog\/wp-content\/uploads\/cache\/AMPA-74\/1247628739.jpeg\" src=\"data:image\/svg+xml,%3Csvg%20xmlns%3D%22http%3A%2F%2Fwww.w3.org%2F2000%2Fsvg%22%20width%3D%22150%22%20height%3D%22150%22%20viewBox%3D%220%200%20150%20150%22%3E%3C%2Fsvg%3E\" loading=\"eager\"><\/span><span class=\"fg-image-overlay\"><\/span><\/a><figcaption class=\"fg-caption\"><div class=\"fg-caption-inner\"><div class=\"fg-caption-title\">Une fin \u00e0 toutes les choses : l'heure du d\u00e9part \u00e0 sonn\u00e9. De plus, la m\u00e9t\u00e9o commence \u00e0 se d\u00e9grader<\/div><div class=\"fg-caption-desc\">Une fin \u00e0 toutes les choses : l'heure du d\u00e9part \u00e0 sonn\u00e9. De plus, la m\u00e9t\u00e9o commence \u00e0 se d\u00e9grader<\/div><\/div><\/figcaption><\/figure><div class=\"fg-loader\"><\/div><\/div><div class=\"fg-item fg-type-image fg-idle\"><figure class=\"fg-item-inner\"><a href=\"https:\/\/www.aerodrome-paray.fr\/blog\/wp-content\/uploads\/AMPA-75.jpeg\" data-caption-title=\"\u00c0 la queue leu leu vers le point d&#039;arr\u00eat piste 31\" data-caption-desc=\"\u00c0 la queue leu leu vers le point d&#039;arr\u00eat piste 31\" data-attachment-id=\"7574\" data-type=\"image\" class=\"fg-thumb\"><span class=\"fg-image-wrap\"><img decoding=\"async\" title=\"\u00c0 la queue leu leu vers le point d&#039;arr\u00eat piste 31\" width=\"150\" height=\"150\" class=\"skip-lazy fg-image\" data-no-lazy=\"1\" data-src-fg=\"https:\/\/www.aerodrome-paray.fr\/blog\/wp-content\/uploads\/cache\/AMPA-75\/747274695.jpeg\" src=\"data:image\/svg+xml,%3Csvg%20xmlns%3D%22http%3A%2F%2Fwww.w3.org%2F2000%2Fsvg%22%20width%3D%22150%22%20height%3D%22150%22%20viewBox%3D%220%200%20150%20150%22%3E%3C%2Fsvg%3E\" loading=\"eager\"><\/span><span class=\"fg-image-overlay\"><\/span><\/a><figcaption class=\"fg-caption\"><div class=\"fg-caption-inner\"><div class=\"fg-caption-title\">\u00c0 la queue leu leu vers le point d'arr\u00eat piste 31<\/div><div class=\"fg-caption-desc\">\u00c0 la queue leu leu vers le point d'arr\u00eat piste 31<\/div><\/div><\/figcaption><\/figure><div class=\"fg-loader\"><\/div><\/div><div class=\"fg-item fg-type-image fg-idle\"><figure class=\"fg-item-inner\"><a href=\"https:\/\/www.aerodrome-paray.fr\/blog\/wp-content\/uploads\/AMPA-77.jpeg\" data-attachment-id=\"7617\" data-type=\"image\" class=\"fg-thumb\"><span class=\"fg-image-wrap\"><img decoding=\"async\" width=\"150\" height=\"150\" class=\"skip-lazy fg-image\" data-no-lazy=\"1\" data-src-fg=\"https:\/\/www.aerodrome-paray.fr\/blog\/wp-content\/uploads\/cache\/AMPA-77\/3606892201.jpeg\" src=\"data:image\/svg+xml,%3Csvg%20xmlns%3D%22http%3A%2F%2Fwww.w3.org%2F2000%2Fsvg%22%20width%3D%22150%22%20height%3D%22150%22%20viewBox%3D%220%200%20150%20150%22%3E%3C%2Fsvg%3E\" loading=\"eager\"><\/span><span class=\"fg-image-overlay\"><\/span><\/a><\/figure><div class=\"fg-loader\"><\/div><\/div><div class=\"fg-item fg-type-image fg-idle\"><figure class=\"fg-item-inner\"><a href=\"https:\/\/www.aerodrome-paray.fr\/blog\/wp-content\/uploads\/AMPA-56.jpeg\" data-caption-title=\"HB-TUT : De Havilland Canada DHC-1 Chipmunk de 1951, bas\u00e9 \u00e0 Lausanne\" data-caption-desc=\"HB-TUT : De Havilland Canada DHC-1 Chipmunk de 1951, bas\u00e9 \u00e0 Lausanne\" data-attachment-id=\"7601\" data-type=\"image\" class=\"fg-thumb\"><span class=\"fg-image-wrap\"><img decoding=\"async\" title=\"HB-TUT : De Havilland Canada DHC-1 Chipmunk de 1951, bas\u00e9 \u00e0 Lausanne\" width=\"150\" height=\"150\" class=\"skip-lazy fg-image\" data-no-lazy=\"1\" data-src-fg=\"https:\/\/www.aerodrome-paray.fr\/blog\/wp-content\/uploads\/cache\/AMPA-56\/3542132207.jpeg\" src=\"data:image\/svg+xml,%3Csvg%20xmlns%3D%22http%3A%2F%2Fwww.w3.org%2F2000%2Fsvg%22%20width%3D%22150%22%20height%3D%22150%22%20viewBox%3D%220%200%20150%20150%22%3E%3C%2Fsvg%3E\" loading=\"eager\"><\/span><span class=\"fg-image-overlay\"><\/span><\/a><figcaption class=\"fg-caption\"><div class=\"fg-caption-inner\"><div class=\"fg-caption-title\">HB-TUT : De Havilland Canada DHC-1 Chipmunk de 1951, bas\u00e9 \u00e0 Lausanne<\/div><div class=\"fg-caption-desc\">HB-TUT : De Havilland Canada DHC-1 Chipmunk de 1951, bas\u00e9 \u00e0 Lausanne<\/div><\/div><\/figcaption><\/figure><div class=\"fg-loader\"><\/div><\/div><div class=\"fg-item fg-type-image fg-idle\"><figure class=\"fg-item-inner\"><a href=\"https:\/\/www.aerodrome-paray.fr\/blog\/wp-content\/uploads\/AMPA-78.jpeg\" data-attachment-id=\"7613\" data-type=\"image\" class=\"fg-thumb\"><span class=\"fg-image-wrap\"><img decoding=\"async\" width=\"150\" height=\"150\" class=\"skip-lazy fg-image\" data-no-lazy=\"1\" data-src-fg=\"https:\/\/www.aerodrome-paray.fr\/blog\/wp-content\/uploads\/cache\/AMPA-78\/344417829.jpeg\" src=\"data:image\/svg+xml,%3Csvg%20xmlns%3D%22http%3A%2F%2Fwww.w3.org%2F2000%2Fsvg%22%20width%3D%22150%22%20height%3D%22150%22%20viewBox%3D%220%200%20150%20150%22%3E%3C%2Fsvg%3E\" loading=\"eager\"><\/span><span class=\"fg-image-overlay\"><\/span><\/a><\/figure><div class=\"fg-loader\"><\/div><\/div><div class=\"fg-item fg-type-image fg-idle\"><figure class=\"fg-item-inner\"><a href=\"https:\/\/www.aerodrome-paray.fr\/blog\/wp-content\/uploads\/AMPA-80.jpeg\" data-caption-title=\"Un dernier coucou depuis le ciel\" data-caption-desc=\"Un dernier coucou depuis le ciel\" data-attachment-id=\"7585\" data-type=\"image\" class=\"fg-thumb\"><span class=\"fg-image-wrap\"><img decoding=\"async\" title=\"Un dernier coucou depuis le ciel\" width=\"150\" height=\"150\" class=\"skip-lazy fg-image\" data-no-lazy=\"1\" data-src-fg=\"https:\/\/www.aerodrome-paray.fr\/blog\/wp-content\/uploads\/cache\/AMPA-80\/987298124.jpeg\" src=\"data:image\/svg+xml,%3Csvg%20xmlns%3D%22http%3A%2F%2Fwww.w3.org%2F2000%2Fsvg%22%20width%3D%22150%22%20height%3D%22150%22%20viewBox%3D%220%200%20150%20150%22%3E%3C%2Fsvg%3E\" loading=\"eager\"><\/span><span class=\"fg-image-overlay\"><\/span><\/a><figcaption class=\"fg-caption\"><div class=\"fg-caption-inner\"><div class=\"fg-caption-title\">Un dernier coucou depuis le ciel<\/div><div class=\"fg-caption-desc\">Un dernier coucou depuis le ciel<\/div><\/div><\/figcaption><\/figure><div class=\"fg-loader\"><\/div><\/div><div class=\"fg-item fg-type-image fg-idle\"><figure class=\"fg-item-inner\"><a href=\"https:\/\/www.aerodrome-paray.fr\/blog\/wp-content\/uploads\/AMPA-81.jpeg\" data-caption-title=\"Bon retour en Suisse. Merci pour ces moments intenses de partage et de convivialit\u00e9. \u00c0 l&#039;ann\u00e9e prochaine !\" data-caption-desc=\"Bon retour en Suisse. Merci pour ces moments intenses de partage et de convivialit\u00e9. \u00c0 l&#039;ann\u00e9e prochaine !\" data-attachment-id=\"7602\" data-type=\"image\" class=\"fg-thumb\"><span class=\"fg-image-wrap\"><img decoding=\"async\" title=\"Bon retour en Suisse. Merci pour ces moments intenses de partage et de convivialit\u00e9. \u00c0 l&#039;ann\u00e9e prochaine !\" width=\"150\" height=\"150\" class=\"skip-lazy fg-image\" data-no-lazy=\"1\" data-src-fg=\"https:\/\/www.aerodrome-paray.fr\/blog\/wp-content\/uploads\/cache\/AMPA-81\/3494521695.jpeg\" src=\"data:image\/svg+xml,%3Csvg%20xmlns%3D%22http%3A%2F%2Fwww.w3.org%2F2000%2Fsvg%22%20width%3D%22150%22%20height%3D%22150%22%20viewBox%3D%220%200%20150%20150%22%3E%3C%2Fsvg%3E\" loading=\"eager\"><\/span><span class=\"fg-image-overlay\"><\/span><\/a><figcaption class=\"fg-caption\"><div class=\"fg-caption-inner\"><div class=\"fg-caption-title\">Bon retour en Suisse. Merci pour ces moments intenses de partage et de convivialit\u00e9. \u00c0 l'ann\u00e9e prochaine !<\/div><div class=\"fg-caption-desc\">Bon retour en Suisse. Merci pour ces moments intenses de partage et de convivialit\u00e9. \u00c0 l'ann\u00e9e prochaine !<\/div><\/div><\/figcaption><\/figure><div class=\"fg-loader\"><\/div><\/div><\/div>\n\n","protected":false},"excerpt":{"rendered":"","protected":false},"author":2,"featured_media":0,"parent":0,"menu_order":0,"comment_status":"closed","ping_status":"closed","template":"","meta":{"_monsterinsights_skip_tracking":false,"_monsterinsights_sitenote_active":false,"_monsterinsights_sitenote_note":"","_monsterinsights_sitenote_category":0,"footnotes":""},"class_list":["post-7657","page","type-page","status-publish","hentry","nodate","item-wrap"],"yoast_head":"<!-- This site is optimized with the Yoast SEO plugin v27.5 - https:\/\/yoast.com\/product\/yoast-seo-wordpress\/ -->\n<title>Summer Camp de l&#039;AMPA du 02 au 06 juillet 2025 - Aeroclub Charolais<\/title>\n<meta name=\"robots\" content=\"index, follow, max-snippet:-1, max-image-preview:large, max-video-preview:-1\" \/>\n<link rel=\"canonical\" href=\"https:\/\/www.aerodrome-paray.fr\/blog\/summer-camp-de-lampa-du-02-au-06-juillet-2025\/\" \/>\n<meta property=\"og:locale\" content=\"fr_FR\" \/>\n<meta property=\"og:type\" content=\"article\" \/>\n<meta property=\"og:title\" content=\"Summer Camp de l&#039;AMPA du 02 au 06 juillet 2025 - Aeroclub Charolais\" \/>\n<meta property=\"og:url\" content=\"https:\/\/www.aerodrome-paray.fr\/blog\/summer-camp-de-lampa-du-02-au-06-juillet-2025\/\" \/>\n<meta property=\"og:site_name\" content=\"Aeroclub Charolais\" \/>\n<meta name=\"twitter:card\" content=\"summary_large_image\" \/>\n<meta name=\"twitter:label1\" content=\"Dur\u00e9e de lecture estim\u00e9e\" \/>\n\t<meta name=\"twitter:data1\" content=\"1 minute\" \/>\n<script type=\"application\/ld+json\" class=\"yoast-schema-graph\">{\"@context\":\"https:\\\/\\\/schema.org\",\"@graph\":[{\"@type\":\"WebPage\",\"@id\":\"https:\\\/\\\/www.aerodrome-paray.fr\\\/blog\\\/summer-camp-de-lampa-du-02-au-06-juillet-2025\\\/\",\"url\":\"https:\\\/\\\/www.aerodrome-paray.fr\\\/blog\\\/summer-camp-de-lampa-du-02-au-06-juillet-2025\\\/\",\"name\":\"Summer Camp de l'AMPA du 02 au 06 juillet 2025 - Aeroclub Charolais\",\"isPartOf\":{\"@id\":\"https:\\\/\\\/www.aerodrome-paray.fr\\\/blog\\\/#website\"},\"datePublished\":\"2025-07-06T15:12:55+00:00\",\"breadcrumb\":{\"@id\":\"https:\\\/\\\/www.aerodrome-paray.fr\\\/blog\\\/summer-camp-de-lampa-du-02-au-06-juillet-2025\\\/#breadcrumb\"},\"inLanguage\":\"fr-FR\",\"potentialAction\":[{\"@type\":\"ReadAction\",\"target\":[\"https:\\\/\\\/www.aerodrome-paray.fr\\\/blog\\\/summer-camp-de-lampa-du-02-au-06-juillet-2025\\\/\"]}]},{\"@type\":\"BreadcrumbList\",\"@id\":\"https:\\\/\\\/www.aerodrome-paray.fr\\\/blog\\\/summer-camp-de-lampa-du-02-au-06-juillet-2025\\\/#breadcrumb\",\"itemListElement\":[{\"@type\":\"ListItem\",\"position\":1,\"name\":\"Accueil\",\"item\":\"https:\\\/\\\/www.aerodrome-paray.fr\\\/blog\\\/\"},{\"@type\":\"ListItem\",\"position\":2,\"name\":\"Summer Camp de l&rsquo;AMPA du 02 au 06 juillet 2025\"}]},{\"@type\":\"WebSite\",\"@id\":\"https:\\\/\\\/www.aerodrome-paray.fr\\\/blog\\\/#website\",\"url\":\"https:\\\/\\\/www.aerodrome-paray.fr\\\/blog\\\/\",\"name\":\"Aeroclub Charolais\",\"description\":\"\",\"potentialAction\":[{\"@type\":\"SearchAction\",\"target\":{\"@type\":\"EntryPoint\",\"urlTemplate\":\"https:\\\/\\\/www.aerodrome-paray.fr\\\/blog\\\/?s={search_term_string}\"},\"query-input\":{\"@type\":\"PropertyValueSpecification\",\"valueRequired\":true,\"valueName\":\"search_term_string\"}}],\"inLanguage\":\"fr-FR\"}]}<\/script>\n<!-- \/ Yoast SEO plugin. -->","yoast_head_json":{"title":"Summer Camp de l'AMPA du 02 au 06 juillet 2025 - Aeroclub Charolais","robots":{"index":"index","follow":"follow","max-snippet":"max-snippet:-1","max-image-preview":"max-image-preview:large","max-video-preview":"max-video-preview:-1"},"canonical":"https:\/\/www.aerodrome-paray.fr\/blog\/summer-camp-de-lampa-du-02-au-06-juillet-2025\/","og_locale":"fr_FR","og_type":"article","og_title":"Summer Camp de l'AMPA du 02 au 06 juillet 2025 - Aeroclub Charolais","og_url":"https:\/\/www.aerodrome-paray.fr\/blog\/summer-camp-de-lampa-du-02-au-06-juillet-2025\/","og_site_name":"Aeroclub Charolais","twitter_card":"summary_large_image","twitter_misc":{"Dur\u00e9e de lecture estim\u00e9e":"1 minute"},"schema":{"@context":"https:\/\/schema.org","@graph":[{"@type":"WebPage","@id":"https:\/\/www.aerodrome-paray.fr\/blog\/summer-camp-de-lampa-du-02-au-06-juillet-2025\/","url":"https:\/\/www.aerodrome-paray.fr\/blog\/summer-camp-de-lampa-du-02-au-06-juillet-2025\/","name":"Summer Camp de l'AMPA du 02 au 06 juillet 2025 - Aeroclub Charolais","isPartOf":{"@id":"https:\/\/www.aerodrome-paray.fr\/blog\/#website"},"datePublished":"2025-07-06T15:12:55+00:00","breadcrumb":{"@id":"https:\/\/www.aerodrome-paray.fr\/blog\/summer-camp-de-lampa-du-02-au-06-juillet-2025\/#breadcrumb"},"inLanguage":"fr-FR","potentialAction":[{"@type":"ReadAction","target":["https:\/\/www.aerodrome-paray.fr\/blog\/summer-camp-de-lampa-du-02-au-06-juillet-2025\/"]}]},{"@type":"BreadcrumbList","@id":"https:\/\/www.aerodrome-paray.fr\/blog\/summer-camp-de-lampa-du-02-au-06-juillet-2025\/#breadcrumb","itemListElement":[{"@type":"ListItem","position":1,"name":"Accueil","item":"https:\/\/www.aerodrome-paray.fr\/blog\/"},{"@type":"ListItem","position":2,"name":"Summer Camp de l&rsquo;AMPA du 02 au 06 juillet 2025"}]},{"@type":"WebSite","@id":"https:\/\/www.aerodrome-paray.fr\/blog\/#website","url":"https:\/\/www.aerodrome-paray.fr\/blog\/","name":"Aeroclub Charolais","description":"","potentialAction":[{"@type":"SearchAction","target":{"@type":"EntryPoint","urlTemplate":"https:\/\/www.aerodrome-paray.fr\/blog\/?s={search_term_string}"},"query-input":{"@type":"PropertyValueSpecification","valueRequired":true,"valueName":"search_term_string"}}],"inLanguage":"fr-FR"}]}},"_links":{"self":[{"href":"https:\/\/www.aerodrome-paray.fr\/blog\/wp-json\/wp\/v2\/pages\/7657","targetHints":{"allow":["GET"]}}],"collection":[{"href":"https:\/\/www.aerodrome-paray.fr\/blog\/wp-json\/wp\/v2\/pages"}],"about":[{"href":"https:\/\/www.aerodrome-paray.fr\/blog\/wp-json\/wp\/v2\/types\/page"}],"author":[{"embeddable":true,"href":"https:\/\/www.aerodrome-paray.fr\/blog\/wp-json\/wp\/v2\/users\/2"}],"replies":[{"embeddable":true,"href":"https:\/\/www.aerodrome-paray.fr\/blog\/wp-json\/wp\/v2\/comments?post=7657"}],"version-history":[{"count":1,"href":"https:\/\/www.aerodrome-paray.fr\/blog\/wp-json\/wp\/v2\/pages\/7657\/revisions"}],"predecessor-version":[{"id":7658,"href":"https:\/\/www.aerodrome-paray.fr\/blog\/wp-json\/wp\/v2\/pages\/7657\/revisions\/7658"}],"wp:attachment":[{"href":"https:\/\/www.aerodrome-paray.fr\/blog\/wp-json\/wp\/v2\/media?parent=7657"}],"curies":[{"name":"wp","href":"https:\/\/api.w.org\/{rel}","templated":true}]}}