{"id":7837,"date":"2025-09-02T23:49:12","date_gmt":"2025-09-02T21:49:12","guid":{"rendered":"https:\/\/www.aerodrome-paray.fr\/blog\/?page_id=7837"},"modified":"2025-09-02T23:49:12","modified_gmt":"2025-09-02T21:49:12","slug":"journees-portes-ouvertes-2025","status":"publish","type":"page","link":"https:\/\/www.aerodrome-paray.fr\/blog\/journees-portes-ouvertes-2025\/","title":{"rendered":"JOURN\u00c9ES PORTES OUVERTES 2025"},"content":{"rendered":"<style type=\"text\/css\">\n#foogallery-gallery-7833 .fg-image { width: 150px; }\n#foogallery-gallery-7833 { --fg-gutter: 10px; }<\/style>\n\t\t\t<div class=\"foogallery foogallery-container foogallery-default foogallery-lightbox-foobox fg-center fg-default fg-ready fg-light fg-border-thin fg-shadow-outline fg-loading-default fg-loaded-fade-in fg-caption-hover fg-hover-fade fg-hover-zoom\" id=\"foogallery-gallery-7833\" data-foogallery=\"{&quot;item&quot;:{&quot;showCaptionTitle&quot;:true,&quot;showCaptionDescription&quot;:true},&quot;lazy&quot;:true}\" style=\"--fg-title-line-clamp: 0; --fg-description-line-clamp: 0;\" >\n\t<div class=\"fg-item fg-type-image fg-idle\"><figure class=\"fg-item-inner\"><a href=\"https:\/\/www.aerodrome-paray.fr\/blog\/wp-content\/uploads\/AFFICHE-JPO.jpeg\" data-attachment-id=\"7834\" data-type=\"image\" class=\"fg-thumb\"><span class=\"fg-image-wrap\"><img decoding=\"async\" width=\"150\" height=\"150\" class=\"skip-lazy fg-image\" data-no-lazy=\"1\" data-src-fg=\"https:\/\/www.aerodrome-paray.fr\/blog\/wp-content\/uploads\/cache\/AFFICHE-JPO\/717661093.jpeg\" src=\"data:image\/svg+xml,%3Csvg%20xmlns%3D%22http%3A%2F%2Fwww.w3.org%2F2000%2Fsvg%22%20width%3D%22150%22%20height%3D%22150%22%20viewBox%3D%220%200%20150%20150%22%3E%3C%2Fsvg%3E\" loading=\"eager\"><\/span><span class=\"fg-image-overlay\"><\/span><\/a><\/figure><div class=\"fg-loader\"><\/div><\/div><div class=\"fg-item fg-type-image fg-idle\"><figure class=\"fg-item-inner\"><a href=\"https:\/\/www.aerodrome-paray.fr\/blog\/wp-content\/uploads\/A-1-1-scaled.jpeg\" data-caption-title=\"Samedi 30 ao\u00fbt : L&#039;a\u00e9rodrome envahi par des militaires ?\" data-attachment-id=\"7705\" data-type=\"image\" class=\"fg-thumb\"><span class=\"fg-image-wrap\"><img decoding=\"async\" title=\"Samedi 30 ao\u00fbt : L&#039;a\u00e9rodrome envahi par des militaires ?\" width=\"150\" height=\"150\" class=\"skip-lazy fg-image\" data-no-lazy=\"1\" data-src-fg=\"https:\/\/www.aerodrome-paray.fr\/blog\/wp-content\/uploads\/cache\/A-1-1-scaled\/275122444.jpeg\" src=\"data:image\/svg+xml,%3Csvg%20xmlns%3D%22http%3A%2F%2Fwww.w3.org%2F2000%2Fsvg%22%20width%3D%22150%22%20height%3D%22150%22%20viewBox%3D%220%200%20150%20150%22%3E%3C%2Fsvg%3E\" loading=\"eager\"><\/span><span class=\"fg-image-overlay\"><\/span><\/a><figcaption class=\"fg-caption\"><div class=\"fg-caption-inner\"><div class=\"fg-caption-title\">Samedi 30 ao\u00fbt : L'a\u00e9rodrome envahi par des militaires ?<\/div><\/div><\/figcaption><\/figure><div class=\"fg-loader\"><\/div><\/div><div class=\"fg-item fg-type-image fg-idle\"><figure class=\"fg-item-inner\"><a href=\"https:\/\/www.aerodrome-paray.fr\/blog\/wp-content\/uploads\/A-2-1-scaled.jpeg\" data-caption-title=\"Arriv\u00e9e de nombreux v\u00e9hicules militaires\" data-attachment-id=\"7706\" data-type=\"image\" class=\"fg-thumb\"><span class=\"fg-image-wrap\"><img decoding=\"async\" title=\"Arriv\u00e9e de nombreux v\u00e9hicules militaires\" width=\"150\" height=\"150\" class=\"skip-lazy fg-image\" data-no-lazy=\"1\" data-src-fg=\"https:\/\/www.aerodrome-paray.fr\/blog\/wp-content\/uploads\/cache\/A-2-1-scaled\/269473931.jpeg\" src=\"data:image\/svg+xml,%3Csvg%20xmlns%3D%22http%3A%2F%2Fwww.w3.org%2F2000%2Fsvg%22%20width%3D%22150%22%20height%3D%22150%22%20viewBox%3D%220%200%20150%20150%22%3E%3C%2Fsvg%3E\" loading=\"eager\"><\/span><span class=\"fg-image-overlay\"><\/span><\/a><figcaption class=\"fg-caption\"><div class=\"fg-caption-inner\"><div class=\"fg-caption-title\">Arriv\u00e9e de nombreux v\u00e9hicules militaires<\/div><\/div><\/figcaption><\/figure><div class=\"fg-loader\"><\/div><\/div><div class=\"fg-item fg-type-image fg-idle\"><figure class=\"fg-item-inner\"><a href=\"https:\/\/www.aerodrome-paray.fr\/blog\/wp-content\/uploads\/A-4-1-scaled.jpeg\" data-attachment-id=\"7709\" data-type=\"image\" class=\"fg-thumb\"><span class=\"fg-image-wrap\"><img decoding=\"async\" width=\"150\" height=\"150\" class=\"skip-lazy fg-image\" data-no-lazy=\"1\" data-src-fg=\"https:\/\/www.aerodrome-paray.fr\/blog\/wp-content\/uploads\/cache\/A-4-1-scaled\/3921827837.jpeg\" src=\"data:image\/svg+xml,%3Csvg%20xmlns%3D%22http%3A%2F%2Fwww.w3.org%2F2000%2Fsvg%22%20width%3D%22150%22%20height%3D%22150%22%20viewBox%3D%220%200%20150%20150%22%3E%3C%2Fsvg%3E\" loading=\"eager\"><\/span><span class=\"fg-image-overlay\"><\/span><\/a><\/figure><div class=\"fg-loader\"><\/div><\/div><div class=\"fg-item fg-type-image fg-idle\"><figure class=\"fg-item-inner\"><a href=\"https:\/\/www.aerodrome-paray.fr\/blog\/wp-content\/uploads\/A-3-1-scaled.jpeg\" data-attachment-id=\"7707\" data-type=\"image\" class=\"fg-thumb\"><span class=\"fg-image-wrap\"><img decoding=\"async\" width=\"150\" height=\"150\" class=\"skip-lazy fg-image\" data-no-lazy=\"1\" data-src-fg=\"https:\/\/www.aerodrome-paray.fr\/blog\/wp-content\/uploads\/cache\/A-3-1-scaled\/271095798.jpeg\" src=\"data:image\/svg+xml,%3Csvg%20xmlns%3D%22http%3A%2F%2Fwww.w3.org%2F2000%2Fsvg%22%20width%3D%22150%22%20height%3D%22150%22%20viewBox%3D%220%200%20150%20150%22%3E%3C%2Fsvg%3E\" loading=\"eager\"><\/span><span class=\"fg-image-overlay\"><\/span><\/a><\/figure><div class=\"fg-loader\"><\/div><\/div><div class=\"fg-item fg-type-image fg-idle\"><figure class=\"fg-item-inner\"><a href=\"https:\/\/www.aerodrome-paray.fr\/blog\/wp-content\/uploads\/A-5-1-scaled.jpeg\" data-caption-title=\"Nous voici replong\u00e9s dans une autre \u00e9poque...\" data-attachment-id=\"7708\" data-type=\"image\" class=\"fg-thumb\"><span class=\"fg-image-wrap\"><img decoding=\"async\" title=\"Nous voici replong\u00e9s dans une autre \u00e9poque...\" width=\"150\" height=\"150\" class=\"skip-lazy fg-image\" data-no-lazy=\"1\" data-src-fg=\"https:\/\/www.aerodrome-paray.fr\/blog\/wp-content\/uploads\/cache\/A-5-1-scaled\/3924105344.jpeg\" src=\"data:image\/svg+xml,%3Csvg%20xmlns%3D%22http%3A%2F%2Fwww.w3.org%2F2000%2Fsvg%22%20width%3D%22150%22%20height%3D%22150%22%20viewBox%3D%220%200%20150%20150%22%3E%3C%2Fsvg%3E\" loading=\"eager\"><\/span><span class=\"fg-image-overlay\"><\/span><\/a><figcaption class=\"fg-caption\"><div class=\"fg-caption-inner\"><div class=\"fg-caption-title\">Nous voici replong\u00e9s dans une autre \u00e9poque...<\/div><\/div><\/figcaption><\/figure><div class=\"fg-loader\"><\/div><\/div><div class=\"fg-item fg-type-image fg-idle\"><figure class=\"fg-item-inner\"><a href=\"https:\/\/www.aerodrome-paray.fr\/blog\/wp-content\/uploads\/A-6-1-scaled.jpeg\" data-caption-title=\"Installation  des diff\u00e9rents stands : Ici FFPLUM (F\u00e9d\u00e9ration ULM) mis en place par Michel\" data-attachment-id=\"7710\" data-type=\"image\" class=\"fg-thumb\"><span class=\"fg-image-wrap\"><img decoding=\"async\" title=\"Installation  des diff\u00e9rents stands : Ici FFPLUM (F\u00e9d\u00e9ration ULM) mis en place par Michel\" width=\"150\" height=\"150\" class=\"skip-lazy fg-image\" data-no-lazy=\"1\" data-src-fg=\"https:\/\/www.aerodrome-paray.fr\/blog\/wp-content\/uploads\/cache\/A-6-1-scaled\/3965631120.jpeg\" src=\"data:image\/svg+xml,%3Csvg%20xmlns%3D%22http%3A%2F%2Fwww.w3.org%2F2000%2Fsvg%22%20width%3D%22150%22%20height%3D%22150%22%20viewBox%3D%220%200%20150%20150%22%3E%3C%2Fsvg%3E\" loading=\"eager\"><\/span><span class=\"fg-image-overlay\"><\/span><\/a><figcaption class=\"fg-caption\"><div class=\"fg-caption-inner\"><div class=\"fg-caption-title\">Installation  des diff\u00e9rents stands : Ici FFPLUM (F\u00e9d\u00e9ration ULM) mis en place par Michel<\/div><\/div><\/figcaption><\/figure><div class=\"fg-loader\"><\/div><\/div><div class=\"fg-item fg-type-image fg-idle\"><figure class=\"fg-item-inner\"><a href=\"https:\/\/www.aerodrome-paray.fr\/blog\/wp-content\/uploads\/A-7-1-scaled.jpeg\" data-caption-title=\"Stand a\u00e9romod\u00e9lisme, association bas\u00e9e sur notre plateforme\" data-attachment-id=\"7711\" data-type=\"image\" class=\"fg-thumb\"><span class=\"fg-image-wrap\"><img decoding=\"async\" title=\"Stand a\u00e9romod\u00e9lisme, association bas\u00e9e sur notre plateforme\" width=\"150\" height=\"150\" class=\"skip-lazy fg-image\" data-no-lazy=\"1\" data-src-fg=\"https:\/\/www.aerodrome-paray.fr\/blog\/wp-content\/uploads\/cache\/A-7-1-scaled\/3967415789.jpeg\" src=\"data:image\/svg+xml,%3Csvg%20xmlns%3D%22http%3A%2F%2Fwww.w3.org%2F2000%2Fsvg%22%20width%3D%22150%22%20height%3D%22150%22%20viewBox%3D%220%200%20150%20150%22%3E%3C%2Fsvg%3E\" loading=\"eager\"><\/span><span class=\"fg-image-overlay\"><\/span><\/a><figcaption class=\"fg-caption\"><div class=\"fg-caption-inner\"><div class=\"fg-caption-title\">Stand a\u00e9romod\u00e9lisme, association bas\u00e9e sur notre plateforme<\/div><\/div><\/figcaption><\/figure><div class=\"fg-loader\"><\/div><\/div><div class=\"fg-item fg-type-image fg-idle\"><figure class=\"fg-item-inner\"><a href=\"https:\/\/www.aerodrome-paray.fr\/blog\/wp-content\/uploads\/A-8-1-scaled.jpeg\" data-caption-title=\"La buvette commence \u00e0 s&#039;animer\" data-attachment-id=\"7712\" data-type=\"image\" class=\"fg-thumb\"><span class=\"fg-image-wrap\"><img decoding=\"async\" title=\"La buvette commence \u00e0 s&#039;animer\" width=\"150\" height=\"150\" class=\"skip-lazy fg-image\" data-no-lazy=\"1\" data-src-fg=\"https:\/\/www.aerodrome-paray.fr\/blog\/wp-content\/uploads\/cache\/A-8-1-scaled\/4041825632.jpeg\" src=\"data:image\/svg+xml,%3Csvg%20xmlns%3D%22http%3A%2F%2Fwww.w3.org%2F2000%2Fsvg%22%20width%3D%22150%22%20height%3D%22150%22%20viewBox%3D%220%200%20150%20150%22%3E%3C%2Fsvg%3E\" loading=\"eager\"><\/span><span class=\"fg-image-overlay\"><\/span><\/a><figcaption class=\"fg-caption\"><div class=\"fg-caption-inner\"><div class=\"fg-caption-title\">La buvette commence \u00e0 s'animer<\/div><\/div><\/figcaption><\/figure><div class=\"fg-loader\"><\/div><\/div><div class=\"fg-item fg-type-image fg-idle\"><figure class=\"fg-item-inner\"><a href=\"https:\/\/www.aerodrome-paray.fr\/blog\/wp-content\/uploads\/B-1.jpeg\" data-caption-title=\"Mise en place des appareils pour les vols d\u00e9couverte : Robin DR-220\" data-attachment-id=\"7732\" data-type=\"image\" class=\"fg-thumb\"><span class=\"fg-image-wrap\"><img decoding=\"async\" title=\"Mise en place des appareils pour les vols d\u00e9couverte : Robin DR-220\" width=\"150\" height=\"150\" class=\"skip-lazy fg-image\" data-no-lazy=\"1\" data-src-fg=\"https:\/\/www.aerodrome-paray.fr\/blog\/wp-content\/uploads\/cache\/B-1\/423773812.jpeg\" src=\"data:image\/svg+xml,%3Csvg%20xmlns%3D%22http%3A%2F%2Fwww.w3.org%2F2000%2Fsvg%22%20width%3D%22150%22%20height%3D%22150%22%20viewBox%3D%220%200%20150%20150%22%3E%3C%2Fsvg%3E\" loading=\"eager\"><\/span><span class=\"fg-image-overlay\"><\/span><\/a><figcaption class=\"fg-caption\"><div class=\"fg-caption-inner\"><div class=\"fg-caption-title\">Mise en place des appareils pour les vols d\u00e9couverte : Robin DR-220<\/div><\/div><\/figcaption><\/figure><div class=\"fg-loader\"><\/div><\/div><div class=\"fg-item fg-type-image fg-idle\"><figure class=\"fg-item-inner\"><a href=\"https:\/\/www.aerodrome-paray.fr\/blog\/wp-content\/uploads\/B-4-scaled.jpeg\" data-caption-title=\"Tecnam PE-92 Echo\" data-attachment-id=\"7713\" data-type=\"image\" class=\"fg-thumb\"><span class=\"fg-image-wrap\"><img decoding=\"async\" title=\"Tecnam PE-92 Echo\" width=\"150\" height=\"150\" class=\"skip-lazy fg-image\" data-no-lazy=\"1\" data-src-fg=\"https:\/\/www.aerodrome-paray.fr\/blog\/wp-content\/uploads\/cache\/B-4-scaled\/2099439994.jpeg\" src=\"data:image\/svg+xml,%3Csvg%20xmlns%3D%22http%3A%2F%2Fwww.w3.org%2F2000%2Fsvg%22%20width%3D%22150%22%20height%3D%22150%22%20viewBox%3D%220%200%20150%20150%22%3E%3C%2Fsvg%3E\" loading=\"eager\"><\/span><span class=\"fg-image-overlay\"><\/span><\/a><figcaption class=\"fg-caption\"><div class=\"fg-caption-inner\"><div class=\"fg-caption-title\">Tecnam PE-92 Echo<\/div><\/div><\/figcaption><\/figure><div class=\"fg-loader\"><\/div><\/div><div class=\"fg-item fg-type-image fg-idle\"><figure class=\"fg-item-inner\"><a href=\"https:\/\/www.aerodrome-paray.fr\/blog\/wp-content\/uploads\/B-2-scaled.jpeg\" data-caption-title=\"Viper SD-4\" data-attachment-id=\"7714\" data-type=\"image\" class=\"fg-thumb\"><span class=\"fg-image-wrap\"><img decoding=\"async\" title=\"Viper SD-4\" width=\"150\" height=\"150\" class=\"skip-lazy fg-image\" data-no-lazy=\"1\" data-src-fg=\"https:\/\/www.aerodrome-paray.fr\/blog\/wp-content\/uploads\/cache\/B-2-scaled\/3951831549.jpeg\" src=\"data:image\/svg+xml,%3Csvg%20xmlns%3D%22http%3A%2F%2Fwww.w3.org%2F2000%2Fsvg%22%20width%3D%22150%22%20height%3D%22150%22%20viewBox%3D%220%200%20150%20150%22%3E%3C%2Fsvg%3E\" loading=\"eager\"><\/span><span class=\"fg-image-overlay\"><\/span><\/a><figcaption class=\"fg-caption\"><div class=\"fg-caption-inner\"><div class=\"fg-caption-title\">Viper SD-4<\/div><\/div><\/figcaption><\/figure><div class=\"fg-loader\"><\/div><\/div><div class=\"fg-item fg-type-image fg-idle\"><figure class=\"fg-item-inner\"><a href=\"https:\/\/www.aerodrome-paray.fr\/blog\/wp-content\/uploads\/B-3.jpeg\" data-caption-title=\"VL3\" data-attachment-id=\"7726\" data-type=\"image\" class=\"fg-thumb\"><span class=\"fg-image-wrap\"><img decoding=\"async\" title=\"VL3\" width=\"150\" height=\"150\" class=\"skip-lazy fg-image\" data-no-lazy=\"1\" data-src-fg=\"https:\/\/www.aerodrome-paray.fr\/blog\/wp-content\/uploads\/cache\/B-3\/2728057481.jpeg\" src=\"data:image\/svg+xml,%3Csvg%20xmlns%3D%22http%3A%2F%2Fwww.w3.org%2F2000%2Fsvg%22%20width%3D%22150%22%20height%3D%22150%22%20viewBox%3D%220%200%20150%20150%22%3E%3C%2Fsvg%3E\" loading=\"eager\"><\/span><span class=\"fg-image-overlay\"><\/span><\/a><figcaption class=\"fg-caption\"><div class=\"fg-caption-inner\"><div class=\"fg-caption-title\">VL3<\/div><\/div><\/figcaption><\/figure><div class=\"fg-loader\"><\/div><\/div><div class=\"fg-item fg-type-image fg-idle\"><figure class=\"fg-item-inner\"><a href=\"https:\/\/www.aerodrome-paray.fr\/blog\/wp-content\/uploads\/B-6.jpeg\" data-caption-title=\"FK12 Comet\" data-attachment-id=\"7724\" data-type=\"image\" class=\"fg-thumb\"><span class=\"fg-image-wrap\"><img decoding=\"async\" title=\"FK12 Comet\" width=\"150\" height=\"150\" class=\"skip-lazy fg-image\" data-no-lazy=\"1\" data-src-fg=\"https:\/\/www.aerodrome-paray.fr\/blog\/wp-content\/uploads\/cache\/B-6\/1251070489.jpeg\" src=\"data:image\/svg+xml,%3Csvg%20xmlns%3D%22http%3A%2F%2Fwww.w3.org%2F2000%2Fsvg%22%20width%3D%22150%22%20height%3D%22150%22%20viewBox%3D%220%200%20150%20150%22%3E%3C%2Fsvg%3E\" loading=\"eager\"><\/span><span class=\"fg-image-overlay\"><\/span><\/a><figcaption class=\"fg-caption\"><div class=\"fg-caption-inner\"><div class=\"fg-caption-title\">FK12 Comet<\/div><\/div><\/figcaption><\/figure><div class=\"fg-loader\"><\/div><\/div><div class=\"fg-item fg-type-image fg-idle\"><figure class=\"fg-item-inner\"><a href=\"https:\/\/www.aerodrome-paray.fr\/blog\/wp-content\/uploads\/B-5.jpeg\" data-caption-title=\"Autogire AUTOGYRO MTO SPORT 2010 ROTAX 914\" data-attachment-id=\"7725\" data-type=\"image\" class=\"fg-thumb\"><span class=\"fg-image-wrap\"><img decoding=\"async\" title=\"Autogire AUTOGYRO MTO SPORT 2010 ROTAX 914\" width=\"150\" height=\"150\" class=\"skip-lazy fg-image\" data-no-lazy=\"1\" data-src-fg=\"https:\/\/www.aerodrome-paray.fr\/blog\/wp-content\/uploads\/cache\/B-5\/3488238355.jpeg\" src=\"data:image\/svg+xml,%3Csvg%20xmlns%3D%22http%3A%2F%2Fwww.w3.org%2F2000%2Fsvg%22%20width%3D%22150%22%20height%3D%22150%22%20viewBox%3D%220%200%20150%20150%22%3E%3C%2Fsvg%3E\" loading=\"eager\"><\/span><span class=\"fg-image-overlay\"><\/span><\/a><figcaption class=\"fg-caption\"><div class=\"fg-caption-inner\"><div class=\"fg-caption-title\">Autogire AUTOGYRO MTO SPORT 2010 ROTAX 914<\/div><\/div><\/figcaption><\/figure><div class=\"fg-loader\"><\/div><\/div><div class=\"fg-item fg-type-image fg-idle\"><figure class=\"fg-item-inner\"><a href=\"https:\/\/www.aerodrome-paray.fr\/blog\/wp-content\/uploads\/B-7.jpeg\" data-caption-title=\"Le Maule nous rejoindra en renfort le dimanche\" data-attachment-id=\"7723\" data-type=\"image\" class=\"fg-thumb\"><span class=\"fg-image-wrap\"><img decoding=\"async\" title=\"Le Maule nous rejoindra en renfort le dimanche\" width=\"150\" height=\"150\" class=\"skip-lazy fg-image\" data-no-lazy=\"1\" data-src-fg=\"https:\/\/www.aerodrome-paray.fr\/blog\/wp-content\/uploads\/cache\/B-7\/3720983477.jpeg\" src=\"data:image\/svg+xml,%3Csvg%20xmlns%3D%22http%3A%2F%2Fwww.w3.org%2F2000%2Fsvg%22%20width%3D%22150%22%20height%3D%22150%22%20viewBox%3D%220%200%20150%20150%22%3E%3C%2Fsvg%3E\" loading=\"eager\"><\/span><span class=\"fg-image-overlay\"><\/span><\/a><figcaption class=\"fg-caption\"><div class=\"fg-caption-inner\"><div class=\"fg-caption-title\">Le Maule nous rejoindra en renfort le dimanche<\/div><\/div><\/figcaption><\/figure><div class=\"fg-loader\"><\/div><\/div><div class=\"fg-item fg-type-image fg-idle\"><figure class=\"fg-item-inner\"><a href=\"https:\/\/www.aerodrome-paray.fr\/blog\/wp-content\/uploads\/B-8.jpeg\" data-caption-title=\"Belle surprise c\u00f4t\u00e9 m\u00e9t\u00e9o : temps calme, temp\u00e9ratures agr\u00e9ables, belles \u00e9claircies\" data-attachment-id=\"7722\" data-type=\"image\" class=\"fg-thumb\"><span class=\"fg-image-wrap\"><img decoding=\"async\" title=\"Belle surprise c\u00f4t\u00e9 m\u00e9t\u00e9o : temps calme, temp\u00e9ratures agr\u00e9ables, belles \u00e9claircies\" width=\"150\" height=\"150\" class=\"skip-lazy fg-image\" data-no-lazy=\"1\" data-src-fg=\"https:\/\/www.aerodrome-paray.fr\/blog\/wp-content\/uploads\/cache\/B-8\/3196508587.jpeg\" src=\"data:image\/svg+xml,%3Csvg%20xmlns%3D%22http%3A%2F%2Fwww.w3.org%2F2000%2Fsvg%22%20width%3D%22150%22%20height%3D%22150%22%20viewBox%3D%220%200%20150%20150%22%3E%3C%2Fsvg%3E\" loading=\"eager\"><\/span><span class=\"fg-image-overlay\"><\/span><\/a><figcaption class=\"fg-caption\"><div class=\"fg-caption-inner\"><div class=\"fg-caption-title\">Belle surprise c\u00f4t\u00e9 m\u00e9t\u00e9o : temps calme, temp\u00e9ratures agr\u00e9ables, belles \u00e9claircies<\/div><\/div><\/figcaption><\/figure><div class=\"fg-loader\"><\/div><\/div><div class=\"fg-item fg-type-image fg-idle\"><figure class=\"fg-item-inner\"><a href=\"https:\/\/www.aerodrome-paray.fr\/blog\/wp-content\/uploads\/C-1.jpeg\" data-caption-title=\"C\u00f4t\u00e9 planeurs, le mat\u00e9riel est \u00e9galement mis en place\" data-attachment-id=\"7740\" data-type=\"image\" class=\"fg-thumb\"><span class=\"fg-image-wrap\"><img decoding=\"async\" title=\"C\u00f4t\u00e9 planeurs, le mat\u00e9riel est \u00e9galement mis en place\" width=\"150\" height=\"150\" class=\"skip-lazy fg-image\" data-no-lazy=\"1\" data-src-fg=\"https:\/\/www.aerodrome-paray.fr\/blog\/wp-content\/uploads\/cache\/C-1\/1248135415.jpeg\" src=\"data:image\/svg+xml,%3Csvg%20xmlns%3D%22http%3A%2F%2Fwww.w3.org%2F2000%2Fsvg%22%20width%3D%22150%22%20height%3D%22150%22%20viewBox%3D%220%200%20150%20150%22%3E%3C%2Fsvg%3E\" loading=\"eager\"><\/span><span class=\"fg-image-overlay\"><\/span><\/a><figcaption class=\"fg-caption\"><div class=\"fg-caption-inner\"><div class=\"fg-caption-title\">C\u00f4t\u00e9 planeurs, le mat\u00e9riel est \u00e9galement mis en place<\/div><\/div><\/figcaption><\/figure><div class=\"fg-loader\"><\/div><\/div><div class=\"fg-item fg-type-image fg-idle\"><figure class=\"fg-item-inner\"><a href=\"https:\/\/www.aerodrome-paray.fr\/blog\/wp-content\/uploads\/C-2.jpeg\" data-caption-title=\"Bel alignement des appareils devant le club-house\" data-attachment-id=\"7739\" data-type=\"image\" class=\"fg-thumb\"><span class=\"fg-image-wrap\"><img decoding=\"async\" title=\"Bel alignement des appareils devant le club-house\" width=\"150\" height=\"150\" class=\"skip-lazy fg-image\" data-no-lazy=\"1\" data-src-fg=\"https:\/\/www.aerodrome-paray.fr\/blog\/wp-content\/uploads\/cache\/C-2\/415854814.jpeg\" src=\"data:image\/svg+xml,%3Csvg%20xmlns%3D%22http%3A%2F%2Fwww.w3.org%2F2000%2Fsvg%22%20width%3D%22150%22%20height%3D%22150%22%20viewBox%3D%220%200%20150%20150%22%3E%3C%2Fsvg%3E\" loading=\"eager\"><\/span><span class=\"fg-image-overlay\"><\/span><\/a><figcaption class=\"fg-caption\"><div class=\"fg-caption-inner\"><div class=\"fg-caption-title\">Bel alignement des appareils devant le club-house<\/div><\/div><\/figcaption><\/figure><div class=\"fg-loader\"><\/div><\/div><div class=\"fg-item fg-type-image fg-idle\"><figure class=\"fg-item-inner\"><a href=\"https:\/\/www.aerodrome-paray.fr\/blog\/wp-content\/uploads\/C-3.jpeg\" data-attachment-id=\"7738\" data-type=\"image\" class=\"fg-thumb\"><span class=\"fg-image-wrap\"><img decoding=\"async\" width=\"150\" height=\"150\" class=\"skip-lazy fg-image\" data-no-lazy=\"1\" data-src-fg=\"https:\/\/www.aerodrome-paray.fr\/blog\/wp-content\/uploads\/cache\/C-3\/3007627602.jpeg\" src=\"data:image\/svg+xml,%3Csvg%20xmlns%3D%22http%3A%2F%2Fwww.w3.org%2F2000%2Fsvg%22%20width%3D%22150%22%20height%3D%22150%22%20viewBox%3D%220%200%20150%20150%22%3E%3C%2Fsvg%3E\" loading=\"eager\"><\/span><span class=\"fg-image-overlay\"><\/span><\/a><\/figure><div class=\"fg-loader\"><\/div><\/div><div class=\"fg-item fg-type-image fg-idle\"><figure class=\"fg-item-inner\"><a href=\"https:\/\/www.aerodrome-paray.fr\/blog\/wp-content\/uploads\/C-4.jpeg\" data-caption-title=\"Le fid\u00e8le remorqueur MS Rallye pour les planeurs\" data-attachment-id=\"7737\" data-type=\"image\" class=\"fg-thumb\"><span class=\"fg-image-wrap\"><img decoding=\"async\" title=\"Le fid\u00e8le remorqueur MS Rallye pour les planeurs\" width=\"150\" height=\"150\" class=\"skip-lazy fg-image\" data-no-lazy=\"1\" data-src-fg=\"https:\/\/www.aerodrome-paray.fr\/blog\/wp-content\/uploads\/cache\/C-4\/2967790795.jpeg\" src=\"data:image\/svg+xml,%3Csvg%20xmlns%3D%22http%3A%2F%2Fwww.w3.org%2F2000%2Fsvg%22%20width%3D%22150%22%20height%3D%22150%22%20viewBox%3D%220%200%20150%20150%22%3E%3C%2Fsvg%3E\" loading=\"eager\"><\/span><span class=\"fg-image-overlay\"><\/span><\/a><figcaption class=\"fg-caption\"><div class=\"fg-caption-inner\"><div class=\"fg-caption-title\">Le fid\u00e8le remorqueur MS Rallye pour les planeurs<\/div><\/div><\/figcaption><\/figure><div class=\"fg-loader\"><\/div><\/div><div class=\"fg-item fg-type-image fg-idle\"><figure class=\"fg-item-inner\"><a href=\"https:\/\/www.aerodrome-paray.fr\/blog\/wp-content\/uploads\/D-1.jpeg\" data-caption-title=\"Un beau plateau de voitures de collection...\" data-attachment-id=\"7747\" data-type=\"image\" class=\"fg-thumb\"><span class=\"fg-image-wrap\"><img decoding=\"async\" title=\"Un beau plateau de voitures de collection...\" width=\"150\" height=\"150\" class=\"skip-lazy fg-image\" data-no-lazy=\"1\" data-src-fg=\"https:\/\/www.aerodrome-paray.fr\/blog\/wp-content\/uploads\/cache\/D-1\/3816646811.jpeg\" src=\"data:image\/svg+xml,%3Csvg%20xmlns%3D%22http%3A%2F%2Fwww.w3.org%2F2000%2Fsvg%22%20width%3D%22150%22%20height%3D%22150%22%20viewBox%3D%220%200%20150%20150%22%3E%3C%2Fsvg%3E\" loading=\"eager\"><\/span><span class=\"fg-image-overlay\"><\/span><\/a><figcaption class=\"fg-caption\"><div class=\"fg-caption-inner\"><div class=\"fg-caption-title\">Un beau plateau de voitures de collection...<\/div><\/div><\/figcaption><\/figure><div class=\"fg-loader\"><\/div><\/div><div class=\"fg-item fg-type-image fg-idle\"><figure class=\"fg-item-inner\"><a href=\"https:\/\/www.aerodrome-paray.fr\/blog\/wp-content\/uploads\/D-2.jpeg\" data-caption-title=\"... qui sera renouvel\u00e9 tout au long de ces deux journ\u00e9es.\" data-attachment-id=\"7746\" data-type=\"image\" class=\"fg-thumb\"><span class=\"fg-image-wrap\"><img decoding=\"async\" title=\"... qui sera renouvel\u00e9 tout au long de ces deux journ\u00e9es.\" width=\"150\" height=\"150\" class=\"skip-lazy fg-image\" data-no-lazy=\"1\" data-src-fg=\"https:\/\/www.aerodrome-paray.fr\/blog\/wp-content\/uploads\/cache\/D-2\/1711731089.jpeg\" src=\"data:image\/svg+xml,%3Csvg%20xmlns%3D%22http%3A%2F%2Fwww.w3.org%2F2000%2Fsvg%22%20width%3D%22150%22%20height%3D%22150%22%20viewBox%3D%220%200%20150%20150%22%3E%3C%2Fsvg%3E\" loading=\"eager\"><\/span><span class=\"fg-image-overlay\"><\/span><\/a><figcaption class=\"fg-caption\"><div class=\"fg-caption-inner\"><div class=\"fg-caption-title\">... qui sera renouvel\u00e9 tout au long de ces deux journ\u00e9es.<\/div><\/div><\/figcaption><\/figure><div class=\"fg-loader\"><\/div><\/div><div class=\"fg-item fg-type-image fg-idle\"><figure class=\"fg-item-inner\"><a href=\"https:\/\/www.aerodrome-paray.fr\/blog\/wp-content\/uploads\/D-3.jpeg\" data-attachment-id=\"7745\" data-type=\"image\" class=\"fg-thumb\"><span class=\"fg-image-wrap\"><img decoding=\"async\" width=\"150\" height=\"150\" class=\"skip-lazy fg-image\" data-no-lazy=\"1\" data-src-fg=\"https:\/\/www.aerodrome-paray.fr\/blog\/wp-content\/uploads\/cache\/D-3\/1863781826.jpeg\" src=\"data:image\/svg+xml,%3Csvg%20xmlns%3D%22http%3A%2F%2Fwww.w3.org%2F2000%2Fsvg%22%20width%3D%22150%22%20height%3D%22150%22%20viewBox%3D%220%200%20150%20150%22%3E%3C%2Fsvg%3E\" loading=\"eager\"><\/span><span class=\"fg-image-overlay\"><\/span><\/a><\/figure><div class=\"fg-loader\"><\/div><\/div><div class=\"fg-item fg-type-image fg-idle\"><figure class=\"fg-item-inner\"><a href=\"https:\/\/www.aerodrome-paray.fr\/blog\/wp-content\/uploads\/D-4.jpeg\" data-caption-title=\"De belles machines bichonn\u00e9es par leurs propri\u00e9taires\" data-attachment-id=\"7744\" data-type=\"image\" class=\"fg-thumb\"><span class=\"fg-image-wrap\"><img decoding=\"async\" title=\"De belles machines bichonn\u00e9es par leurs propri\u00e9taires\" width=\"150\" height=\"150\" class=\"skip-lazy fg-image\" data-no-lazy=\"1\" data-src-fg=\"https:\/\/www.aerodrome-paray.fr\/blog\/wp-content\/uploads\/cache\/D-4\/3078669764.jpeg\" src=\"data:image\/svg+xml,%3Csvg%20xmlns%3D%22http%3A%2F%2Fwww.w3.org%2F2000%2Fsvg%22%20width%3D%22150%22%20height%3D%22150%22%20viewBox%3D%220%200%20150%20150%22%3E%3C%2Fsvg%3E\" loading=\"eager\"><\/span><span class=\"fg-image-overlay\"><\/span><\/a><figcaption class=\"fg-caption\"><div class=\"fg-caption-inner\"><div class=\"fg-caption-title\">De belles machines bichonn\u00e9es par leurs propri\u00e9taires<\/div><\/div><\/figcaption><\/figure><div class=\"fg-loader\"><\/div><\/div><div class=\"fg-item fg-type-image fg-idle\"><figure class=\"fg-item-inner\"><a href=\"https:\/\/www.aerodrome-paray.fr\/blog\/wp-content\/uploads\/D-5.jpeg\" data-attachment-id=\"7743\" data-type=\"image\" class=\"fg-thumb\"><span class=\"fg-image-wrap\"><img decoding=\"async\" width=\"150\" height=\"150\" class=\"skip-lazy fg-image\" data-no-lazy=\"1\" data-src-fg=\"https:\/\/www.aerodrome-paray.fr\/blog\/wp-content\/uploads\/cache\/D-5\/551068776.jpeg\" src=\"data:image\/svg+xml,%3Csvg%20xmlns%3D%22http%3A%2F%2Fwww.w3.org%2F2000%2Fsvg%22%20width%3D%22150%22%20height%3D%22150%22%20viewBox%3D%220%200%20150%20150%22%3E%3C%2Fsvg%3E\" loading=\"eager\"><\/span><span class=\"fg-image-overlay\"><\/span><\/a><\/figure><div class=\"fg-loader\"><\/div><\/div><div class=\"fg-item fg-type-image fg-idle\"><figure class=\"fg-item-inner\"><a href=\"https:\/\/www.aerodrome-paray.fr\/blog\/wp-content\/uploads\/D-6.jpeg\" data-caption-title=\"Un \u00e9tat exceptionnel pour ces Citro\u00ebn Traction\" data-attachment-id=\"7742\" data-type=\"image\" class=\"fg-thumb\"><span class=\"fg-image-wrap\"><img decoding=\"async\" title=\"Un \u00e9tat exceptionnel pour ces Citro\u00ebn Traction\" width=\"150\" height=\"150\" class=\"skip-lazy fg-image\" data-no-lazy=\"1\" data-src-fg=\"https:\/\/www.aerodrome-paray.fr\/blog\/wp-content\/uploads\/cache\/D-6\/2778938722.jpeg\" src=\"data:image\/svg+xml,%3Csvg%20xmlns%3D%22http%3A%2F%2Fwww.w3.org%2F2000%2Fsvg%22%20width%3D%22150%22%20height%3D%22150%22%20viewBox%3D%220%200%20150%20150%22%3E%3C%2Fsvg%3E\" loading=\"eager\"><\/span><span class=\"fg-image-overlay\"><\/span><\/a><figcaption class=\"fg-caption\"><div class=\"fg-caption-inner\"><div class=\"fg-caption-title\">Un \u00e9tat exceptionnel pour ces Citro\u00ebn Traction<\/div><\/div><\/figcaption><\/figure><div class=\"fg-loader\"><\/div><\/div><div class=\"fg-item fg-type-image fg-idle\"><figure class=\"fg-item-inner\"><a href=\"https:\/\/www.aerodrome-paray.fr\/blog\/wp-content\/uploads\/20307456.jpeg\" data-attachment-id=\"7836\" data-type=\"image\" class=\"fg-thumb\"><span class=\"fg-image-wrap\"><img decoding=\"async\" width=\"150\" height=\"150\" class=\"skip-lazy fg-image\" data-no-lazy=\"1\" data-src-fg=\"https:\/\/www.aerodrome-paray.fr\/blog\/wp-content\/uploads\/cache\/20307456\/4021230227.jpeg\" src=\"data:image\/svg+xml,%3Csvg%20xmlns%3D%22http%3A%2F%2Fwww.w3.org%2F2000%2Fsvg%22%20width%3D%22150%22%20height%3D%22150%22%20viewBox%3D%220%200%20150%20150%22%3E%3C%2Fsvg%3E\" loading=\"eager\"><\/span><span class=\"fg-image-overlay\"><\/span><\/a><\/figure><div class=\"fg-loader\"><\/div><\/div><div class=\"fg-item fg-type-image fg-idle\"><figure class=\"fg-item-inner\"><a href=\"https:\/\/www.aerodrome-paray.fr\/blog\/wp-content\/uploads\/CN5A2015.jpeg\" data-attachment-id=\"7835\" data-type=\"image\" class=\"fg-thumb\"><span class=\"fg-image-wrap\"><img decoding=\"async\" width=\"150\" height=\"150\" class=\"skip-lazy fg-image\" data-no-lazy=\"1\" data-src-fg=\"https:\/\/www.aerodrome-paray.fr\/blog\/wp-content\/uploads\/cache\/CN5A2015\/270009124.jpeg\" src=\"data:image\/svg+xml,%3Csvg%20xmlns%3D%22http%3A%2F%2Fwww.w3.org%2F2000%2Fsvg%22%20width%3D%22150%22%20height%3D%22150%22%20viewBox%3D%220%200%20150%20150%22%3E%3C%2Fsvg%3E\" loading=\"eager\"><\/span><span class=\"fg-image-overlay\"><\/span><\/a><\/figure><div class=\"fg-loader\"><\/div><\/div><div class=\"fg-item fg-type-image fg-idle\"><figure class=\"fg-item-inner\"><a href=\"https:\/\/www.aerodrome-paray.fr\/blog\/wp-content\/uploads\/D-8.jpeg\" data-caption-title=\"Voitures anciennes et plus r\u00e9centes sous un ciel de plus en plus lumineux\" data-attachment-id=\"7741\" data-type=\"image\" class=\"fg-thumb\"><span class=\"fg-image-wrap\"><img decoding=\"async\" title=\"Voitures anciennes et plus r\u00e9centes sous un ciel de plus en plus lumineux\" width=\"150\" height=\"150\" class=\"skip-lazy fg-image\" data-no-lazy=\"1\" data-src-fg=\"https:\/\/www.aerodrome-paray.fr\/blog\/wp-content\/uploads\/cache\/D-8\/1930104544.jpeg\" src=\"data:image\/svg+xml,%3Csvg%20xmlns%3D%22http%3A%2F%2Fwww.w3.org%2F2000%2Fsvg%22%20width%3D%22150%22%20height%3D%22150%22%20viewBox%3D%220%200%20150%20150%22%3E%3C%2Fsvg%3E\" loading=\"eager\"><\/span><span class=\"fg-image-overlay\"><\/span><\/a><figcaption class=\"fg-caption\"><div class=\"fg-caption-inner\"><div class=\"fg-caption-title\">Voitures anciennes et plus r\u00e9centes sous un ciel de plus en plus lumineux<\/div><\/div><\/figcaption><\/figure><div class=\"fg-loader\"><\/div><\/div><div class=\"fg-item fg-type-image fg-idle\"><figure class=\"fg-item-inner\"><a href=\"https:\/\/www.aerodrome-paray.fr\/blog\/wp-content\/uploads\/E-1.jpeg\" data-caption-title=\"Plusieurs associations se sont regroup\u00e9es pour monter un camp militaire exceptionnel\" data-attachment-id=\"7766\" data-type=\"image\" class=\"fg-thumb\"><span class=\"fg-image-wrap\"><img decoding=\"async\" title=\"Plusieurs associations se sont regroup\u00e9es pour monter un camp militaire exceptionnel\" width=\"150\" height=\"150\" class=\"skip-lazy fg-image\" data-no-lazy=\"1\" data-src-fg=\"https:\/\/www.aerodrome-paray.fr\/blog\/wp-content\/uploads\/cache\/E-1\/2295021980.jpeg\" src=\"data:image\/svg+xml,%3Csvg%20xmlns%3D%22http%3A%2F%2Fwww.w3.org%2F2000%2Fsvg%22%20width%3D%22150%22%20height%3D%22150%22%20viewBox%3D%220%200%20150%20150%22%3E%3C%2Fsvg%3E\" loading=\"eager\"><\/span><span class=\"fg-image-overlay\"><\/span><\/a><figcaption class=\"fg-caption\"><div class=\"fg-caption-inner\"><div class=\"fg-caption-title\">Plusieurs associations se sont regroup\u00e9es pour monter un camp militaire exceptionnel<\/div><\/div><\/figcaption><\/figure><div class=\"fg-loader\"><\/div><\/div><div class=\"fg-item fg-type-image fg-idle\"><figure class=\"fg-item-inner\"><a href=\"https:\/\/www.aerodrome-paray.fr\/blog\/wp-content\/uploads\/E-2.jpeg\" data-caption-title=\"Une reconstitution tr\u00e8s fid\u00e8le, beaucoup de r\u00e9alisme...\" data-attachment-id=\"7765\" data-type=\"image\" class=\"fg-thumb\"><span class=\"fg-image-wrap\"><img decoding=\"async\" title=\"Une reconstitution tr\u00e8s fid\u00e8le, beaucoup de r\u00e9alisme...\" width=\"150\" height=\"150\" class=\"skip-lazy fg-image\" data-no-lazy=\"1\" data-src-fg=\"https:\/\/www.aerodrome-paray.fr\/blog\/wp-content\/uploads\/cache\/E-2\/2938934601.jpeg\" src=\"data:image\/svg+xml,%3Csvg%20xmlns%3D%22http%3A%2F%2Fwww.w3.org%2F2000%2Fsvg%22%20width%3D%22150%22%20height%3D%22150%22%20viewBox%3D%220%200%20150%20150%22%3E%3C%2Fsvg%3E\" loading=\"eager\"><\/span><span class=\"fg-image-overlay\"><\/span><\/a><figcaption class=\"fg-caption\"><div class=\"fg-caption-inner\"><div class=\"fg-caption-title\">Une reconstitution tr\u00e8s fid\u00e8le, beaucoup de r\u00e9alisme...<\/div><\/div><\/figcaption><\/figure><div class=\"fg-loader\"><\/div><\/div><div class=\"fg-item fg-type-image fg-idle\"><figure class=\"fg-item-inner\"><a href=\"https:\/\/www.aerodrome-paray.fr\/blog\/wp-content\/uploads\/E-3.jpeg\" data-attachment-id=\"7764\" data-type=\"image\" class=\"fg-thumb\"><span class=\"fg-image-wrap\"><img decoding=\"async\" width=\"150\" height=\"150\" class=\"skip-lazy fg-image\" data-no-lazy=\"1\" data-src-fg=\"https:\/\/www.aerodrome-paray.fr\/blog\/wp-content\/uploads\/cache\/E-3\/77669573.jpeg\" src=\"data:image\/svg+xml,%3Csvg%20xmlns%3D%22http%3A%2F%2Fwww.w3.org%2F2000%2Fsvg%22%20width%3D%22150%22%20height%3D%22150%22%20viewBox%3D%220%200%20150%20150%22%3E%3C%2Fsvg%3E\" loading=\"eager\"><\/span><span class=\"fg-image-overlay\"><\/span><\/a><\/figure><div class=\"fg-loader\"><\/div><\/div><div class=\"fg-item fg-type-image fg-idle\"><figure class=\"fg-item-inner\"><a href=\"https:\/\/www.aerodrome-paray.fr\/blog\/wp-content\/uploads\/E-4.jpeg\" data-attachment-id=\"7763\" data-type=\"image\" class=\"fg-thumb\"><span class=\"fg-image-wrap\"><img decoding=\"async\" width=\"150\" height=\"150\" class=\"skip-lazy fg-image\" data-no-lazy=\"1\" data-src-fg=\"https:\/\/www.aerodrome-paray.fr\/blog\/wp-content\/uploads\/cache\/E-4\/3772988643.jpeg\" src=\"data:image\/svg+xml,%3Csvg%20xmlns%3D%22http%3A%2F%2Fwww.w3.org%2F2000%2Fsvg%22%20width%3D%22150%22%20height%3D%22150%22%20viewBox%3D%220%200%20150%20150%22%3E%3C%2Fsvg%3E\" loading=\"eager\"><\/span><span class=\"fg-image-overlay\"><\/span><\/a><\/figure><div class=\"fg-loader\"><\/div><\/div><div class=\"fg-item fg-type-image fg-idle\"><figure class=\"fg-item-inner\"><a href=\"https:\/\/www.aerodrome-paray.fr\/blog\/wp-content\/uploads\/E-5.jpeg\" data-attachment-id=\"7762\" data-type=\"image\" class=\"fg-thumb\"><span class=\"fg-image-wrap\"><img decoding=\"async\" width=\"150\" height=\"150\" class=\"skip-lazy fg-image\" data-no-lazy=\"1\" data-src-fg=\"https:\/\/www.aerodrome-paray.fr\/blog\/wp-content\/uploads\/cache\/E-5\/1265536367.jpeg\" src=\"data:image\/svg+xml,%3Csvg%20xmlns%3D%22http%3A%2F%2Fwww.w3.org%2F2000%2Fsvg%22%20width%3D%22150%22%20height%3D%22150%22%20viewBox%3D%220%200%20150%20150%22%3E%3C%2Fsvg%3E\" loading=\"eager\"><\/span><span class=\"fg-image-overlay\"><\/span><\/a><\/figure><div class=\"fg-loader\"><\/div><\/div><div class=\"fg-item fg-type-image fg-idle\"><figure class=\"fg-item-inner\"><a href=\"https:\/\/www.aerodrome-paray.fr\/blog\/wp-content\/uploads\/E-6.jpeg\" data-caption-title=\"Tout ce mat\u00e9riel, les costumes et les diff\u00e9rents accessoires sont tr\u00e8s appr\u00e9ci\u00e9s par le nombreux public\" data-attachment-id=\"7761\" data-type=\"image\" class=\"fg-thumb\"><span class=\"fg-image-wrap\"><img decoding=\"async\" title=\"Tout ce mat\u00e9riel, les costumes et les diff\u00e9rents accessoires sont tr\u00e8s appr\u00e9ci\u00e9s par le nombreux public\" width=\"150\" height=\"150\" class=\"skip-lazy fg-image\" data-no-lazy=\"1\" data-src-fg=\"https:\/\/www.aerodrome-paray.fr\/blog\/wp-content\/uploads\/cache\/E-6\/1820940730.jpeg\" src=\"data:image\/svg+xml,%3Csvg%20xmlns%3D%22http%3A%2F%2Fwww.w3.org%2F2000%2Fsvg%22%20width%3D%22150%22%20height%3D%22150%22%20viewBox%3D%220%200%20150%20150%22%3E%3C%2Fsvg%3E\" loading=\"eager\"><\/span><span class=\"fg-image-overlay\"><\/span><\/a><figcaption class=\"fg-caption\"><div class=\"fg-caption-inner\"><div class=\"fg-caption-title\">Tout ce mat\u00e9riel, les costumes et les diff\u00e9rents accessoires sont tr\u00e8s appr\u00e9ci\u00e9s par le nombreux public<\/div><\/div><\/figcaption><\/figure><div class=\"fg-loader\"><\/div><\/div><div class=\"fg-item fg-type-image fg-idle\"><figure class=\"fg-item-inner\"><a href=\"https:\/\/www.aerodrome-paray.fr\/blog\/wp-content\/uploads\/E-7.jpeg\" data-attachment-id=\"7760\" data-type=\"image\" class=\"fg-thumb\"><span class=\"fg-image-wrap\"><img decoding=\"async\" width=\"150\" height=\"150\" class=\"skip-lazy fg-image\" data-no-lazy=\"1\" data-src-fg=\"https:\/\/www.aerodrome-paray.fr\/blog\/wp-content\/uploads\/cache\/E-7\/3338987574.jpeg\" src=\"data:image\/svg+xml,%3Csvg%20xmlns%3D%22http%3A%2F%2Fwww.w3.org%2F2000%2Fsvg%22%20width%3D%22150%22%20height%3D%22150%22%20viewBox%3D%220%200%20150%20150%22%3E%3C%2Fsvg%3E\" loading=\"eager\"><\/span><span class=\"fg-image-overlay\"><\/span><\/a><\/figure><div class=\"fg-loader\"><\/div><\/div><div class=\"fg-item fg-type-image fg-idle\"><figure class=\"fg-item-inner\"><a href=\"https:\/\/www.aerodrome-paray.fr\/blog\/wp-content\/uploads\/E-8.jpeg\" data-attachment-id=\"7759\" data-type=\"image\" class=\"fg-thumb\"><span class=\"fg-image-wrap\"><img decoding=\"async\" width=\"150\" height=\"150\" class=\"skip-lazy fg-image\" data-no-lazy=\"1\" data-src-fg=\"https:\/\/www.aerodrome-paray.fr\/blog\/wp-content\/uploads\/cache\/E-8\/1577108763.jpeg\" src=\"data:image\/svg+xml,%3Csvg%20xmlns%3D%22http%3A%2F%2Fwww.w3.org%2F2000%2Fsvg%22%20width%3D%22150%22%20height%3D%22150%22%20viewBox%3D%220%200%20150%20150%22%3E%3C%2Fsvg%3E\" loading=\"eager\"><\/span><span class=\"fg-image-overlay\"><\/span><\/a><\/figure><div class=\"fg-loader\"><\/div><\/div><div class=\"fg-item fg-type-image fg-idle\"><figure class=\"fg-item-inner\"><a href=\"https:\/\/www.aerodrome-paray.fr\/blog\/wp-content\/uploads\/E-10.jpeg\" data-attachment-id=\"7757\" data-type=\"image\" class=\"fg-thumb\"><span class=\"fg-image-wrap\"><img decoding=\"async\" width=\"150\" height=\"150\" class=\"skip-lazy fg-image\" data-no-lazy=\"1\" data-src-fg=\"https:\/\/www.aerodrome-paray.fr\/blog\/wp-content\/uploads\/cache\/E-10\/251930413.jpeg\" src=\"data:image\/svg+xml,%3Csvg%20xmlns%3D%22http%3A%2F%2Fwww.w3.org%2F2000%2Fsvg%22%20width%3D%22150%22%20height%3D%22150%22%20viewBox%3D%220%200%20150%20150%22%3E%3C%2Fsvg%3E\" loading=\"eager\"><\/span><span class=\"fg-image-overlay\"><\/span><\/a><\/figure><div class=\"fg-loader\"><\/div><\/div><div class=\"fg-item fg-type-image fg-idle\"><figure class=\"fg-item-inner\"><a href=\"https:\/\/www.aerodrome-paray.fr\/blog\/wp-content\/uploads\/E-9.jpeg\" data-attachment-id=\"7758\" data-type=\"image\" class=\"fg-thumb\"><span class=\"fg-image-wrap\"><img decoding=\"async\" width=\"150\" height=\"150\" class=\"skip-lazy fg-image\" data-no-lazy=\"1\" data-src-fg=\"https:\/\/www.aerodrome-paray.fr\/blog\/wp-content\/uploads\/cache\/E-9\/4119688343.jpeg\" src=\"data:image\/svg+xml,%3Csvg%20xmlns%3D%22http%3A%2F%2Fwww.w3.org%2F2000%2Fsvg%22%20width%3D%22150%22%20height%3D%22150%22%20viewBox%3D%220%200%20150%20150%22%3E%3C%2Fsvg%3E\" loading=\"eager\"><\/span><span class=\"fg-image-overlay\"><\/span><\/a><\/figure><div class=\"fg-loader\"><\/div><\/div><div class=\"fg-item fg-type-image fg-idle\"><figure class=\"fg-item-inner\"><a href=\"https:\/\/www.aerodrome-paray.fr\/blog\/wp-content\/uploads\/E-11.jpeg\" data-attachment-id=\"7756\" data-type=\"image\" class=\"fg-thumb\"><span class=\"fg-image-wrap\"><img decoding=\"async\" width=\"150\" height=\"150\" class=\"skip-lazy fg-image\" data-no-lazy=\"1\" data-src-fg=\"https:\/\/www.aerodrome-paray.fr\/blog\/wp-content\/uploads\/cache\/E-11\/320346858.jpeg\" src=\"data:image\/svg+xml,%3Csvg%20xmlns%3D%22http%3A%2F%2Fwww.w3.org%2F2000%2Fsvg%22%20width%3D%22150%22%20height%3D%22150%22%20viewBox%3D%220%200%20150%20150%22%3E%3C%2Fsvg%3E\" loading=\"eager\"><\/span><span class=\"fg-image-overlay\"><\/span><\/a><\/figure><div class=\"fg-loader\"><\/div><\/div><div class=\"fg-item fg-type-image fg-idle\"><figure class=\"fg-item-inner\"><a href=\"https:\/\/www.aerodrome-paray.fr\/blog\/wp-content\/uploads\/E-12.jpeg\" data-attachment-id=\"7755\" data-type=\"image\" class=\"fg-thumb\"><span class=\"fg-image-wrap\"><img decoding=\"async\" width=\"150\" height=\"150\" class=\"skip-lazy fg-image\" data-no-lazy=\"1\" data-src-fg=\"https:\/\/www.aerodrome-paray.fr\/blog\/wp-content\/uploads\/cache\/E-12\/926702755.jpeg\" src=\"data:image\/svg+xml,%3Csvg%20xmlns%3D%22http%3A%2F%2Fwww.w3.org%2F2000%2Fsvg%22%20width%3D%22150%22%20height%3D%22150%22%20viewBox%3D%220%200%20150%20150%22%3E%3C%2Fsvg%3E\" loading=\"eager\"><\/span><span class=\"fg-image-overlay\"><\/span><\/a><\/figure><div class=\"fg-loader\"><\/div><\/div><div class=\"fg-item fg-type-image fg-idle\"><figure class=\"fg-item-inner\"><a href=\"https:\/\/www.aerodrome-paray.fr\/blog\/wp-content\/uploads\/E-13.jpeg\" data-attachment-id=\"7754\" data-type=\"image\" class=\"fg-thumb\"><span class=\"fg-image-wrap\"><img decoding=\"async\" width=\"150\" height=\"150\" class=\"skip-lazy fg-image\" data-no-lazy=\"1\" data-src-fg=\"https:\/\/www.aerodrome-paray.fr\/blog\/wp-content\/uploads\/cache\/E-13\/723542372.jpeg\" src=\"data:image\/svg+xml,%3Csvg%20xmlns%3D%22http%3A%2F%2Fwww.w3.org%2F2000%2Fsvg%22%20width%3D%22150%22%20height%3D%22150%22%20viewBox%3D%220%200%20150%20150%22%3E%3C%2Fsvg%3E\" loading=\"eager\"><\/span><span class=\"fg-image-overlay\"><\/span><\/a><\/figure><div class=\"fg-loader\"><\/div><\/div><div class=\"fg-item fg-type-image fg-idle\"><figure class=\"fg-item-inner\"><a href=\"https:\/\/www.aerodrome-paray.fr\/blog\/wp-content\/uploads\/E-14.jpeg\" data-attachment-id=\"7753\" data-type=\"image\" class=\"fg-thumb\"><span class=\"fg-image-wrap\"><img decoding=\"async\" width=\"150\" height=\"150\" class=\"skip-lazy fg-image\" data-no-lazy=\"1\" data-src-fg=\"https:\/\/www.aerodrome-paray.fr\/blog\/wp-content\/uploads\/cache\/E-14\/2138361905.jpeg\" src=\"data:image\/svg+xml,%3Csvg%20xmlns%3D%22http%3A%2F%2Fwww.w3.org%2F2000%2Fsvg%22%20width%3D%22150%22%20height%3D%22150%22%20viewBox%3D%220%200%20150%20150%22%3E%3C%2Fsvg%3E\" loading=\"eager\"><\/span><span class=\"fg-image-overlay\"><\/span><\/a><\/figure><div class=\"fg-loader\"><\/div><\/div><div class=\"fg-item fg-type-image fg-idle\"><figure class=\"fg-item-inner\"><a href=\"https:\/\/www.aerodrome-paray.fr\/blog\/wp-content\/uploads\/E-15.jpeg\" data-caption-title=\"D\u00e9part pour une ballade en convoi dans les alentours...\" data-attachment-id=\"7752\" data-type=\"image\" class=\"fg-thumb\"><span class=\"fg-image-wrap\"><img decoding=\"async\" title=\"D\u00e9part pour une ballade en convoi dans les alentours...\" width=\"150\" height=\"150\" class=\"skip-lazy fg-image\" data-no-lazy=\"1\" data-src-fg=\"https:\/\/www.aerodrome-paray.fr\/blog\/wp-content\/uploads\/cache\/E-15\/1667821046.jpeg\" src=\"data:image\/svg+xml,%3Csvg%20xmlns%3D%22http%3A%2F%2Fwww.w3.org%2F2000%2Fsvg%22%20width%3D%22150%22%20height%3D%22150%22%20viewBox%3D%220%200%20150%20150%22%3E%3C%2Fsvg%3E\" loading=\"eager\"><\/span><span class=\"fg-image-overlay\"><\/span><\/a><figcaption class=\"fg-caption\"><div class=\"fg-caption-inner\"><div class=\"fg-caption-title\">D\u00e9part pour une ballade en convoi dans les alentours...<\/div><\/div><\/figcaption><\/figure><div class=\"fg-loader\"><\/div><\/div><div class=\"fg-item fg-type-image fg-idle\"><figure class=\"fg-item-inner\"><a href=\"https:\/\/www.aerodrome-paray.fr\/blog\/wp-content\/uploads\/E-16.jpeg\" data-attachment-id=\"7751\" data-type=\"image\" class=\"fg-thumb\"><span class=\"fg-image-wrap\"><img decoding=\"async\" width=\"150\" height=\"150\" class=\"skip-lazy fg-image\" data-no-lazy=\"1\" data-src-fg=\"https:\/\/www.aerodrome-paray.fr\/blog\/wp-content\/uploads\/cache\/E-16\/1196207039.jpeg\" src=\"data:image\/svg+xml,%3Csvg%20xmlns%3D%22http%3A%2F%2Fwww.w3.org%2F2000%2Fsvg%22%20width%3D%22150%22%20height%3D%22150%22%20viewBox%3D%220%200%20150%20150%22%3E%3C%2Fsvg%3E\" loading=\"eager\"><\/span><span class=\"fg-image-overlay\"><\/span><\/a><\/figure><div class=\"fg-loader\"><\/div><\/div><div class=\"fg-item fg-type-image fg-idle\"><figure class=\"fg-item-inner\"><a href=\"https:\/\/www.aerodrome-paray.fr\/blog\/wp-content\/uploads\/E-17.jpeg\" data-caption-title=\"Merci \u00e0 tous ces participants et bravo pour le maintien de ce patrimoine et du souvenir\" data-attachment-id=\"7750\" data-type=\"image\" class=\"fg-thumb\"><span class=\"fg-image-wrap\"><img decoding=\"async\" title=\"Merci \u00e0 tous ces participants et bravo pour le maintien de ce patrimoine et du souvenir\" width=\"150\" height=\"150\" class=\"skip-lazy fg-image\" data-no-lazy=\"1\" data-src-fg=\"https:\/\/www.aerodrome-paray.fr\/blog\/wp-content\/uploads\/cache\/E-17\/1532008056.jpeg\" src=\"data:image\/svg+xml,%3Csvg%20xmlns%3D%22http%3A%2F%2Fwww.w3.org%2F2000%2Fsvg%22%20width%3D%22150%22%20height%3D%22150%22%20viewBox%3D%220%200%20150%20150%22%3E%3C%2Fsvg%3E\" loading=\"eager\"><\/span><span class=\"fg-image-overlay\"><\/span><\/a><figcaption class=\"fg-caption\"><div class=\"fg-caption-inner\"><div class=\"fg-caption-title\">Merci \u00e0 tous ces participants et bravo pour le maintien de ce patrimoine et du souvenir<\/div><\/div><\/figcaption><\/figure><div class=\"fg-loader\"><\/div><\/div><div class=\"fg-item fg-type-image fg-idle\"><figure class=\"fg-item-inner\"><a href=\"https:\/\/www.aerodrome-paray.fr\/blog\/wp-content\/uploads\/E-18.jpeg\" data-attachment-id=\"7749\" data-type=\"image\" class=\"fg-thumb\"><span class=\"fg-image-wrap\"><img decoding=\"async\" width=\"150\" height=\"150\" class=\"skip-lazy fg-image\" data-no-lazy=\"1\" data-src-fg=\"https:\/\/www.aerodrome-paray.fr\/blog\/wp-content\/uploads\/cache\/E-18\/1047075869.jpeg\" src=\"data:image\/svg+xml,%3Csvg%20xmlns%3D%22http%3A%2F%2Fwww.w3.org%2F2000%2Fsvg%22%20width%3D%22150%22%20height%3D%22150%22%20viewBox%3D%220%200%20150%20150%22%3E%3C%2Fsvg%3E\" loading=\"eager\"><\/span><span class=\"fg-image-overlay\"><\/span><\/a><\/figure><div class=\"fg-loader\"><\/div><\/div><div class=\"fg-item fg-type-image fg-idle\"><figure class=\"fg-item-inner\"><a href=\"https:\/\/www.aerodrome-paray.fr\/blog\/wp-content\/uploads\/E-19.jpeg\" data-caption-title=\"Militaires et civils se retrouvent autour de la buvette\" data-attachment-id=\"7748\" data-type=\"image\" class=\"fg-thumb\"><span class=\"fg-image-wrap\"><img decoding=\"async\" title=\"Militaires et civils se retrouvent autour de la buvette\" width=\"150\" height=\"150\" class=\"skip-lazy fg-image\" data-no-lazy=\"1\" data-src-fg=\"https:\/\/www.aerodrome-paray.fr\/blog\/wp-content\/uploads\/cache\/E-19\/578101722.jpeg\" src=\"data:image\/svg+xml,%3Csvg%20xmlns%3D%22http%3A%2F%2Fwww.w3.org%2F2000%2Fsvg%22%20width%3D%22150%22%20height%3D%22150%22%20viewBox%3D%220%200%20150%20150%22%3E%3C%2Fsvg%3E\" loading=\"eager\"><\/span><span class=\"fg-image-overlay\"><\/span><\/a><figcaption class=\"fg-caption\"><div class=\"fg-caption-inner\"><div class=\"fg-caption-title\">Militaires et civils se retrouvent autour de la buvette<\/div><\/div><\/figcaption><\/figure><div class=\"fg-loader\"><\/div><\/div><div class=\"fg-item fg-type-image fg-idle\"><figure class=\"fg-item-inner\"><a href=\"https:\/\/www.aerodrome-paray.fr\/blog\/wp-content\/uploads\/F-1.jpeg\" data-caption-title=\"Sous la houlette de Fran\u00e7oise (Madame Frite), le snack fonctionne \u00e0 plein r\u00e9gime\" data-attachment-id=\"7784\" data-type=\"image\" class=\"fg-thumb\"><span class=\"fg-image-wrap\"><img decoding=\"async\" title=\"Sous la houlette de Fran\u00e7oise (Madame Frite), le snack fonctionne \u00e0 plein r\u00e9gime\" width=\"150\" height=\"150\" class=\"skip-lazy fg-image\" data-no-lazy=\"1\" data-src-fg=\"https:\/\/www.aerodrome-paray.fr\/blog\/wp-content\/uploads\/cache\/F-1\/3554595706.jpeg\" src=\"data:image\/svg+xml,%3Csvg%20xmlns%3D%22http%3A%2F%2Fwww.w3.org%2F2000%2Fsvg%22%20width%3D%22150%22%20height%3D%22150%22%20viewBox%3D%220%200%20150%20150%22%3E%3C%2Fsvg%3E\" loading=\"eager\"><\/span><span class=\"fg-image-overlay\"><\/span><\/a><figcaption class=\"fg-caption\"><div class=\"fg-caption-inner\"><div class=\"fg-caption-title\">Sous la houlette de Fran\u00e7oise (Madame Frite), le snack fonctionne \u00e0 plein r\u00e9gime<\/div><\/div><\/figcaption><\/figure><div class=\"fg-loader\"><\/div><\/div><div class=\"fg-item fg-type-image fg-idle\"><figure class=\"fg-item-inner\"><a href=\"https:\/\/www.aerodrome-paray.fr\/blog\/wp-content\/uploads\/F-2.jpeg\" data-attachment-id=\"7783\" data-type=\"image\" class=\"fg-thumb\"><span class=\"fg-image-wrap\"><img decoding=\"async\" width=\"150\" height=\"150\" class=\"skip-lazy fg-image\" data-no-lazy=\"1\" data-src-fg=\"https:\/\/www.aerodrome-paray.fr\/blog\/wp-content\/uploads\/cache\/F-2\/1785764432.jpeg\" src=\"data:image\/svg+xml,%3Csvg%20xmlns%3D%22http%3A%2F%2Fwww.w3.org%2F2000%2Fsvg%22%20width%3D%22150%22%20height%3D%22150%22%20viewBox%3D%220%200%20150%20150%22%3E%3C%2Fsvg%3E\" loading=\"eager\"><\/span><span class=\"fg-image-overlay\"><\/span><\/a><\/figure><div class=\"fg-loader\"><\/div><\/div><div class=\"fg-item fg-type-image fg-idle\"><figure class=\"fg-item-inner\"><a href=\"https:\/\/www.aerodrome-paray.fr\/blog\/wp-content\/uploads\/F-3.jpeg\" data-caption-title=\"Visite d&#039;Andr\u00e9 Accary, pr\u00e9sident du Conseil D\u00e9partemental de Sa\u00f4ne-et-Loire\" data-attachment-id=\"7782\" data-type=\"image\" class=\"fg-thumb\"><span class=\"fg-image-wrap\"><img decoding=\"async\" title=\"Visite d&#039;Andr\u00e9 Accary, pr\u00e9sident du Conseil D\u00e9partemental de Sa\u00f4ne-et-Loire\" width=\"150\" height=\"150\" class=\"skip-lazy fg-image\" data-no-lazy=\"1\" data-src-fg=\"https:\/\/www.aerodrome-paray.fr\/blog\/wp-content\/uploads\/cache\/F-3\/3254594524.jpeg\" src=\"data:image\/svg+xml,%3Csvg%20xmlns%3D%22http%3A%2F%2Fwww.w3.org%2F2000%2Fsvg%22%20width%3D%22150%22%20height%3D%22150%22%20viewBox%3D%220%200%20150%20150%22%3E%3C%2Fsvg%3E\" loading=\"eager\"><\/span><span class=\"fg-image-overlay\"><\/span><\/a><figcaption class=\"fg-caption\"><div class=\"fg-caption-inner\"><div class=\"fg-caption-title\">Visite d'Andr\u00e9 Accary, pr\u00e9sident du Conseil D\u00e9partemental de Sa\u00f4ne-et-Loire<\/div><\/div><\/figcaption><\/figure><div class=\"fg-loader\"><\/div><\/div><div class=\"fg-item fg-type-image fg-idle\"><figure class=\"fg-item-inner\"><a href=\"https:\/\/www.aerodrome-paray.fr\/blog\/wp-content\/uploads\/F-4.jpeg\" data-caption-title=\"Le stand FFPLUM est bien fr\u00e9quent\u00e9, sur le th\u00e8me &quot;Voler au F\u00e9minin&quot;\" data-attachment-id=\"7779\" data-type=\"image\" class=\"fg-thumb\"><span class=\"fg-image-wrap\"><img decoding=\"async\" title=\"Le stand FFPLUM est bien fr\u00e9quent\u00e9, sur le th\u00e8me &quot;Voler au F\u00e9minin&quot;\" width=\"150\" height=\"150\" class=\"skip-lazy fg-image\" data-no-lazy=\"1\" data-src-fg=\"https:\/\/www.aerodrome-paray.fr\/blog\/wp-content\/uploads\/cache\/F-4\/924320518.jpeg\" src=\"data:image\/svg+xml,%3Csvg%20xmlns%3D%22http%3A%2F%2Fwww.w3.org%2F2000%2Fsvg%22%20width%3D%22150%22%20height%3D%22150%22%20viewBox%3D%220%200%20150%20150%22%3E%3C%2Fsvg%3E\" loading=\"eager\"><\/span><span class=\"fg-image-overlay\"><\/span><\/a><figcaption class=\"fg-caption\"><div class=\"fg-caption-inner\"><div class=\"fg-caption-title\">Le stand FFPLUM est bien fr\u00e9quent\u00e9, sur le th\u00e8me \"Voler au F\u00e9minin\"<\/div><\/div><\/figcaption><\/figure><div class=\"fg-loader\"><\/div><\/div><div class=\"fg-item fg-type-image fg-idle\"><figure class=\"fg-item-inner\"><a href=\"https:\/\/www.aerodrome-paray.fr\/blog\/wp-content\/uploads\/F-5.jpeg\" data-caption-title=\"L&#039;A\u00e9ro Mod\u00e8le Club Charolais pr\u00e9sente de belles maquettes d&#039;un r\u00e9alisme saisissant\" data-attachment-id=\"7778\" data-type=\"image\" class=\"fg-thumb\"><span class=\"fg-image-wrap\"><img decoding=\"async\" title=\"L&#039;A\u00e9ro Mod\u00e8le Club Charolais pr\u00e9sente de belles maquettes d&#039;un r\u00e9alisme saisissant\" width=\"150\" height=\"150\" class=\"skip-lazy fg-image\" data-no-lazy=\"1\" data-src-fg=\"https:\/\/www.aerodrome-paray.fr\/blog\/wp-content\/uploads\/cache\/F-5\/2627056266.jpeg\" src=\"data:image\/svg+xml,%3Csvg%20xmlns%3D%22http%3A%2F%2Fwww.w3.org%2F2000%2Fsvg%22%20width%3D%22150%22%20height%3D%22150%22%20viewBox%3D%220%200%20150%20150%22%3E%3C%2Fsvg%3E\" loading=\"eager\"><\/span><span class=\"fg-image-overlay\"><\/span><\/a><figcaption class=\"fg-caption\"><div class=\"fg-caption-inner\"><div class=\"fg-caption-title\">L'A\u00e9ro Mod\u00e8le Club Charolais pr\u00e9sente de belles maquettes d'un r\u00e9alisme saisissant<\/div><\/div><\/figcaption><\/figure><div class=\"fg-loader\"><\/div><\/div><div class=\"fg-item fg-type-image fg-idle\"><figure class=\"fg-item-inner\"><a href=\"https:\/\/www.aerodrome-paray.fr\/blog\/wp-content\/uploads\/F-6.jpeg\" data-attachment-id=\"7777\" data-type=\"image\" class=\"fg-thumb\"><span class=\"fg-image-wrap\"><img decoding=\"async\" width=\"150\" height=\"150\" class=\"skip-lazy fg-image\" data-no-lazy=\"1\" data-src-fg=\"https:\/\/www.aerodrome-paray.fr\/blog\/wp-content\/uploads\/cache\/F-6\/3269051935.jpeg\" src=\"data:image\/svg+xml,%3Csvg%20xmlns%3D%22http%3A%2F%2Fwww.w3.org%2F2000%2Fsvg%22%20width%3D%22150%22%20height%3D%22150%22%20viewBox%3D%220%200%20150%20150%22%3E%3C%2Fsvg%3E\" loading=\"eager\"><\/span><span class=\"fg-image-overlay\"><\/span><\/a><\/figure><div class=\"fg-loader\"><\/div><\/div><div class=\"fg-item fg-type-image fg-idle\"><figure class=\"fg-item-inner\"><a href=\"https:\/\/www.aerodrome-paray.fr\/blog\/wp-content\/uploads\/F-8.jpeg\" data-caption-title=\"Exposition de peintres dans le hangar\" data-attachment-id=\"7775\" data-type=\"image\" class=\"fg-thumb\"><span class=\"fg-image-wrap\"><img decoding=\"async\" title=\"Exposition de peintres dans le hangar\" width=\"150\" height=\"150\" class=\"skip-lazy fg-image\" data-no-lazy=\"1\" data-src-fg=\"https:\/\/www.aerodrome-paray.fr\/blog\/wp-content\/uploads\/cache\/F-8\/2827440210.jpeg\" src=\"data:image\/svg+xml,%3Csvg%20xmlns%3D%22http%3A%2F%2Fwww.w3.org%2F2000%2Fsvg%22%20width%3D%22150%22%20height%3D%22150%22%20viewBox%3D%220%200%20150%20150%22%3E%3C%2Fsvg%3E\" loading=\"eager\"><\/span><span class=\"fg-image-overlay\"><\/span><\/a><figcaption class=\"fg-caption\"><div class=\"fg-caption-inner\"><div class=\"fg-caption-title\">Exposition de peintres dans le hangar<\/div><\/div><\/figcaption><\/figure><div class=\"fg-loader\"><\/div><\/div><div class=\"fg-item fg-type-image fg-idle\"><figure class=\"fg-item-inner\"><a href=\"https:\/\/www.aerodrome-paray.fr\/blog\/wp-content\/uploads\/F-9.jpeg\" data-caption-title=\"Aquarelles sur le th\u00e8me de l&#039;a\u00e9ronautique\" data-attachment-id=\"7774\" data-type=\"image\" class=\"fg-thumb\"><span class=\"fg-image-wrap\"><img decoding=\"async\" title=\"Aquarelles sur le th\u00e8me de l&#039;a\u00e9ronautique\" width=\"150\" height=\"150\" class=\"skip-lazy fg-image\" data-no-lazy=\"1\" data-src-fg=\"https:\/\/www.aerodrome-paray.fr\/blog\/wp-content\/uploads\/cache\/F-9\/51044830.jpeg\" src=\"data:image\/svg+xml,%3Csvg%20xmlns%3D%22http%3A%2F%2Fwww.w3.org%2F2000%2Fsvg%22%20width%3D%22150%22%20height%3D%22150%22%20viewBox%3D%220%200%20150%20150%22%3E%3C%2Fsvg%3E\" loading=\"eager\"><\/span><span class=\"fg-image-overlay\"><\/span><\/a><figcaption class=\"fg-caption\"><div class=\"fg-caption-inner\"><div class=\"fg-caption-title\">Aquarelles sur le th\u00e8me de l'a\u00e9ronautique<\/div><\/div><\/figcaption><\/figure><div class=\"fg-loader\"><\/div><\/div><div class=\"fg-item fg-type-image fg-idle\"><figure class=\"fg-item-inner\"><a href=\"https:\/\/www.aerodrome-paray.fr\/blog\/wp-content\/uploads\/F-10.jpeg\" data-caption-title=\"Franck H\u00e9r\u00e9t\u00e9, aquarelliste, peintre officiel de l&#039;air et de l&#039;espace\" data-attachment-id=\"7781\" data-type=\"image\" class=\"fg-thumb\"><span class=\"fg-image-wrap\"><img decoding=\"async\" title=\"Franck H\u00e9r\u00e9t\u00e9, aquarelliste, peintre officiel de l&#039;air et de l&#039;espace\" width=\"150\" height=\"150\" class=\"skip-lazy fg-image\" data-no-lazy=\"1\" data-src-fg=\"https:\/\/www.aerodrome-paray.fr\/blog\/wp-content\/uploads\/cache\/F-10\/2411312531.jpeg\" src=\"data:image\/svg+xml,%3Csvg%20xmlns%3D%22http%3A%2F%2Fwww.w3.org%2F2000%2Fsvg%22%20width%3D%22150%22%20height%3D%22150%22%20viewBox%3D%220%200%20150%20150%22%3E%3C%2Fsvg%3E\" loading=\"eager\"><\/span><span class=\"fg-image-overlay\"><\/span><\/a><figcaption class=\"fg-caption\"><div class=\"fg-caption-inner\"><div class=\"fg-caption-title\">Franck H\u00e9r\u00e9t\u00e9, aquarelliste, peintre officiel de l'air et de l'espace<\/div><\/div><\/figcaption><\/figure><div class=\"fg-loader\"><\/div><\/div><div class=\"fg-item fg-type-image fg-idle\"><figure class=\"fg-item-inner\"><a href=\"https:\/\/www.aerodrome-paray.fr\/blog\/wp-content\/uploads\/F-11.jpeg\" data-caption-title=\"De magnifiques aquarelles : avions, oiseaux... A retrouver sur franckherete.com\" data-attachment-id=\"7772\" data-type=\"image\" class=\"fg-thumb\"><span class=\"fg-image-wrap\"><img decoding=\"async\" title=\"De magnifiques aquarelles : avions, oiseaux... A retrouver sur franckherete.com\" width=\"150\" height=\"150\" class=\"skip-lazy fg-image\" data-no-lazy=\"1\" data-src-fg=\"https:\/\/www.aerodrome-paray.fr\/blog\/wp-content\/uploads\/cache\/F-11\/1205282923.jpeg\" src=\"data:image\/svg+xml,%3Csvg%20xmlns%3D%22http%3A%2F%2Fwww.w3.org%2F2000%2Fsvg%22%20width%3D%22150%22%20height%3D%22150%22%20viewBox%3D%220%200%20150%20150%22%3E%3C%2Fsvg%3E\" loading=\"eager\"><\/span><span class=\"fg-image-overlay\"><\/span><\/a><figcaption class=\"fg-caption\"><div class=\"fg-caption-inner\"><div class=\"fg-caption-title\">De magnifiques aquarelles : avions, oiseaux... A retrouver sur franckherete.com<\/div><\/div><\/figcaption><\/figure><div class=\"fg-loader\"><\/div><\/div><div class=\"fg-item fg-type-image fg-idle\"><figure class=\"fg-item-inner\"><a href=\"https:\/\/www.aerodrome-paray.fr\/blog\/wp-content\/uploads\/F-12.jpeg\" data-caption-title=\"Carole Roberget-Mathon d\u00e9dicace son livre\" data-attachment-id=\"7771\" data-type=\"image\" class=\"fg-thumb\"><span class=\"fg-image-wrap\"><img decoding=\"async\" title=\"Carole Roberget-Mathon d\u00e9dicace son livre\" width=\"150\" height=\"150\" class=\"skip-lazy fg-image\" data-no-lazy=\"1\" data-src-fg=\"https:\/\/www.aerodrome-paray.fr\/blog\/wp-content\/uploads\/cache\/F-12\/1676897826.jpeg\" src=\"data:image\/svg+xml,%3Csvg%20xmlns%3D%22http%3A%2F%2Fwww.w3.org%2F2000%2Fsvg%22%20width%3D%22150%22%20height%3D%22150%22%20viewBox%3D%220%200%20150%20150%22%3E%3C%2Fsvg%3E\" loading=\"eager\"><\/span><span class=\"fg-image-overlay\"><\/span><\/a><figcaption class=\"fg-caption\"><div class=\"fg-caption-inner\"><div class=\"fg-caption-title\">Carole Roberget-Mathon d\u00e9dicace son livre<\/div><\/div><\/figcaption><\/figure><div class=\"fg-loader\"><\/div><\/div><div class=\"fg-item fg-type-image fg-idle\"><figure class=\"fg-item-inner\"><a href=\"https:\/\/www.aerodrome-paray.fr\/blog\/wp-content\/uploads\/F-13.jpeg\" data-attachment-id=\"7770\" data-type=\"image\" class=\"fg-thumb\"><span class=\"fg-image-wrap\"><img decoding=\"async\" width=\"150\" height=\"150\" class=\"skip-lazy fg-image\" data-no-lazy=\"1\" data-src-fg=\"https:\/\/www.aerodrome-paray.fr\/blog\/wp-content\/uploads\/cache\/F-13\/2146391013.jpeg\" src=\"data:image\/svg+xml,%3Csvg%20xmlns%3D%22http%3A%2F%2Fwww.w3.org%2F2000%2Fsvg%22%20width%3D%22150%22%20height%3D%22150%22%20viewBox%3D%220%200%20150%20150%22%3E%3C%2Fsvg%3E\" loading=\"eager\"><\/span><span class=\"fg-image-overlay\"><\/span><\/a><\/figure><div class=\"fg-loader\"><\/div><\/div><div class=\"fg-item fg-type-image fg-idle\"><figure class=\"fg-item-inner\"><a href=\"https:\/\/www.aerodrome-paray.fr\/blog\/wp-content\/uploads\/F-7.jpeg\" data-caption-title=\"D\u00e9couvrir la r\u00e9gion \u00e0 bord d&#039;une montgolfi\u00e8re avec la soci\u00e9t\u00e9 &quot;Montgolfi\u00e8res en Charolais&quot;\" data-attachment-id=\"7776\" data-type=\"image\" class=\"fg-thumb\"><span class=\"fg-image-wrap\"><img decoding=\"async\" title=\"D\u00e9couvrir la r\u00e9gion \u00e0 bord d&#039;une montgolfi\u00e8re avec la soci\u00e9t\u00e9 &quot;Montgolfi\u00e8res en Charolais&quot;\" width=\"150\" height=\"150\" class=\"skip-lazy fg-image\" data-no-lazy=\"1\" data-src-fg=\"https:\/\/www.aerodrome-paray.fr\/blog\/wp-content\/uploads\/cache\/F-7\/1767143315.jpeg\" src=\"data:image\/svg+xml,%3Csvg%20xmlns%3D%22http%3A%2F%2Fwww.w3.org%2F2000%2Fsvg%22%20width%3D%22150%22%20height%3D%22150%22%20viewBox%3D%220%200%20150%20150%22%3E%3C%2Fsvg%3E\" loading=\"eager\"><\/span><span class=\"fg-image-overlay\"><\/span><\/a><figcaption class=\"fg-caption\"><div class=\"fg-caption-inner\"><div class=\"fg-caption-title\">D\u00e9couvrir la r\u00e9gion \u00e0 bord d'une montgolfi\u00e8re avec la soci\u00e9t\u00e9 \"Montgolfi\u00e8res en Charolais\"<\/div><\/div><\/figcaption><\/figure><div class=\"fg-loader\"><\/div><\/div><div class=\"fg-item fg-type-image fg-idle\"><figure class=\"fg-item-inner\"><a href=\"https:\/\/www.aerodrome-paray.fr\/blog\/wp-content\/uploads\/F-14.jpeg\" data-caption-title=\"Camion podium de l&#039;Arm\u00e9e de l&#039;Air et de l&#039;Espace\" data-attachment-id=\"7769\" data-type=\"image\" class=\"fg-thumb\"><span class=\"fg-image-wrap\"><img decoding=\"async\" title=\"Camion podium de l&#039;Arm\u00e9e de l&#039;Air et de l&#039;Espace\" width=\"150\" height=\"150\" class=\"skip-lazy fg-image\" data-no-lazy=\"1\" data-src-fg=\"https:\/\/www.aerodrome-paray.fr\/blog\/wp-content\/uploads\/cache\/F-14\/2702080920.jpeg\" src=\"data:image\/svg+xml,%3Csvg%20xmlns%3D%22http%3A%2F%2Fwww.w3.org%2F2000%2Fsvg%22%20width%3D%22150%22%20height%3D%22150%22%20viewBox%3D%220%200%20150%20150%22%3E%3C%2Fsvg%3E\" loading=\"eager\"><\/span><span class=\"fg-image-overlay\"><\/span><\/a><figcaption class=\"fg-caption\"><div class=\"fg-caption-inner\"><div class=\"fg-caption-title\">Camion podium de l'Arm\u00e9e de l'Air et de l'Espace<\/div><\/div><\/figcaption><\/figure><div class=\"fg-loader\"><\/div><\/div><div class=\"fg-item fg-type-image fg-idle\"><figure class=\"fg-item-inner\"><a href=\"https:\/\/www.aerodrome-paray.fr\/blog\/wp-content\/uploads\/F-15.jpeg\" data-caption-title=\"Simulateur de vol et combats a\u00e9riens pr\u00e9sent\u00e9 par Yannick\" data-attachment-id=\"7768\" data-type=\"image\" class=\"fg-thumb\"><span class=\"fg-image-wrap\"><img decoding=\"async\" title=\"Simulateur de vol et combats a\u00e9riens pr\u00e9sent\u00e9 par Yannick\" width=\"150\" height=\"150\" class=\"skip-lazy fg-image\" data-no-lazy=\"1\" data-src-fg=\"https:\/\/www.aerodrome-paray.fr\/blog\/wp-content\/uploads\/cache\/F-15\/3172091487.jpeg\" src=\"data:image\/svg+xml,%3Csvg%20xmlns%3D%22http%3A%2F%2Fwww.w3.org%2F2000%2Fsvg%22%20width%3D%22150%22%20height%3D%22150%22%20viewBox%3D%220%200%20150%20150%22%3E%3C%2Fsvg%3E\" loading=\"eager\"><\/span><span class=\"fg-image-overlay\"><\/span><\/a><figcaption class=\"fg-caption\"><div class=\"fg-caption-inner\"><div class=\"fg-caption-title\">Simulateur de vol et combats a\u00e9riens pr\u00e9sent\u00e9 par Yannick<\/div><\/div><\/figcaption><\/figure><div class=\"fg-loader\"><\/div><\/div><div class=\"fg-item fg-type-image fg-idle\"><figure class=\"fg-item-inner\"><a href=\"https:\/\/www.aerodrome-paray.fr\/blog\/wp-content\/uploads\/F-16.jpeg\" data-caption-title=\"Tr\u00e8s gros succ\u00e8s pour cette loto \u00e0 vapeur miniature. Petits et grands \u00e9merveill\u00e9s !\" data-attachment-id=\"7767\" data-type=\"image\" class=\"fg-thumb\"><span class=\"fg-image-wrap\"><img decoding=\"async\" title=\"Tr\u00e8s gros succ\u00e8s pour cette loto \u00e0 vapeur miniature. Petits et grands \u00e9merveill\u00e9s !\" width=\"150\" height=\"150\" class=\"skip-lazy fg-image\" data-no-lazy=\"1\" data-src-fg=\"https:\/\/www.aerodrome-paray.fr\/blog\/wp-content\/uploads\/cache\/F-16\/4019448358.jpeg\" src=\"data:image\/svg+xml,%3Csvg%20xmlns%3D%22http%3A%2F%2Fwww.w3.org%2F2000%2Fsvg%22%20width%3D%22150%22%20height%3D%22150%22%20viewBox%3D%220%200%20150%20150%22%3E%3C%2Fsvg%3E\" loading=\"eager\"><\/span><span class=\"fg-image-overlay\"><\/span><\/a><figcaption class=\"fg-caption\"><div class=\"fg-caption-inner\"><div class=\"fg-caption-title\">Tr\u00e8s gros succ\u00e8s pour cette loto \u00e0 vapeur miniature. Petits et grands \u00e9merveill\u00e9s !<\/div><\/div><\/figcaption><\/figure><div class=\"fg-loader\"><\/div><\/div><div class=\"fg-item fg-type-image fg-idle\"><figure class=\"fg-item-inner\"><a href=\"https:\/\/www.aerodrome-paray.fr\/blog\/wp-content\/uploads\/G-1.jpeg\" data-caption-title=\"Retour sur le plateau avions\" data-attachment-id=\"7801\" data-type=\"image\" class=\"fg-thumb\"><span class=\"fg-image-wrap\"><img decoding=\"async\" title=\"Retour sur le plateau avions\" width=\"150\" height=\"150\" class=\"skip-lazy fg-image\" data-no-lazy=\"1\" data-src-fg=\"https:\/\/www.aerodrome-paray.fr\/blog\/wp-content\/uploads\/cache\/G-1\/2842332061.jpeg\" src=\"data:image\/svg+xml,%3Csvg%20xmlns%3D%22http%3A%2F%2Fwww.w3.org%2F2000%2Fsvg%22%20width%3D%22150%22%20height%3D%22150%22%20viewBox%3D%220%200%20150%20150%22%3E%3C%2Fsvg%3E\" loading=\"eager\"><\/span><span class=\"fg-image-overlay\"><\/span><\/a><figcaption class=\"fg-caption\"><div class=\"fg-caption-inner\"><div class=\"fg-caption-title\">Retour sur le plateau avions<\/div><\/div><\/figcaption><\/figure><div class=\"fg-loader\"><\/div><\/div><div class=\"fg-item fg-type-image fg-idle\"><figure class=\"fg-item-inner\"><a href=\"https:\/\/www.aerodrome-paray.fr\/blog\/wp-content\/uploads\/G-1b.jpeg\" data-caption-title=\"Plusieurs appareils en exposition statique\" data-attachment-id=\"7831\" data-type=\"image\" class=\"fg-thumb\"><span class=\"fg-image-wrap\"><img decoding=\"async\" title=\"Plusieurs appareils en exposition statique\" width=\"150\" height=\"150\" class=\"skip-lazy fg-image\" data-no-lazy=\"1\" data-src-fg=\"https:\/\/www.aerodrome-paray.fr\/blog\/wp-content\/uploads\/cache\/G-1b\/803337733.jpeg\" src=\"data:image\/svg+xml,%3Csvg%20xmlns%3D%22http%3A%2F%2Fwww.w3.org%2F2000%2Fsvg%22%20width%3D%22150%22%20height%3D%22150%22%20viewBox%3D%220%200%20150%20150%22%3E%3C%2Fsvg%3E\" loading=\"eager\"><\/span><span class=\"fg-image-overlay\"><\/span><\/a><figcaption class=\"fg-caption\"><div class=\"fg-caption-inner\"><div class=\"fg-caption-title\">Plusieurs appareils en exposition statique<\/div><\/div><\/figcaption><\/figure><div class=\"fg-loader\"><\/div><\/div><div class=\"fg-item fg-type-image fg-idle\"><figure class=\"fg-item-inner\"><a href=\"https:\/\/www.aerodrome-paray.fr\/blog\/wp-content\/uploads\/G-1c.jpeg\" data-caption-title=\"ULM T\u00e9tras CSL 100cv (Humbert Aviation)\" data-attachment-id=\"7830\" data-type=\"image\" class=\"fg-thumb\"><span class=\"fg-image-wrap\"><img decoding=\"async\" title=\"ULM T\u00e9tras CSL 100cv (Humbert Aviation)\" width=\"150\" height=\"150\" class=\"skip-lazy fg-image\" data-no-lazy=\"1\" data-src-fg=\"https:\/\/www.aerodrome-paray.fr\/blog\/wp-content\/uploads\/cache\/G-1c\/872270786.jpeg\" src=\"data:image\/svg+xml,%3Csvg%20xmlns%3D%22http%3A%2F%2Fwww.w3.org%2F2000%2Fsvg%22%20width%3D%22150%22%20height%3D%22150%22%20viewBox%3D%220%200%20150%20150%22%3E%3C%2Fsvg%3E\" loading=\"eager\"><\/span><span class=\"fg-image-overlay\"><\/span><\/a><figcaption class=\"fg-caption\"><div class=\"fg-caption-inner\"><div class=\"fg-caption-title\">ULM T\u00e9tras CSL 100cv (Humbert Aviation)<\/div><\/div><\/figcaption><\/figure><div class=\"fg-loader\"><\/div><\/div><div class=\"fg-item fg-type-image fg-idle\"><figure class=\"fg-item-inner\"><a href=\"https:\/\/www.aerodrome-paray.fr\/blog\/wp-content\/uploads\/G-1a.jpeg\" data-attachment-id=\"7832\" data-type=\"image\" class=\"fg-thumb\"><span class=\"fg-image-wrap\"><img decoding=\"async\" width=\"150\" height=\"150\" class=\"skip-lazy fg-image\" data-no-lazy=\"1\" data-src-fg=\"https:\/\/www.aerodrome-paray.fr\/blog\/wp-content\/uploads\/cache\/G-1a\/197505100.jpeg\" src=\"data:image\/svg+xml,%3Csvg%20xmlns%3D%22http%3A%2F%2Fwww.w3.org%2F2000%2Fsvg%22%20width%3D%22150%22%20height%3D%22150%22%20viewBox%3D%220%200%20150%20150%22%3E%3C%2Fsvg%3E\" loading=\"eager\"><\/span><span class=\"fg-image-overlay\"><\/span><\/a><\/figure><div class=\"fg-loader\"><\/div><\/div><div class=\"fg-item fg-type-image fg-idle\"><figure class=\"fg-item-inner\"><a href=\"https:\/\/www.aerodrome-paray.fr\/blog\/wp-content\/uploads\/G-2.jpeg\" data-caption-title=\"Un nombreux public au point d&#039;accueil pour les vols d\u00e9couverte (bapt\u00eames)\" data-attachment-id=\"7800\" data-type=\"image\" class=\"fg-thumb\"><span class=\"fg-image-wrap\"><img decoding=\"async\" title=\"Un nombreux public au point d&#039;accueil pour les vols d\u00e9couverte (bapt\u00eames)\" width=\"150\" height=\"150\" class=\"skip-lazy fg-image\" data-no-lazy=\"1\" data-src-fg=\"https:\/\/www.aerodrome-paray.fr\/blog\/wp-content\/uploads\/cache\/G-2\/739316375.jpeg\" src=\"data:image\/svg+xml,%3Csvg%20xmlns%3D%22http%3A%2F%2Fwww.w3.org%2F2000%2Fsvg%22%20width%3D%22150%22%20height%3D%22150%22%20viewBox%3D%220%200%20150%20150%22%3E%3C%2Fsvg%3E\" loading=\"eager\"><\/span><span class=\"fg-image-overlay\"><\/span><\/a><figcaption class=\"fg-caption\"><div class=\"fg-caption-inner\"><div class=\"fg-caption-title\">Un nombreux public au point d'accueil pour les vols d\u00e9couverte (bapt\u00eames)<\/div><\/div><\/figcaption><\/figure><div class=\"fg-loader\"><\/div><\/div><div class=\"fg-item fg-type-image fg-idle\"><figure class=\"fg-item-inner\"><a href=\"https:\/\/www.aerodrome-paray.fr\/blog\/wp-content\/uploads\/G-3.jpeg\" data-attachment-id=\"7799\" data-type=\"image\" class=\"fg-thumb\"><span class=\"fg-image-wrap\"><img decoding=\"async\" width=\"150\" height=\"150\" class=\"skip-lazy fg-image\" data-no-lazy=\"1\" data-src-fg=\"https:\/\/www.aerodrome-paray.fr\/blog\/wp-content\/uploads\/cache\/G-3\/4070311991.jpeg\" src=\"data:image\/svg+xml,%3Csvg%20xmlns%3D%22http%3A%2F%2Fwww.w3.org%2F2000%2Fsvg%22%20width%3D%22150%22%20height%3D%22150%22%20viewBox%3D%220%200%20150%20150%22%3E%3C%2Fsvg%3E\" loading=\"eager\"><\/span><span class=\"fg-image-overlay\"><\/span><\/a><\/figure><div class=\"fg-loader\"><\/div><\/div><div class=\"fg-item fg-type-image fg-idle\"><figure class=\"fg-item-inner\"><a href=\"https:\/\/www.aerodrome-paray.fr\/blog\/wp-content\/uploads\/G-4.jpeg\" data-caption-title=\"Les vols s&#039;encha\u00eenent pendant les deux journ\u00e9es. Bonnes conditions de vol, temps calme et excellente visibilit\u00e9\" data-attachment-id=\"7798\" data-type=\"image\" class=\"fg-thumb\"><span class=\"fg-image-wrap\"><img decoding=\"async\" title=\"Les vols s&#039;encha\u00eenent pendant les deux journ\u00e9es. Bonnes conditions de vol, temps calme et excellente visibilit\u00e9\" width=\"150\" height=\"150\" class=\"skip-lazy fg-image\" data-no-lazy=\"1\" data-src-fg=\"https:\/\/www.aerodrome-paray.fr\/blog\/wp-content\/uploads\/cache\/G-4\/705413169.jpeg\" src=\"data:image\/svg+xml,%3Csvg%20xmlns%3D%22http%3A%2F%2Fwww.w3.org%2F2000%2Fsvg%22%20width%3D%22150%22%20height%3D%22150%22%20viewBox%3D%220%200%20150%20150%22%3E%3C%2Fsvg%3E\" loading=\"eager\"><\/span><span class=\"fg-image-overlay\"><\/span><\/a><figcaption class=\"fg-caption\"><div class=\"fg-caption-inner\"><div class=\"fg-caption-title\">Les vols s'encha\u00eenent pendant les deux journ\u00e9es. Bonnes conditions de vol, temps calme et excellente visibilit\u00e9<\/div><\/div><\/figcaption><\/figure><div class=\"fg-loader\"><\/div><\/div><div class=\"fg-item fg-type-image fg-idle\"><figure class=\"fg-item-inner\"><a href=\"https:\/\/www.aerodrome-paray.fr\/blog\/wp-content\/uploads\/G-5.jpeg\" data-attachment-id=\"7797\" data-type=\"image\" class=\"fg-thumb\"><span class=\"fg-image-wrap\"><img decoding=\"async\" width=\"150\" height=\"150\" class=\"skip-lazy fg-image\" data-no-lazy=\"1\" data-src-fg=\"https:\/\/www.aerodrome-paray.fr\/blog\/wp-content\/uploads\/cache\/G-5\/1521589282.jpeg\" src=\"data:image\/svg+xml,%3Csvg%20xmlns%3D%22http%3A%2F%2Fwww.w3.org%2F2000%2Fsvg%22%20width%3D%22150%22%20height%3D%22150%22%20viewBox%3D%220%200%20150%20150%22%3E%3C%2Fsvg%3E\" loading=\"eager\"><\/span><span class=\"fg-image-overlay\"><\/span><\/a><\/figure><div class=\"fg-loader\"><\/div><\/div><div class=\"fg-item fg-type-image fg-idle\"><figure class=\"fg-item-inner\"><a href=\"https:\/\/www.aerodrome-paray.fr\/blog\/wp-content\/uploads\/G-6.jpeg\" data-attachment-id=\"7796\" data-type=\"image\" class=\"fg-thumb\"><span class=\"fg-image-wrap\"><img decoding=\"async\" width=\"150\" height=\"150\" class=\"skip-lazy fg-image\" data-no-lazy=\"1\" data-src-fg=\"https:\/\/www.aerodrome-paray.fr\/blog\/wp-content\/uploads\/cache\/G-6\/3754558760.jpeg\" src=\"data:image\/svg+xml,%3Csvg%20xmlns%3D%22http%3A%2F%2Fwww.w3.org%2F2000%2Fsvg%22%20width%3D%22150%22%20height%3D%22150%22%20viewBox%3D%220%200%20150%20150%22%3E%3C%2Fsvg%3E\" loading=\"eager\"><\/span><span class=\"fg-image-overlay\"><\/span><\/a><\/figure><div class=\"fg-loader\"><\/div><\/div><div class=\"fg-item fg-type-image fg-idle\"><figure class=\"fg-item-inner\"><a href=\"https:\/\/www.aerodrome-paray.fr\/blog\/wp-content\/uploads\/G-7.jpeg\" data-attachment-id=\"7795\" data-type=\"image\" class=\"fg-thumb\"><span class=\"fg-image-wrap\"><img decoding=\"async\" width=\"150\" height=\"150\" class=\"skip-lazy fg-image\" data-no-lazy=\"1\" data-src-fg=\"https:\/\/www.aerodrome-paray.fr\/blog\/wp-content\/uploads\/cache\/G-7\/3604740475.jpeg\" src=\"data:image\/svg+xml,%3Csvg%20xmlns%3D%22http%3A%2F%2Fwww.w3.org%2F2000%2Fsvg%22%20width%3D%22150%22%20height%3D%22150%22%20viewBox%3D%220%200%20150%20150%22%3E%3C%2Fsvg%3E\" loading=\"eager\"><\/span><span class=\"fg-image-overlay\"><\/span><\/a><\/figure><div class=\"fg-loader\"><\/div><\/div><div class=\"fg-item fg-type-image fg-idle\"><figure class=\"fg-item-inner\"><a href=\"https:\/\/www.aerodrome-paray.fr\/blog\/wp-content\/uploads\/G-8.jpeg\" data-attachment-id=\"7794\" data-type=\"image\" class=\"fg-thumb\"><span class=\"fg-image-wrap\"><img decoding=\"async\" width=\"150\" height=\"150\" class=\"skip-lazy fg-image\" data-no-lazy=\"1\" data-src-fg=\"https:\/\/www.aerodrome-paray.fr\/blog\/wp-content\/uploads\/cache\/G-8\/3046413157.jpeg\" src=\"data:image\/svg+xml,%3Csvg%20xmlns%3D%22http%3A%2F%2Fwww.w3.org%2F2000%2Fsvg%22%20width%3D%22150%22%20height%3D%22150%22%20viewBox%3D%220%200%20150%20150%22%3E%3C%2Fsvg%3E\" loading=\"eager\"><\/span><span class=\"fg-image-overlay\"><\/span><\/a><\/figure><div class=\"fg-loader\"><\/div><\/div><div class=\"fg-item fg-type-image fg-idle\"><figure class=\"fg-item-inner\"><a href=\"https:\/\/www.aerodrome-paray.fr\/blog\/wp-content\/uploads\/G-9.jpeg\" data-attachment-id=\"7793\" data-type=\"image\" class=\"fg-thumb\"><span class=\"fg-image-wrap\"><img decoding=\"async\" width=\"150\" height=\"150\" class=\"skip-lazy fg-image\" data-no-lazy=\"1\" data-src-fg=\"https:\/\/www.aerodrome-paray.fr\/blog\/wp-content\/uploads\/cache\/G-9\/583856841.jpeg\" src=\"data:image\/svg+xml,%3Csvg%20xmlns%3D%22http%3A%2F%2Fwww.w3.org%2F2000%2Fsvg%22%20width%3D%22150%22%20height%3D%22150%22%20viewBox%3D%220%200%20150%20150%22%3E%3C%2Fsvg%3E\" loading=\"eager\"><\/span><span class=\"fg-image-overlay\"><\/span><\/a><\/figure><div class=\"fg-loader\"><\/div><\/div><div class=\"fg-item fg-type-image fg-idle\"><figure class=\"fg-item-inner\"><a href=\"https:\/\/www.aerodrome-paray.fr\/blog\/wp-content\/uploads\/G-10.jpeg\" data-attachment-id=\"7792\" data-type=\"image\" class=\"fg-thumb\"><span class=\"fg-image-wrap\"><img decoding=\"async\" width=\"150\" height=\"150\" class=\"skip-lazy fg-image\" data-no-lazy=\"1\" data-src-fg=\"https:\/\/www.aerodrome-paray.fr\/blog\/wp-content\/uploads\/cache\/G-10\/3815482208.jpeg\" src=\"data:image\/svg+xml,%3Csvg%20xmlns%3D%22http%3A%2F%2Fwww.w3.org%2F2000%2Fsvg%22%20width%3D%22150%22%20height%3D%22150%22%20viewBox%3D%220%200%20150%20150%22%3E%3C%2Fsvg%3E\" loading=\"eager\"><\/span><span class=\"fg-image-overlay\"><\/span><\/a><\/figure><div class=\"fg-loader\"><\/div><\/div><div class=\"fg-item fg-type-image fg-idle\"><figure class=\"fg-item-inner\"><a href=\"https:\/\/www.aerodrome-paray.fr\/blog\/wp-content\/uploads\/G-11.jpeg\" data-attachment-id=\"7791\" data-type=\"image\" class=\"fg-thumb\"><span class=\"fg-image-wrap\"><img decoding=\"async\" width=\"150\" height=\"150\" class=\"skip-lazy fg-image\" data-no-lazy=\"1\" data-src-fg=\"https:\/\/www.aerodrome-paray.fr\/blog\/wp-content\/uploads\/cache\/G-11\/3921268143.jpeg\" src=\"data:image\/svg+xml,%3Csvg%20xmlns%3D%22http%3A%2F%2Fwww.w3.org%2F2000%2Fsvg%22%20width%3D%22150%22%20height%3D%22150%22%20viewBox%3D%220%200%20150%20150%22%3E%3C%2Fsvg%3E\" loading=\"eager\"><\/span><span class=\"fg-image-overlay\"><\/span><\/a><\/figure><div class=\"fg-loader\"><\/div><\/div><div class=\"fg-item fg-type-image fg-idle\"><figure class=\"fg-item-inner\"><a href=\"https:\/\/www.aerodrome-paray.fr\/blog\/wp-content\/uploads\/G-12.jpeg\" data-attachment-id=\"7790\" data-type=\"image\" class=\"fg-thumb\"><span class=\"fg-image-wrap\"><img decoding=\"async\" width=\"150\" height=\"150\" class=\"skip-lazy fg-image\" data-no-lazy=\"1\" data-src-fg=\"https:\/\/www.aerodrome-paray.fr\/blog\/wp-content\/uploads\/cache\/G-12\/3679705326.jpeg\" src=\"data:image\/svg+xml,%3Csvg%20xmlns%3D%22http%3A%2F%2Fwww.w3.org%2F2000%2Fsvg%22%20width%3D%22150%22%20height%3D%22150%22%20viewBox%3D%220%200%20150%20150%22%3E%3C%2Fsvg%3E\" loading=\"eager\"><\/span><span class=\"fg-image-overlay\"><\/span><\/a><\/figure><div class=\"fg-loader\"><\/div><\/div><div class=\"fg-item fg-type-image fg-idle\"><figure class=\"fg-item-inner\"><a href=\"https:\/\/www.aerodrome-paray.fr\/blog\/wp-content\/uploads\/G-13.jpeg\" data-caption-title=\"Gr\u00e2ce \u00e0 Blaise, les vols familiaux avec le Maule sont facilit\u00e9s et l&#039;attente pour les bapt\u00eames est r\u00e9duite...\" data-attachment-id=\"7789\" data-type=\"image\" class=\"fg-thumb\"><span class=\"fg-image-wrap\"><img decoding=\"async\" title=\"Gr\u00e2ce \u00e0 Blaise, les vols familiaux avec le Maule sont facilit\u00e9s et l&#039;attente pour les bapt\u00eames est r\u00e9duite...\" width=\"150\" height=\"150\" class=\"skip-lazy fg-image\" data-no-lazy=\"1\" data-src-fg=\"https:\/\/www.aerodrome-paray.fr\/blog\/wp-content\/uploads\/cache\/G-13\/1990756633.jpeg\" src=\"data:image\/svg+xml,%3Csvg%20xmlns%3D%22http%3A%2F%2Fwww.w3.org%2F2000%2Fsvg%22%20width%3D%22150%22%20height%3D%22150%22%20viewBox%3D%220%200%20150%20150%22%3E%3C%2Fsvg%3E\" loading=\"eager\"><\/span><span class=\"fg-image-overlay\"><\/span><\/a><figcaption class=\"fg-caption\"><div class=\"fg-caption-inner\"><div class=\"fg-caption-title\">Gr\u00e2ce \u00e0 Blaise, les vols familiaux avec le Maule sont facilit\u00e9s et l'attente pour les bapt\u00eames est r\u00e9duite...<\/div><\/div><\/figcaption><\/figure><div class=\"fg-loader\"><\/div><\/div><div class=\"fg-item fg-type-image fg-idle\"><figure class=\"fg-item-inner\"><a href=\"https:\/\/www.aerodrome-paray.fr\/blog\/wp-content\/uploads\/G-14.jpeg\" data-caption-title=\"... Un renfort tr\u00e8s appr\u00e9ci\u00e9 ! Merci, Blaise !\" data-attachment-id=\"7788\" data-type=\"image\" class=\"fg-thumb\"><span class=\"fg-image-wrap\"><img decoding=\"async\" title=\"... Un renfort tr\u00e8s appr\u00e9ci\u00e9 ! Merci, Blaise !\" width=\"150\" height=\"150\" class=\"skip-lazy fg-image\" data-no-lazy=\"1\" data-src-fg=\"https:\/\/www.aerodrome-paray.fr\/blog\/wp-content\/uploads\/cache\/G-14\/430886228.jpeg\" src=\"data:image\/svg+xml,%3Csvg%20xmlns%3D%22http%3A%2F%2Fwww.w3.org%2F2000%2Fsvg%22%20width%3D%22150%22%20height%3D%22150%22%20viewBox%3D%220%200%20150%20150%22%3E%3C%2Fsvg%3E\" loading=\"eager\"><\/span><span class=\"fg-image-overlay\"><\/span><\/a><figcaption class=\"fg-caption\"><div class=\"fg-caption-inner\"><div class=\"fg-caption-title\">... Un renfort tr\u00e8s appr\u00e9ci\u00e9 ! Merci, Blaise !<\/div><\/div><\/figcaption><\/figure><div class=\"fg-loader\"><\/div><\/div><div class=\"fg-item fg-type-image fg-idle\"><figure class=\"fg-item-inner\"><a href=\"https:\/\/www.aerodrome-paray.fr\/blog\/wp-content\/uploads\/G-15.jpeg\" data-caption-title=\"Des passagers et un pilote heureux !\" data-attachment-id=\"7787\" data-type=\"image\" class=\"fg-thumb\"><span class=\"fg-image-wrap\"><img decoding=\"async\" title=\"Des passagers et un pilote heureux !\" width=\"150\" height=\"150\" class=\"skip-lazy fg-image\" data-no-lazy=\"1\" data-src-fg=\"https:\/\/www.aerodrome-paray.fr\/blog\/wp-content\/uploads\/cache\/G-15\/1708738987.jpeg\" src=\"data:image\/svg+xml,%3Csvg%20xmlns%3D%22http%3A%2F%2Fwww.w3.org%2F2000%2Fsvg%22%20width%3D%22150%22%20height%3D%22150%22%20viewBox%3D%220%200%20150%20150%22%3E%3C%2Fsvg%3E\" loading=\"eager\"><\/span><span class=\"fg-image-overlay\"><\/span><\/a><figcaption class=\"fg-caption\"><div class=\"fg-caption-inner\"><div class=\"fg-caption-title\">Des passagers et un pilote heureux !<\/div><\/div><\/figcaption><\/figure><div class=\"fg-loader\"><\/div><\/div><div class=\"fg-item fg-type-image fg-idle\"><figure class=\"fg-item-inner\"><a href=\"https:\/\/www.aerodrome-paray.fr\/blog\/wp-content\/uploads\/G-16.jpeg\" data-attachment-id=\"7786\" data-type=\"image\" class=\"fg-thumb\"><span class=\"fg-image-wrap\"><img decoding=\"async\" width=\"150\" height=\"150\" class=\"skip-lazy fg-image\" data-no-lazy=\"1\" data-src-fg=\"https:\/\/www.aerodrome-paray.fr\/blog\/wp-content\/uploads\/cache\/G-16\/1462983914.jpeg\" src=\"data:image\/svg+xml,%3Csvg%20xmlns%3D%22http%3A%2F%2Fwww.w3.org%2F2000%2Fsvg%22%20width%3D%22150%22%20height%3D%22150%22%20viewBox%3D%220%200%20150%20150%22%3E%3C%2Fsvg%3E\" loading=\"eager\"><\/span><span class=\"fg-image-overlay\"><\/span><\/a><\/figure><div class=\"fg-loader\"><\/div><\/div><div class=\"fg-item fg-type-image fg-idle\"><figure class=\"fg-item-inner\"><a href=\"https:\/\/www.aerodrome-paray.fr\/blog\/wp-content\/uploads\/G-17.jpeg\" data-caption-title=\"Geoffrey et Georges : efficacit\u00e9 familiale pour l&#039;avitaillement.\" data-attachment-id=\"7785\" data-type=\"image\" class=\"fg-thumb\"><span class=\"fg-image-wrap\"><img decoding=\"async\" title=\"Geoffrey et Georges : efficacit\u00e9 familiale pour l&#039;avitaillement.\" width=\"150\" height=\"150\" class=\"skip-lazy fg-image\" data-no-lazy=\"1\" data-src-fg=\"https:\/\/www.aerodrome-paray.fr\/blog\/wp-content\/uploads\/cache\/G-17\/1575039525.jpeg\" src=\"data:image\/svg+xml,%3Csvg%20xmlns%3D%22http%3A%2F%2Fwww.w3.org%2F2000%2Fsvg%22%20width%3D%22150%22%20height%3D%22150%22%20viewBox%3D%220%200%20150%20150%22%3E%3C%2Fsvg%3E\" loading=\"eager\"><\/span><span class=\"fg-image-overlay\"><\/span><\/a><figcaption class=\"fg-caption\"><div class=\"fg-caption-inner\"><div class=\"fg-caption-title\">Geoffrey et Georges : efficacit\u00e9 familiale pour l'avitaillement.<\/div><\/div><\/figcaption><\/figure><div class=\"fg-loader\"><\/div><\/div><div class=\"fg-item fg-type-image fg-idle\"><figure class=\"fg-item-inner\"><a href=\"https:\/\/www.aerodrome-paray.fr\/blog\/wp-content\/uploads\/H-1.jpeg\" data-caption-title=\"Quelques avions de l&#039;ext\u00e9rieur viennent enrichir le plateau\" data-attachment-id=\"7813\" data-type=\"image\" class=\"fg-thumb\"><span class=\"fg-image-wrap\"><img decoding=\"async\" title=\"Quelques avions de l&#039;ext\u00e9rieur viennent enrichir le plateau\" width=\"150\" height=\"150\" class=\"skip-lazy fg-image\" data-no-lazy=\"1\" data-src-fg=\"https:\/\/www.aerodrome-paray.fr\/blog\/wp-content\/uploads\/cache\/H-1\/2473138944.jpeg\" src=\"data:image\/svg+xml,%3Csvg%20xmlns%3D%22http%3A%2F%2Fwww.w3.org%2F2000%2Fsvg%22%20width%3D%22150%22%20height%3D%22150%22%20viewBox%3D%220%200%20150%20150%22%3E%3C%2Fsvg%3E\" loading=\"eager\"><\/span><span class=\"fg-image-overlay\"><\/span><\/a><figcaption class=\"fg-caption\"><div class=\"fg-caption-inner\"><div class=\"fg-caption-title\">Quelques avions de l'ext\u00e9rieur viennent enrichir le plateau<\/div><\/div><\/figcaption><\/figure><div class=\"fg-loader\"><\/div><\/div><div class=\"fg-item fg-type-image fg-idle\"><figure class=\"fg-item-inner\"><a href=\"https:\/\/www.aerodrome-paray.fr\/blog\/wp-content\/uploads\/H-2.jpeg\" data-caption-title=\"Mudry Cap-10 (construction amateur) venu de Saint-Yan : un habitu\u00e9 du terrain\" data-attachment-id=\"7812\" data-type=\"image\" class=\"fg-thumb\"><span class=\"fg-image-wrap\"><img decoding=\"async\" title=\"Mudry Cap-10 (construction amateur) venu de Saint-Yan : un habitu\u00e9 du terrain\" width=\"150\" height=\"150\" class=\"skip-lazy fg-image\" data-no-lazy=\"1\" data-src-fg=\"https:\/\/www.aerodrome-paray.fr\/blog\/wp-content\/uploads\/cache\/H-2\/370311690.jpeg\" src=\"data:image\/svg+xml,%3Csvg%20xmlns%3D%22http%3A%2F%2Fwww.w3.org%2F2000%2Fsvg%22%20width%3D%22150%22%20height%3D%22150%22%20viewBox%3D%220%200%20150%20150%22%3E%3C%2Fsvg%3E\" loading=\"eager\"><\/span><span class=\"fg-image-overlay\"><\/span><\/a><figcaption class=\"fg-caption\"><div class=\"fg-caption-inner\"><div class=\"fg-caption-title\">Mudry Cap-10 (construction amateur) venu de Saint-Yan : un habitu\u00e9 du terrain<\/div><\/div><\/figcaption><\/figure><div class=\"fg-loader\"><\/div><\/div><div class=\"fg-item fg-type-image fg-idle\"><figure class=\"fg-item-inner\"><a href=\"https:\/\/www.aerodrome-paray.fr\/blog\/wp-content\/uploads\/H-3.jpeg\" data-caption-title=\"Viper SD-4 venu de M\u00e2con\" data-attachment-id=\"7811\" data-type=\"image\" class=\"fg-thumb\"><span class=\"fg-image-wrap\"><img decoding=\"async\" title=\"Viper SD-4 venu de M\u00e2con\" width=\"150\" height=\"150\" class=\"skip-lazy fg-image\" data-no-lazy=\"1\" data-src-fg=\"https:\/\/www.aerodrome-paray.fr\/blog\/wp-content\/uploads\/cache\/H-3\/520322649.jpeg\" src=\"data:image\/svg+xml,%3Csvg%20xmlns%3D%22http%3A%2F%2Fwww.w3.org%2F2000%2Fsvg%22%20width%3D%22150%22%20height%3D%22150%22%20viewBox%3D%220%200%20150%20150%22%3E%3C%2Fsvg%3E\" loading=\"eager\"><\/span><span class=\"fg-image-overlay\"><\/span><\/a><figcaption class=\"fg-caption\"><div class=\"fg-caption-inner\"><div class=\"fg-caption-title\">Viper SD-4 venu de M\u00e2con<\/div><\/div><\/figcaption><\/figure><div class=\"fg-loader\"><\/div><\/div><div class=\"fg-item fg-type-image fg-idle\"><figure class=\"fg-item-inner\"><a href=\"https:\/\/www.aerodrome-paray.fr\/blog\/wp-content\/uploads\/H-4.jpeg\" data-caption-title=\"Sous une belle lumi\u00e8re, la visite de notre ami Michel \u00e0 bord de son Jodel DR-1051 Sicile (construction amateur)\" data-attachment-id=\"7810\" data-type=\"image\" class=\"fg-thumb\"><span class=\"fg-image-wrap\"><img decoding=\"async\" title=\"Sous une belle lumi\u00e8re, la visite de notre ami Michel \u00e0 bord de son Jodel DR-1051 Sicile (construction amateur)\" width=\"150\" height=\"150\" class=\"skip-lazy fg-image\" data-no-lazy=\"1\" data-src-fg=\"https:\/\/www.aerodrome-paray.fr\/blog\/wp-content\/uploads\/cache\/H-4\/3348411999.jpeg\" src=\"data:image\/svg+xml,%3Csvg%20xmlns%3D%22http%3A%2F%2Fwww.w3.org%2F2000%2Fsvg%22%20width%3D%22150%22%20height%3D%22150%22%20viewBox%3D%220%200%20150%20150%22%3E%3C%2Fsvg%3E\" loading=\"eager\"><\/span><span class=\"fg-image-overlay\"><\/span><\/a><figcaption class=\"fg-caption\"><div class=\"fg-caption-inner\"><div class=\"fg-caption-title\">Sous une belle lumi\u00e8re, la visite de notre ami Michel \u00e0 bord de son Jodel DR-1051 Sicile (construction amateur)<\/div><\/div><\/figcaption><\/figure><div class=\"fg-loader\"><\/div><\/div><div class=\"fg-item fg-type-image fg-idle\"><figure class=\"fg-item-inner\"><a href=\"https:\/\/www.aerodrome-paray.fr\/blog\/wp-content\/uploads\/H-5.jpeg\" data-caption-title=\"Pour le plaisir de tous : arriv\u00e9e du Stampe de Saint-Yan\" data-attachment-id=\"7809\" data-type=\"image\" class=\"fg-thumb\"><span class=\"fg-image-wrap\"><img decoding=\"async\" title=\"Pour le plaisir de tous : arriv\u00e9e du Stampe de Saint-Yan\" width=\"150\" height=\"150\" class=\"skip-lazy fg-image\" data-no-lazy=\"1\" data-src-fg=\"https:\/\/www.aerodrome-paray.fr\/blog\/wp-content\/uploads\/cache\/H-5\/2157712360.jpeg\" src=\"data:image\/svg+xml,%3Csvg%20xmlns%3D%22http%3A%2F%2Fwww.w3.org%2F2000%2Fsvg%22%20width%3D%22150%22%20height%3D%22150%22%20viewBox%3D%220%200%20150%20150%22%3E%3C%2Fsvg%3E\" loading=\"eager\"><\/span><span class=\"fg-image-overlay\"><\/span><\/a><figcaption class=\"fg-caption\"><div class=\"fg-caption-inner\"><div class=\"fg-caption-title\">Pour le plaisir de tous : arriv\u00e9e du Stampe de Saint-Yan<\/div><\/div><\/figcaption><\/figure><div class=\"fg-loader\"><\/div><\/div><div class=\"fg-item fg-type-image fg-idle\"><figure class=\"fg-item-inner\"><a href=\"https:\/\/www.aerodrome-paray.fr\/blog\/wp-content\/uploads\/H-6.jpeg\" data-caption-title=\"Un avion tr\u00e8s attendu...\" data-attachment-id=\"7808\" data-type=\"image\" class=\"fg-thumb\"><span class=\"fg-image-wrap\"><img decoding=\"async\" title=\"Un avion tr\u00e8s attendu...\" width=\"150\" height=\"150\" class=\"skip-lazy fg-image\" data-no-lazy=\"1\" data-src-fg=\"https:\/\/www.aerodrome-paray.fr\/blog\/wp-content\/uploads\/cache\/H-6\/99060450.jpeg\" src=\"data:image\/svg+xml,%3Csvg%20xmlns%3D%22http%3A%2F%2Fwww.w3.org%2F2000%2Fsvg%22%20width%3D%22150%22%20height%3D%22150%22%20viewBox%3D%220%200%20150%20150%22%3E%3C%2Fsvg%3E\" loading=\"eager\"><\/span><span class=\"fg-image-overlay\"><\/span><\/a><figcaption class=\"fg-caption\"><div class=\"fg-caption-inner\"><div class=\"fg-caption-title\">Un avion tr\u00e8s attendu...<\/div><\/div><\/figcaption><\/figure><div class=\"fg-loader\"><\/div><\/div><div class=\"fg-item fg-type-image fg-idle\"><figure class=\"fg-item-inner\"><a href=\"https:\/\/www.aerodrome-paray.fr\/blog\/wp-content\/uploads\/H-7.jpeg\" data-caption-title=\"Stampe SV-4A... Biplan de l\u00e9gende\" data-attachment-id=\"7807\" data-type=\"image\" class=\"fg-thumb\"><span class=\"fg-image-wrap\"><img decoding=\"async\" title=\"Stampe SV-4A... Biplan de l\u00e9gende\" width=\"150\" height=\"150\" class=\"skip-lazy fg-image\" data-no-lazy=\"1\" data-src-fg=\"https:\/\/www.aerodrome-paray.fr\/blog\/wp-content\/uploads\/cache\/H-7\/1969084145.jpeg\" src=\"data:image\/svg+xml,%3Csvg%20xmlns%3D%22http%3A%2F%2Fwww.w3.org%2F2000%2Fsvg%22%20width%3D%22150%22%20height%3D%22150%22%20viewBox%3D%220%200%20150%20150%22%3E%3C%2Fsvg%3E\" loading=\"eager\"><\/span><span class=\"fg-image-overlay\"><\/span><\/a><figcaption class=\"fg-caption\"><div class=\"fg-caption-inner\"><div class=\"fg-caption-title\">Stampe SV-4A... Biplan de l\u00e9gende<\/div><\/div><\/figcaption><\/figure><div class=\"fg-loader\"><\/div><\/div><div class=\"fg-item fg-type-image fg-idle\"><figure class=\"fg-item-inner\"><a href=\"https:\/\/www.aerodrome-paray.fr\/blog\/wp-content\/uploads\/H-9.jpeg\" data-caption-title=\"Le public, nombreux et enthousiaste...\" data-attachment-id=\"7805\" data-type=\"image\" class=\"fg-thumb\"><span class=\"fg-image-wrap\"><img decoding=\"async\" title=\"Le public, nombreux et enthousiaste...\" width=\"150\" height=\"150\" class=\"skip-lazy fg-image\" data-no-lazy=\"1\" data-src-fg=\"https:\/\/www.aerodrome-paray.fr\/blog\/wp-content\/uploads\/cache\/H-9\/520306876.jpeg\" src=\"data:image\/svg+xml,%3Csvg%20xmlns%3D%22http%3A%2F%2Fwww.w3.org%2F2000%2Fsvg%22%20width%3D%22150%22%20height%3D%22150%22%20viewBox%3D%220%200%20150%20150%22%3E%3C%2Fsvg%3E\" loading=\"eager\"><\/span><span class=\"fg-image-overlay\"><\/span><\/a><figcaption class=\"fg-caption\"><div class=\"fg-caption-inner\"><div class=\"fg-caption-title\">Le public, nombreux et enthousiaste...<\/div><\/div><\/figcaption><\/figure><div class=\"fg-loader\"><\/div><\/div><div class=\"fg-item fg-type-image fg-idle\"><figure class=\"fg-item-inner\"><a href=\"https:\/\/www.aerodrome-paray.fr\/blog\/wp-content\/uploads\/H-8.jpeg\" data-attachment-id=\"7806\" data-type=\"image\" class=\"fg-thumb\"><span class=\"fg-image-wrap\"><img decoding=\"async\" width=\"150\" height=\"150\" class=\"skip-lazy fg-image\" data-no-lazy=\"1\" data-src-fg=\"https:\/\/www.aerodrome-paray.fr\/blog\/wp-content\/uploads\/cache\/H-8\/370326767.jpeg\" src=\"data:image\/svg+xml,%3Csvg%20xmlns%3D%22http%3A%2F%2Fwww.w3.org%2F2000%2Fsvg%22%20width%3D%22150%22%20height%3D%22150%22%20viewBox%3D%220%200%20150%20150%22%3E%3C%2Fsvg%3E\" loading=\"eager\"><\/span><span class=\"fg-image-overlay\"><\/span><\/a><\/figure><div class=\"fg-loader\"><\/div><\/div><div class=\"fg-item fg-type-image fg-idle\"><figure class=\"fg-item-inner\"><a href=\"https:\/\/www.aerodrome-paray.fr\/blog\/wp-content\/uploads\/H-10.jpeg\" data-caption-title=\"Un beau passage du Stampe\" data-attachment-id=\"7804\" data-type=\"image\" class=\"fg-thumb\"><span class=\"fg-image-wrap\"><img decoding=\"async\" title=\"Un beau passage du Stampe\" width=\"150\" height=\"150\" class=\"skip-lazy fg-image\" data-no-lazy=\"1\" data-src-fg=\"https:\/\/www.aerodrome-paray.fr\/blog\/wp-content\/uploads\/cache\/H-10\/3275352417.jpeg\" src=\"data:image\/svg+xml,%3Csvg%20xmlns%3D%22http%3A%2F%2Fwww.w3.org%2F2000%2Fsvg%22%20width%3D%22150%22%20height%3D%22150%22%20viewBox%3D%220%200%20150%20150%22%3E%3C%2Fsvg%3E\" loading=\"eager\"><\/span><span class=\"fg-image-overlay\"><\/span><\/a><figcaption class=\"fg-caption\"><div class=\"fg-caption-inner\"><div class=\"fg-caption-title\">Un beau passage du Stampe<\/div><\/div><\/figcaption><\/figure><div class=\"fg-loader\"><\/div><\/div><div class=\"fg-item fg-type-image fg-idle\"><figure class=\"fg-item-inner\"><a href=\"https:\/\/www.aerodrome-paray.fr\/blog\/wp-content\/uploads\/H-11.jpeg\" data-attachment-id=\"7803\" data-type=\"image\" class=\"fg-thumb\"><span class=\"fg-image-wrap\"><img decoding=\"async\" width=\"150\" height=\"150\" class=\"skip-lazy fg-image\" data-no-lazy=\"1\" data-src-fg=\"https:\/\/www.aerodrome-paray.fr\/blog\/wp-content\/uploads\/cache\/H-11\/3833012670.jpeg\" src=\"data:image\/svg+xml,%3Csvg%20xmlns%3D%22http%3A%2F%2Fwww.w3.org%2F2000%2Fsvg%22%20width%3D%22150%22%20height%3D%22150%22%20viewBox%3D%220%200%20150%20150%22%3E%3C%2Fsvg%3E\" loading=\"eager\"><\/span><span class=\"fg-image-overlay\"><\/span><\/a><\/figure><div class=\"fg-loader\"><\/div><\/div><div class=\"fg-item fg-type-image fg-idle\"><figure class=\"fg-item-inner\"><a href=\"https:\/\/www.aerodrome-paray.fr\/blog\/wp-content\/uploads\/H-12.jpeg\" data-attachment-id=\"7802\" data-type=\"image\" class=\"fg-thumb\"><span class=\"fg-image-wrap\"><img decoding=\"async\" width=\"150\" height=\"150\" class=\"skip-lazy fg-image\" data-no-lazy=\"1\" data-src-fg=\"https:\/\/www.aerodrome-paray.fr\/blog\/wp-content\/uploads\/cache\/H-12\/3600626943.jpeg\" src=\"data:image\/svg+xml,%3Csvg%20xmlns%3D%22http%3A%2F%2Fwww.w3.org%2F2000%2Fsvg%22%20width%3D%22150%22%20height%3D%22150%22%20viewBox%3D%220%200%20150%20150%22%3E%3C%2Fsvg%3E\" loading=\"eager\"><\/span><span class=\"fg-image-overlay\"><\/span><\/a><\/figure><div class=\"fg-loader\"><\/div><\/div><div class=\"fg-item fg-type-image fg-idle\"><figure class=\"fg-item-inner\"><a href=\"https:\/\/www.aerodrome-paray.fr\/blog\/wp-content\/uploads\/I-1.jpeg\" data-caption-title=\"Autres appareils bas\u00e9s \u00e0 Paray pour des tours de piste\" data-attachment-id=\"7829\" data-type=\"image\" class=\"fg-thumb\"><span class=\"fg-image-wrap\"><img decoding=\"async\" title=\"Autres appareils bas\u00e9s \u00e0 Paray pour des tours de piste\" width=\"150\" height=\"150\" class=\"skip-lazy fg-image\" data-no-lazy=\"1\" data-src-fg=\"https:\/\/www.aerodrome-paray.fr\/blog\/wp-content\/uploads\/cache\/I-1\/170970668.jpeg\" src=\"data:image\/svg+xml,%3Csvg%20xmlns%3D%22http%3A%2F%2Fwww.w3.org%2F2000%2Fsvg%22%20width%3D%22150%22%20height%3D%22150%22%20viewBox%3D%220%200%20150%20150%22%3E%3C%2Fsvg%3E\" loading=\"eager\"><\/span><span class=\"fg-image-overlay\"><\/span><\/a><figcaption class=\"fg-caption\"><div class=\"fg-caption-inner\"><div class=\"fg-caption-title\">Autres appareils bas\u00e9s \u00e0 Paray pour des tours de piste<\/div><\/div><\/figcaption><\/figure><div class=\"fg-loader\"><\/div><\/div><div class=\"fg-item fg-type-image fg-idle\"><figure class=\"fg-item-inner\"><a href=\"https:\/\/www.aerodrome-paray.fr\/blog\/wp-content\/uploads\/I-2.jpeg\" data-caption-title=\"ULM Avid Flyer\" data-attachment-id=\"7828\" data-type=\"image\" class=\"fg-thumb\"><span class=\"fg-image-wrap\"><img decoding=\"async\" title=\"ULM Avid Flyer\" width=\"150\" height=\"150\" class=\"skip-lazy fg-image\" data-no-lazy=\"1\" data-src-fg=\"https:\/\/www.aerodrome-paray.fr\/blog\/wp-content\/uploads\/cache\/I-2\/2404079398.jpeg\" src=\"data:image\/svg+xml,%3Csvg%20xmlns%3D%22http%3A%2F%2Fwww.w3.org%2F2000%2Fsvg%22%20width%3D%22150%22%20height%3D%22150%22%20viewBox%3D%220%200%20150%20150%22%3E%3C%2Fsvg%3E\" loading=\"eager\"><\/span><span class=\"fg-image-overlay\"><\/span><\/a><figcaption class=\"fg-caption\"><div class=\"fg-caption-inner\"><div class=\"fg-caption-title\">ULM Avid Flyer<\/div><\/div><\/figcaption><\/figure><div class=\"fg-loader\"><\/div><\/div><div class=\"fg-item fg-type-image fg-idle\"><figure class=\"fg-item-inner\"><a href=\"https:\/\/www.aerodrome-paray.fr\/blog\/wp-content\/uploads\/I-3.jpeg\" data-caption-title=\"Un biplan moderne et sportif : FK12 Comet\" data-attachment-id=\"7827\" data-type=\"image\" class=\"fg-thumb\"><span class=\"fg-image-wrap\"><img decoding=\"async\" title=\"Un biplan moderne et sportif : FK12 Comet\" width=\"150\" height=\"150\" class=\"skip-lazy fg-image\" data-no-lazy=\"1\" data-src-fg=\"https:\/\/www.aerodrome-paray.fr\/blog\/wp-content\/uploads\/cache\/I-3\/4293987125.jpeg\" src=\"data:image\/svg+xml,%3Csvg%20xmlns%3D%22http%3A%2F%2Fwww.w3.org%2F2000%2Fsvg%22%20width%3D%22150%22%20height%3D%22150%22%20viewBox%3D%220%200%20150%20150%22%3E%3C%2Fsvg%3E\" loading=\"eager\"><\/span><span class=\"fg-image-overlay\"><\/span><\/a><figcaption class=\"fg-caption\"><div class=\"fg-caption-inner\"><div class=\"fg-caption-title\">Un biplan moderne et sportif : FK12 Comet<\/div><\/div><\/figcaption><\/figure><div class=\"fg-loader\"><\/div><\/div><div class=\"fg-item fg-type-image fg-idle\"><figure class=\"fg-item-inner\"><a href=\"https:\/\/www.aerodrome-paray.fr\/blog\/wp-content\/uploads\/I-4.jpeg\" data-caption-title=\"Un appareil tr\u00e8s \u00e9l\u00e9gant et v\u00e9loce\" data-attachment-id=\"7826\" data-type=\"image\" class=\"fg-thumb\"><span class=\"fg-image-wrap\"><img decoding=\"async\" title=\"Un appareil tr\u00e8s \u00e9l\u00e9gant et v\u00e9loce\" width=\"150\" height=\"150\" class=\"skip-lazy fg-image\" data-no-lazy=\"1\" data-src-fg=\"https:\/\/www.aerodrome-paray.fr\/blog\/wp-content\/uploads\/cache\/I-4\/661046067.jpeg\" src=\"data:image\/svg+xml,%3Csvg%20xmlns%3D%22http%3A%2F%2Fwww.w3.org%2F2000%2Fsvg%22%20width%3D%22150%22%20height%3D%22150%22%20viewBox%3D%220%200%20150%20150%22%3E%3C%2Fsvg%3E\" loading=\"eager\"><\/span><span class=\"fg-image-overlay\"><\/span><\/a><figcaption class=\"fg-caption\"><div class=\"fg-caption-inner\"><div class=\"fg-caption-title\">Un appareil tr\u00e8s \u00e9l\u00e9gant et v\u00e9loce<\/div><\/div><\/figcaption><\/figure><div class=\"fg-loader\"><\/div><\/div><div class=\"fg-item fg-type-image fg-idle\"><figure class=\"fg-item-inner\"><a href=\"https:\/\/www.aerodrome-paray.fr\/blog\/wp-content\/uploads\/I-5.jpeg\" data-attachment-id=\"7825\" data-type=\"image\" class=\"fg-thumb\"><span class=\"fg-image-wrap\"><img decoding=\"async\" width=\"150\" height=\"150\" class=\"skip-lazy fg-image\" data-no-lazy=\"1\" data-src-fg=\"https:\/\/www.aerodrome-paray.fr\/blog\/wp-content\/uploads\/cache\/I-5\/779566944.jpeg\" src=\"data:image\/svg+xml,%3Csvg%20xmlns%3D%22http%3A%2F%2Fwww.w3.org%2F2000%2Fsvg%22%20width%3D%22150%22%20height%3D%22150%22%20viewBox%3D%220%200%20150%20150%22%3E%3C%2Fsvg%3E\" loading=\"eager\"><\/span><span class=\"fg-image-overlay\"><\/span><\/a><\/figure><div class=\"fg-loader\"><\/div><\/div><div class=\"fg-item fg-type-image fg-idle\"><figure class=\"fg-item-inner\"><a href=\"https:\/\/www.aerodrome-paray.fr\/blog\/wp-content\/uploads\/I-6.jpeg\" data-attachment-id=\"7824\" data-type=\"image\" class=\"fg-thumb\"><span class=\"fg-image-wrap\"><img decoding=\"async\" width=\"150\" height=\"150\" class=\"skip-lazy fg-image\" data-no-lazy=\"1\" data-src-fg=\"https:\/\/www.aerodrome-paray.fr\/blog\/wp-content\/uploads\/cache\/I-6\/2869732970.jpeg\" src=\"data:image\/svg+xml,%3Csvg%20xmlns%3D%22http%3A%2F%2Fwww.w3.org%2F2000%2Fsvg%22%20width%3D%22150%22%20height%3D%22150%22%20viewBox%3D%220%200%20150%20150%22%3E%3C%2Fsvg%3E\" loading=\"eager\"><\/span><span class=\"fg-image-overlay\"><\/span><\/a><\/figure><div class=\"fg-loader\"><\/div><\/div><div class=\"fg-item fg-type-image fg-idle\"><figure class=\"fg-item-inner\"><a href=\"https:\/\/www.aerodrome-paray.fr\/blog\/wp-content\/uploads\/I-7.jpeg\" data-attachment-id=\"7823\" data-type=\"image\" class=\"fg-thumb\"><span class=\"fg-image-wrap\"><img decoding=\"async\" width=\"150\" height=\"150\" class=\"skip-lazy fg-image\" data-no-lazy=\"1\" data-src-fg=\"https:\/\/www.aerodrome-paray.fr\/blog\/wp-content\/uploads\/cache\/I-7\/1012189126.jpeg\" src=\"data:image\/svg+xml,%3Csvg%20xmlns%3D%22http%3A%2F%2Fwww.w3.org%2F2000%2Fsvg%22%20width%3D%22150%22%20height%3D%22150%22%20viewBox%3D%220%200%20150%20150%22%3E%3C%2Fsvg%3E\" loading=\"eager\"><\/span><span class=\"fg-image-overlay\"><\/span><\/a><\/figure><div class=\"fg-loader\"><\/div><\/div><div class=\"fg-item fg-type-image fg-idle\"><figure class=\"fg-item-inner\"><a href=\"https:\/\/www.aerodrome-paray.fr\/blog\/wp-content\/uploads\/J-1.jpeg\" data-caption-title=\"Merci \u00e0 tous les pilotes qui nous ont fait r\u00eaver au cours de ces deux journ\u00e9es\" data-attachment-id=\"7822\" data-type=\"image\" class=\"fg-thumb\"><span class=\"fg-image-wrap\"><img decoding=\"async\" title=\"Merci \u00e0 tous les pilotes qui nous ont fait r\u00eaver au cours de ces deux journ\u00e9es\" width=\"150\" height=\"150\" class=\"skip-lazy fg-image\" data-no-lazy=\"1\" data-src-fg=\"https:\/\/www.aerodrome-paray.fr\/blog\/wp-content\/uploads\/cache\/J-1\/1784315266.jpeg\" src=\"data:image\/svg+xml,%3Csvg%20xmlns%3D%22http%3A%2F%2Fwww.w3.org%2F2000%2Fsvg%22%20width%3D%22150%22%20height%3D%22150%22%20viewBox%3D%220%200%20150%20150%22%3E%3C%2Fsvg%3E\" loading=\"eager\"><\/span><span class=\"fg-image-overlay\"><\/span><\/a><figcaption class=\"fg-caption\"><div class=\"fg-caption-inner\"><div class=\"fg-caption-title\">Merci \u00e0 tous les pilotes qui nous ont fait r\u00eaver au cours de ces deux journ\u00e9es<\/div><\/div><\/figcaption><\/figure><div class=\"fg-loader\"><\/div><\/div><div class=\"fg-item fg-type-image fg-idle\"><figure class=\"fg-item-inner\"><a href=\"https:\/\/www.aerodrome-paray.fr\/blog\/wp-content\/uploads\/J-2.jpeg\" data-caption-title=\"Leurs beaux avions nous ont enchant\u00e9s\" data-attachment-id=\"7821\" data-type=\"image\" class=\"fg-thumb\"><span class=\"fg-image-wrap\"><img decoding=\"async\" title=\"Leurs beaux avions nous ont enchant\u00e9s\" width=\"150\" height=\"150\" class=\"skip-lazy fg-image\" data-no-lazy=\"1\" data-src-fg=\"https:\/\/www.aerodrome-paray.fr\/blog\/wp-content\/uploads\/cache\/J-2\/1304275287.jpeg\" src=\"data:image\/svg+xml,%3Csvg%20xmlns%3D%22http%3A%2F%2Fwww.w3.org%2F2000%2Fsvg%22%20width%3D%22150%22%20height%3D%22150%22%20viewBox%3D%220%200%20150%20150%22%3E%3C%2Fsvg%3E\" loading=\"eager\"><\/span><span class=\"fg-image-overlay\"><\/span><\/a><figcaption class=\"fg-caption\"><div class=\"fg-caption-inner\"><div class=\"fg-caption-title\">Leurs beaux avions nous ont enchant\u00e9s<\/div><\/div><\/figcaption><\/figure><div class=\"fg-loader\"><\/div><\/div><div class=\"fg-item fg-type-image fg-idle\"><figure class=\"fg-item-inner\"><a href=\"https:\/\/www.aerodrome-paray.fr\/blog\/wp-content\/uploads\/J-3.jpeg\" data-caption-title=\"Contrairement \u00e0 ce qui \u00e9tait annonc\u00e9, la m\u00e9t\u00e9o a \u00e9t\u00e9 cl\u00e9mente et n&#039;a pas g\u00e2ch\u00e9 notre manifestation\" data-attachment-id=\"7820\" data-type=\"image\" class=\"fg-thumb\"><span class=\"fg-image-wrap\"><img decoding=\"async\" title=\"Contrairement \u00e0 ce qui \u00e9tait annonc\u00e9, la m\u00e9t\u00e9o a \u00e9t\u00e9 cl\u00e9mente et n&#039;a pas g\u00e2ch\u00e9 notre manifestation\" width=\"150\" height=\"150\" class=\"skip-lazy fg-image\" data-no-lazy=\"1\" data-src-fg=\"https:\/\/www.aerodrome-paray.fr\/blog\/wp-content\/uploads\/cache\/J-3\/3861911771.jpeg\" src=\"data:image\/svg+xml,%3Csvg%20xmlns%3D%22http%3A%2F%2Fwww.w3.org%2F2000%2Fsvg%22%20width%3D%22150%22%20height%3D%22150%22%20viewBox%3D%220%200%20150%20150%22%3E%3C%2Fsvg%3E\" loading=\"eager\"><\/span><span class=\"fg-image-overlay\"><\/span><\/a><figcaption class=\"fg-caption\"><div class=\"fg-caption-inner\"><div class=\"fg-caption-title\">Contrairement \u00e0 ce qui \u00e9tait annonc\u00e9, la m\u00e9t\u00e9o a \u00e9t\u00e9 cl\u00e9mente et n'a pas g\u00e2ch\u00e9 notre manifestation<\/div><\/div><\/figcaption><\/figure><div class=\"fg-loader\"><\/div><\/div><div class=\"fg-item fg-type-image fg-idle\"><figure class=\"fg-item-inner\"><a href=\"https:\/\/www.aerodrome-paray.fr\/blog\/wp-content\/uploads\/J-4.jpeg\" data-caption-title=\"Merci aux voisins de Saint-Yan pour leur visite\" data-attachment-id=\"7819\" data-type=\"image\" class=\"fg-thumb\"><span class=\"fg-image-wrap\"><img decoding=\"async\" title=\"Merci aux voisins de Saint-Yan pour leur visite\" width=\"150\" height=\"150\" class=\"skip-lazy fg-image\" data-no-lazy=\"1\" data-src-fg=\"https:\/\/www.aerodrome-paray.fr\/blog\/wp-content\/uploads\/cache\/J-4\/3303839726.jpeg\" src=\"data:image\/svg+xml,%3Csvg%20xmlns%3D%22http%3A%2F%2Fwww.w3.org%2F2000%2Fsvg%22%20width%3D%22150%22%20height%3D%22150%22%20viewBox%3D%220%200%20150%20150%22%3E%3C%2Fsvg%3E\" loading=\"eager\"><\/span><span class=\"fg-image-overlay\"><\/span><\/a><figcaption class=\"fg-caption\"><div class=\"fg-caption-inner\"><div class=\"fg-caption-title\">Merci aux voisins de Saint-Yan pour leur visite<\/div><\/div><\/figcaption><\/figure><div class=\"fg-loader\"><\/div><\/div><div class=\"fg-item fg-type-image fg-idle\"><figure class=\"fg-item-inner\"><a href=\"https:\/\/www.aerodrome-paray.fr\/blog\/wp-content\/uploads\/J-5.jpeg\" data-caption-title=\"Jodel D-113 de l&#039;aero-club de Saint-Yan\" data-attachment-id=\"7818\" data-type=\"image\" class=\"fg-thumb\"><span class=\"fg-image-wrap\"><img decoding=\"async\" title=\"Jodel D-113 de l&#039;aero-club de Saint-Yan\" width=\"150\" height=\"150\" class=\"skip-lazy fg-image\" data-no-lazy=\"1\" data-src-fg=\"https:\/\/www.aerodrome-paray.fr\/blog\/wp-content\/uploads\/cache\/J-5\/1868637794.jpeg\" src=\"data:image\/svg+xml,%3Csvg%20xmlns%3D%22http%3A%2F%2Fwww.w3.org%2F2000%2Fsvg%22%20width%3D%22150%22%20height%3D%22150%22%20viewBox%3D%220%200%20150%20150%22%3E%3C%2Fsvg%3E\" loading=\"eager\"><\/span><span class=\"fg-image-overlay\"><\/span><\/a><figcaption class=\"fg-caption\"><div class=\"fg-caption-inner\"><div class=\"fg-caption-title\">Jodel D-113 de l'aero-club de Saint-Yan<\/div><\/div><\/figcaption><\/figure><div class=\"fg-loader\"><\/div><\/div><div class=\"fg-item fg-type-image fg-idle\"><figure class=\"fg-item-inner\"><a href=\"https:\/\/www.aerodrome-paray.fr\/blog\/wp-content\/uploads\/J-6.jpeg\" data-attachment-id=\"7817\" data-type=\"image\" class=\"fg-thumb\"><span class=\"fg-image-wrap\"><img decoding=\"async\" width=\"150\" height=\"150\" class=\"skip-lazy fg-image\" data-no-lazy=\"1\" data-src-fg=\"https:\/\/www.aerodrome-paray.fr\/blog\/wp-content\/uploads\/cache\/J-6\/825053943.jpeg\" src=\"data:image\/svg+xml,%3Csvg%20xmlns%3D%22http%3A%2F%2Fwww.w3.org%2F2000%2Fsvg%22%20width%3D%22150%22%20height%3D%22150%22%20viewBox%3D%220%200%20150%20150%22%3E%3C%2Fsvg%3E\" loading=\"eager\"><\/span><span class=\"fg-image-overlay\"><\/span><\/a><\/figure><div class=\"fg-loader\"><\/div><\/div><div class=\"fg-item fg-type-image fg-idle\"><figure class=\"fg-item-inner\"><a href=\"https:\/\/www.aerodrome-paray.fr\/blog\/wp-content\/uploads\/J-7.jpeg\" data-attachment-id=\"7816\" data-type=\"image\" class=\"fg-thumb\"><span class=\"fg-image-wrap\"><img decoding=\"async\" width=\"150\" height=\"150\" class=\"skip-lazy fg-image\" data-no-lazy=\"1\" data-src-fg=\"https:\/\/www.aerodrome-paray.fr\/blog\/wp-content\/uploads\/cache\/J-7\/2594235259.jpeg\" src=\"data:image\/svg+xml,%3Csvg%20xmlns%3D%22http%3A%2F%2Fwww.w3.org%2F2000%2Fsvg%22%20width%3D%22150%22%20height%3D%22150%22%20viewBox%3D%220%200%20150%20150%22%3E%3C%2Fsvg%3E\" loading=\"eager\"><\/span><span class=\"fg-image-overlay\"><\/span><\/a><\/figure><div class=\"fg-loader\"><\/div><\/div><div class=\"fg-item fg-type-image fg-idle\"><figure class=\"fg-item-inner\"><a href=\"https:\/\/www.aerodrome-paray.fr\/blog\/wp-content\/uploads\/J-8.jpeg\" data-attachment-id=\"7815\" data-type=\"image\" class=\"fg-thumb\"><span class=\"fg-image-wrap\"><img decoding=\"async\" width=\"150\" height=\"150\" class=\"skip-lazy fg-image\" data-no-lazy=\"1\" data-src-fg=\"https:\/\/www.aerodrome-paray.fr\/blog\/wp-content\/uploads\/cache\/J-8\/1534313658.jpeg\" src=\"data:image\/svg+xml,%3Csvg%20xmlns%3D%22http%3A%2F%2Fwww.w3.org%2F2000%2Fsvg%22%20width%3D%22150%22%20height%3D%22150%22%20viewBox%3D%220%200%20150%20150%22%3E%3C%2Fsvg%3E\" loading=\"eager\"><\/span><span class=\"fg-image-overlay\"><\/span><\/a><\/figure><div class=\"fg-loader\"><\/div><\/div><div class=\"fg-item fg-type-image fg-idle\"><figure class=\"fg-item-inner\"><a href=\"https:\/\/www.aerodrome-paray.fr\/blog\/wp-content\/uploads\/K-1.jpeg\" data-caption-title=\"Fin de journ\u00e9e du dimanche un peu pr\u00e9cipit\u00e9e avec d\u00e9gradation m\u00e9t\u00e9o ne permettant pas la r\u00e9alisation de tous les vols D\u00e9couverte\" data-attachment-id=\"7814\" data-type=\"image\" class=\"fg-thumb\"><span class=\"fg-image-wrap\"><img decoding=\"async\" title=\"Fin de journ\u00e9e du dimanche un peu pr\u00e9cipit\u00e9e avec d\u00e9gradation m\u00e9t\u00e9o ne permettant pas la r\u00e9alisation de tous les vols D\u00e9couverte\" width=\"150\" height=\"150\" class=\"skip-lazy fg-image\" data-no-lazy=\"1\" data-src-fg=\"https:\/\/www.aerodrome-paray.fr\/blog\/wp-content\/uploads\/cache\/K-1\/2326268142.jpeg\" src=\"data:image\/svg+xml,%3Csvg%20xmlns%3D%22http%3A%2F%2Fwww.w3.org%2F2000%2Fsvg%22%20width%3D%22150%22%20height%3D%22150%22%20viewBox%3D%220%200%20150%20150%22%3E%3C%2Fsvg%3E\" loading=\"eager\"><\/span><span class=\"fg-image-overlay\"><\/span><\/a><figcaption class=\"fg-caption\"><div class=\"fg-caption-inner\"><div class=\"fg-caption-title\">Fin de journ\u00e9e du dimanche un peu pr\u00e9cipit\u00e9e avec d\u00e9gradation m\u00e9t\u00e9o ne permettant pas la r\u00e9alisation de tous les vols D\u00e9couverte<\/div><\/div><\/figcaption><\/figure><div class=\"fg-loader\"><\/div><\/div><div class=\"fg-item fg-type-image fg-idle\"><figure class=\"fg-item-inner\"><a href=\"https:\/\/www.aerodrome-paray.fr\/blog\/wp-content\/uploads\/fin.jpg\" data-attachment-id=\"7840\" data-type=\"image\" class=\"fg-thumb\"><span class=\"fg-image-wrap\"><img decoding=\"async\" width=\"150\" height=\"150\" class=\"skip-lazy fg-image\" data-no-lazy=\"1\" data-src-fg=\"https:\/\/www.aerodrome-paray.fr\/blog\/wp-content\/uploads\/cache\/fin\/3182818492.jpg\" src=\"data:image\/svg+xml,%3Csvg%20xmlns%3D%22http%3A%2F%2Fwww.w3.org%2F2000%2Fsvg%22%20width%3D%22150%22%20height%3D%22150%22%20viewBox%3D%220%200%20150%20150%22%3E%3C%2Fsvg%3E\" loading=\"eager\"><\/span><span class=\"fg-image-overlay\"><\/span><\/a><\/figure><div class=\"fg-loader\"><\/div><\/div><\/div>\n\n","protected":false},"excerpt":{"rendered":"","protected":false},"author":2,"featured_media":0,"parent":0,"menu_order":0,"comment_status":"closed","ping_status":"closed","template":"","meta":{"_monsterinsights_skip_tracking":false,"_monsterinsights_sitenote_active":false,"_monsterinsights_sitenote_note":"","_monsterinsights_sitenote_category":0,"footnotes":""},"class_list":["post-7837","page","type-page","status-publish","hentry","nodate","item-wrap"],"yoast_head":"<!-- This site is optimized with the Yoast SEO plugin v27.5 - https:\/\/yoast.com\/product\/yoast-seo-wordpress\/ -->\n<title>JOURN\u00c9ES PORTES OUVERTES 2025 - Aeroclub Charolais<\/title>\n<meta name=\"robots\" content=\"index, follow, max-snippet:-1, max-image-preview:large, max-video-preview:-1\" \/>\n<link rel=\"canonical\" href=\"https:\/\/www.aerodrome-paray.fr\/blog\/journees-portes-ouvertes-2025\/\" \/>\n<meta property=\"og:locale\" content=\"fr_FR\" \/>\n<meta property=\"og:type\" content=\"article\" \/>\n<meta property=\"og:title\" content=\"JOURN\u00c9ES PORTES OUVERTES 2025 - Aeroclub Charolais\" \/>\n<meta property=\"og:url\" content=\"https:\/\/www.aerodrome-paray.fr\/blog\/journees-portes-ouvertes-2025\/\" \/>\n<meta property=\"og:site_name\" content=\"Aeroclub Charolais\" \/>\n<meta name=\"twitter:card\" content=\"summary_large_image\" \/>\n<meta name=\"twitter:label1\" content=\"Dur\u00e9e de lecture estim\u00e9e\" \/>\n\t<meta name=\"twitter:data1\" content=\"1 minute\" \/>\n<script type=\"application\/ld+json\" class=\"yoast-schema-graph\">{\"@context\":\"https:\\\/\\\/schema.org\",\"@graph\":[{\"@type\":\"WebPage\",\"@id\":\"https:\\\/\\\/www.aerodrome-paray.fr\\\/blog\\\/journees-portes-ouvertes-2025\\\/\",\"url\":\"https:\\\/\\\/www.aerodrome-paray.fr\\\/blog\\\/journees-portes-ouvertes-2025\\\/\",\"name\":\"JOURN\u00c9ES PORTES OUVERTES 2025 - Aeroclub Charolais\",\"isPartOf\":{\"@id\":\"https:\\\/\\\/www.aerodrome-paray.fr\\\/blog\\\/#website\"},\"datePublished\":\"2025-09-02T21:49:12+00:00\",\"breadcrumb\":{\"@id\":\"https:\\\/\\\/www.aerodrome-paray.fr\\\/blog\\\/journees-portes-ouvertes-2025\\\/#breadcrumb\"},\"inLanguage\":\"fr-FR\",\"potentialAction\":[{\"@type\":\"ReadAction\",\"target\":[\"https:\\\/\\\/www.aerodrome-paray.fr\\\/blog\\\/journees-portes-ouvertes-2025\\\/\"]}]},{\"@type\":\"BreadcrumbList\",\"@id\":\"https:\\\/\\\/www.aerodrome-paray.fr\\\/blog\\\/journees-portes-ouvertes-2025\\\/#breadcrumb\",\"itemListElement\":[{\"@type\":\"ListItem\",\"position\":1,\"name\":\"Accueil\",\"item\":\"https:\\\/\\\/www.aerodrome-paray.fr\\\/blog\\\/\"},{\"@type\":\"ListItem\",\"position\":2,\"name\":\"JOURN\u00c9ES PORTES OUVERTES 2025\"}]},{\"@type\":\"WebSite\",\"@id\":\"https:\\\/\\\/www.aerodrome-paray.fr\\\/blog\\\/#website\",\"url\":\"https:\\\/\\\/www.aerodrome-paray.fr\\\/blog\\\/\",\"name\":\"Aeroclub Charolais\",\"description\":\"\",\"potentialAction\":[{\"@type\":\"SearchAction\",\"target\":{\"@type\":\"EntryPoint\",\"urlTemplate\":\"https:\\\/\\\/www.aerodrome-paray.fr\\\/blog\\\/?s={search_term_string}\"},\"query-input\":{\"@type\":\"PropertyValueSpecification\",\"valueRequired\":true,\"valueName\":\"search_term_string\"}}],\"inLanguage\":\"fr-FR\"}]}<\/script>\n<!-- \/ Yoast SEO plugin. -->","yoast_head_json":{"title":"JOURN\u00c9ES PORTES OUVERTES 2025 - Aeroclub Charolais","robots":{"index":"index","follow":"follow","max-snippet":"max-snippet:-1","max-image-preview":"max-image-preview:large","max-video-preview":"max-video-preview:-1"},"canonical":"https:\/\/www.aerodrome-paray.fr\/blog\/journees-portes-ouvertes-2025\/","og_locale":"fr_FR","og_type":"article","og_title":"JOURN\u00c9ES PORTES OUVERTES 2025 - Aeroclub Charolais","og_url":"https:\/\/www.aerodrome-paray.fr\/blog\/journees-portes-ouvertes-2025\/","og_site_name":"Aeroclub Charolais","twitter_card":"summary_large_image","twitter_misc":{"Dur\u00e9e de lecture estim\u00e9e":"1 minute"},"schema":{"@context":"https:\/\/schema.org","@graph":[{"@type":"WebPage","@id":"https:\/\/www.aerodrome-paray.fr\/blog\/journees-portes-ouvertes-2025\/","url":"https:\/\/www.aerodrome-paray.fr\/blog\/journees-portes-ouvertes-2025\/","name":"JOURN\u00c9ES PORTES OUVERTES 2025 - Aeroclub Charolais","isPartOf":{"@id":"https:\/\/www.aerodrome-paray.fr\/blog\/#website"},"datePublished":"2025-09-02T21:49:12+00:00","breadcrumb":{"@id":"https:\/\/www.aerodrome-paray.fr\/blog\/journees-portes-ouvertes-2025\/#breadcrumb"},"inLanguage":"fr-FR","potentialAction":[{"@type":"ReadAction","target":["https:\/\/www.aerodrome-paray.fr\/blog\/journees-portes-ouvertes-2025\/"]}]},{"@type":"BreadcrumbList","@id":"https:\/\/www.aerodrome-paray.fr\/blog\/journees-portes-ouvertes-2025\/#breadcrumb","itemListElement":[{"@type":"ListItem","position":1,"name":"Accueil","item":"https:\/\/www.aerodrome-paray.fr\/blog\/"},{"@type":"ListItem","position":2,"name":"JOURN\u00c9ES PORTES OUVERTES 2025"}]},{"@type":"WebSite","@id":"https:\/\/www.aerodrome-paray.fr\/blog\/#website","url":"https:\/\/www.aerodrome-paray.fr\/blog\/","name":"Aeroclub Charolais","description":"","potentialAction":[{"@type":"SearchAction","target":{"@type":"EntryPoint","urlTemplate":"https:\/\/www.aerodrome-paray.fr\/blog\/?s={search_term_string}"},"query-input":{"@type":"PropertyValueSpecification","valueRequired":true,"valueName":"search_term_string"}}],"inLanguage":"fr-FR"}]}},"_links":{"self":[{"href":"https:\/\/www.aerodrome-paray.fr\/blog\/wp-json\/wp\/v2\/pages\/7837","targetHints":{"allow":["GET"]}}],"collection":[{"href":"https:\/\/www.aerodrome-paray.fr\/blog\/wp-json\/wp\/v2\/pages"}],"about":[{"href":"https:\/\/www.aerodrome-paray.fr\/blog\/wp-json\/wp\/v2\/types\/page"}],"author":[{"embeddable":true,"href":"https:\/\/www.aerodrome-paray.fr\/blog\/wp-json\/wp\/v2\/users\/2"}],"replies":[{"embeddable":true,"href":"https:\/\/www.aerodrome-paray.fr\/blog\/wp-json\/wp\/v2\/comments?post=7837"}],"version-history":[{"count":1,"href":"https:\/\/www.aerodrome-paray.fr\/blog\/wp-json\/wp\/v2\/pages\/7837\/revisions"}],"predecessor-version":[{"id":7838,"href":"https:\/\/www.aerodrome-paray.fr\/blog\/wp-json\/wp\/v2\/pages\/7837\/revisions\/7838"}],"wp:attachment":[{"href":"https:\/\/www.aerodrome-paray.fr\/blog\/wp-json\/wp\/v2\/media?parent=7837"}],"curies":[{"name":"wp","href":"https:\/\/api.w.org\/{rel}","templated":true}]}}