{"id":8226,"date":"2026-08-30T15:42:38","date_gmt":"2026-08-30T13:42:38","guid":{"rendered":"https:\/\/www.aerodrome-paray.fr\/blog\/?page_id=8226"},"modified":"2026-08-31T14:03:39","modified_gmt":"2026-08-31T12:03:39","slug":"camp-dete-ampa-2026","status":"publish","type":"page","link":"https:\/\/www.aerodrome-paray.fr\/blog\/camp-dete-ampa-2026\/","title":{"rendered":"Camp d&rsquo;\u00e9t\u00e9 AMPA 2026"},"content":{"rendered":"<style type=\"text\/css\">\n#foogallery-gallery-8223 .fg-image { width: 270px; }\n#foogallery-gallery-8223 { --fg-gutter: 10px; }<\/style>\n\t\t\t<div class=\"foogallery foogallery-container foogallery-default foogallery-lightbox-foobox fg-center fg-default fg-ready fg-light fg-shadow-medium fg-loading-default fg-loaded-fade-in fg-preset fg-brad fg-preset-small fg-preset fg-brad fg-preset-small fg-no-js\" id=\"foogallery-gallery-8223\" data-foogallery=\"{&quot;item&quot;:{&quot;showCaptionTitle&quot;:true,&quot;showCaptionDescription&quot;:true},&quot;lazy&quot;:true,&quot;src&quot;:&quot;src&quot;,&quot;srcset&quot;:&quot;srcset&quot;}\" style=\"--fg-title-line-clamp: 1; --fg-description-line-clamp: 2;\" >\n\t<div class=\"fg-item fg-type-image fg-loading\"><figure class=\"fg-item-inner\"><a href=\"https:\/\/www.aerodrome-paray.fr\/blog\/wp-content\/uploads\/A-AMPA-0.jpg\" data-attachment-id=\"8222\" data-e-disable-page-transition=\"true\" data-type=\"image\" class=\"fg-thumb\"><span class=\"fg-image-wrap\"><img loading=\"lazy\" src=\"https:\/\/www.aerodrome-paray.fr\/blog\/wp-content\/uploads\/cache\/A-AMPA-0\/3360373959.jpg\" width=\"270\" height=\"230\" class=\"skip-lazy fg-image\" data-no-lazy=\"1\" decoding=\"async\" loading=\"lazy\"><\/span><span class=\"fg-image-overlay\"><\/span><\/a><\/figure><div class=\"fg-loader\"><\/div><\/div><div class=\"fg-item fg-type-image fg-loading\"><figure class=\"fg-item-inner\"><a href=\"https:\/\/www.aerodrome-paray.fr\/blog\/wp-content\/uploads\/A-AMPA-1-scaled.jpeg\" data-caption-title=\"Pendant plusieurs jours : l&#039;a\u00e9rodrome est aux couleurs de la Suisse !\" data-attachment-id=\"8209\" data-e-disable-page-transition=\"true\" data-type=\"image\" class=\"fg-thumb\"><span class=\"fg-image-wrap\"><img loading=\"lazy\" src=\"https:\/\/www.aerodrome-paray.fr\/blog\/wp-content\/uploads\/cache\/A-AMPA-1-scaled\/4282046850.jpeg\" title=\"Pendant plusieurs jours : l&#039;a\u00e9rodrome est aux couleurs de la Suisse !\" width=\"270\" height=\"230\" class=\"skip-lazy fg-image\" data-no-lazy=\"1\" decoding=\"async\" loading=\"lazy\"><\/span><span class=\"fg-image-overlay\"><\/span><\/a><figcaption class=\"fg-caption\"><div class=\"fg-caption-inner\"><div class=\"fg-caption-title\">Pendant plusieurs jours : l'a\u00e9rodrome est aux couleurs de la Suisse !<\/div><\/div><\/figcaption><\/figure><div class=\"fg-loader\"><\/div><\/div><div class=\"fg-item fg-type-image fg-loading\"><figure class=\"fg-item-inner\"><a href=\"https:\/\/www.aerodrome-paray.fr\/blog\/wp-content\/uploads\/A-AMPA-2-scaled.jpeg\" data-caption-title=\"Un magnifique plateau et de la couleur avec de beaux appareils superbement mis en valeur\" data-attachment-id=\"8208\" data-e-disable-page-transition=\"true\" data-type=\"image\" class=\"fg-thumb\"><span class=\"fg-image-wrap\"><img loading=\"lazy\" src=\"https:\/\/www.aerodrome-paray.fr\/blog\/wp-content\/uploads\/cache\/A-AMPA-2-scaled\/3354063692.jpeg\" title=\"Un magnifique plateau et de la couleur avec de beaux appareils superbement mis en valeur\" width=\"270\" height=\"230\" class=\"skip-lazy fg-image\" data-no-lazy=\"1\" decoding=\"async\" loading=\"lazy\"><\/span><span class=\"fg-image-overlay\"><\/span><\/a><figcaption class=\"fg-caption\"><div class=\"fg-caption-inner\"><div class=\"fg-caption-title\">Un magnifique plateau et de la couleur avec de beaux appareils superbement mis en valeur<\/div><\/div><\/figcaption><\/figure><div class=\"fg-loader\"><\/div><\/div><div class=\"fg-item fg-type-image fg-loading\"><figure class=\"fg-item-inner\"><a href=\"https:\/\/www.aerodrome-paray.fr\/blog\/wp-content\/uploads\/A-AMPA-3-scaled.jpeg\" data-caption-title=\"HB-UUL : B\u00fccker 131 Jungmann\" data-attachment-id=\"8207\" data-e-disable-page-transition=\"true\" data-type=\"image\" class=\"fg-thumb\"><span class=\"fg-image-wrap\"><img loading=\"lazy\" src=\"https:\/\/www.aerodrome-paray.fr\/blog\/wp-content\/uploads\/cache\/A-AMPA-3-scaled\/2517453193.jpeg\" title=\"HB-UUL : B\u00fccker 131 Jungmann\" width=\"270\" height=\"230\" class=\"skip-lazy fg-image\" data-no-lazy=\"1\" decoding=\"async\" loading=\"lazy\"><\/span><span class=\"fg-image-overlay\"><\/span><\/a><figcaption class=\"fg-caption\"><div class=\"fg-caption-inner\"><div class=\"fg-caption-title\">HB-UUL : B\u00fccker 131 Jungmann<\/div><\/div><\/figcaption><\/figure><div class=\"fg-loader\"><\/div><\/div><div class=\"fg-item fg-type-image fg-loading\"><figure class=\"fg-item-inner\"><a href=\"https:\/\/www.aerodrome-paray.fr\/blog\/wp-content\/uploads\/A-AMPA-4-scaled.jpeg\" data-attachment-id=\"8206\" data-e-disable-page-transition=\"true\" data-type=\"image\" class=\"fg-thumb\"><span class=\"fg-image-wrap\"><img loading=\"lazy\" src=\"https:\/\/www.aerodrome-paray.fr\/blog\/wp-content\/uploads\/cache\/A-AMPA-4-scaled\/2062299072.jpeg\" width=\"270\" height=\"230\" class=\"skip-lazy fg-image\" data-no-lazy=\"1\" decoding=\"async\" loading=\"lazy\"><\/span><span class=\"fg-image-overlay\"><\/span><\/a><\/figure><div class=\"fg-loader\"><\/div><\/div><div class=\"fg-item fg-type-image fg-loading\"><figure class=\"fg-item-inner\"><a href=\"https:\/\/www.aerodrome-paray.fr\/blog\/wp-content\/uploads\/A-AMPA-5-scaled.jpeg\" data-caption-title=\"HB-CAO : Cessna 170A\" data-attachment-id=\"8205\" data-e-disable-page-transition=\"true\" data-type=\"image\" class=\"fg-thumb\"><span class=\"fg-image-wrap\"><img loading=\"lazy\" src=\"https:\/\/www.aerodrome-paray.fr\/blog\/wp-content\/uploads\/cache\/A-AMPA-5-scaled\/3886881813.jpeg\" title=\"HB-CAO : Cessna 170A\" width=\"270\" height=\"230\" class=\"skip-lazy fg-image\" data-no-lazy=\"1\" decoding=\"async\" loading=\"lazy\"><\/span><span class=\"fg-image-overlay\"><\/span><\/a><figcaption class=\"fg-caption\"><div class=\"fg-caption-inner\"><div class=\"fg-caption-title\">HB-CAO : Cessna 170A<\/div><\/div><\/figcaption><\/figure><div class=\"fg-loader\"><\/div><\/div><div class=\"fg-item fg-type-image fg-loading\"><figure class=\"fg-item-inner\"><a href=\"https:\/\/www.aerodrome-paray.fr\/blog\/wp-content\/uploads\/A-AMPA-6-scaled.jpeg\" data-attachment-id=\"8217\" data-e-disable-page-transition=\"true\" data-type=\"image\" class=\"fg-thumb\"><span class=\"fg-image-wrap\"><img loading=\"lazy\" src=\"https:\/\/www.aerodrome-paray.fr\/blog\/wp-content\/uploads\/cache\/A-AMPA-6-scaled\/3274371206.jpeg\" width=\"270\" height=\"230\" class=\"skip-lazy fg-image\" data-no-lazy=\"1\" decoding=\"async\" loading=\"lazy\"><\/span><span class=\"fg-image-overlay\"><\/span><\/a><\/figure><div class=\"fg-loader\"><\/div><\/div><div class=\"fg-item fg-type-image fg-loading\"><figure class=\"fg-item-inner\"><a href=\"https:\/\/www.aerodrome-paray.fr\/blog\/wp-content\/uploads\/A-AMPA-7-scaled.jpeg\" data-attachment-id=\"8213\" data-e-disable-page-transition=\"true\" data-type=\"image\" class=\"fg-thumb\"><span class=\"fg-image-wrap\"><img loading=\"lazy\" src=\"https:\/\/www.aerodrome-paray.fr\/blog\/wp-content\/uploads\/cache\/A-AMPA-7-scaled\/689969639.jpeg\" width=\"270\" height=\"230\" class=\"skip-lazy fg-image\" data-no-lazy=\"1\" decoding=\"async\" loading=\"lazy\"><\/span><span class=\"fg-image-overlay\"><\/span><\/a><\/figure><div class=\"fg-loader\"><\/div><\/div><div class=\"fg-item fg-type-image fg-loading\"><figure class=\"fg-item-inner\"><a href=\"https:\/\/www.aerodrome-paray.fr\/blog\/wp-content\/uploads\/A-AMPA-8-scaled.jpeg\" data-caption-title=\"Belle enfilade de Piper PA-28 Cherokee\" data-attachment-id=\"8221\" data-e-disable-page-transition=\"true\" data-type=\"image\" class=\"fg-thumb\"><span class=\"fg-image-wrap\"><img loading=\"lazy\" src=\"https:\/\/www.aerodrome-paray.fr\/blog\/wp-content\/uploads\/cache\/A-AMPA-8-scaled\/4101631630.jpeg\" title=\"Belle enfilade de Piper PA-28 Cherokee\" width=\"270\" height=\"230\" class=\"skip-lazy fg-image\" data-no-lazy=\"1\" decoding=\"async\" loading=\"lazy\"><\/span><span class=\"fg-image-overlay\"><\/span><\/a><figcaption class=\"fg-caption\"><div class=\"fg-caption-inner\"><div class=\"fg-caption-title\">Belle enfilade de Piper PA-28 Cherokee<\/div><\/div><\/figcaption><\/figure><div class=\"fg-loader\"><\/div><\/div><div class=\"fg-item fg-type-image fg-loading\"><figure class=\"fg-item-inner\"><a href=\"https:\/\/www.aerodrome-paray.fr\/blog\/wp-content\/uploads\/A-AMPA-9-scaled.jpeg\" data-caption-title=\"Un h\u00e9bergement spartiate sous la tente... Pour d&#039;autres, ce sera l&#039;h\u00f4tel !\" data-attachment-id=\"8220\" data-e-disable-page-transition=\"true\" data-type=\"image\" class=\"fg-thumb\"><span class=\"fg-image-wrap\"><img loading=\"lazy\" src=\"https:\/\/www.aerodrome-paray.fr\/blog\/wp-content\/uploads\/cache\/A-AMPA-9-scaled\/1258938659.jpeg\" title=\"Un h\u00e9bergement spartiate sous la tente... Pour d&#039;autres, ce sera l&#039;h\u00f4tel !\" width=\"270\" height=\"230\" class=\"skip-lazy fg-image\" data-no-lazy=\"1\" decoding=\"async\" loading=\"lazy\"><\/span><span class=\"fg-image-overlay\"><\/span><\/a><figcaption class=\"fg-caption\"><div class=\"fg-caption-inner\"><div class=\"fg-caption-title\">Un h\u00e9bergement spartiate sous la tente... Pour d'autres, ce sera l'h\u00f4tel !<\/div><\/div><\/figcaption><\/figure><div class=\"fg-loader\"><\/div><\/div><div class=\"fg-item fg-type-image fg-loading\"><figure class=\"fg-item-inner\"><a href=\"https:\/\/www.aerodrome-paray.fr\/blog\/wp-content\/uploads\/A-AMPA-10-scaled.jpeg\" data-caption-title=\"Petit d\u00e9jeuner pr\u00e8s de la piscine improvis\u00e9e\" data-attachment-id=\"8219\" data-e-disable-page-transition=\"true\" data-type=\"image\" class=\"fg-thumb\"><span class=\"fg-image-wrap\"><img loading=\"lazy\" src=\"https:\/\/www.aerodrome-paray.fr\/blog\/wp-content\/uploads\/cache\/A-AMPA-10-scaled\/1538359530.jpeg\" title=\"Petit d\u00e9jeuner pr\u00e8s de la piscine improvis\u00e9e\" width=\"270\" height=\"230\" class=\"skip-lazy fg-image\" data-no-lazy=\"1\" decoding=\"async\" loading=\"lazy\"><\/span><span class=\"fg-image-overlay\"><\/span><\/a><figcaption class=\"fg-caption\"><div class=\"fg-caption-inner\"><div class=\"fg-caption-title\">Petit d\u00e9jeuner pr\u00e8s de la piscine improvis\u00e9e<\/div><\/div><\/figcaption><\/figure><div class=\"fg-loader\"><\/div><\/div><div class=\"fg-item fg-type-image fg-loading\"><figure class=\"fg-item-inner\"><a href=\"https:\/\/www.aerodrome-paray.fr\/blog\/wp-content\/uploads\/A-AMPA-11-scaled.jpeg\" data-attachment-id=\"8218\" data-e-disable-page-transition=\"true\" data-type=\"image\" class=\"fg-thumb\"><span class=\"fg-image-wrap\"><img loading=\"lazy\" src=\"https:\/\/www.aerodrome-paray.fr\/blog\/wp-content\/uploads\/cache\/A-AMPA-11-scaled\/3668407650.jpeg\" width=\"270\" height=\"230\" class=\"skip-lazy fg-image\" data-no-lazy=\"1\" decoding=\"async\" loading=\"lazy\"><\/span><span class=\"fg-image-overlay\"><\/span><\/a><\/figure><div class=\"fg-loader\"><\/div><\/div><div class=\"fg-item fg-type-image fg-loading\"><figure class=\"fg-item-inner\"><a href=\"https:\/\/www.aerodrome-paray.fr\/blog\/wp-content\/uploads\/A-AMPA-12-scaled.jpeg\" data-caption-title=\"Pendant tout le camp, beaucoup d&#039;activit\u00e9 sur notre petit terrain...\" data-attachment-id=\"8215\" data-e-disable-page-transition=\"true\" data-type=\"image\" class=\"fg-thumb\"><span class=\"fg-image-wrap\"><img loading=\"lazy\" src=\"https:\/\/www.aerodrome-paray.fr\/blog\/wp-content\/uploads\/cache\/A-AMPA-12-scaled\/3244954468.jpeg\" title=\"Pendant tout le camp, beaucoup d&#039;activit\u00e9 sur notre petit terrain...\" width=\"270\" height=\"230\" class=\"skip-lazy fg-image\" data-no-lazy=\"1\" decoding=\"async\" loading=\"lazy\"><\/span><span class=\"fg-image-overlay\"><\/span><\/a><figcaption class=\"fg-caption\"><div class=\"fg-caption-inner\"><div class=\"fg-caption-title\">Pendant tout le camp, beaucoup d'activit\u00e9 sur notre petit terrain...<\/div><\/div><\/figcaption><\/figure><div class=\"fg-loader\"><\/div><\/div><div class=\"fg-item fg-type-image fg-loading\"><figure class=\"fg-item-inner\"><a href=\"https:\/\/www.aerodrome-paray.fr\/blog\/wp-content\/uploads\/A-AMPA-13-scaled.jpeg\" data-caption-title=\"HB-SOP : Jodel D-11A Club\" data-attachment-id=\"8204\" data-e-disable-page-transition=\"true\" data-type=\"image\" class=\"fg-thumb\"><span class=\"fg-image-wrap\"><img loading=\"lazy\" src=\"https:\/\/www.aerodrome-paray.fr\/blog\/wp-content\/uploads\/cache\/A-AMPA-13-scaled\/607662152.jpeg\" title=\"HB-SOP : Jodel D-11A Club\" width=\"270\" height=\"230\" class=\"skip-lazy fg-image\" data-no-lazy=\"1\" decoding=\"async\" loading=\"lazy\"><\/span><span class=\"fg-image-overlay\"><\/span><\/a><figcaption class=\"fg-caption\"><div class=\"fg-caption-inner\"><div class=\"fg-caption-title\">HB-SOP : Jodel D-11A Club<\/div><\/div><\/figcaption><\/figure><div class=\"fg-loader\"><\/div><\/div><div class=\"fg-item fg-type-image fg-loading\"><figure class=\"fg-item-inner\"><a href=\"https:\/\/www.aerodrome-paray.fr\/blog\/wp-content\/uploads\/A-AMPA-14-scaled.jpeg\" data-caption-title=\"HB-TUT : De Havilland Canada CHC1 Chipmunk\" data-attachment-id=\"8202\" data-e-disable-page-transition=\"true\" data-type=\"image\" class=\"fg-thumb\"><span class=\"fg-image-wrap\"><img loading=\"lazy\" src=\"https:\/\/www.aerodrome-paray.fr\/blog\/wp-content\/uploads\/cache\/A-AMPA-14-scaled\/985960555.jpeg\" title=\"HB-TUT : De Havilland Canada CHC1 Chipmunk\" width=\"270\" height=\"230\" class=\"skip-lazy fg-image\" data-no-lazy=\"1\" decoding=\"async\" loading=\"lazy\"><\/span><span class=\"fg-image-overlay\"><\/span><\/a><figcaption class=\"fg-caption\"><div class=\"fg-caption-inner\"><div class=\"fg-caption-title\">HB-TUT : De Havilland Canada CHC1 Chipmunk<\/div><\/div><\/figcaption><\/figure><div class=\"fg-loader\"><\/div><\/div><div class=\"fg-item fg-type-image fg-loading\"><figure class=\"fg-item-inner\"><a href=\"https:\/\/www.aerodrome-paray.fr\/blog\/wp-content\/uploads\/A-AMPA-14a-scaled.jpeg\" data-caption-title=\"HB-KFN : superbe Robin DR-400\" data-attachment-id=\"8214\" data-e-disable-page-transition=\"true\" data-type=\"image\" class=\"fg-thumb\"><span class=\"fg-image-wrap\"><img loading=\"lazy\" src=\"https:\/\/www.aerodrome-paray.fr\/blog\/wp-content\/uploads\/cache\/A-AMPA-14a-scaled\/1553532968.jpeg\" title=\"HB-KFN : superbe Robin DR-400\" width=\"270\" height=\"230\" class=\"skip-lazy fg-image\" data-no-lazy=\"1\" decoding=\"async\" loading=\"lazy\"><\/span><span class=\"fg-image-overlay\"><\/span><\/a><figcaption class=\"fg-caption\"><div class=\"fg-caption-inner\"><div class=\"fg-caption-title\">HB-KFN : superbe Robin DR-400<\/div><\/div><\/figcaption><\/figure><div class=\"fg-loader\"><\/div><\/div><div class=\"fg-item fg-type-image fg-loading\"><figure class=\"fg-item-inner\"><a href=\"https:\/\/www.aerodrome-paray.fr\/blog\/wp-content\/uploads\/A-AMPA-14b-scaled.jpeg\" data-caption-title=\"HB-OZV : Piper PA-28 Cherokee\" data-attachment-id=\"8216\" data-e-disable-page-transition=\"true\" data-type=\"image\" class=\"fg-thumb\"><span class=\"fg-image-wrap\"><img loading=\"lazy\" src=\"https:\/\/www.aerodrome-paray.fr\/blog\/wp-content\/uploads\/cache\/A-AMPA-14b-scaled\/3185054098.jpeg\" title=\"HB-OZV : Piper PA-28 Cherokee\" width=\"270\" height=\"230\" class=\"skip-lazy fg-image\" data-no-lazy=\"1\" decoding=\"async\" loading=\"lazy\"><\/span><span class=\"fg-image-overlay\"><\/span><\/a><figcaption class=\"fg-caption\"><div class=\"fg-caption-inner\"><div class=\"fg-caption-title\">HB-OZV : Piper PA-28 Cherokee<\/div><\/div><\/figcaption><\/figure><div class=\"fg-loader\"><\/div><\/div><div class=\"fg-item fg-type-image fg-loading\"><figure class=\"fg-item-inner\"><a href=\"https:\/\/www.aerodrome-paray.fr\/blog\/wp-content\/uploads\/A-AMPA-15-scaled.jpeg\" data-caption-title=\"HB-OSM : Piper L4 Cub aux couleurs am\u00e9ricaines\" data-attachment-id=\"8203\" data-e-disable-page-transition=\"true\" data-type=\"image\" class=\"fg-thumb\"><span class=\"fg-image-wrap\"><img loading=\"lazy\" src=\"https:\/\/www.aerodrome-paray.fr\/blog\/wp-content\/uploads\/cache\/A-AMPA-15-scaled\/3151128035.jpeg\" title=\"HB-OSM : Piper L4 Cub aux couleurs am\u00e9ricaines\" width=\"270\" height=\"230\" class=\"skip-lazy fg-image\" data-no-lazy=\"1\" decoding=\"async\" loading=\"lazy\"><\/span><span class=\"fg-image-overlay\"><\/span><\/a><figcaption class=\"fg-caption\"><div class=\"fg-caption-inner\"><div class=\"fg-caption-title\">HB-OSM : Piper L4 Cub aux couleurs am\u00e9ricaines<\/div><\/div><\/figcaption><\/figure><div class=\"fg-loader\"><\/div><\/div><div class=\"fg-item fg-type-image fg-loading\"><figure class=\"fg-item-inner\"><a href=\"https:\/\/www.aerodrome-paray.fr\/blog\/wp-content\/uploads\/A-AMPA-16-scaled.jpeg\" data-attachment-id=\"8201\" data-e-disable-page-transition=\"true\" data-type=\"image\" class=\"fg-thumb\"><span class=\"fg-image-wrap\"><img loading=\"lazy\" src=\"https:\/\/www.aerodrome-paray.fr\/blog\/wp-content\/uploads\/cache\/A-AMPA-16-scaled\/3437631779.jpeg\" width=\"270\" height=\"230\" class=\"skip-lazy fg-image\" data-no-lazy=\"1\" decoding=\"async\" loading=\"lazy\"><\/span><span class=\"fg-image-overlay\"><\/span><\/a><\/figure><div class=\"fg-loader\"><\/div><\/div><div class=\"fg-item fg-type-image fg-loading\"><figure class=\"fg-item-inner\"><a href=\"https:\/\/www.aerodrome-paray.fr\/blog\/wp-content\/uploads\/A-AMPA-18-scaled.jpeg\" data-caption-title=\"HB-YUV : MSW Aviation Votec 351 (avion pour la voltige)\" data-attachment-id=\"8199\" data-e-disable-page-transition=\"true\" data-type=\"image\" class=\"fg-thumb\"><span class=\"fg-image-wrap\"><img loading=\"lazy\" src=\"https:\/\/www.aerodrome-paray.fr\/blog\/wp-content\/uploads\/cache\/A-AMPA-18-scaled\/360105263.jpeg\" title=\"HB-YUV : MSW Aviation Votec 351 (avion pour la voltige)\" width=\"270\" height=\"230\" class=\"skip-lazy fg-image\" data-no-lazy=\"1\" decoding=\"async\" loading=\"lazy\"><\/span><span class=\"fg-image-overlay\"><\/span><\/a><figcaption class=\"fg-caption\"><div class=\"fg-caption-inner\"><div class=\"fg-caption-title\">HB-YUV : MSW Aviation Votec 351 (avion pour la voltige)<\/div><\/div><\/figcaption><\/figure><div class=\"fg-loader\"><\/div><\/div><div class=\"fg-item fg-type-image fg-loading\"><figure class=\"fg-item-inner\"><a href=\"https:\/\/www.aerodrome-paray.fr\/blog\/wp-content\/uploads\/A-AMPA-19.jpeg\" data-caption-title=\"HB-ODC Piper J3C au d\u00e9collage\" data-attachment-id=\"8198\" data-e-disable-page-transition=\"true\" data-type=\"image\" class=\"fg-thumb\"><span class=\"fg-image-wrap\"><img loading=\"lazy\" src=\"https:\/\/www.aerodrome-paray.fr\/blog\/wp-content\/uploads\/cache\/A-AMPA-19\/3178812343.jpeg\" title=\"HB-ODC Piper J3C au d\u00e9collage\" width=\"270\" height=\"230\" class=\"skip-lazy fg-image\" data-no-lazy=\"1\" decoding=\"async\" loading=\"lazy\"><\/span><span class=\"fg-image-overlay\"><\/span><\/a><figcaption class=\"fg-caption\"><div class=\"fg-caption-inner\"><div class=\"fg-caption-title\">HB-ODC Piper J3C au d\u00e9collage<\/div><\/div><\/figcaption><\/figure><div class=\"fg-loader\"><\/div><\/div><div class=\"fg-item fg-type-image fg-loading\"><figure class=\"fg-item-inner\"><a href=\"https:\/\/www.aerodrome-paray.fr\/blog\/wp-content\/uploads\/A-AMPA-20-scaled.jpeg\" data-caption-title=\"Tr\u00e8s rare ! HB-UPE : De Havilland DH-60GIII Moth Major.\" data-attachment-id=\"8197\" data-e-disable-page-transition=\"true\" data-type=\"image\" class=\"fg-thumb\"><span class=\"fg-image-wrap\"><img loading=\"lazy\" src=\"https:\/\/www.aerodrome-paray.fr\/blog\/wp-content\/uploads\/cache\/A-AMPA-20-scaled\/1987608379.jpeg\" title=\"Tr\u00e8s rare ! HB-UPE : De Havilland DH-60GIII Moth Major.\" width=\"270\" height=\"230\" class=\"skip-lazy fg-image\" data-no-lazy=\"1\" decoding=\"async\" loading=\"lazy\"><\/span><span class=\"fg-image-overlay\"><\/span><\/a><figcaption class=\"fg-caption\"><div class=\"fg-caption-inner\"><div class=\"fg-caption-title\">Tr\u00e8s rare ! HB-UPE : De Havilland DH-60GIII Moth Major.<\/div><\/div><\/figcaption><\/figure><div class=\"fg-loader\"><\/div><\/div><div class=\"fg-item fg-type-image fg-loading\"><figure class=\"fg-item-inner\"><a href=\"https:\/\/www.aerodrome-paray.fr\/blog\/wp-content\/uploads\/A-AMPA-21-scaled.jpeg\" data-caption-title=\"HB-HPR : Pilatus P-7 (avion suisse militaire d&#039;entrainement)\" data-attachment-id=\"8192\" data-e-disable-page-transition=\"true\" data-type=\"image\" class=\"fg-thumb\"><span class=\"fg-image-wrap\"><img loading=\"lazy\" src=\"https:\/\/www.aerodrome-paray.fr\/blog\/wp-content\/uploads\/cache\/A-AMPA-21-scaled\/1251416791.jpeg\" title=\"HB-HPR : Pilatus P-7 (avion suisse militaire d&#039;entrainement)\" width=\"270\" height=\"230\" class=\"skip-lazy fg-image\" data-no-lazy=\"1\" decoding=\"async\" loading=\"lazy\"><\/span><span class=\"fg-image-overlay\"><\/span><\/a><figcaption class=\"fg-caption\"><div class=\"fg-caption-inner\"><div class=\"fg-caption-title\">HB-HPR : Pilatus P-7 (avion suisse militaire d'entrainement)<\/div><\/div><\/figcaption><\/figure><div class=\"fg-loader\"><\/div><\/div><div class=\"fg-item fg-type-image fg-loading\"><figure class=\"fg-item-inner\"><a href=\"https:\/\/www.aerodrome-paray.fr\/blog\/wp-content\/uploads\/A-AMPA-22.jpeg\" data-attachment-id=\"8191\" data-e-disable-page-transition=\"true\" data-type=\"image\" class=\"fg-thumb\"><span class=\"fg-image-wrap\"><img loading=\"lazy\" src=\"https:\/\/www.aerodrome-paray.fr\/blog\/wp-content\/uploads\/cache\/A-AMPA-22\/2178717408.jpeg\" width=\"270\" height=\"230\" class=\"skip-lazy fg-image\" data-no-lazy=\"1\" decoding=\"async\" loading=\"lazy\"><\/span><span class=\"fg-image-overlay\"><\/span><\/a><\/figure><div class=\"fg-loader\"><\/div><\/div><div class=\"fg-item fg-type-image fg-loading\"><figure class=\"fg-item-inner\"><a href=\"https:\/\/www.aerodrome-paray.fr\/blog\/wp-content\/uploads\/A-AMPA-23-scaled.jpeg\" data-caption-title=\"HB-OGA Piper J3C 65 Cub sous un ciel de plus en plus mena\u00e7ant\" data-attachment-id=\"8189\" data-e-disable-page-transition=\"true\" data-type=\"image\" class=\"fg-thumb\"><span class=\"fg-image-wrap\"><img loading=\"lazy\" src=\"https:\/\/www.aerodrome-paray.fr\/blog\/wp-content\/uploads\/cache\/A-AMPA-23-scaled\/2020828082.jpeg\" title=\"HB-OGA Piper J3C 65 Cub sous un ciel de plus en plus mena\u00e7ant\" width=\"270\" height=\"230\" class=\"skip-lazy fg-image\" data-no-lazy=\"1\" decoding=\"async\" loading=\"lazy\"><\/span><span class=\"fg-image-overlay\"><\/span><\/a><figcaption class=\"fg-caption\"><div class=\"fg-caption-inner\"><div class=\"fg-caption-title\">HB-OGA Piper J3C 65 Cub sous un ciel de plus en plus mena\u00e7ant<\/div><\/div><\/figcaption><\/figure><div class=\"fg-loader\"><\/div><\/div><div class=\"fg-item fg-type-image fg-loading\"><figure class=\"fg-item-inner\"><a href=\"https:\/\/www.aerodrome-paray.fr\/blog\/wp-content\/uploads\/A-AMPA-24-scaled.jpeg\" data-caption-title=\"Ciel noir mais tr\u00e8s belle lumi\u00e8re pour ce superbe Robin DR-220\" data-attachment-id=\"8188\" data-e-disable-page-transition=\"true\" data-type=\"image\" class=\"fg-thumb\"><span class=\"fg-image-wrap\"><img loading=\"lazy\" src=\"https:\/\/www.aerodrome-paray.fr\/blog\/wp-content\/uploads\/cache\/A-AMPA-24-scaled\/2868183006.jpeg\" title=\"Ciel noir mais tr\u00e8s belle lumi\u00e8re pour ce superbe Robin DR-220\" width=\"270\" height=\"230\" class=\"skip-lazy fg-image\" data-no-lazy=\"1\" decoding=\"async\" loading=\"lazy\"><\/span><span class=\"fg-image-overlay\"><\/span><\/a><figcaption class=\"fg-caption\"><div class=\"fg-caption-inner\"><div class=\"fg-caption-title\">Ciel noir mais tr\u00e8s belle lumi\u00e8re pour ce superbe Robin DR-220<\/div><\/div><\/figcaption><\/figure><div class=\"fg-loader\"><\/div><\/div><div class=\"fg-item fg-type-image fg-loading\"><figure class=\"fg-item-inner\"><a href=\"https:\/\/www.aerodrome-paray.fr\/blog\/wp-content\/uploads\/A-AMPA-25-scaled.jpeg\" data-caption-title=\"HB-COR : Cessna 140A au d\u00e9collage\" data-attachment-id=\"8212\" data-e-disable-page-transition=\"true\" data-type=\"image\" class=\"fg-thumb\"><span class=\"fg-image-wrap\"><img loading=\"lazy\" src=\"https:\/\/www.aerodrome-paray.fr\/blog\/wp-content\/uploads\/cache\/A-AMPA-25-scaled\/2742193370.jpeg\" title=\"HB-COR : Cessna 140A au d\u00e9collage\" width=\"270\" height=\"230\" class=\"skip-lazy fg-image\" data-no-lazy=\"1\" decoding=\"async\" loading=\"lazy\"><\/span><span class=\"fg-image-overlay\"><\/span><\/a><figcaption class=\"fg-caption\"><div class=\"fg-caption-inner\"><div class=\"fg-caption-title\">HB-COR : Cessna 140A au d\u00e9collage<\/div><\/div><\/figcaption><\/figure><div class=\"fg-loader\"><\/div><\/div><div class=\"fg-item fg-type-image fg-loading\"><figure class=\"fg-item-inner\"><a href=\"https:\/\/www.aerodrome-paray.fr\/blog\/wp-content\/uploads\/A-AMPA-26-scaled.jpeg\" data-caption-title=\"Super lumi\u00e8re ! L&#039;orage approche...\" data-attachment-id=\"8190\" data-e-disable-page-transition=\"true\" data-type=\"image\" class=\"fg-thumb\"><span class=\"fg-image-wrap\"><img loading=\"lazy\" src=\"https:\/\/www.aerodrome-paray.fr\/blog\/wp-content\/uploads\/cache\/A-AMPA-26-scaled\/3918670480.jpeg\" title=\"Super lumi\u00e8re ! L&#039;orage approche...\" width=\"270\" height=\"230\" class=\"skip-lazy fg-image\" data-no-lazy=\"1\" decoding=\"async\" loading=\"lazy\"><\/span><span class=\"fg-image-overlay\"><\/span><\/a><figcaption class=\"fg-caption\"><div class=\"fg-caption-inner\"><div class=\"fg-caption-title\">Super lumi\u00e8re ! L'orage approche...<\/div><\/div><\/figcaption><\/figure><div class=\"fg-loader\"><\/div><\/div><div class=\"fg-item fg-type-image fg-loading\"><figure class=\"fg-item-inner\"><a href=\"https:\/\/www.aerodrome-paray.fr\/blog\/wp-content\/uploads\/A-AMPA-27-scaled.jpeg\" data-caption-title=\"Le camp se termine sous l&#039;orage... Il faut m\u00eame retenir les avions...\" data-attachment-id=\"8195\" data-e-disable-page-transition=\"true\" data-type=\"image\" class=\"fg-thumb\"><span class=\"fg-image-wrap\"><img loading=\"lazy\" src=\"https:\/\/www.aerodrome-paray.fr\/blog\/wp-content\/uploads\/cache\/A-AMPA-27-scaled\/3581759356.jpeg\" title=\"Le camp se termine sous l&#039;orage... Il faut m\u00eame retenir les avions...\" width=\"270\" height=\"230\" class=\"skip-lazy fg-image\" data-no-lazy=\"1\" decoding=\"async\" loading=\"lazy\"><\/span><span class=\"fg-image-overlay\"><\/span><\/a><figcaption class=\"fg-caption\"><div class=\"fg-caption-inner\"><div class=\"fg-caption-title\">Le camp se termine sous l'orage... Il faut m\u00eame retenir les avions...<\/div><\/div><\/figcaption><\/figure><div class=\"fg-loader\"><\/div><\/div><div class=\"fg-item fg-type-image fg-loading\"><figure class=\"fg-item-inner\"><a href=\"https:\/\/www.aerodrome-paray.fr\/blog\/wp-content\/uploads\/A-AMPA-28-scaled.jpeg\" data-caption-title=\"... mais dans la bonne humeur avec une soir\u00e9e franco-suisse tr\u00e8s chaleureuse et un repas bourguignon (charolais !)\" data-attachment-id=\"8196\" data-e-disable-page-transition=\"true\" data-type=\"image\" class=\"fg-thumb\"><span class=\"fg-image-wrap\"><img loading=\"lazy\" src=\"https:\/\/www.aerodrome-paray.fr\/blog\/wp-content\/uploads\/cache\/A-AMPA-28-scaled\/706053229.jpeg\" title=\"... mais dans la bonne humeur avec une soir\u00e9e franco-suisse tr\u00e8s chaleureuse et un repas bourguignon (charolais !)\" width=\"270\" height=\"230\" class=\"skip-lazy fg-image\" data-no-lazy=\"1\" decoding=\"async\" loading=\"lazy\"><\/span><span class=\"fg-image-overlay\"><\/span><\/a><figcaption class=\"fg-caption\"><div class=\"fg-caption-inner\"><div class=\"fg-caption-title\">... mais dans la bonne humeur avec une soir\u00e9e franco-suisse tr\u00e8s chaleureuse et un repas bourguignon (charolais !)<\/div><\/div><\/figcaption><\/figure><div class=\"fg-loader\"><\/div><\/div><div class=\"fg-item fg-type-image fg-loading\"><figure class=\"fg-item-inner\"><a href=\"https:\/\/www.aerodrome-paray.fr\/blog\/wp-content\/uploads\/A-AMPA-29-scaled.jpeg\" data-attachment-id=\"8194\" data-e-disable-page-transition=\"true\" data-type=\"image\" class=\"fg-thumb\"><span class=\"fg-image-wrap\"><img loading=\"lazy\" src=\"https:\/\/www.aerodrome-paray.fr\/blog\/wp-content\/uploads\/cache\/A-AMPA-29-scaled\/3665944014.jpeg\" width=\"270\" height=\"230\" class=\"skip-lazy fg-image\" data-no-lazy=\"1\" decoding=\"async\" loading=\"lazy\"><\/span><span class=\"fg-image-overlay\"><\/span><\/a><\/figure><div class=\"fg-loader\"><\/div><\/div><div class=\"fg-item fg-type-image fg-loading\"><figure class=\"fg-item-inner\"><a href=\"https:\/\/www.aerodrome-paray.fr\/blog\/wp-content\/uploads\/A-AMPA-30-scaled.jpeg\" data-attachment-id=\"8210\" data-e-disable-page-transition=\"true\" data-type=\"image\" class=\"fg-thumb\"><span class=\"fg-image-wrap\"><img loading=\"lazy\" src=\"https:\/\/www.aerodrome-paray.fr\/blog\/wp-content\/uploads\/cache\/A-AMPA-30-scaled\/7426749.jpeg\" width=\"270\" height=\"230\" class=\"skip-lazy fg-image\" data-no-lazy=\"1\" decoding=\"async\" loading=\"lazy\"><\/span><span class=\"fg-image-overlay\"><\/span><\/a><\/figure><div class=\"fg-loader\"><\/div><\/div><div class=\"fg-item fg-type-image fg-loading\"><figure class=\"fg-item-inner\"><a href=\"https:\/\/www.aerodrome-paray.fr\/blog\/wp-content\/uploads\/A-AMPA-31-scaled.jpeg\" data-attachment-id=\"8193\" data-e-disable-page-transition=\"true\" data-type=\"image\" class=\"fg-thumb\"><span class=\"fg-image-wrap\"><img loading=\"lazy\" src=\"https:\/\/www.aerodrome-paray.fr\/blog\/wp-content\/uploads\/cache\/A-AMPA-31-scaled\/3796874637.jpeg\" width=\"270\" height=\"230\" class=\"skip-lazy fg-image\" data-no-lazy=\"1\" decoding=\"async\" loading=\"lazy\"><\/span><span class=\"fg-image-overlay\"><\/span><\/a><\/figure><div class=\"fg-loader\"><\/div><\/div><div class=\"fg-item fg-type-image fg-loading\"><figure class=\"fg-item-inner\"><a href=\"https:\/\/www.aerodrome-paray.fr\/blog\/wp-content\/uploads\/A-AMPA-32-scaled.jpeg\" data-attachment-id=\"8211\" data-e-disable-page-transition=\"true\" data-type=\"image\" class=\"fg-thumb\"><span class=\"fg-image-wrap\"><img loading=\"lazy\" src=\"https:\/\/www.aerodrome-paray.fr\/blog\/wp-content\/uploads\/cache\/A-AMPA-32-scaled\/2830046151.jpeg\" width=\"270\" height=\"230\" class=\"skip-lazy fg-image\" data-no-lazy=\"1\" decoding=\"async\" loading=\"lazy\"><\/span><span class=\"fg-image-overlay\"><\/span><\/a><\/figure><div class=\"fg-loader\"><\/div><\/div><\/div>\n\n","protected":false},"excerpt":{"rendered":"","protected":false},"author":2,"featured_media":0,"parent":0,"menu_order":0,"comment_status":"closed","ping_status":"closed","template":"","meta":{"_monsterinsights_skip_tracking":false,"footnotes":""},"class_list":["post-8226","page","type-page","status-publish","hentry","nodate","item-wrap"],"yoast_head":"<!-- This site is optimized with the Yoast SEO plugin v28.4 - https:\/\/yoast.com\/product\/yoast-seo-wordpress\/ -->\n<title>Camp d&#039;\u00e9t\u00e9 AMPA 2026 - Aeroclub Charolais<\/title>\n<meta name=\"robots\" content=\"index, follow, max-snippet:-1, max-image-preview:large, max-video-preview:-1\" \/>\n<link rel=\"canonical\" href=\"https:\/\/www.aerodrome-paray.fr\/blog\/camp-dete-ampa-2026\/\" \/>\n<meta property=\"og:locale\" content=\"fr_FR\" \/>\n<meta property=\"og:type\" content=\"article\" \/>\n<meta property=\"og:title\" content=\"Camp d&#039;\u00e9t\u00e9 AMPA 2026 - Aeroclub Charolais\" \/>\n<meta property=\"og:url\" content=\"https:\/\/www.aerodrome-paray.fr\/blog\/camp-dete-ampa-2026\/\" \/>\n<meta property=\"og:site_name\" content=\"Aeroclub Charolais\" \/>\n<meta property=\"article:modified_time\" content=\"2026-08-31T12:03:39+00:00\" \/>\n<meta name=\"twitter:card\" content=\"summary_large_image\" \/>\n<script type=\"application\/ld+json\" class=\"yoast-schema-graph\">{\"@context\":\"https:\\\/\\\/schema.org\",\"@graph\":[{\"@type\":\"WebPage\",\"@id\":\"https:\\\/\\\/www.aerodrome-paray.fr\\\/blog\\\/camp-dete-ampa-2026\\\/\",\"url\":\"https:\\\/\\\/www.aerodrome-paray.fr\\\/blog\\\/camp-dete-ampa-2026\\\/\",\"name\":\"Camp d'\u00e9t\u00e9 AMPA 2026 - Aeroclub Charolais\",\"isPartOf\":{\"@id\":\"https:\\\/\\\/www.aerodrome-paray.fr\\\/blog\\\/#website\"},\"datePublished\":\"2026-08-30T13:42:38+00:00\",\"dateModified\":\"2026-08-31T12:03:39+00:00\",\"breadcrumb\":{\"@id\":\"https:\\\/\\\/www.aerodrome-paray.fr\\\/blog\\\/camp-dete-ampa-2026\\\/#breadcrumb\"},\"inLanguage\":\"fr-FR\",\"potentialAction\":[{\"@type\":\"ReadAction\",\"target\":[\"https:\\\/\\\/www.aerodrome-paray.fr\\\/blog\\\/camp-dete-ampa-2026\\\/\"]}]},{\"@type\":\"BreadcrumbList\",\"@id\":\"https:\\\/\\\/www.aerodrome-paray.fr\\\/blog\\\/camp-dete-ampa-2026\\\/#breadcrumb\",\"itemListElement\":[{\"@type\":\"ListItem\",\"position\":1,\"name\":\"Accueil\",\"item\":\"https:\\\/\\\/www.aerodrome-paray.fr\\\/blog\\\/\"},{\"@type\":\"ListItem\",\"position\":2,\"name\":\"Camp d&rsquo;\u00e9t\u00e9 AMPA 2026\"}]},{\"@type\":\"WebSite\",\"@id\":\"https:\\\/\\\/www.aerodrome-paray.fr\\\/blog\\\/#website\",\"url\":\"https:\\\/\\\/www.aerodrome-paray.fr\\\/blog\\\/\",\"name\":\"Aeroclub Charolais\",\"description\":\"\",\"potentialAction\":[{\"@type\":\"SearchAction\",\"target\":{\"@type\":\"EntryPoint\",\"urlTemplate\":\"https:\\\/\\\/www.aerodrome-paray.fr\\\/blog\\\/?s={search_term_string}\"},\"query-input\":{\"@type\":\"PropertyValueSpecification\",\"valueRequired\":true,\"valueName\":\"search_term_string\"}}],\"inLanguage\":\"fr-FR\"}]}<\/script>\n<!-- \/ Yoast SEO plugin. -->","yoast_head_json":{"title":"Camp d'\u00e9t\u00e9 AMPA 2026 - Aeroclub Charolais","robots":{"index":"index","follow":"follow","max-snippet":"max-snippet:-1","max-image-preview":"max-image-preview:large","max-video-preview":"max-video-preview:-1"},"canonical":"https:\/\/www.aerodrome-paray.fr\/blog\/camp-dete-ampa-2026\/","og_locale":"fr_FR","og_type":"article","og_title":"Camp d'\u00e9t\u00e9 AMPA 2026 - Aeroclub Charolais","og_url":"https:\/\/www.aerodrome-paray.fr\/blog\/camp-dete-ampa-2026\/","og_site_name":"Aeroclub Charolais","article_modified_time":"2026-08-31T12:03:39+00:00","twitter_card":"summary_large_image","schema":{"@context":"https:\/\/schema.org","@graph":[{"@type":"WebPage","@id":"https:\/\/www.aerodrome-paray.fr\/blog\/camp-dete-ampa-2026\/","url":"https:\/\/www.aerodrome-paray.fr\/blog\/camp-dete-ampa-2026\/","name":"Camp d'\u00e9t\u00e9 AMPA 2026 - Aeroclub Charolais","isPartOf":{"@id":"https:\/\/www.aerodrome-paray.fr\/blog\/#website"},"datePublished":"2026-08-30T13:42:38+00:00","dateModified":"2026-08-31T12:03:39+00:00","breadcrumb":{"@id":"https:\/\/www.aerodrome-paray.fr\/blog\/camp-dete-ampa-2026\/#breadcrumb"},"inLanguage":"fr-FR","potentialAction":[{"@type":"ReadAction","target":["https:\/\/www.aerodrome-paray.fr\/blog\/camp-dete-ampa-2026\/"]}]},{"@type":"BreadcrumbList","@id":"https:\/\/www.aerodrome-paray.fr\/blog\/camp-dete-ampa-2026\/#breadcrumb","itemListElement":[{"@type":"ListItem","position":1,"name":"Accueil","item":"https:\/\/www.aerodrome-paray.fr\/blog\/"},{"@type":"ListItem","position":2,"name":"Camp d&rsquo;\u00e9t\u00e9 AMPA 2026"}]},{"@type":"WebSite","@id":"https:\/\/www.aerodrome-paray.fr\/blog\/#website","url":"https:\/\/www.aerodrome-paray.fr\/blog\/","name":"Aeroclub Charolais","description":"","potentialAction":[{"@type":"SearchAction","target":{"@type":"EntryPoint","urlTemplate":"https:\/\/www.aerodrome-paray.fr\/blog\/?s={search_term_string}"},"query-input":{"@type":"PropertyValueSpecification","valueRequired":true,"valueName":"search_term_string"}}],"inLanguage":"fr-FR"}]}},"_links":{"self":[{"href":"https:\/\/www.aerodrome-paray.fr\/blog\/wp-json\/wp\/v2\/pages\/8226","targetHints":{"allow":["GET"]}}],"collection":[{"href":"https:\/\/www.aerodrome-paray.fr\/blog\/wp-json\/wp\/v2\/pages"}],"about":[{"href":"https:\/\/www.aerodrome-paray.fr\/blog\/wp-json\/wp\/v2\/types\/page"}],"author":[{"embeddable":true,"href":"https:\/\/www.aerodrome-paray.fr\/blog\/wp-json\/wp\/v2\/users\/2"}],"replies":[{"embeddable":true,"href":"https:\/\/www.aerodrome-paray.fr\/blog\/wp-json\/wp\/v2\/comments?post=8226"}],"version-history":[{"count":4,"href":"https:\/\/www.aerodrome-paray.fr\/blog\/wp-json\/wp\/v2\/pages\/8226\/revisions"}],"predecessor-version":[{"id":8260,"href":"https:\/\/www.aerodrome-paray.fr\/blog\/wp-json\/wp\/v2\/pages\/8226\/revisions\/8260"}],"wp:attachment":[{"href":"https:\/\/www.aerodrome-paray.fr\/blog\/wp-json\/wp\/v2\/media?parent=8226"}],"curies":[{"name":"wp","href":"https:\/\/api.w.org\/{rel}","templated":true}]}}